{"id":5229,"date":"2021-01-29T09:20:09","date_gmt":"2021-01-29T09:20:09","guid":{"rendered":"https:\/\/www.masvilar.cat\/notre-cuisine\/"},"modified":"2024-05-14T03:09:51","modified_gmt":"2024-05-14T03:09:51","slug":"notre-cuisine","status":"publish","type":"page","link":"https:\/\/www.masvilar.cat\/fr\/notre-cuisine\/","title":{"rendered":"Notre cuisine"},"content":{"rendered":"<p>[et_pb_section fb_built=\u00a0\u00bb1&Prime; admin_label=\u00a0\u00bbheaders\u00a0\u00bb module_id=\u00a0\u00bbtop\u00a0\u00bb module_class=\u00a0\u00bbheaders\u00a0\u00bb _builder_version=\u00a0\u00bb4.16&Prime; background_image=\u00a0\u00bbhttps:\/\/www.masvilar.cat\/wp-content\/uploads\/2021\/04\/banner-cuina-vilar.jpg\u00a0\u00bb height=\u00a0\u00bb500px\u00a0\u00bb global_colors_info=\u00a0\u00bb{}\u00a0\u00bb custom_css_main_element_last_edited=\u00a0\u00bbon|phone\u00a0\u00bb custom_css_main_element_tablet=\u00a0\u00bb \u00a0\u00bb custom_css_main_element_phone=\u00a0\u00bbbackground-position: right 0 !important\u00a0\u00bb][et_pb_row module_class=\u00a0\u00bblogo-cap\u00a0\u00bb _builder_version=\u00a0\u00bb4.16&Prime; positioning=\u00a0\u00bbabsolute\u00a0\u00bb vertical_offset=\u00a0\u00bb61px\u00a0\u00bb horizontal_offset=\u00a0\u00bb38px\u00a0\u00bb width=\u00a0\u00bb100%\u00a0\u00bb max_width=\u00a0\u00bb100%\u00a0\u00bb custom_margin=\u00a0\u00bb-50px||||false|false\u00a0\u00bb global_colors_info=\u00a0\u00bb{}\u00a0\u00bb][et_pb_column type=\u00a0\u00bb4_4&Prime; _builder_version=\u00a0\u00bb4.16&Prime; global_colors_info=\u00a0\u00bb{}\u00a0\u00bb][et_pb_image src=\u00a0\u00bbhttps:\/\/www.masvilar.cat\/wp-content\/uploads\/2020\/12\/logo-masvilar-blanc-e1608107345880.png\u00a0\u00bb url=\u00a0\u00bb@ET-DC@eyJkeW5hbWljIjp0cnVlLCJjb250ZW50IjoiaG9tZV91cmwiLCJzZXR0aW5ncyI6e319@\u00a0\u00bb align_tablet=\u00a0\u00bbcenter\u00a0\u00bb align_phone=\u00a0\u00bbcenter\u00a0\u00bb align_last_edited=\u00a0\u00bbon|phone\u00a0\u00bb _builder_version=\u00a0\u00bb4.16&Prime; _dynamic_attributes=\u00a0\u00bburl\u00a0\u00bb width=\u00a0\u00bb150px\u00a0\u00bb global_colors_info=\u00a0\u00bb{}\u00a0\u00bb][\/et_pb_image][\/et_pb_column][\/et_pb_row][et_pb_row _builder_version=\u00a0\u00bb4.16&Prime; positioning=\u00a0\u00bbabsolute\u00a0\u00bb position_origin_a=\u00a0\u00bbbottom_right\u00a0\u00bb width=\u00a0\u00bb100%\u00a0\u00bb max_width=\u00a0\u00bb100%\u00a0\u00bb global_colors_info=\u00a0\u00bb{}\u00a0\u00bb][et_pb_column type=\u00a0\u00bb4_4&Prime; _builder_version=\u00a0\u00bb4.16&Prime; global_colors_info=\u00a0\u00bb{}\u00a0\u00bb][et_pb_text _builder_version=\u00a0\u00bb4.16&Prime; header_font=\u00a0\u00bbCookie||||||||\u00a0\u00bb header_text_color=\u00a0\u00bb#ffffff\u00a0\u00bb header_font_size=\u00a0\u00bb40px\u00a0\u00bb header_4_font=\u00a0\u00bbCookie||||||||\u00a0\u00bb header_4_text_align=\u00a0\u00bbright\u00a0\u00bb header_4_text_color=\u00a0\u00bb#ffffff\u00a0\u00bb header_4_font_size=\u00a0\u00bb60px\u00a0\u00bb background_color=\u00a0\u00bbrgba(60,21,24,0.51)\u00a0\u00bb width=\u00a0\u00bb100%\u00a0\u00bb max_width=\u00a0\u00bb100%\u00a0\u00bb module_alignment=\u00a0\u00bbcenter\u00a0\u00bb custom_padding=\u00a0\u00bb5px|100px|0px||false|false\u00a0\u00bb custom_padding_tablet=\u00a0\u00bb|0px|||false|false\u00a0\u00bb custom_padding_phone=\u00a0\u00bb\u00a0\u00bb custom_padding_last_edited=\u00a0\u00bbon|desktop\u00a0\u00bb header_4_text_align_tablet=\u00a0\u00bbcenter\u00a0\u00bb header_4_text_align_phone=\u00a0\u00bbcenter\u00a0\u00bb header_4_text_align_last_edited=\u00a0\u00bbon|phone\u00a0\u00bb header_4_font_size_tablet=\u00a0\u00bb\u00a0\u00bb header_4_font_size_phone=\u00a0\u00bb40px\u00a0\u00bb header_4_font_size_last_edited=\u00a0\u00bbon|phone\u00a0\u00bb text_orientation_tablet=\u00a0\u00bbcenter\u00a0\u00bb text_orientation_phone=\u00a0\u00bbcenter\u00a0\u00bb text_orientation_last_edited=\u00a0\u00bbon|phone\u00a0\u00bb global_colors_info=\u00a0\u00bb{}\u00a0\u00bb]<\/p>\n<h4>Notre cuisine<\/h4>\n<p>[\/et_pb_text][\/et_pb_column][\/et_pb_row][\/et_pb_section][et_pb_section fb_built=\u00a0\u00bb1&Prime; admin_label=\u00a0\u00bbCUINA\u00a0\u00bb _builder_version=\u00a0\u00bb4.16&Prime; width=\u00a0\u00bb90%\u00a0\u00bb max_width=\u00a0\u00bb1400px\u00a0\u00bb module_alignment=\u00a0\u00bbcenter\u00a0\u00bb custom_margin=\u00a0\u00bb50px||||false|false\u00a0\u00bb animation_style=\u00a0\u00bbfade\u00a0\u00bb border_width_all=\u00a0\u00bb1px\u00a0\u00bb border_color_all=\u00a0\u00bbrgba(155,105,48,0.05)\u00a0\u00bb global_colors_info=\u00a0\u00bb{}\u00a0\u00bb][et_pb_row _builder_version=\u00a0\u00bb4.16&Prime; width=\u00a0\u00bb90%\u00a0\u00bb max_width=\u00a0\u00bb1400px\u00a0\u00bb border_color_top=\u00a0\u00bbrgba(155,105,48,0.05)\u00a0\u00bb border_color_right=\u00a0\u00bbrgba(155,105,48,0.05)\u00a0\u00bb border_color_left=\u00a0\u00bbrgba(155,105,48,0.05)\u00a0\u00bb global_colors_info=\u00a0\u00bb{}\u00a0\u00bb][et_pb_column type=\u00a0\u00bb4_4&Prime; _builder_version=\u00a0\u00bb4.16&Prime; global_colors_info=\u00a0\u00bb{}\u00a0\u00bb][et_pb_text module_class=\u00a0\u00bbtitols\u00a0\u00bb _builder_version=\u00a0\u00bb4.16&Prime; header_3_font=\u00a0\u00bbMerriweather|||on|||||\u00a0\u00bb header_3_font_size=\u00a0\u00bb24px\u00a0\u00bb header_3_letter_spacing=\u00a0\u00bb4px\u00a0\u00bb header_3_line_height=\u00a0\u00bb30px\u00a0\u00bb custom_margin=\u00a0\u00bb0px||0px||false|false\u00a0\u00bb custom_padding=\u00a0\u00bb25px||15px||false|false\u00a0\u00bb global_colors_info=\u00a0\u00bb{}\u00a0\u00bb]<\/p>\n<h3 style=\"text-align: center\">La cuisine maison<\/h3>\n<p>[\/et_pb_text][\/et_pb_column][\/et_pb_row][et_pb_row _builder_version=\u00a0\u00bb4.16&Prime; width=\u00a0\u00bb90%\u00a0\u00bb max_width=\u00a0\u00bb1400px\u00a0\u00bb border_color_right=\u00a0\u00bbrgba(155,105,48,0.05)\u00a0\u00bb border_color_left=\u00a0\u00bbrgba(155,105,48,0.05)\u00a0\u00bb global_colors_info=\u00a0\u00bb{}\u00a0\u00bb][et_pb_column type=\u00a0\u00bb4_4&Prime; _builder_version=\u00a0\u00bb4.16&Prime; global_colors_info=\u00a0\u00bb{}\u00a0\u00bb][et_pb_text _builder_version=\u00a0\u00bb4.16&Prime; text_font=\u00a0\u00bbDosis|300|||||||\u00a0\u00bb text_font_size=\u00a0\u00bb20px\u00a0\u00bb text_line_height=\u00a0\u00bb1.5em\u00a0\u00bb text_orientation=\u00a0\u00bbjustified\u00a0\u00bb text_font_size_tablet=\u00a0\u00bb\u00a0\u00bb text_font_size_phone=\u00a0\u00bb18px\u00a0\u00bb text_font_size_last_edited=\u00a0\u00bbon|phone\u00a0\u00bb global_colors_info=\u00a0\u00bb{}\u00a0\u00bb]<\/p>\n<p>Au Mas Vilar, nous offrons \u00e0 nos clients un service de restauration, afin qu&rsquo;ils puissent choisir de d\u00e9jeuner et de d\u00eener \u00e0 partir du menu du jour. <strong>Nous proposons une cuisine maison, naturelle et \u00e9quilibr\u00e9e<\/strong>, et nous avons des fournisseurs de produits de la r\u00e9gion.<\/p>\n<p><strong>Toutes les r\u00e9servations incluent un petit d\u00e9jeuner tr\u00e8s complet<\/strong>: buffet de charcuterie, beurre avec confitures, pain \u00e0 la tomate, g\u00e2teaux faits maison, fruits, c\u00e9r\u00e9ales, \u0153ufs, jus de fruits bio, caf\u00e9s et th\u00e9s.<\/p>\n<p>[\/et_pb_text][\/et_pb_column][\/et_pb_row][et_pb_row _builder_version=\u00a0\u00bb4.16&Prime; width=\u00a0\u00bb90%\u00a0\u00bb max_width=\u00a0\u00bb1400px\u00a0\u00bb border_color_right=\u00a0\u00bbrgba(155,105,48,0.05)\u00a0\u00bb border_color_left=\u00a0\u00bbrgba(155,105,48,0.05)\u00a0\u00bb global_colors_info=\u00a0\u00bb{}\u00a0\u00bb][et_pb_column type=\u00a0\u00bb4_4&Prime; _builder_version=\u00a0\u00bb4.16&Prime; global_colors_info=\u00a0\u00bb{}\u00a0\u00bb][et_pb_code _builder_version=\u00a0\u00bb4.16&Prime; global_colors_info=\u00a0\u00bb{}\u00a0\u00bb]<div class=\"carousel-slider-outer carousel-slider-outer-image-carousel carousel-slider-outer-2951\" style=\"--carousel-slider-nav-color:#fff6df;--carousel-slider-active-nav-color:#9b6930;--carousel-slider-arrow-size:45px;--carousel-slider-bullet-size:10px\">\n<div id=\"&#039;id-2951\" class=\"carousel-slider carousel-slider-2951 arrows-visibility-always dots-visibility-never arrows-inside dots-center dots-square owl-carousel\" data-slide-type=\"image-carousel\" data-owl-settings='{\"nav\":true,\"dots\":false,\"slideBy\":1,\"stagePadding\":0,\"margin\":5,\"loop\":true,\"lazyLoad\":false,\"autoplay\":false,\"autoplayTimeout\":3000,\"autoplaySpeed\":700,\"autoplayHoverPause\":false,\"autoWidth\":false,\"responsive\":{\"300\":{\"items\":1},\"576\":{\"items\":2},\"768\":{\"items\":2},\"1024\":{\"items\":3},\"1280\":{\"items\":4},\"1536\":{\"items\":5}}}'>\n<div class=\"carousel-slider__item\">\n\t<a class=\"magnific-popup\" href=\"https:\/\/www.masvilar.cat\/wp-content\/uploads\/2020\/12\/cuina-03.jpg\" data-width=\"400\" data-height=\"400\"><img decoding=\"async\" width=\"400\" height=\"400\" src=\"https:\/\/www.masvilar.cat\/wp-content\/uploads\/2020\/12\/cuina-03.jpg\" class=\"attachment-full size-full\" alt=\"\" srcset=\"https:\/\/www.masvilar.cat\/wp-content\/uploads\/2020\/12\/cuina-03.jpg 400w, https:\/\/www.masvilar.cat\/wp-content\/uploads\/2020\/12\/cuina-03-300x300.jpg 300w, https:\/\/www.masvilar.cat\/wp-content\/uploads\/2020\/12\/cuina-03-150x150.jpg 150w\" sizes=\"(max-width: 400px) 100vw, 400px\" \/><\/a><\/div>\n\n<div class=\"carousel-slider__item\">\n\t<a class=\"magnific-popup\" href=\"https:\/\/www.masvilar.cat\/wp-content\/uploads\/2020\/12\/pollastre-boniato.jpg\" data-width=\"400\" data-height=\"400\"><img decoding=\"async\" width=\"400\" height=\"400\" src=\"https:\/\/www.masvilar.cat\/wp-content\/uploads\/2020\/12\/pollastre-boniato.jpg\" class=\"attachment-full size-full\" alt=\"\" srcset=\"https:\/\/www.masvilar.cat\/wp-content\/uploads\/2020\/12\/pollastre-boniato.jpg 400w, https:\/\/www.masvilar.cat\/wp-content\/uploads\/2020\/12\/pollastre-boniato-300x300.jpg 300w, https:\/\/www.masvilar.cat\/wp-content\/uploads\/2020\/12\/pollastre-boniato-150x150.jpg 150w\" sizes=\"(max-width: 400px) 100vw, 400px\" \/><\/a><\/div>\n\n<div class=\"carousel-slider__item\">\n\t<a class=\"magnific-popup\" href=\"https:\/\/www.masvilar.cat\/wp-content\/uploads\/2020\/12\/cuina-05-1.jpg\" data-width=\"400\" data-height=\"400\"><img decoding=\"async\" width=\"400\" height=\"400\" src=\"https:\/\/www.masvilar.cat\/wp-content\/uploads\/2020\/12\/cuina-05-1.jpg\" class=\"attachment-full size-full\" alt=\"\" srcset=\"https:\/\/www.masvilar.cat\/wp-content\/uploads\/2020\/12\/cuina-05-1.jpg 400w, https:\/\/www.masvilar.cat\/wp-content\/uploads\/2020\/12\/cuina-05-1-300x300.jpg 300w, https:\/\/www.masvilar.cat\/wp-content\/uploads\/2020\/12\/cuina-05-1-150x150.jpg 150w\" sizes=\"(max-width: 400px) 100vw, 400px\" \/><\/a><\/div>\n\n<div class=\"carousel-slider__item\">\n\t<a class=\"magnific-popup\" href=\"https:\/\/www.masvilar.cat\/wp-content\/uploads\/2020\/12\/cuina-09.jpg\" data-width=\"400\" data-height=\"400\"><img decoding=\"async\" width=\"400\" height=\"400\" src=\"https:\/\/www.masvilar.cat\/wp-content\/uploads\/2020\/12\/cuina-09.jpg\" class=\"attachment-full size-full\" alt=\"\" srcset=\"https:\/\/www.masvilar.cat\/wp-content\/uploads\/2020\/12\/cuina-09.jpg 400w, https:\/\/www.masvilar.cat\/wp-content\/uploads\/2020\/12\/cuina-09-300x300.jpg 300w, https:\/\/www.masvilar.cat\/wp-content\/uploads\/2020\/12\/cuina-09-150x150.jpg 150w\" sizes=\"(max-width: 400px) 100vw, 400px\" \/><\/a><\/div>\n\n<div class=\"carousel-slider__item\">\n\t<a class=\"magnific-popup\" href=\"https:\/\/www.masvilar.cat\/wp-content\/uploads\/2020\/12\/cuina-04.jpg\" data-width=\"400\" data-height=\"400\"><img decoding=\"async\" width=\"400\" height=\"400\" src=\"https:\/\/www.masvilar.cat\/wp-content\/uploads\/2020\/12\/cuina-04.jpg\" class=\"attachment-full size-full\" alt=\"\" srcset=\"https:\/\/www.masvilar.cat\/wp-content\/uploads\/2020\/12\/cuina-04.jpg 400w, https:\/\/www.masvilar.cat\/wp-content\/uploads\/2020\/12\/cuina-04-300x300.jpg 300w, https:\/\/www.masvilar.cat\/wp-content\/uploads\/2020\/12\/cuina-04-150x150.jpg 150w\" sizes=\"(max-width: 400px) 100vw, 400px\" \/><\/a><\/div>\n\n<div class=\"carousel-slider__item\">\n\t<a class=\"magnific-popup\" href=\"https:\/\/www.masvilar.cat\/wp-content\/uploads\/2020\/12\/cuina-08.jpg\" data-width=\"400\" data-height=\"400\"><img decoding=\"async\" width=\"400\" height=\"400\" src=\"https:\/\/www.masvilar.cat\/wp-content\/uploads\/2020\/12\/cuina-08.jpg\" class=\"attachment-full size-full\" alt=\"\" srcset=\"https:\/\/www.masvilar.cat\/wp-content\/uploads\/2020\/12\/cuina-08.jpg 400w, https:\/\/www.masvilar.cat\/wp-content\/uploads\/2020\/12\/cuina-08-300x300.jpg 300w, https:\/\/www.masvilar.cat\/wp-content\/uploads\/2020\/12\/cuina-08-150x150.jpg 150w\" sizes=\"(max-width: 400px) 100vw, 400px\" \/><\/a><\/div>\n\n<div class=\"carousel-slider__item\">\n\t<a class=\"magnific-popup\" href=\"https:\/\/www.masvilar.cat\/wp-content\/uploads\/2020\/12\/bolets.jpg\" data-width=\"400\" data-height=\"400\"><img decoding=\"async\" width=\"400\" height=\"400\" src=\"https:\/\/www.masvilar.cat\/wp-content\/uploads\/2020\/12\/bolets.jpg\" class=\"attachment-full size-full\" alt=\"\" srcset=\"https:\/\/www.masvilar.cat\/wp-content\/uploads\/2020\/12\/bolets.jpg 400w, https:\/\/www.masvilar.cat\/wp-content\/uploads\/2020\/12\/bolets-300x300.jpg 300w, https:\/\/www.masvilar.cat\/wp-content\/uploads\/2020\/12\/bolets-150x150.jpg 150w\" sizes=\"(max-width: 400px) 100vw, 400px\" \/><\/a><\/div>\n\n<div class=\"carousel-slider__item\">\n\t<a class=\"magnific-popup\" href=\"https:\/\/www.masvilar.cat\/wp-content\/uploads\/2020\/12\/pastis-pebrot.jpg\" data-width=\"400\" data-height=\"400\"><img decoding=\"async\" width=\"400\" height=\"400\" src=\"https:\/\/www.masvilar.cat\/wp-content\/uploads\/2020\/12\/pastis-pebrot.jpg\" class=\"attachment-full size-full\" alt=\"\" srcset=\"https:\/\/www.masvilar.cat\/wp-content\/uploads\/2020\/12\/pastis-pebrot.jpg 400w, https:\/\/www.masvilar.cat\/wp-content\/uploads\/2020\/12\/pastis-pebrot-300x300.jpg 300w, https:\/\/www.masvilar.cat\/wp-content\/uploads\/2020\/12\/pastis-pebrot-150x150.jpg 150w\" sizes=\"(max-width: 400px) 100vw, 400px\" \/><\/a><\/div>\n\n<div class=\"carousel-slider__item\">\n\t<a class=\"magnific-popup\" href=\"https:\/\/www.masvilar.cat\/wp-content\/uploads\/2020\/12\/cuina-02.jpg\" data-width=\"400\" data-height=\"400\"><img decoding=\"async\" width=\"400\" height=\"400\" src=\"https:\/\/www.masvilar.cat\/wp-content\/uploads\/2020\/12\/cuina-02.jpg\" class=\"attachment-full size-full\" alt=\"\" srcset=\"https:\/\/www.masvilar.cat\/wp-content\/uploads\/2020\/12\/cuina-02.jpg 400w, https:\/\/www.masvilar.cat\/wp-content\/uploads\/2020\/12\/cuina-02-300x300.jpg 300w, https:\/\/www.masvilar.cat\/wp-content\/uploads\/2020\/12\/cuina-02-150x150.jpg 150w\" sizes=\"(max-width: 400px) 100vw, 400px\" \/><\/a><\/div>\n\n<\/div><!-- .carousel-slider-2951 -->\n<\/div><!-- .carousel-slider-outer-2951 -->\n[\/et_pb_code][\/et_pb_column][\/et_pb_row][et_pb_row _builder_version=\u00a0\u00bb4.16&Prime; width=\u00a0\u00bb90%\u00a0\u00bb max_width=\u00a0\u00bb1400px\u00a0\u00bb border_color_right=\u00a0\u00bbrgba(155,105,48,0.05)\u00a0\u00bb border_color_left=\u00a0\u00bbrgba(155,105,48,0.05)\u00a0\u00bb global_colors_info=\u00a0\u00bb{}\u00a0\u00bb][et_pb_column type=\u00a0\u00bb4_4&Prime; _builder_version=\u00a0\u00bb4.16&Prime; global_colors_info=\u00a0\u00bb{}\u00a0\u00bb][et_pb_text _builder_version=\u00a0\u00bb4.16&Prime; text_font=\u00a0\u00bbDosis|300|||||||\u00a0\u00bb text_font_size=\u00a0\u00bb20px\u00a0\u00bb text_line_height=\u00a0\u00bb1.5em\u00a0\u00bb text_orientation=\u00a0\u00bbjustified\u00a0\u00bb text_font_size_tablet=\u00a0\u00bb\u00a0\u00bb text_font_size_phone=\u00a0\u00bb18px\u00a0\u00bb text_font_size_last_edited=\u00a0\u00bbon|phone\u00a0\u00bb global_colors_info=\u00a0\u00bb{}\u00a0\u00bb]<\/p>\n<p>Nous aimons cuisiner avec toutes sortes de l\u00e9gumes, viandes et poissons, et si vous nous le demandez \u00e0 l&rsquo;avance, nous adaptons le menu aux <strong>options v\u00e9g\u00e9tariennes, v\u00e9g\u00e9talienne ou intol\u00e9rances<\/strong> en fonction des besoins de nos clients.<\/p>\n<p>[\/et_pb_text][\/et_pb_column][\/et_pb_row][et_pb_row _builder_version=\u00a0\u00bb4.16&Prime; width=\u00a0\u00bb90%\u00a0\u00bb max_width=\u00a0\u00bb1400px\u00a0\u00bb global_colors_info=\u00a0\u00bb{}\u00a0\u00bb][et_pb_column type=\u00a0\u00bb4_4&Prime; _builder_version=\u00a0\u00bb4.16&Prime; global_colors_info=\u00a0\u00bb{}\u00a0\u00bb][et_pb_code _builder_version=\u00a0\u00bb4.16&Prime; global_colors_info=\u00a0\u00bb{}\u00a0\u00bb]<div class=\"carousel-slider-outer carousel-slider-outer-image-carousel carousel-slider-outer-2940\" style=\"--carousel-slider-nav-color:#fff6df;--carousel-slider-active-nav-color:#9b6930;--carousel-slider-arrow-size:45px;--carousel-slider-bullet-size:10px\">\n<div id=\"&#039;id-2940\" class=\"carousel-slider carousel-slider-2940 arrows-visibility-always dots-visibility-never arrows-inside dots-center dots-square owl-carousel\" data-slide-type=\"image-carousel\" data-owl-settings='{\"nav\":true,\"dots\":false,\"slideBy\":1,\"stagePadding\":0,\"margin\":5,\"loop\":true,\"lazyLoad\":false,\"autoplay\":false,\"autoplayTimeout\":3000,\"autoplaySpeed\":700,\"autoplayHoverPause\":false,\"autoWidth\":false,\"responsive\":{\"300\":{\"items\":1},\"576\":{\"items\":2},\"768\":{\"items\":2},\"1024\":{\"items\":3},\"1280\":{\"items\":4},\"1536\":{\"items\":5}}}'>\n<div class=\"carousel-slider__item\">\n\t<a class=\"magnific-popup\" href=\"https:\/\/www.masvilar.cat\/wp-content\/uploads\/2020\/12\/cuina-15.jpg\" data-width=\"400\" data-height=\"400\"><img decoding=\"async\" width=\"400\" height=\"400\" src=\"https:\/\/www.masvilar.cat\/wp-content\/uploads\/2020\/12\/cuina-15.jpg\" class=\"attachment-full size-full\" alt=\"\" srcset=\"https:\/\/www.masvilar.cat\/wp-content\/uploads\/2020\/12\/cuina-15.jpg 400w, https:\/\/www.masvilar.cat\/wp-content\/uploads\/2020\/12\/cuina-15-300x300.jpg 300w, https:\/\/www.masvilar.cat\/wp-content\/uploads\/2020\/12\/cuina-15-150x150.jpg 150w\" sizes=\"(max-width: 400px) 100vw, 400px\" \/><\/a><\/div>\n\n<div class=\"carousel-slider__item\">\n\t<a class=\"magnific-popup\" href=\"https:\/\/www.masvilar.cat\/wp-content\/uploads\/2020\/12\/cuina-14.jpg\" data-width=\"400\" data-height=\"400\"><img decoding=\"async\" width=\"400\" height=\"400\" src=\"https:\/\/www.masvilar.cat\/wp-content\/uploads\/2020\/12\/cuina-14.jpg\" class=\"attachment-full size-full\" alt=\"\" srcset=\"https:\/\/www.masvilar.cat\/wp-content\/uploads\/2020\/12\/cuina-14.jpg 400w, https:\/\/www.masvilar.cat\/wp-content\/uploads\/2020\/12\/cuina-14-300x300.jpg 300w, https:\/\/www.masvilar.cat\/wp-content\/uploads\/2020\/12\/cuina-14-150x150.jpg 150w\" sizes=\"(max-width: 400px) 100vw, 400px\" \/><\/a><\/div>\n\n<div class=\"carousel-slider__item\">\n\t<a class=\"magnific-popup\" href=\"https:\/\/www.masvilar.cat\/wp-content\/uploads\/2020\/12\/peix.jpg\" data-width=\"400\" data-height=\"400\"><img decoding=\"async\" width=\"400\" height=\"400\" src=\"https:\/\/www.masvilar.cat\/wp-content\/uploads\/2020\/12\/peix.jpg\" class=\"attachment-full size-full\" alt=\"\" srcset=\"https:\/\/www.masvilar.cat\/wp-content\/uploads\/2020\/12\/peix.jpg 400w, https:\/\/www.masvilar.cat\/wp-content\/uploads\/2020\/12\/peix-300x300.jpg 300w, https:\/\/www.masvilar.cat\/wp-content\/uploads\/2020\/12\/peix-150x150.jpg 150w\" sizes=\"(max-width: 400px) 100vw, 400px\" \/><\/a><\/div>\n\n<div class=\"carousel-slider__item\">\n\t<a class=\"magnific-popup\" href=\"https:\/\/www.masvilar.cat\/wp-content\/uploads\/2020\/12\/cuina-06.jpg\" data-width=\"400\" data-height=\"400\"><img decoding=\"async\" width=\"400\" height=\"400\" src=\"https:\/\/www.masvilar.cat\/wp-content\/uploads\/2020\/12\/cuina-06.jpg\" class=\"attachment-full size-full\" alt=\"\" srcset=\"https:\/\/www.masvilar.cat\/wp-content\/uploads\/2020\/12\/cuina-06.jpg 400w, https:\/\/www.masvilar.cat\/wp-content\/uploads\/2020\/12\/cuina-06-300x300.jpg 300w, https:\/\/www.masvilar.cat\/wp-content\/uploads\/2020\/12\/cuina-06-150x150.jpg 150w\" sizes=\"(max-width: 400px) 100vw, 400px\" \/><\/a><\/div>\n\n<div class=\"carousel-slider__item\">\n\t<a class=\"magnific-popup\" href=\"https:\/\/www.masvilar.cat\/wp-content\/uploads\/2020\/12\/fideua.jpg\" data-width=\"400\" data-height=\"400\"><img decoding=\"async\" width=\"400\" height=\"400\" src=\"https:\/\/www.masvilar.cat\/wp-content\/uploads\/2020\/12\/fideua.jpg\" class=\"attachment-full size-full\" alt=\"\" srcset=\"https:\/\/www.masvilar.cat\/wp-content\/uploads\/2020\/12\/fideua.jpg 400w, https:\/\/www.masvilar.cat\/wp-content\/uploads\/2020\/12\/fideua-300x300.jpg 300w, https:\/\/www.masvilar.cat\/wp-content\/uploads\/2020\/12\/fideua-150x150.jpg 150w\" sizes=\"(max-width: 400px) 100vw, 400px\" \/><\/a><\/div>\n\n<div class=\"carousel-slider__item\">\n\t<a class=\"magnific-popup\" href=\"https:\/\/www.masvilar.cat\/wp-content\/uploads\/2020\/12\/cuina-10.jpg\" data-width=\"400\" data-height=\"400\"><img decoding=\"async\" width=\"400\" height=\"400\" src=\"https:\/\/www.masvilar.cat\/wp-content\/uploads\/2020\/12\/cuina-10.jpg\" class=\"attachment-full size-full\" alt=\"\" srcset=\"https:\/\/www.masvilar.cat\/wp-content\/uploads\/2020\/12\/cuina-10.jpg 400w, https:\/\/www.masvilar.cat\/wp-content\/uploads\/2020\/12\/cuina-10-300x300.jpg 300w, https:\/\/www.masvilar.cat\/wp-content\/uploads\/2020\/12\/cuina-10-150x150.jpg 150w\" sizes=\"(max-width: 400px) 100vw, 400px\" \/><\/a><\/div>\n\n<div class=\"carousel-slider__item\">\n\t<a class=\"magnific-popup\" href=\"https:\/\/www.masvilar.cat\/wp-content\/uploads\/2020\/12\/cuina-12.jpg\" data-width=\"400\" data-height=\"400\"><img decoding=\"async\" width=\"400\" height=\"400\" src=\"https:\/\/www.masvilar.cat\/wp-content\/uploads\/2020\/12\/cuina-12.jpg\" class=\"attachment-full size-full\" alt=\"\" srcset=\"https:\/\/www.masvilar.cat\/wp-content\/uploads\/2020\/12\/cuina-12.jpg 400w, https:\/\/www.masvilar.cat\/wp-content\/uploads\/2020\/12\/cuina-12-300x300.jpg 300w, https:\/\/www.masvilar.cat\/wp-content\/uploads\/2020\/12\/cuina-12-150x150.jpg 150w\" sizes=\"(max-width: 400px) 100vw, 400px\" \/><\/a><\/div>\n\n<div class=\"carousel-slider__item\">\n\t<a class=\"magnific-popup\" href=\"https:\/\/www.masvilar.cat\/wp-content\/uploads\/2020\/12\/cuina-11.jpg\" data-width=\"400\" data-height=\"400\"><img decoding=\"async\" width=\"400\" height=\"400\" src=\"https:\/\/www.masvilar.cat\/wp-content\/uploads\/2020\/12\/cuina-11.jpg\" class=\"attachment-full size-full\" alt=\"\" srcset=\"https:\/\/www.masvilar.cat\/wp-content\/uploads\/2020\/12\/cuina-11.jpg 400w, https:\/\/www.masvilar.cat\/wp-content\/uploads\/2020\/12\/cuina-11-300x300.jpg 300w, https:\/\/www.masvilar.cat\/wp-content\/uploads\/2020\/12\/cuina-11-150x150.jpg 150w\" sizes=\"(max-width: 400px) 100vw, 400px\" \/><\/a><\/div>\n\n<div class=\"carousel-slider__item\">\n\t<a class=\"magnific-popup\" href=\"https:\/\/www.masvilar.cat\/wp-content\/uploads\/2020\/12\/cuina-13.jpg\" data-width=\"400\" data-height=\"400\"><img decoding=\"async\" width=\"400\" height=\"400\" src=\"https:\/\/www.masvilar.cat\/wp-content\/uploads\/2020\/12\/cuina-13.jpg\" class=\"attachment-full size-full\" alt=\"\" srcset=\"https:\/\/www.masvilar.cat\/wp-content\/uploads\/2020\/12\/cuina-13.jpg 400w, https:\/\/www.masvilar.cat\/wp-content\/uploads\/2020\/12\/cuina-13-300x300.jpg 300w, https:\/\/www.masvilar.cat\/wp-content\/uploads\/2020\/12\/cuina-13-150x150.jpg 150w\" sizes=\"(max-width: 400px) 100vw, 400px\" \/><\/a><\/div>\n\n<\/div><!-- .carousel-slider-2940 -->\n<\/div><!-- .carousel-slider-outer-2940 -->\n[\/et_pb_code][\/et_pb_column][\/et_pb_row][et_pb_row _builder_version=\u00a0\u00bb4.16&Prime; width=\u00a0\u00bb90%\u00a0\u00bb max_width=\u00a0\u00bb1400px\u00a0\u00bb global_colors_info=\u00a0\u00bb{}\u00a0\u00bb][et_pb_column type=\u00a0\u00bb4_4&Prime; _builder_version=\u00a0\u00bb4.16&Prime; global_colors_info=\u00a0\u00bb{}\u00a0\u00bb][et_pb_text _builder_version=\u00a0\u00bb4.16&Prime; text_font=\u00a0\u00bbDosis|300|||||||\u00a0\u00bb text_font_size=\u00a0\u00bb20px\u00a0\u00bb text_line_height=\u00a0\u00bb1.5em\u00a0\u00bb text_orientation=\u00a0\u00bbjustified\u00a0\u00bb text_font_size_tablet=\u00a0\u00bb\u00a0\u00bb text_font_size_phone=\u00a0\u00bb18px\u00a0\u00bb text_font_size_last_edited=\u00a0\u00bbon|phone\u00a0\u00bb global_colors_info=\u00a0\u00bb{}\u00a0\u00bb]<\/p>\n<p>Quelques exemples de nos plats: riz aux champignons, saucisse aux poires, p\u00e2tes aux l\u00e9gumes de saison, cr\u00e8me de pois \u00e0 la menthe, filet de porc \u00e0 la confiture&#8230;<\/p>\n<p>\u00c0 l\u2019auberge, nous cultivons des <strong>plantes sauvages, un petit jardin et une ferme<\/strong>, qui nous fournissent \u00e9galement des aliments que nous incorporons dans nos menus. Nous vous le montrons ci-dessous!<\/p>\n<p>[\/et_pb_text][\/et_pb_column][\/et_pb_row][\/et_pb_section][et_pb_section fb_built=\u00a0\u00bb1&Prime; admin_label=\u00a0\u00bbHORT\u00a0\u00bb _builder_version=\u00a0\u00bb4.16&Prime; width=\u00a0\u00bb90%\u00a0\u00bb max_width=\u00a0\u00bb1400px\u00a0\u00bb module_alignment=\u00a0\u00bbcenter\u00a0\u00bb custom_margin=\u00a0\u00bb50px||||false|false\u00a0\u00bb animation_style=\u00a0\u00bbfade\u00a0\u00bb border_width_all=\u00a0\u00bb1px\u00a0\u00bb border_color_all=\u00a0\u00bbrgba(155,105,48,0.05)\u00a0\u00bb global_colors_info=\u00a0\u00bb{}\u00a0\u00bb][et_pb_row _builder_version=\u00a0\u00bb4.16&Prime; width=\u00a0\u00bb90%\u00a0\u00bb max_width=\u00a0\u00bb1400px\u00a0\u00bb global_colors_info=\u00a0\u00bb{}\u00a0\u00bb][et_pb_column type=\u00a0\u00bb4_4&Prime; _builder_version=\u00a0\u00bb4.16&Prime; global_colors_info=\u00a0\u00bb{}\u00a0\u00bb][et_pb_text module_class=\u00a0\u00bbtitols\u00a0\u00bb _builder_version=\u00a0\u00bb4.16&Prime; header_3_font=\u00a0\u00bbMerriweather|||on|||||\u00a0\u00bb header_3_font_size=\u00a0\u00bb24px\u00a0\u00bb header_3_letter_spacing=\u00a0\u00bb4px\u00a0\u00bb header_3_line_height=\u00a0\u00bb30px\u00a0\u00bb custom_margin=\u00a0\u00bb0px||0px||false|false\u00a0\u00bb custom_padding=\u00a0\u00bb25px||15px||false|false\u00a0\u00bb global_colors_info=\u00a0\u00bb{}\u00a0\u00bb]<\/p>\n<h3 style=\"text-align: center\">Le jardin<\/h3>\n<p>[\/et_pb_text][\/et_pb_column][\/et_pb_row][et_pb_row _builder_version=\u00a0\u00bb4.16&Prime; width=\u00a0\u00bb90%\u00a0\u00bb max_width=\u00a0\u00bb1400px\u00a0\u00bb global_colors_info=\u00a0\u00bb{}\u00a0\u00bb][et_pb_column type=\u00a0\u00bb4_4&Prime; _builder_version=\u00a0\u00bb4.16&Prime; global_colors_info=\u00a0\u00bb{}\u00a0\u00bb][et_pb_text _builder_version=\u00a0\u00bb4.16&Prime; text_font=\u00a0\u00bbDosis|300|||||||\u00a0\u00bb text_font_size=\u00a0\u00bb20px\u00a0\u00bb text_line_height=\u00a0\u00bb1.5em\u00a0\u00bb text_orientation=\u00a0\u00bbjustified\u00a0\u00bb custom_padding=\u00a0\u00bb||0px|||\u00a0\u00bb text_font_size_tablet=\u00a0\u00bb\u00a0\u00bb text_font_size_phone=\u00a0\u00bb18px\u00a0\u00bb text_font_size_last_edited=\u00a0\u00bbon|phone\u00a0\u00bb global_colors_info=\u00a0\u00bb{}\u00a0\u00bb]<\/p>\n<p>Parmi tant de nature, \u00e0 La Maison, nous avons un espace d\u00e9di\u00e9 \u00e0 notre <strong>jardin biologique<\/strong>. En raison du climat, nous le cultivons entre le printemps et jusqu&rsquo;\u00e0 l&rsquo;automne.<\/p>\n<p>Nous plantons des laitues, des concombres, des courges, des courgettes, des tomates et de nombreuses plantes m\u00e9dicinales comestibles telles que la roquette, le basilic et l&rsquo;origan. De plus, nous avons \u00e9galement des arbres fruitiers et des arbustes qui produisent des baies.<\/p>\n<p>[\/et_pb_text][\/et_pb_column][\/et_pb_row][et_pb_row use_custom_gutter=\u00a0\u00bbon\u00a0\u00bb gutter_width=\u00a0\u00bb1&Prime; disabled_on=\u00a0\u00bboff|off|off\u00a0\u00bb _builder_version=\u00a0\u00bb4.16&Prime; width=\u00a0\u00bb90%\u00a0\u00bb max_width=\u00a0\u00bb1400px\u00a0\u00bb global_colors_info=\u00a0\u00bb{}\u00a0\u00bb][et_pb_column type=\u00a0\u00bb4_4&Prime; _builder_version=\u00a0\u00bb4.16&Prime; global_colors_info=\u00a0\u00bb{}\u00a0\u00bb][et_pb_code _builder_version=\u00a0\u00bb4.16&Prime; global_colors_info=\u00a0\u00bb{}\u00a0\u00bb]<div class=\"carousel-slider-outer carousel-slider-outer-image-carousel carousel-slider-outer-2966\" style=\"--carousel-slider-nav-color:#fff6df;--carousel-slider-active-nav-color:#9b6930;--carousel-slider-arrow-size:45px;--carousel-slider-bullet-size:10px\">\n<div id=\"&#039;id-2966\" class=\"carousel-slider carousel-slider-2966 arrows-visibility-always dots-visibility-never arrows-inside dots-center dots-square owl-carousel\" data-slide-type=\"image-carousel\" data-owl-settings='{\"nav\":true,\"dots\":false,\"slideBy\":1,\"stagePadding\":0,\"margin\":5,\"loop\":true,\"lazyLoad\":false,\"autoplay\":false,\"autoplayTimeout\":3000,\"autoplaySpeed\":700,\"autoplayHoverPause\":false,\"autoWidth\":false,\"responsive\":{\"300\":{\"items\":1},\"576\":{\"items\":2},\"768\":{\"items\":2},\"1024\":{\"items\":3},\"1280\":{\"items\":4},\"1536\":{\"items\":5}}}'>\n<div class=\"carousel-slider__item\">\n\t<a class=\"magnific-popup\" href=\"https:\/\/www.masvilar.cat\/wp-content\/uploads\/2020\/12\/hort-bolets-1.jpg\" data-width=\"500\" data-height=\"500\"><img decoding=\"async\" width=\"500\" height=\"500\" src=\"https:\/\/www.masvilar.cat\/wp-content\/uploads\/2020\/12\/hort-bolets-1.jpg\" class=\"attachment-full size-full\" alt=\"\" srcset=\"https:\/\/www.masvilar.cat\/wp-content\/uploads\/2020\/12\/hort-bolets-1.jpg 500w, https:\/\/www.masvilar.cat\/wp-content\/uploads\/2020\/12\/hort-bolets-1-480x480.jpg 480w\" sizes=\"(min-width: 0px) and (max-width: 480px) 480px, (min-width: 481px) 500px, 100vw\" \/><\/a><\/div>\n\n<div class=\"carousel-slider__item\">\n\t<a class=\"magnific-popup\" href=\"https:\/\/www.masvilar.cat\/wp-content\/uploads\/2020\/12\/hort-figues.jpg\" data-width=\"500\" data-height=\"500\"><img decoding=\"async\" width=\"500\" height=\"500\" src=\"https:\/\/www.masvilar.cat\/wp-content\/uploads\/2020\/12\/hort-figues.jpg\" class=\"attachment-full size-full\" alt=\"\" srcset=\"https:\/\/www.masvilar.cat\/wp-content\/uploads\/2020\/12\/hort-figues.jpg 500w, https:\/\/www.masvilar.cat\/wp-content\/uploads\/2020\/12\/hort-figues-480x480.jpg 480w\" sizes=\"(min-width: 0px) and (max-width: 480px) 480px, (min-width: 481px) 500px, 100vw\" \/><\/a><\/div>\n\n<div class=\"carousel-slider__item\">\n\t<a class=\"magnific-popup\" href=\"https:\/\/www.masvilar.cat\/wp-content\/uploads\/2020\/12\/hort-gerds-1.jpg\" data-width=\"500\" data-height=\"500\"><img decoding=\"async\" width=\"500\" height=\"500\" src=\"https:\/\/www.masvilar.cat\/wp-content\/uploads\/2020\/12\/hort-gerds-1.jpg\" class=\"attachment-full size-full\" alt=\"\" srcset=\"https:\/\/www.masvilar.cat\/wp-content\/uploads\/2020\/12\/hort-gerds-1.jpg 500w, https:\/\/www.masvilar.cat\/wp-content\/uploads\/2020\/12\/hort-gerds-1-480x480.jpg 480w\" sizes=\"(min-width: 0px) and (max-width: 480px) 480px, (min-width: 481px) 500px, 100vw\" \/><\/a><\/div>\n\n<div class=\"carousel-slider__item\">\n\t<a class=\"magnific-popup\" href=\"https:\/\/www.masvilar.cat\/wp-content\/uploads\/2020\/12\/hort-prunes-1.jpg\" data-width=\"500\" data-height=\"500\"><img decoding=\"async\" width=\"500\" height=\"500\" src=\"https:\/\/www.masvilar.cat\/wp-content\/uploads\/2020\/12\/hort-prunes-1.jpg\" class=\"attachment-full size-full\" alt=\"\" srcset=\"https:\/\/www.masvilar.cat\/wp-content\/uploads\/2020\/12\/hort-prunes-1.jpg 500w, https:\/\/www.masvilar.cat\/wp-content\/uploads\/2020\/12\/hort-prunes-1-480x480.jpg 480w\" sizes=\"(min-width: 0px) and (max-width: 480px) 480px, (min-width: 481px) 500px, 100vw\" \/><\/a><\/div>\n\n<div class=\"carousel-slider__item\">\n\t<a class=\"magnific-popup\" href=\"https:\/\/www.masvilar.cat\/wp-content\/uploads\/2020\/12\/hort-enciams.jpg\" data-width=\"500\" data-height=\"497\"><img decoding=\"async\" width=\"500\" height=\"497\" src=\"https:\/\/www.masvilar.cat\/wp-content\/uploads\/2020\/12\/hort-enciams.jpg\" class=\"attachment-full size-full\" alt=\"\" srcset=\"https:\/\/www.masvilar.cat\/wp-content\/uploads\/2020\/12\/hort-enciams.jpg 500w, https:\/\/www.masvilar.cat\/wp-content\/uploads\/2020\/12\/hort-enciams-480x477.jpg 480w\" sizes=\"(min-width: 0px) and (max-width: 480px) 480px, (min-width: 481px) 500px, 100vw\" \/><\/a><\/div>\n\n<div class=\"carousel-slider__item\">\n\t<a class=\"magnific-popup\" href=\"https:\/\/www.masvilar.cat\/wp-content\/uploads\/2020\/12\/hort-tomartes-1.jpg\" data-width=\"500\" data-height=\"500\"><img decoding=\"async\" width=\"500\" height=\"500\" src=\"https:\/\/www.masvilar.cat\/wp-content\/uploads\/2020\/12\/hort-tomartes-1.jpg\" class=\"attachment-full size-full\" alt=\"\" srcset=\"https:\/\/www.masvilar.cat\/wp-content\/uploads\/2020\/12\/hort-tomartes-1.jpg 500w, https:\/\/www.masvilar.cat\/wp-content\/uploads\/2020\/12\/hort-tomartes-1-480x480.jpg 480w\" sizes=\"(min-width: 0px) and (max-width: 480px) 480px, (min-width: 481px) 500px, 100vw\" \/><\/a><\/div>\n\n<\/div><!-- .carousel-slider-2966 -->\n<\/div><!-- .carousel-slider-outer-2966 -->\n[\/et_pb_code][\/et_pb_column][\/et_pb_row][et_pb_row _builder_version=\u00a0\u00bb4.16&Prime; width=\u00a0\u00bb90%\u00a0\u00bb max_width=\u00a0\u00bb1400px\u00a0\u00bb global_colors_info=\u00a0\u00bb{}\u00a0\u00bb][et_pb_column type=\u00a0\u00bb4_4&Prime; _builder_version=\u00a0\u00bb4.16&Prime; global_colors_info=\u00a0\u00bb{}\u00a0\u00bb][et_pb_text _builder_version=\u00a0\u00bb4.16&Prime; text_font=\u00a0\u00bbDosis|300|||||||\u00a0\u00bb text_font_size=\u00a0\u00bb20px\u00a0\u00bb text_line_height=\u00a0\u00bb1.5em\u00a0\u00bb text_orientation=\u00a0\u00bbjustified\u00a0\u00bb text_font_size_tablet=\u00a0\u00bb\u00a0\u00bb text_font_size_phone=\u00a0\u00bb18px\u00a0\u00bb text_font_size_last_edited=\u00a0\u00bbon|phone\u00a0\u00bb global_colors_info=\u00a0\u00bb{}\u00a0\u00bb]<\/p>\n<p style=\"text-align: justify\"><strong>Nous n&rsquo;utilisons aucun type de produit chimique et nous pratiquons la permaculture<\/strong>: plantes et insectes coexistent sans avoir \u00e0 se battre. Lorsque nous ne pouvons faire autrement, nous utilisons des rem\u00e8des naturels pour les \u00e9loigner.<\/p>\n<p>[\/et_pb_text][\/et_pb_column][\/et_pb_row][\/et_pb_section][et_pb_section fb_built=\u00a0\u00bb1&Prime; admin_label=\u00a0\u00bbCERVESES RATAFIA\u00a0\u00bb _builder_version=\u00a0\u00bb4.16&Prime; width=\u00a0\u00bb90%\u00a0\u00bb max_width=\u00a0\u00bb1400px\u00a0\u00bb module_alignment=\u00a0\u00bbcenter\u00a0\u00bb custom_margin=\u00a0\u00bb50px||50px||false|false\u00a0\u00bb animation_style=\u00a0\u00bbfade\u00a0\u00bb border_width_all=\u00a0\u00bb1px\u00a0\u00bb border_color_all=\u00a0\u00bbrgba(155,105,48,0.05)\u00a0\u00bb global_colors_info=\u00a0\u00bb{}\u00a0\u00bb][et_pb_row _builder_version=\u00a0\u00bb4.16&Prime; width=\u00a0\u00bb90%\u00a0\u00bb max_width=\u00a0\u00bb1400px\u00a0\u00bb global_colors_info=\u00a0\u00bb{}\u00a0\u00bb][et_pb_column type=\u00a0\u00bb4_4&Prime; _builder_version=\u00a0\u00bb4.16&Prime; global_colors_info=\u00a0\u00bb{}\u00a0\u00bb][et_pb_text module_class=\u00a0\u00bbtitols\u00a0\u00bb _builder_version=\u00a0\u00bb4.16&Prime; header_3_font=\u00a0\u00bbMerriweather|||on|||||\u00a0\u00bb header_3_font_size=\u00a0\u00bb24px\u00a0\u00bb header_3_letter_spacing=\u00a0\u00bb4px\u00a0\u00bb header_3_line_height=\u00a0\u00bb30px\u00a0\u00bb custom_margin=\u00a0\u00bb0px||0px||false|false\u00a0\u00bb custom_padding=\u00a0\u00bb25px||15px||false|false\u00a0\u00bb global_colors_info=\u00a0\u00bb{}\u00a0\u00bb]<\/p>\n<h3 style=\"text-align: center\">Produit local et ratafia maison<\/h3>\n<p>[\/et_pb_text][\/et_pb_column][\/et_pb_row][et_pb_row _builder_version=\u00a0\u00bb4.16&Prime; width=\u00a0\u00bb90%\u00a0\u00bb max_width=\u00a0\u00bb1400px\u00a0\u00bb global_colors_info=\u00a0\u00bb{}\u00a0\u00bb][et_pb_column type=\u00a0\u00bb4_4&Prime; _builder_version=\u00a0\u00bb4.16&Prime; global_colors_info=\u00a0\u00bb{}\u00a0\u00bb][et_pb_text _builder_version=\u00a0\u00bb4.16&Prime; text_font=\u00a0\u00bbDosis|300|||||||\u00a0\u00bb text_font_size=\u00a0\u00bb20px\u00a0\u00bb text_line_height=\u00a0\u00bb1.5em\u00a0\u00bb text_orientation=\u00a0\u00bbjustified\u00a0\u00bb text_font_size_tablet=\u00a0\u00bb\u00a0\u00bb text_font_size_phone=\u00a0\u00bb18px\u00a0\u00bb text_font_size_last_edited=\u00a0\u00bbon|phone\u00a0\u00bb global_colors_info=\u00a0\u00bb{}\u00a0\u00bb]<\/p>\n<p>Nous avons une grande vari\u00e9t\u00e9 de bi\u00e8res artisanales, car nous misons toujours sur les produits locaux! De plus, nous aimons les liqueurs typiques de notre pays et nous avons \u00e9galement des rataf\u00edas artisanales produites par nous-m\u00eame, ainsi que d&rsquo;autres types d&rsquo;infusions. Venez les essayer!<\/p>\n<p>[\/et_pb_text][\/et_pb_column][\/et_pb_row][et_pb_row column_structure=\u00a0\u00bb1_4,1_4,1_4,1_4&Prime; use_custom_gutter=\u00a0\u00bbon\u00a0\u00bb gutter_width=\u00a0\u00bb1&Prime; disabled_on=\u00a0\u00bbon|on|off\u00a0\u00bb _builder_version=\u00a0\u00bb4.16&Prime; _module_preset=\u00a0\u00bbdefault\u00a0\u00bb width=\u00a0\u00bb90%\u00a0\u00bb max_width=\u00a0\u00bb1400px\u00a0\u00bb global_colors_info=\u00a0\u00bb{}\u00a0\u00bb][et_pb_column type=\u00a0\u00bb1_4&Prime; _builder_version=\u00a0\u00bb4.16&Prime; _module_preset=\u00a0\u00bbdefault\u00a0\u00bb custom_padding=\u00a0\u00bb10px|5px|10px|5px|false|false\u00a0\u00bb global_colors_info=\u00a0\u00bb{}\u00a0\u00bb][et_pb_image src=\u00a0\u00bbhttps:\/\/www.masvilar.cat\/wp-content\/uploads\/2020\/12\/cerveses-artesanes.jpg\u00a0\u00bb _builder_version=\u00a0\u00bb4.16&Prime; _module_preset=\u00a0\u00bbdefault\u00a0\u00bb global_colors_info=\u00a0\u00bb{}\u00a0\u00bb][\/et_pb_image][\/et_pb_column][et_pb_column type=\u00a0\u00bb1_4&Prime; _builder_version=\u00a0\u00bb4.16&Prime; _module_preset=\u00a0\u00bbdefault\u00a0\u00bb custom_padding=\u00a0\u00bb10px|5px|||false|false\u00a0\u00bb global_colors_info=\u00a0\u00bb{}\u00a0\u00bb][et_pb_image src=\u00a0\u00bbhttps:\/\/www.masvilar.cat\/wp-content\/uploads\/2020\/12\/ratafia.jpg\u00a0\u00bb _builder_version=\u00a0\u00bb4.16&Prime; _module_preset=\u00a0\u00bbdefault\u00a0\u00bb global_colors_info=\u00a0\u00bb{}\u00a0\u00bb][\/et_pb_image][\/et_pb_column][et_pb_column type=\u00a0\u00bb1_4&Prime; _builder_version=\u00a0\u00bb4.16&Prime; _module_preset=\u00a0\u00bbdefault\u00a0\u00bb custom_padding=\u00a0\u00bb10px|5px|10px||false|false\u00a0\u00bb global_colors_info=\u00a0\u00bb{}\u00a0\u00bb][et_pb_image src=\u00a0\u00bbhttps:\/\/www.masvilar.cat\/wp-content\/uploads\/2020\/12\/cuina-ratafia-02.jpg\u00a0\u00bb _builder_version=\u00a0\u00bb4.16&Prime; _module_preset=\u00a0\u00bbdefault\u00a0\u00bb global_colors_info=\u00a0\u00bb{}\u00a0\u00bb][\/et_pb_image][\/et_pb_column][et_pb_column type=\u00a0\u00bb1_4&Prime; _builder_version=\u00a0\u00bb4.16&Prime; _module_preset=\u00a0\u00bbdefault\u00a0\u00bb custom_padding=\u00a0\u00bb10px|2px|10px||false|false\u00a0\u00bb global_colors_info=\u00a0\u00bb{}\u00a0\u00bb][et_pb_image src=\u00a0\u00bbhttps:\/\/www.masvilar.cat\/wp-content\/uploads\/2020\/12\/infusions-artesanals.jpg\u00a0\u00bb _builder_version=\u00a0\u00bb4.16&Prime; _module_preset=\u00a0\u00bbdefault\u00a0\u00bb global_colors_info=\u00a0\u00bb{}\u00a0\u00bb][\/et_pb_image][\/et_pb_column][\/et_pb_row][et_pb_row use_custom_gutter=\u00a0\u00bbon\u00a0\u00bb gutter_width=\u00a0\u00bb1&Prime; disabled_on=\u00a0\u00bboff|off|on\u00a0\u00bb _builder_version=\u00a0\u00bb4.16&Prime; width=\u00a0\u00bb90%\u00a0\u00bb max_width=\u00a0\u00bb1400px\u00a0\u00bb global_colors_info=\u00a0\u00bb{}\u00a0\u00bb][et_pb_column type=\u00a0\u00bb4_4&Prime; _builder_version=\u00a0\u00bb4.16&Prime; global_colors_info=\u00a0\u00bb{}\u00a0\u00bb][et_pb_code _builder_version=\u00a0\u00bb4.16&Prime; global_colors_info=\u00a0\u00bb{}\u00a0\u00bb]<div class=\"carousel-slider-outer carousel-slider-outer-image-carousel carousel-slider-outer-2996\" style=\"--carousel-slider-nav-color:#fff6df;--carousel-slider-active-nav-color:#9b6930;--carousel-slider-arrow-size:45px;--carousel-slider-bullet-size:10px\">\n<div id=\"&#039;id-2996\" class=\"carousel-slider carousel-slider-2996 arrows-visibility-always dots-visibility-never arrows-inside dots-center dots-square owl-carousel\" data-slide-type=\"image-carousel\" data-owl-settings='{\"nav\":true,\"dots\":false,\"slideBy\":1,\"stagePadding\":0,\"margin\":5,\"loop\":true,\"lazyLoad\":false,\"autoplay\":false,\"autoplayTimeout\":3000,\"autoplaySpeed\":700,\"autoplayHoverPause\":false,\"autoWidth\":false,\"responsive\":{\"300\":{\"items\":1},\"576\":{\"items\":2},\"768\":{\"items\":2},\"1024\":{\"items\":3},\"1280\":{\"items\":4},\"1536\":{\"items\":5}}}'>\n<div class=\"carousel-slider__item\">\n\t<a class=\"magnific-popup\" href=\"https:\/\/www.masvilar.cat\/wp-content\/uploads\/2020\/12\/cerveses-artesanes.jpg\" data-width=\"500\" data-height=\"500\"><img decoding=\"async\" width=\"500\" height=\"500\" src=\"https:\/\/www.masvilar.cat\/wp-content\/uploads\/2020\/12\/cerveses-artesanes.jpg\" class=\"attachment-full size-full\" alt=\"\" srcset=\"https:\/\/www.masvilar.cat\/wp-content\/uploads\/2020\/12\/cerveses-artesanes.jpg 500w, https:\/\/www.masvilar.cat\/wp-content\/uploads\/2020\/12\/cerveses-artesanes-480x480.jpg 480w\" sizes=\"(min-width: 0px) and (max-width: 480px) 480px, (min-width: 481px) 500px, 100vw\" \/><\/a><\/div>\n\n<div class=\"carousel-slider__item\">\n\t<a class=\"magnific-popup\" href=\"https:\/\/www.masvilar.cat\/wp-content\/uploads\/2020\/12\/ratafia.jpg\" data-width=\"500\" data-height=\"500\"><img decoding=\"async\" width=\"500\" height=\"500\" src=\"https:\/\/www.masvilar.cat\/wp-content\/uploads\/2020\/12\/ratafia.jpg\" class=\"attachment-full size-full\" alt=\"\" srcset=\"https:\/\/www.masvilar.cat\/wp-content\/uploads\/2020\/12\/ratafia.jpg 500w, https:\/\/www.masvilar.cat\/wp-content\/uploads\/2020\/12\/ratafia-480x480.jpg 480w\" sizes=\"(min-width: 0px) and (max-width: 480px) 480px, (min-width: 481px) 500px, 100vw\" \/><\/a><\/div>\n\n<div class=\"carousel-slider__item\">\n\t<a class=\"magnific-popup\" href=\"https:\/\/www.masvilar.cat\/wp-content\/uploads\/2020\/12\/cuina-ratafia-02.jpg\" data-width=\"500\" data-height=\"500\"><img decoding=\"async\" width=\"500\" height=\"500\" src=\"https:\/\/www.masvilar.cat\/wp-content\/uploads\/2020\/12\/cuina-ratafia-02.jpg\" class=\"attachment-full size-full\" alt=\"\" srcset=\"https:\/\/www.masvilar.cat\/wp-content\/uploads\/2020\/12\/cuina-ratafia-02.jpg 500w, https:\/\/www.masvilar.cat\/wp-content\/uploads\/2020\/12\/cuina-ratafia-02-480x480.jpg 480w\" sizes=\"(min-width: 0px) and (max-width: 480px) 480px, (min-width: 481px) 500px, 100vw\" \/><\/a><\/div>\n\n<div class=\"carousel-slider__item\">\n\t<a class=\"magnific-popup\" href=\"https:\/\/www.masvilar.cat\/wp-content\/uploads\/2020\/12\/infusions-artesanals.jpg\" data-width=\"500\" data-height=\"500\"><img decoding=\"async\" width=\"500\" height=\"500\" src=\"https:\/\/www.masvilar.cat\/wp-content\/uploads\/2020\/12\/infusions-artesanals.jpg\" class=\"attachment-full size-full\" alt=\"\" srcset=\"https:\/\/www.masvilar.cat\/wp-content\/uploads\/2020\/12\/infusions-artesanals.jpg 500w, https:\/\/www.masvilar.cat\/wp-content\/uploads\/2020\/12\/infusions-artesanals-480x480.jpg 480w\" sizes=\"(min-width: 0px) and (max-width: 480px) 480px, (min-width: 481px) 500px, 100vw\" \/><\/a><\/div>\n\n<\/div><!-- .carousel-slider-2996 -->\n<\/div><!-- .carousel-slider-outer-2996 -->\n[\/et_pb_code][\/et_pb_column][\/et_pb_row][\/et_pb_section][et_pb_section fb_built=\u00a0\u00bb1&Prime; _builder_version=\u00a0\u00bb4.16&Prime; background_color=\u00a0\u00bbrgba(255,255,255,0.7)\u00a0\u00bb background_image=\u00a0\u00bbhttps:\/\/www.masvilar.cat\/wp-content\/uploads\/2020\/12\/mas-vilar-habitacions.jpg\u00a0\u00bb background_position=\u00a0\u00bbbottom_center\u00a0\u00bb background_blend=\u00a0\u00bbscreen\u00a0\u00bb custom_margin=\u00a0\u00bb||50px||false|false\u00a0\u00bb mix_blend_mode=\u00a0\u00bbmultiply\u00a0\u00bb saved_tabs=\u00a0\u00bball\u00a0\u00bb global_colors_info=\u00a0\u00bb{}\u00a0\u00bb][et_pb_row _builder_version=\u00a0\u00bb4.16&Prime; global_colors_info=\u00a0\u00bb{}\u00a0\u00bb][et_pb_column type=\u00a0\u00bb4_4&Prime; _builder_version=\u00a0\u00bb4.16&Prime; global_colors_info=\u00a0\u00bb{}\u00a0\u00bb][et_pb_text _builder_version=\u00a0\u00bb4.16&Prime; text_font=\u00a0\u00bbCookie||||||||\u00a0\u00bb text_text_color=\u00a0\u00bb#3C1518&Prime; text_font_size=\u00a0\u00bb40px\u00a0\u00bb text_line_height=\u00a0\u00bb1em\u00a0\u00bb width_tablet=\u00a0\u00bb\u00a0\u00bb width_phone=\u00a0\u00bb80%\u00a0\u00bb width_last_edited=\u00a0\u00bbon|phone\u00a0\u00bb module_alignment=\u00a0\u00bbcenter\u00a0\u00bb custom_margin=\u00a0\u00bb||||false|false\u00a0\u00bb global_colors_info=\u00a0\u00bb{}\u00a0\u00bb]<\/p>\n<p style=\"text-align: center\">Voulez-vous venir passer quelques jours chez nous?<\/p>\n<p>[\/et_pb_text][et_pb_button button_url=\u00a0\u00bb@ET-DC@eyJkeW5hbWljIjp0cnVlLCJjb250ZW50IjoicG9zdF9saW5rX3VybF9wYWdlIiwic2V0dGluZ3MiOnsicG9zdF9pZCI6IjI5MDEifX0=@\u00a0\u00bb button_text=\u00a0\u00bbVoir les chambres\u00a0\u00bb button_alignment=\u00a0\u00bbcenter\u00a0\u00bb _builder_version=\u00a0\u00bb4.16&Prime; _dynamic_attributes=\u00a0\u00bbbutton_url\u00a0\u00bb custom_button=\u00a0\u00bbon\u00a0\u00bb button_text_color=\u00a0\u00bb#3C1518&Prime; button_bg_color=\u00a0\u00bbrgba(255,255,255,0.55)\u00a0\u00bb button_border_color=\u00a0\u00bb#3C1518&Prime; button_font=\u00a0\u00bbDosis|300||on|||||\u00a0\u00bb button_use_icon=\u00a0\u00bboff\u00a0\u00bb custom_padding=\u00a0\u00bb15px|15px|15px|15px|false|false\u00a0\u00bb custom_css_main_element=\u00a0\u00bbwidth: 230px\u00a0\u00bb global_colors_info=\u00a0\u00bb{}\u00a0\u00bb button_bg_color__hover_enabled=\u00a0\u00bbon|hover\u00a0\u00bb button_bg_color__hover=\u00a0\u00bb#ffffff\u00a0\u00bb button_bg_enable_color__hover=\u00a0\u00bbon\u00a0\u00bb][\/et_pb_button][\/et_pb_column][\/et_pb_row][\/et_pb_section]<\/p>\n","protected":false},"excerpt":{"rendered":"<p>Notre cuisineLa cuisine maisonAu Mas Vilar, nous offrons \u00e0 nos clients un service de restauration, afin qu&rsquo;ils puissent choisir de d\u00e9jeuner et de d\u00eener \u00e0 partir du menu du jour. Nous proposons une cuisine maison, naturelle et \u00e9quilibr\u00e9e, et nous avons des fournisseurs de produits de la r\u00e9gion. Toutes les r\u00e9servations incluent un petit d\u00e9jeuner [&hellip;]<\/p>\n","protected":false},"author":1,"featured_media":0,"parent":0,"menu_order":0,"comment_status":"closed","ping_status":"closed","template":"","meta":{"_et_pb_use_builder":"on","_et_pb_old_content":"","_et_gb_content_width":"","footnotes":""},"class_list":["post-5229","page","type-page","status-publish","hentry"],"yoast_head":"<!-- This site is optimized with the Yoast SEO plugin v27.3 - https:\/\/yoast.com\/product\/yoast-seo-wordpress\/ -->\n<title>Notre cuisine - Mas Vilar<\/title>\n<meta name=\"robots\" content=\"index, follow, max-snippet:-1, max-image-preview:large, max-video-preview:-1\" \/>\n<link rel=\"canonical\" href=\"https:\/\/www.masvilar.cat\/la-nostra-cuina\/\" \/>\n<meta property=\"og:locale\" content=\"fr_FR\" \/>\n<meta property=\"og:type\" content=\"article\" \/>\n<meta property=\"og:title\" content=\"Notre cuisine - Mas Vilar\" \/>\n<meta property=\"og:description\" content=\"Notre cuisineLa cuisine maisonAu Mas Vilar, nous offrons \u00e0 nos clients un service de restauration, afin qu&#039;ils puissent choisir de d\u00e9jeuner et de d\u00eener \u00e0 partir du menu du jour. Nous proposons une cuisine maison, naturelle et \u00e9quilibr\u00e9e, et nous avons des fournisseurs de produits de la r\u00e9gion. Toutes les r\u00e9servations incluent un petit d\u00e9jeuner [&hellip;]\" \/>\n<meta property=\"og:url\" content=\"https:\/\/www.masvilar.cat\/la-nostra-cuina\/\" \/>\n<meta property=\"og:site_name\" content=\"Mas Vilar\" \/>\n<meta property=\"article:modified_time\" content=\"2024-05-14T03:09:51+00:00\" \/>\n<meta name=\"twitter:card\" content=\"summary_large_image\" \/>\n<meta name=\"twitter:label1\" content=\"Dur\u00e9e de lecture estim\u00e9e\" \/>\n\t<meta name=\"twitter:data1\" content=\"10 minutes\" \/>\n<script type=\"application\/ld+json\" class=\"yoast-schema-graph\">{\"@context\":\"https:\\\/\\\/schema.org\",\"@graph\":[{\"@type\":\"WebPage\",\"@id\":\"https:\\\/\\\/www.masvilar.cat\\\/la-nostra-cuina\\\/\",\"url\":\"https:\\\/\\\/www.masvilar.cat\\\/la-nostra-cuina\\\/\",\"name\":\"Notre cuisine - Mas Vilar\",\"isPartOf\":{\"@id\":\"https:\\\/\\\/www.masvilar.cat\\\/#website\"},\"datePublished\":\"2021-01-29T09:20:09+00:00\",\"dateModified\":\"2024-05-14T03:09:51+00:00\",\"breadcrumb\":{\"@id\":\"https:\\\/\\\/www.masvilar.cat\\\/la-nostra-cuina\\\/#breadcrumb\"},\"inLanguage\":\"fr-FR\",\"potentialAction\":[{\"@type\":\"ReadAction\",\"target\":[\"https:\\\/\\\/www.masvilar.cat\\\/la-nostra-cuina\\\/\"]}]},{\"@type\":\"BreadcrumbList\",\"@id\":\"https:\\\/\\\/www.masvilar.cat\\\/la-nostra-cuina\\\/#breadcrumb\",\"itemListElement\":[{\"@type\":\"ListItem\",\"position\":1,\"name\":\"Inici\",\"item\":\"https:\\\/\\\/www.masvilar.cat\\\/fr\\\/\"},{\"@type\":\"ListItem\",\"position\":2,\"name\":\"Notre cuisine\"}]},{\"@type\":\"WebSite\",\"@id\":\"https:\\\/\\\/www.masvilar.cat\\\/#website\",\"url\":\"https:\\\/\\\/www.masvilar.cat\\\/\",\"name\":\"Mas Vilar\",\"description\":\"Turisme Rural al Montseny\",\"potentialAction\":[{\"@type\":\"SearchAction\",\"target\":{\"@type\":\"EntryPoint\",\"urlTemplate\":\"https:\\\/\\\/www.masvilar.cat\\\/?s={search_term_string}\"},\"query-input\":{\"@type\":\"PropertyValueSpecification\",\"valueRequired\":true,\"valueName\":\"search_term_string\"}}],\"inLanguage\":\"fr-FR\"}]}<\/script>\n<!-- \/ Yoast SEO plugin. -->","yoast_head_json":{"title":"Notre cuisine - Mas Vilar","robots":{"index":"index","follow":"follow","max-snippet":"max-snippet:-1","max-image-preview":"max-image-preview:large","max-video-preview":"max-video-preview:-1"},"canonical":"https:\/\/www.masvilar.cat\/la-nostra-cuina\/","og_locale":"fr_FR","og_type":"article","og_title":"Notre cuisine - Mas Vilar","og_description":"Notre cuisineLa cuisine maisonAu Mas Vilar, nous offrons \u00e0 nos clients un service de restauration, afin qu'ils puissent choisir de d\u00e9jeuner et de d\u00eener \u00e0 partir du menu du jour. Nous proposons une cuisine maison, naturelle et \u00e9quilibr\u00e9e, et nous avons des fournisseurs de produits de la r\u00e9gion. Toutes les r\u00e9servations incluent un petit d\u00e9jeuner [&hellip;]","og_url":"https:\/\/www.masvilar.cat\/la-nostra-cuina\/","og_site_name":"Mas Vilar","article_modified_time":"2024-05-14T03:09:51+00:00","twitter_card":"summary_large_image","twitter_misc":{"Dur\u00e9e de lecture estim\u00e9e":"10 minutes"},"schema":{"@context":"https:\/\/schema.org","@graph":[{"@type":"WebPage","@id":"https:\/\/www.masvilar.cat\/la-nostra-cuina\/","url":"https:\/\/www.masvilar.cat\/la-nostra-cuina\/","name":"Notre cuisine - Mas Vilar","isPartOf":{"@id":"https:\/\/www.masvilar.cat\/#website"},"datePublished":"2021-01-29T09:20:09+00:00","dateModified":"2024-05-14T03:09:51+00:00","breadcrumb":{"@id":"https:\/\/www.masvilar.cat\/la-nostra-cuina\/#breadcrumb"},"inLanguage":"fr-FR","potentialAction":[{"@type":"ReadAction","target":["https:\/\/www.masvilar.cat\/la-nostra-cuina\/"]}]},{"@type":"BreadcrumbList","@id":"https:\/\/www.masvilar.cat\/la-nostra-cuina\/#breadcrumb","itemListElement":[{"@type":"ListItem","position":1,"name":"Inici","item":"https:\/\/www.masvilar.cat\/fr\/"},{"@type":"ListItem","position":2,"name":"Notre cuisine"}]},{"@type":"WebSite","@id":"https:\/\/www.masvilar.cat\/#website","url":"https:\/\/www.masvilar.cat\/","name":"Mas Vilar","description":"Turisme Rural al Montseny","potentialAction":[{"@type":"SearchAction","target":{"@type":"EntryPoint","urlTemplate":"https:\/\/www.masvilar.cat\/?s={search_term_string}"},"query-input":{"@type":"PropertyValueSpecification","valueRequired":true,"valueName":"search_term_string"}}],"inLanguage":"fr-FR"}]}},"_links":{"self":[{"href":"https:\/\/www.masvilar.cat\/fr\/wp-json\/wp\/v2\/pages\/5229","targetHints":{"allow":["GET"]}}],"collection":[{"href":"https:\/\/www.masvilar.cat\/fr\/wp-json\/wp\/v2\/pages"}],"about":[{"href":"https:\/\/www.masvilar.cat\/fr\/wp-json\/wp\/v2\/types\/page"}],"author":[{"embeddable":true,"href":"https:\/\/www.masvilar.cat\/fr\/wp-json\/wp\/v2\/users\/1"}],"replies":[{"embeddable":true,"href":"https:\/\/www.masvilar.cat\/fr\/wp-json\/wp\/v2\/comments?post=5229"}],"version-history":[{"count":22,"href":"https:\/\/www.masvilar.cat\/fr\/wp-json\/wp\/v2\/pages\/5229\/revisions"}],"predecessor-version":[{"id":8307,"href":"https:\/\/www.masvilar.cat\/fr\/wp-json\/wp\/v2\/pages\/5229\/revisions\/8307"}],"wp:attachment":[{"href":"https:\/\/www.masvilar.cat\/fr\/wp-json\/wp\/v2\/media?parent=5229"}],"curies":[{"name":"wp","href":"https:\/\/api.w.org\/{rel}","templated":true}]}}