{"id":5223,"date":"2021-01-29T09:08:52","date_gmt":"2021-01-29T09:08:52","guid":{"rendered":"https:\/\/www.masvilar.cat\/les-environs\/"},"modified":"2024-05-14T03:12:11","modified_gmt":"2024-05-14T03:12:11","slug":"les-environs","status":"publish","type":"page","link":"https:\/\/www.masvilar.cat\/fr\/les-environs\/","title":{"rendered":"Les environs"},"content":{"rendered":"<p>[et_pb_section fb_built=\u00a0\u00bb1&Prime; admin_label=\u00a0\u00bbheaders\u00a0\u00bb module_id=\u00a0\u00bbtop\u00a0\u00bb module_class=\u00a0\u00bbheaders\u00a0\u00bb _builder_version=\u00a0\u00bb4.16&Prime; background_image=\u00a0\u00bbhttps:\/\/www.masvilar.cat\/wp-content\/uploads\/2021\/01\/banner-entorn-montseny.jpg\u00a0\u00bb height=\u00a0\u00bb500px\u00a0\u00bb global_colors_info=\u00a0\u00bb{}\u00a0\u00bb custom_css_main_element_last_edited=\u00a0\u00bbon|desktop\u00a0\u00bb custom_css_main_element_phone=\u00a0\u00bbbackground-position-x: -150px\u00a0\u00bb][et_pb_row module_class=\u00a0\u00bblogo-cap\u00a0\u00bb _builder_version=\u00a0\u00bb4.16&Prime; positioning=\u00a0\u00bbabsolute\u00a0\u00bb vertical_offset=\u00a0\u00bb61px\u00a0\u00bb horizontal_offset=\u00a0\u00bb38px\u00a0\u00bb width=\u00a0\u00bb100%\u00a0\u00bb max_width=\u00a0\u00bb100%\u00a0\u00bb custom_margin=\u00a0\u00bb-50px||||false|false\u00a0\u00bb global_colors_info=\u00a0\u00bb{}\u00a0\u00bb][et_pb_column type=\u00a0\u00bb4_4&Prime; _builder_version=\u00a0\u00bb4.16&Prime; global_colors_info=\u00a0\u00bb{}\u00a0\u00bb][et_pb_image src=\u00a0\u00bbhttps:\/\/www.masvilar.cat\/wp-content\/uploads\/2020\/12\/logo-masvilar-blanc-e1608107345880.png\u00a0\u00bb url=\u00a0\u00bb@ET-DC@eyJkeW5hbWljIjp0cnVlLCJjb250ZW50IjoiaG9tZV91cmwiLCJzZXR0aW5ncyI6e319@\u00a0\u00bb align_tablet=\u00a0\u00bbcenter\u00a0\u00bb align_phone=\u00a0\u00bbcenter\u00a0\u00bb align_last_edited=\u00a0\u00bbon|phone\u00a0\u00bb _builder_version=\u00a0\u00bb4.16&Prime; _dynamic_attributes=\u00a0\u00bburl\u00a0\u00bb width=\u00a0\u00bb150px\u00a0\u00bb global_colors_info=\u00a0\u00bb{}\u00a0\u00bb][\/et_pb_image][\/et_pb_column][\/et_pb_row][et_pb_row _builder_version=\u00a0\u00bb4.16&Prime; positioning=\u00a0\u00bbabsolute\u00a0\u00bb position_origin_a=\u00a0\u00bbbottom_right\u00a0\u00bb width=\u00a0\u00bb100%\u00a0\u00bb max_width=\u00a0\u00bb100%\u00a0\u00bb global_colors_info=\u00a0\u00bb{}\u00a0\u00bb][et_pb_column type=\u00a0\u00bb4_4&Prime; _builder_version=\u00a0\u00bb4.16&Prime; global_colors_info=\u00a0\u00bb{}\u00a0\u00bb][et_pb_text _builder_version=\u00a0\u00bb4.16&Prime; header_font=\u00a0\u00bbCookie||||||||\u00a0\u00bb header_text_color=\u00a0\u00bb#ffffff\u00a0\u00bb header_font_size=\u00a0\u00bb40px\u00a0\u00bb header_4_font=\u00a0\u00bbCookie||||||||\u00a0\u00bb header_4_text_align=\u00a0\u00bbright\u00a0\u00bb header_4_text_color=\u00a0\u00bb#ffffff\u00a0\u00bb header_4_font_size=\u00a0\u00bb60px\u00a0\u00bb background_color=\u00a0\u00bbrgba(60,21,24,0.51)\u00a0\u00bb width=\u00a0\u00bb100%\u00a0\u00bb max_width=\u00a0\u00bb100%\u00a0\u00bb module_alignment=\u00a0\u00bbcenter\u00a0\u00bb custom_padding=\u00a0\u00bb5px|100px|0px||false|false\u00a0\u00bb custom_padding_tablet=\u00a0\u00bb|0px|||false|false\u00a0\u00bb custom_padding_phone=\u00a0\u00bb\u00a0\u00bb custom_padding_last_edited=\u00a0\u00bbon|desktop\u00a0\u00bb header_4_text_align_tablet=\u00a0\u00bbcenter\u00a0\u00bb header_4_text_align_phone=\u00a0\u00bbcenter\u00a0\u00bb header_4_text_align_last_edited=\u00a0\u00bbon|phone\u00a0\u00bb header_4_font_size_tablet=\u00a0\u00bb\u00a0\u00bb header_4_font_size_phone=\u00a0\u00bb40px\u00a0\u00bb header_4_font_size_last_edited=\u00a0\u00bbon|phone\u00a0\u00bb text_orientation_tablet=\u00a0\u00bbcenter\u00a0\u00bb text_orientation_phone=\u00a0\u00bbcenter\u00a0\u00bb text_orientation_last_edited=\u00a0\u00bbon|phone\u00a0\u00bb global_colors_info=\u00a0\u00bb{}\u00a0\u00bb]<\/p>\n<h4>Les environs<\/h4>\n<p>[\/et_pb_text][\/et_pb_column][\/et_pb_row][\/et_pb_section][et_pb_section fb_built=\u00a0\u00bb1&Prime; disabled_on=\u00a0\u00bbon|on|off\u00a0\u00bb admin_label=\u00a0\u00bbEntorn + Montseny\u00a0\u00bb _builder_version=\u00a0\u00bb4.16&Prime; width=\u00a0\u00bb90%\u00a0\u00bb max_width=\u00a0\u00bb1400px\u00a0\u00bb module_alignment=\u00a0\u00bbcenter\u00a0\u00bb custom_margin=\u00a0\u00bb50px||50px||false|false\u00a0\u00bb animation_style=\u00a0\u00bbfade\u00a0\u00bb border_width_all=\u00a0\u00bb1px\u00a0\u00bb border_color_all=\u00a0\u00bbrgba(155,105,48,0.05)\u00a0\u00bb global_colors_info=\u00a0\u00bb{}\u00a0\u00bb][et_pb_row column_structure=\u00a0\u00bb1_2,1_2&Prime; _builder_version=\u00a0\u00bb4.16&Prime; width=\u00a0\u00bb90%\u00a0\u00bb max_width=\u00a0\u00bb1400px\u00a0\u00bb global_colors_info=\u00a0\u00bb{}\u00a0\u00bb][et_pb_column type=\u00a0\u00bb1_2&Prime; _builder_version=\u00a0\u00bb4.16&Prime; global_colors_info=\u00a0\u00bb{}\u00a0\u00bb][et_pb_text module_class=\u00a0\u00bbtitols\u00a0\u00bb _builder_version=\u00a0\u00bb4.16&Prime; header_3_font=\u00a0\u00bbMerriweather|||on|||||\u00a0\u00bb header_3_font_size=\u00a0\u00bb24px\u00a0\u00bb header_3_letter_spacing=\u00a0\u00bb4px\u00a0\u00bb header_3_line_height=\u00a0\u00bb30px\u00a0\u00bb custom_margin=\u00a0\u00bb0px||0px||false|false\u00a0\u00bb custom_padding=\u00a0\u00bb25px||15px||false|false\u00a0\u00bb global_colors_info=\u00a0\u00bb{}\u00a0\u00bb]<\/p>\n<h3 style=\"text-align: center;\">Nos environs<\/h3>\n<p>[\/et_pb_text][\/et_pb_column][et_pb_column type=\u00a0\u00bb1_2&Prime; _builder_version=\u00a0\u00bb4.16&Prime; global_colors_info=\u00a0\u00bb{}\u00a0\u00bb][et_pb_text module_class=\u00a0\u00bbtitols\u00a0\u00bb _builder_version=\u00a0\u00bb4.16&Prime; header_3_font=\u00a0\u00bbMerriweather|||on|||||\u00a0\u00bb header_3_font_size=\u00a0\u00bb24px\u00a0\u00bb header_3_letter_spacing=\u00a0\u00bb4px\u00a0\u00bb header_3_line_height=\u00a0\u00bb30px\u00a0\u00bb custom_margin=\u00a0\u00bb0px||0px||false|false\u00a0\u00bb custom_padding=\u00a0\u00bb25px||15px||false|false\u00a0\u00bb global_colors_info=\u00a0\u00bb{}\u00a0\u00bb]<\/p>\n<h3 style=\"text-align: center;\">Parc del Montseny<\/h3>\n<p>[\/et_pb_text][\/et_pb_column][\/et_pb_row][et_pb_row column_structure=\u00a0\u00bb1_2,1_2&Prime; make_equal=\u00a0\u00bbon\u00a0\u00bb _builder_version=\u00a0\u00bb4.16&Prime; width=\u00a0\u00bb90%\u00a0\u00bb max_width=\u00a0\u00bb1400px\u00a0\u00bb global_colors_info=\u00a0\u00bb{}\u00a0\u00bb][et_pb_column type=\u00a0\u00bb1_2&Prime; _builder_version=\u00a0\u00bb4.16&Prime; global_colors_info=\u00a0\u00bb{}\u00a0\u00bb][et_pb_text _builder_version=\u00a0\u00bb4.16&Prime; text_font=\u00a0\u00bbDosis|300|||||||\u00a0\u00bb text_font_size=\u00a0\u00bb20px\u00a0\u00bb text_line_height=\u00a0\u00bb1.5em\u00a0\u00bb text_orientation=\u00a0\u00bbjustified\u00a0\u00bb text_font_size_tablet=\u00a0\u00bb\u00a0\u00bb text_font_size_phone=\u00a0\u00bb18px\u00a0\u00bb text_font_size_last_edited=\u00a0\u00bbon|phone\u00a0\u00bb global_colors_info=\u00a0\u00bb{}\u00a0\u00bb]<\/p>\n<p style=\"text-align: justify;\">La Maison est entour\u00e9e d&rsquo;un <strong>grand espace vert et de terrasses naturelles<\/strong> avec de belles vues. Le calme qui est respir\u00e9 et le paysage qui domine les abords de l&rsquo;h\u00e9bergement garantissent une d\u00e9connexion absolue.<\/p>\n<p>[\/et_pb_text][et_pb_image src=\u00a0\u00bbhttps:\/\/www.masvilar.cat\/wp-content\/uploads\/2020\/12\/mas-vilar-voltant.jpg\u00a0\u00bb align=\u00a0\u00bbcenter\u00a0\u00bb _builder_version=\u00a0\u00bb4.16&Prime; global_colors_info=\u00a0\u00bb{}\u00a0\u00bb][\/et_pb_image][et_pb_text _builder_version=\u00a0\u00bb4.16&Prime; text_font=\u00a0\u00bbDosis|300|||||||\u00a0\u00bb text_font_size=\u00a0\u00bb20px\u00a0\u00bb text_line_height=\u00a0\u00bb1.5em\u00a0\u00bb link_text_color=\u00a0\u00bb#9B6930&Prime; text_orientation=\u00a0\u00bbjustified\u00a0\u00bb text_font_size_tablet=\u00a0\u00bb\u00a0\u00bb text_font_size_phone=\u00a0\u00bb18px\u00a0\u00bb text_font_size_last_edited=\u00a0\u00bbon|phone\u00a0\u00bb global_colors_info=\u00a0\u00bb{}\u00a0\u00bb]<\/p>\n<p style=\"text-align: justify;\">Autour de la ferme, vous pouvez trouver une <strong>grande vari\u00e9t\u00e9 d&rsquo;arbres<\/strong>: ch\u00e2taignier, h\u00eatre, fr\u00eane, ch\u00eane vert, noisetier, noyer, s\u00e9quoia &#8230; La ferme dispose d&rsquo;un <strong>plan de gestion foresti\u00e8re avec un certificat de gestion durable des for\u00eats<\/strong>. La ferme est souvent visit\u00e9e par des experts de toute l&rsquo;Europe car c&rsquo;est un exemple de bonne gestion foresti\u00e8re.<\/p>\n<p style=\"text-align: justify;\">Pour visiter <strong>Arb\u00facies<\/strong>, vous pouvez consulter le site <a href=\"https:\/\/www.visitarbucies.com\" target=\"_blank\" rel=\"noopener noreferrer\">Visitar Arb\u00facies<\/a> o\u00f9 vous trouverez des promenades, des f\u00eates, des visites et bien d&rsquo;autres activit\u00e9s.<\/p>\n<p>[\/et_pb_text][\/et_pb_column][et_pb_column type=\u00a0\u00bb1_2&Prime; _builder_version=\u00a0\u00bb4.16&Prime; global_colors_info=\u00a0\u00bb{}\u00a0\u00bb][et_pb_text _builder_version=\u00a0\u00bb4.16&Prime; text_font=\u00a0\u00bbDosis|300|||||||\u00a0\u00bb text_font_size=\u00a0\u00bb20px\u00a0\u00bb text_line_height=\u00a0\u00bb1.5em\u00a0\u00bb text_orientation=\u00a0\u00bbjustified\u00a0\u00bb custom_margin=\u00a0\u00bb||64px|||\u00a0\u00bb text_font_size_tablet=\u00a0\u00bb\u00a0\u00bb text_font_size_phone=\u00a0\u00bb18px\u00a0\u00bb text_font_size_last_edited=\u00a0\u00bbon|phone\u00a0\u00bb global_colors_info=\u00a0\u00bb{}\u00a0\u00bb]<\/p>\n<p style=\"text-align: justify;\">Le Parc Naturel du Montseny est un <strong>espace naturel montagneux d&rsquo;une grande richesse en termes de v\u00e9g\u00e9tation, de faune et de ruisseaux<\/strong>, qui rec\u00e8le des paysages d&rsquo;une grande beaut\u00e9.<\/p>\n<p>[\/et_pb_text][et_pb_image src=\u00a0\u00bbhttps:\/\/www.masvilar.cat\/wp-content\/uploads\/2020\/12\/entorn-mas-vilar.jpg\u00a0\u00bb align=\u00a0\u00bbcenter\u00a0\u00bb _builder_version=\u00a0\u00bb4.16&Prime; global_colors_info=\u00a0\u00bb{}\u00a0\u00bb][\/et_pb_image][et_pb_text _builder_version=\u00a0\u00bb4.16&Prime; text_font=\u00a0\u00bbDosis|300|||||||\u00a0\u00bb text_font_size=\u00a0\u00bb20px\u00a0\u00bb text_line_height=\u00a0\u00bb1.5em\u00a0\u00bb link_text_color=\u00a0\u00bb#9B6930&Prime; text_orientation=\u00a0\u00bbjustified\u00a0\u00bb text_font_size_tablet=\u00a0\u00bb\u00a0\u00bb text_font_size_phone=\u00a0\u00bb18px\u00a0\u00bb text_font_size_last_edited=\u00a0\u00bbon|phone\u00a0\u00bb global_colors_info=\u00a0\u00bb{}\u00a0\u00bb]<\/p>\n<p style=\"text-align: justify;\">C&rsquo;est la grande attraction de notre Masia. C&rsquo;est un luxe d&rsquo;\u00eatre entour\u00e9 de tant de nature, un endroit id\u00e9al pour se d\u00e9connecter du stress de la ville. <a href=\"https:\/\/parcs.diba.cat\/web\/montseny\" target=\"_blank\" rel=\"noopener noreferrer\">Cliquez pour plus d&rsquo;informations<\/a> sur le Montseny.<\/p>\n<p style=\"text-align: justify;\">Nous vous disons tout ce que vous pouvez faire \u00e0 partir de la Ferme : randonn\u00e9e, VTT ou \u00e9quitation.<\/p>\n<p>[\/et_pb_text][\/et_pb_column][\/et_pb_row][\/et_pb_section][et_pb_section fb_built=\u00a0\u00bb1&Prime; disabled_on=\u00a0\u00bboff|off|on\u00a0\u00bb admin_label=\u00a0\u00bbVoltant RWD\u00a0\u00bb _builder_version=\u00a0\u00bb4.16&Prime; width=\u00a0\u00bb90%\u00a0\u00bb max_width=\u00a0\u00bb1400px\u00a0\u00bb module_alignment=\u00a0\u00bbcenter\u00a0\u00bb custom_margin=\u00a0\u00bb50px||50px||false|false\u00a0\u00bb custom_padding=\u00a0\u00bb||5px|||\u00a0\u00bb animation_style=\u00a0\u00bbfade\u00a0\u00bb border_width_all=\u00a0\u00bb1px\u00a0\u00bb border_color_all=\u00a0\u00bbrgba(155,105,48,0.05)\u00a0\u00bb global_colors_info=\u00a0\u00bb{}\u00a0\u00bb][et_pb_row _builder_version=\u00a0\u00bb4.16&Prime; width=\u00a0\u00bb90%\u00a0\u00bb max_width=\u00a0\u00bb1400px\u00a0\u00bb global_colors_info=\u00a0\u00bb{}\u00a0\u00bb][et_pb_column type=\u00a0\u00bb4_4&Prime; _builder_version=\u00a0\u00bb4.16&Prime; global_colors_info=\u00a0\u00bb{}\u00a0\u00bb][et_pb_text module_class=\u00a0\u00bbtitols\u00a0\u00bb _builder_version=\u00a0\u00bb4.16&Prime; header_3_font=\u00a0\u00bbMerriweather|||on|||||\u00a0\u00bb header_3_font_size=\u00a0\u00bb24px\u00a0\u00bb header_3_letter_spacing=\u00a0\u00bb4px\u00a0\u00bb header_3_line_height=\u00a0\u00bb30px\u00a0\u00bb custom_margin=\u00a0\u00bb0px||0px||false|false\u00a0\u00bb custom_padding=\u00a0\u00bb25px||15px||false|false\u00a0\u00bb global_colors_info=\u00a0\u00bb{}\u00a0\u00bb]<\/p>\n<h3 style=\"text-align: center;\">Nos environs<\/h3>\n<p>[\/et_pb_text][\/et_pb_column][\/et_pb_row][et_pb_row _builder_version=\u00a0\u00bb4.16&Prime; width=\u00a0\u00bb90%\u00a0\u00bb max_width=\u00a0\u00bb1400px\u00a0\u00bb global_colors_info=\u00a0\u00bb{}\u00a0\u00bb][et_pb_column type=\u00a0\u00bb4_4&Prime; _builder_version=\u00a0\u00bb4.16&Prime; global_colors_info=\u00a0\u00bb{}\u00a0\u00bb][et_pb_text _builder_version=\u00a0\u00bb4.16&Prime; text_font=\u00a0\u00bbDosis|300|||||||\u00a0\u00bb text_font_size=\u00a0\u00bb18px\u00a0\u00bb text_line_height=\u00a0\u00bb1.5em\u00a0\u00bb global_colors_info=\u00a0\u00bb{}\u00a0\u00bb]<\/p>\n<p style=\"text-align: justify;\">La Maison est entour\u00e9e d&rsquo;un <strong>grand espace vert et de terrasses naturelles<\/strong> avec de belles vues. Le calme qui est respir\u00e9 et le paysage qui domine les abords de l&rsquo;h\u00e9bergement garantissent une d\u00e9connexion absolue.<\/p>\n<p>[\/et_pb_text][et_pb_image src=\u00a0\u00bbhttps:\/\/www.masvilar.cat\/wp-content\/uploads\/2020\/12\/mas-vilar-voltant.jpg\u00a0\u00bb align=\u00a0\u00bbcenter\u00a0\u00bb _builder_version=\u00a0\u00bb4.16&Prime; custom_margin=\u00a0\u00bb||1px|||\u00a0\u00bb global_colors_info=\u00a0\u00bb{}\u00a0\u00bb][\/et_pb_image][et_pb_text _builder_version=\u00a0\u00bb4.16&Prime; text_font=\u00a0\u00bbDosis|300|||||||\u00a0\u00bb text_font_size=\u00a0\u00bb18px\u00a0\u00bb text_line_height=\u00a0\u00bb1.5em\u00a0\u00bb custom_margin=\u00a0\u00bb33px|||||\u00a0\u00bb global_colors_info=\u00a0\u00bb{}\u00a0\u00bb]<\/p>\n<p style=\"text-align: justify;\">Autour de la ferme, vous pouvez trouver une <strong>grande vari\u00e9t\u00e9 d&rsquo;arbres<\/strong>: ch\u00e2taignier, h\u00eatre, fr\u00eane, ch\u00eane vert, noisetier, noyer, s\u00e9quoia &#8230; La ferme dispose d&rsquo;un <strong>plan de gestion foresti\u00e8re avec un certificat de gestion durable des for\u00eats<\/strong>. La ferme est souvent visit\u00e9e par des experts de toute l&rsquo;Europe car c&rsquo;est un exemple de bonne gestion foresti\u00e8re.<\/p>\n<p style=\"text-align: justify;\">Pour visiter <strong>Arb\u00facies<\/strong>, vous pouvez consulter le site <a href=\"https:\/\/www.visitarbucies.com\" target=\"_blank\" rel=\"noopener noreferrer\">Visitar Arb\u00facies<\/a> o\u00f9 vous trouverez des promenades, des f\u00eates, des visites et bien d&rsquo;autres activit\u00e9s.<\/p>\n<p>[\/et_pb_text][\/et_pb_column][\/et_pb_row][\/et_pb_section][et_pb_section fb_built=\u00a0\u00bb1&Prime; disabled_on=\u00a0\u00bboff|off|on\u00a0\u00bb admin_label=\u00a0\u00bbMontseny RWD\u00a0\u00bb _builder_version=\u00a0\u00bb4.16&Prime; width=\u00a0\u00bb90%\u00a0\u00bb max_width=\u00a0\u00bb1400px\u00a0\u00bb module_alignment=\u00a0\u00bbcenter\u00a0\u00bb custom_margin=\u00a0\u00bb50px||50px||false|false\u00a0\u00bb custom_padding=\u00a0\u00bb||5px|||\u00a0\u00bb animation_style=\u00a0\u00bbfade\u00a0\u00bb border_width_all=\u00a0\u00bb1px\u00a0\u00bb border_color_all=\u00a0\u00bbrgba(155,105,48,0.05)\u00a0\u00bb global_colors_info=\u00a0\u00bb{}\u00a0\u00bb][et_pb_row _builder_version=\u00a0\u00bb4.16&Prime; width=\u00a0\u00bb90%\u00a0\u00bb max_width=\u00a0\u00bb1400px\u00a0\u00bb global_colors_info=\u00a0\u00bb{}\u00a0\u00bb][et_pb_column type=\u00a0\u00bb4_4&Prime; _builder_version=\u00a0\u00bb4.16&Prime; global_colors_info=\u00a0\u00bb{}\u00a0\u00bb][et_pb_text module_class=\u00a0\u00bbtitols\u00a0\u00bb _builder_version=\u00a0\u00bb4.16&Prime; header_3_font=\u00a0\u00bbMerriweather|||on|||||\u00a0\u00bb header_3_font_size=\u00a0\u00bb24px\u00a0\u00bb header_3_letter_spacing=\u00a0\u00bb4px\u00a0\u00bb header_3_line_height=\u00a0\u00bb30px\u00a0\u00bb custom_margin=\u00a0\u00bb0px||0px||false|false\u00a0\u00bb custom_padding=\u00a0\u00bb25px||15px||false|false\u00a0\u00bb global_colors_info=\u00a0\u00bb{}\u00a0\u00bb]<\/p>\n<h3 style=\"text-align: center;\">Parc del Montseny<\/h3>\n<p>[\/et_pb_text][\/et_pb_column][\/et_pb_row][et_pb_row _builder_version=\u00a0\u00bb4.16&Prime; width=\u00a0\u00bb90%\u00a0\u00bb max_width=\u00a0\u00bb1400px\u00a0\u00bb global_colors_info=\u00a0\u00bb{}\u00a0\u00bb][et_pb_column type=\u00a0\u00bb4_4&Prime; _builder_version=\u00a0\u00bb4.16&Prime; global_colors_info=\u00a0\u00bb{}\u00a0\u00bb][et_pb_text _builder_version=\u00a0\u00bb4.16&Prime; text_font=\u00a0\u00bbDosis|300|||||||\u00a0\u00bb text_font_size=\u00a0\u00bb18px\u00a0\u00bb text_line_height=\u00a0\u00bb1.5em\u00a0\u00bb text_orientation=\u00a0\u00bbjustified\u00a0\u00bb custom_margin=\u00a0\u00bb||||false|false\u00a0\u00bb custom_padding=\u00a0\u00bb||11px|||\u00a0\u00bb global_colors_info=\u00a0\u00bb{}\u00a0\u00bb]<\/p>\n<p style=\"text-align: justify;\">Le Parc Naturel du Montseny est un <strong>espace naturel montagneux d&rsquo;une grande richesse en termes de v\u00e9g\u00e9tation, de faune et de ruisseaux<\/strong>, qui rec\u00e8le des paysages d&rsquo;une grande beaut\u00e9.<\/p>\n<p>[\/et_pb_text][et_pb_image src=\u00a0\u00bbhttps:\/\/www.masvilar.cat\/wp-content\/uploads\/2020\/12\/entorn-mas-vilar.jpg\u00a0\u00bb align=\u00a0\u00bbcenter\u00a0\u00bb _builder_version=\u00a0\u00bb4.16&Prime; custom_margin=\u00a0\u00bb||1px|||\u00a0\u00bb global_colors_info=\u00a0\u00bb{}\u00a0\u00bb][\/et_pb_image][et_pb_text _builder_version=\u00a0\u00bb4.16&Prime; text_font=\u00a0\u00bbDosis|300|||||||\u00a0\u00bb text_font_size=\u00a0\u00bb18px\u00a0\u00bb text_line_height=\u00a0\u00bb1.5em\u00a0\u00bb link_text_color=\u00a0\u00bb#9B6930&Prime; text_orientation=\u00a0\u00bbjustified\u00a0\u00bb custom_margin=\u00a0\u00bb30px|||||\u00a0\u00bb global_colors_info=\u00a0\u00bb{}\u00a0\u00bb]<\/p>\n<p style=\"text-align: justify;\">C&rsquo;est la grande attraction de notre Masia. C&rsquo;est un luxe d&rsquo;\u00eatre entour\u00e9 de tant de nature, un endroit id\u00e9al pour se d\u00e9connecter du stress de la ville. <a href=\"https:\/\/parcs.diba.cat\/web\/montseny\" target=\"_blank\" rel=\"noopener noreferrer\">Cliquez pour plus d&rsquo;informations<\/a> sur le Montseny.<\/p>\n<p style=\"text-align: justify;\">Nous vous disons tout ce que vous pouvez faire \u00e0 partir de la Ferme : randonn\u00e9e, VTT ou \u00e9quitation.<\/p>\n<p>[\/et_pb_text][\/et_pb_column][\/et_pb_row][\/et_pb_section][et_pb_section fb_built=\u00a0\u00bb1&Prime; admin_label=\u00a0\u00bbSenderisme\u00a0\u00bb _builder_version=\u00a0\u00bb4.16&Prime; width=\u00a0\u00bb90%\u00a0\u00bb max_width=\u00a0\u00bb1400px\u00a0\u00bb module_alignment=\u00a0\u00bbcenter\u00a0\u00bb custom_margin=\u00a0\u00bb||50px||false|false\u00a0\u00bb animation_style=\u00a0\u00bbfade\u00a0\u00bb border_width_all=\u00a0\u00bb1px\u00a0\u00bb border_color_all=\u00a0\u00bbrgba(155,105,48,0.05)\u00a0\u00bb global_colors_info=\u00a0\u00bb{}\u00a0\u00bb][et_pb_row _builder_version=\u00a0\u00bb4.16&Prime; width=\u00a0\u00bb90%\u00a0\u00bb max_width=\u00a0\u00bb1400px\u00a0\u00bb global_colors_info=\u00a0\u00bb{}\u00a0\u00bb][et_pb_column type=\u00a0\u00bb4_4&Prime; _builder_version=\u00a0\u00bb4.16&Prime; global_colors_info=\u00a0\u00bb{}\u00a0\u00bb][et_pb_text module_class=\u00a0\u00bbtitols\u00a0\u00bb _builder_version=\u00a0\u00bb4.16&Prime; header_3_font=\u00a0\u00bbMerriweather|||on|||||\u00a0\u00bb header_3_font_size=\u00a0\u00bb24px\u00a0\u00bb header_3_letter_spacing=\u00a0\u00bb4px\u00a0\u00bb header_3_line_height=\u00a0\u00bb30px\u00a0\u00bb custom_margin=\u00a0\u00bb0px||0px||false|false\u00a0\u00bb custom_padding=\u00a0\u00bb25px||15px||false|false\u00a0\u00bb global_colors_info=\u00a0\u00bb{}\u00a0\u00bb]<\/p>\n<h3 style=\"text-align: center;\">TREKKING<\/h3>\n<p>[\/et_pb_text][\/et_pb_column][\/et_pb_row][et_pb_row column_structure=\u00a0\u00bb1_2,1_2&Prime; _builder_version=\u00a0\u00bb4.16&Prime; width=\u00a0\u00bb90%\u00a0\u00bb max_width=\u00a0\u00bb1400px\u00a0\u00bb global_colors_info=\u00a0\u00bb{}\u00a0\u00bb][et_pb_column type=\u00a0\u00bb1_2&Prime; _builder_version=\u00a0\u00bb4.16&Prime; global_colors_info=\u00a0\u00bb{}\u00a0\u00bb][et_pb_text _builder_version=\u00a0\u00bb4.16&Prime; text_font=\u00a0\u00bbDosis|300|||||||\u00a0\u00bb text_font_size=\u00a0\u00bb20px\u00a0\u00bb text_line_height=\u00a0\u00bb1.5em\u00a0\u00bb link_text_color=\u00a0\u00bb#9B6930&Prime; text_orientation=\u00a0\u00bbjustified\u00a0\u00bb text_font_size_tablet=\u00a0\u00bb\u00a0\u00bb text_font_size_phone=\u00a0\u00bb18px\u00a0\u00bb text_font_size_last_edited=\u00a0\u00bbon|phone\u00a0\u00bb global_colors_info=\u00a0\u00bb{}\u00a0\u00bb]<\/p>\n<p style=\"text-align: justify;\">Depuis la Maison, il existe diff\u00e9rents <strong>itin\u00e9raires et excursions pour profiter de la nature<\/strong>.<\/p>\n<p style=\"text-align: justify;\">Nous expliquons les plus recommand\u00e9s, avec des dur\u00e9es et des rythmes diff\u00e9rents, des itin\u00e9raires avec enfants aux itin\u00e9raires plus longs: l&rsquo;itin\u00e9raire Tur\u00f3 de Grenys, l&rsquo;itin\u00e9raire Coll de T\u00e8, l&rsquo;itin\u00e9raire Feixa Llarga ou l&rsquo;itin\u00e9raire Santa Fe del Montseny.<\/p>\n<p style=\"text-align: justify;\">Vous pouvez \u00e9galement consulter <a href=\"https:\/\/ca.wikiloc.com\/wikiloc\/map.do?sw=-89.999%2C-179.999&amp;ne=89.999%2C179.999&amp;q=el%20vilar%20arb%C3%BAcies&amp;fitMapToTrails=1&amp;page=1\" target=\"_blank\" rel=\"noopener noreferrer\">Wikilok\u00a0<\/a>pour d\u00e9couvrir d&rsquo;autres itin\u00e9raires.<\/p>\n<p>[\/et_pb_text][\/et_pb_column][et_pb_column type=\u00a0\u00bb1_2&Prime; _builder_version=\u00a0\u00bb4.16&Prime; global_colors_info=\u00a0\u00bb{}\u00a0\u00bb][et_pb_image src=\u00a0\u00bbhttps:\/\/www.masvilar.cat\/wp-content\/uploads\/2021\/01\/entorn-senderisme.jpg\u00a0\u00bb align=\u00a0\u00bbcenter\u00a0\u00bb _builder_version=\u00a0\u00bb4.16&Prime; global_colors_info=\u00a0\u00bb{}\u00a0\u00bb][\/et_pb_image][\/et_pb_column][\/et_pb_row][\/et_pb_section][et_pb_section fb_built=\u00a0\u00bb1&Prime; disabled_on=\u00a0\u00bboff|off|on\u00a0\u00bb admin_label=\u00a0\u00bbCavalls RWD\u00a0\u00bb _builder_version=\u00a0\u00bb4.16&Prime; width=\u00a0\u00bb90%\u00a0\u00bb max_width=\u00a0\u00bb1400px\u00a0\u00bb module_alignment=\u00a0\u00bbcenter\u00a0\u00bb custom_margin=\u00a0\u00bb50px||50px||false|false\u00a0\u00bb custom_padding=\u00a0\u00bb||5px|||\u00a0\u00bb animation_style=\u00a0\u00bbfade\u00a0\u00bb border_width_all=\u00a0\u00bb1px\u00a0\u00bb border_color_all=\u00a0\u00bbrgba(155,105,48,0.05)\u00a0\u00bb global_colors_info=\u00a0\u00bb{}\u00a0\u00bb][et_pb_row _builder_version=\u00a0\u00bb4.16&Prime; width=\u00a0\u00bb90%\u00a0\u00bb max_width=\u00a0\u00bb1400px\u00a0\u00bb global_colors_info=\u00a0\u00bb{}\u00a0\u00bb][et_pb_column type=\u00a0\u00bb4_4&Prime; _builder_version=\u00a0\u00bb4.16&Prime; global_colors_info=\u00a0\u00bb{}\u00a0\u00bb][et_pb_text module_class=\u00a0\u00bbtitols\u00a0\u00bb _builder_version=\u00a0\u00bb4.16&Prime; header_3_font=\u00a0\u00bbMerriweather|||on|||||\u00a0\u00bb header_3_font_size=\u00a0\u00bb24px\u00a0\u00bb header_3_letter_spacing=\u00a0\u00bb4px\u00a0\u00bb header_3_line_height=\u00a0\u00bb30px\u00a0\u00bb custom_margin=\u00a0\u00bb0px||0px||false|false\u00a0\u00bb custom_padding=\u00a0\u00bb25px||15px||false|false\u00a0\u00bb global_colors_info=\u00a0\u00bb{}\u00a0\u00bb]<\/p>\n<h3 style=\"text-align: center;\">Cheval<\/h3>\n<p>[\/et_pb_text][\/et_pb_column][\/et_pb_row][et_pb_row _builder_version=\u00a0\u00bb4.16&Prime; width=\u00a0\u00bb90%\u00a0\u00bb max_width=\u00a0\u00bb1400px\u00a0\u00bb global_colors_info=\u00a0\u00bb{}\u00a0\u00bb][et_pb_column type=\u00a0\u00bb4_4&Prime; _builder_version=\u00a0\u00bb4.16&Prime; global_colors_info=\u00a0\u00bb{}\u00a0\u00bb][et_pb_text _builder_version=\u00a0\u00bb4.16&Prime; text_font=\u00a0\u00bbDosis|300|||||||\u00a0\u00bb text_font_size=\u00a0\u00bb18px\u00a0\u00bb text_line_height=\u00a0\u00bb1.5em\u00a0\u00bb custom_padding=\u00a0\u00bb0px||25px||false|false\u00a0\u00bb global_colors_info=\u00a0\u00bb{}\u00a0\u00bb]<\/p>\n<p style=\"text-align: justify;\">Si vous \u00eates sur la route avec votre cheval et que vous souhaitez s\u00e9journer au Mas Vilar, nous avons un espace adapt\u00e9 pour lui et nous vous pr\u00e9parerons un bon d\u00eener. Vous \u00eates tous les bienvenues!<\/p>\n<p>[\/et_pb_text][et_pb_code _builder_version=\u00a0\u00bb4.16&Prime; width=\u00a0\u00bb95%\u00a0\u00bb module_alignment=\u00a0\u00bbcenter\u00a0\u00bb global_colors_info=\u00a0\u00bb{}\u00a0\u00bb]<div class=\"carousel-slider-outer carousel-slider-outer-image-carousel carousel-slider-outer-3152\" style=\"--carousel-slider-nav-color:#fff6df;--carousel-slider-active-nav-color:#9b6930;--carousel-slider-arrow-size:45px;--carousel-slider-bullet-size:10px\">\n<div id=\"&#039;id-3152\" class=\"carousel-slider carousel-slider-3152 arrows-visibility-always dots-visibility-never arrows-inside dots-center dots-square owl-carousel\" data-slide-type=\"image-carousel\" data-owl-settings='{\"nav\":true,\"dots\":false,\"slideBy\":1,\"stagePadding\":0,\"margin\":5,\"loop\":true,\"lazyLoad\":false,\"autoplay\":false,\"autoplayTimeout\":3000,\"autoplaySpeed\":700,\"autoplayHoverPause\":false,\"autoWidth\":false,\"responsive\":{\"300\":{\"items\":1},\"576\":{\"items\":2},\"768\":{\"items\":2},\"1024\":{\"items\":3},\"1280\":{\"items\":4},\"1536\":{\"items\":5}}}'>\n<div class=\"carousel-slider__item\">\n\t<a class=\"magnific-popup\" href=\"https:\/\/www.masvilar.cat\/wp-content\/uploads\/2020\/12\/cavalls-01.jpg\" data-width=\"500\" data-height=\"500\"><img decoding=\"async\" width=\"500\" height=\"500\" src=\"https:\/\/www.masvilar.cat\/wp-content\/uploads\/2020\/12\/cavalls-01.jpg\" class=\"attachment-full size-full\" alt=\"\" srcset=\"https:\/\/www.masvilar.cat\/wp-content\/uploads\/2020\/12\/cavalls-01.jpg 500w, https:\/\/www.masvilar.cat\/wp-content\/uploads\/2020\/12\/cavalls-01-480x480.jpg 480w\" sizes=\"(min-width: 0px) and (max-width: 480px) 480px, (min-width: 481px) 500px, 100vw\" \/><\/a><\/div>\n\n<div class=\"carousel-slider__item\">\n\t<a class=\"magnific-popup\" href=\"https:\/\/www.masvilar.cat\/wp-content\/uploads\/2020\/12\/masvilar-cavalls.jpg\" data-width=\"500\" data-height=\"500\"><img decoding=\"async\" width=\"500\" height=\"500\" src=\"https:\/\/www.masvilar.cat\/wp-content\/uploads\/2020\/12\/masvilar-cavalls.jpg\" class=\"attachment-full size-full\" alt=\"\" srcset=\"https:\/\/www.masvilar.cat\/wp-content\/uploads\/2020\/12\/masvilar-cavalls.jpg 500w, https:\/\/www.masvilar.cat\/wp-content\/uploads\/2020\/12\/masvilar-cavalls-480x480.jpg 480w\" sizes=\"(min-width: 0px) and (max-width: 480px) 480px, (min-width: 481px) 500px, 100vw\" \/><\/a><\/div>\n\n<div class=\"carousel-slider__item\">\n\t<a class=\"magnific-popup\" href=\"https:\/\/www.masvilar.cat\/wp-content\/uploads\/2020\/12\/masvilar-cavalls-02.jpg\" data-width=\"500\" data-height=\"500\"><img decoding=\"async\" width=\"500\" height=\"500\" src=\"https:\/\/www.masvilar.cat\/wp-content\/uploads\/2020\/12\/masvilar-cavalls-02.jpg\" class=\"attachment-full size-full\" alt=\"\" srcset=\"https:\/\/www.masvilar.cat\/wp-content\/uploads\/2020\/12\/masvilar-cavalls-02.jpg 500w, https:\/\/www.masvilar.cat\/wp-content\/uploads\/2020\/12\/masvilar-cavalls-02-480x480.jpg 480w\" sizes=\"(min-width: 0px) and (max-width: 480px) 480px, (min-width: 481px) 500px, 100vw\" \/><\/a><\/div>\n\n<\/div><!-- .carousel-slider-3152 -->\n<\/div><!-- .carousel-slider-outer-3152 -->\n[\/et_pb_code][\/et_pb_column][\/et_pb_row][\/et_pb_section][et_pb_section fb_built=\u00a0\u00bb1&Prime; disabled_on=\u00a0\u00bboff|off|on\u00a0\u00bb admin_label=\u00a0\u00bbBTT &#8211; RWD\u00a0\u00bb _builder_version=\u00a0\u00bb4.16&Prime; width=\u00a0\u00bb90%\u00a0\u00bb max_width=\u00a0\u00bb1400px\u00a0\u00bb module_alignment=\u00a0\u00bbcenter\u00a0\u00bb custom_margin=\u00a0\u00bb50px||50px||false|false\u00a0\u00bb custom_padding=\u00a0\u00bb||5px|||\u00a0\u00bb animation_style=\u00a0\u00bbfade\u00a0\u00bb border_width_all=\u00a0\u00bb1px\u00a0\u00bb border_color_all=\u00a0\u00bbrgba(155,105,48,0.05)\u00a0\u00bb global_colors_info=\u00a0\u00bb{}\u00a0\u00bb][et_pb_row _builder_version=\u00a0\u00bb4.16&Prime; width=\u00a0\u00bb90%\u00a0\u00bb max_width=\u00a0\u00bb1400px\u00a0\u00bb global_colors_info=\u00a0\u00bb{}\u00a0\u00bb][et_pb_column type=\u00a0\u00bb4_4&Prime; _builder_version=\u00a0\u00bb4.16&Prime; global_colors_info=\u00a0\u00bb{}\u00a0\u00bb][et_pb_text module_class=\u00a0\u00bbtitols\u00a0\u00bb _builder_version=\u00a0\u00bb4.16&Prime; header_3_font=\u00a0\u00bbMerriweather|||on|||||\u00a0\u00bb header_3_font_size=\u00a0\u00bb24px\u00a0\u00bb header_3_letter_spacing=\u00a0\u00bb4px\u00a0\u00bb header_3_line_height=\u00a0\u00bb30px\u00a0\u00bb custom_margin=\u00a0\u00bb0px||0px||false|false\u00a0\u00bb custom_padding=\u00a0\u00bb25px||15px||false|false\u00a0\u00bb global_colors_info=\u00a0\u00bb{}\u00a0\u00bb]<\/p>\n<h3 style=\"text-align: center;\">VTT<\/h3>\n<p>[\/et_pb_text][\/et_pb_column][\/et_pb_row][et_pb_row _builder_version=\u00a0\u00bb4.16&Prime; width=\u00a0\u00bb90%\u00a0\u00bb max_width=\u00a0\u00bb1400px\u00a0\u00bb global_colors_info=\u00a0\u00bb{}\u00a0\u00bb][et_pb_column type=\u00a0\u00bb4_4&Prime; _builder_version=\u00a0\u00bb4.16&Prime; global_colors_info=\u00a0\u00bb{}\u00a0\u00bb][et_pb_text _builder_version=\u00a0\u00bb4.16&Prime; text_font=\u00a0\u00bbDosis|300|||||||\u00a0\u00bb text_font_size=\u00a0\u00bb18px\u00a0\u00bb text_line_height=\u00a0\u00bb1.5em\u00a0\u00bb global_colors_info=\u00a0\u00bb{}\u00a0\u00bb]<\/p>\n<p style=\"text-align: justify;\">Si, par contre, vous venez avec votre v\u00e9lo pour certains itin\u00e9raires \u00e0 travers le Montseny, vous pouvez rester et d\u00eener \u00e0 la maison et vous aurez un endroit s\u00fbr pour ranger votre v\u00e9lo pendant votre s\u00e9jour. De plus, nous pouvons \u00e9galement proposer des itin\u00e9raires qui commencent depuis notre Maison.<\/p>\n<p>[\/et_pb_text][et_pb_image src=\u00a0\u00bbhttps:\/\/www.masvilar.cat\/wp-content\/uploads\/2020\/12\/btt-masvilar.jpg\u00a0\u00bb align=\u00a0\u00bbcenter\u00a0\u00bb _builder_version=\u00a0\u00bb4.16&Prime; _module_preset=\u00a0\u00bbdefault\u00a0\u00bb global_colors_info=\u00a0\u00bb{}\u00a0\u00bb][\/et_pb_image][et_pb_text _builder_version=\u00a0\u00bb4.16&Prime; text_font=\u00a0\u00bbDosis|300|||||||\u00a0\u00bb text_font_size=\u00a0\u00bb18px\u00a0\u00bb text_line_height=\u00a0\u00bb1.5em\u00a0\u00bb link_text_color=\u00a0\u00bb#9B6930&Prime; global_colors_info=\u00a0\u00bb{}\u00a0\u00bb]<\/p>\n<p style=\"text-align: justify;\">Si vous n&rsquo;avez pas de VTT ou de v\u00e9lo \u00e9lectrique et que vous souhaitez en louer un, la soci\u00e9t\u00e9 <a href=\"http:\/\/www.rutatur.cat\" target=\"_blank\" rel=\"noopener noreferrer\">Arb\u00facies Rutatur<\/a> vous propose des locations et des itin\u00e9raires guid\u00e9s ou autoguid\u00e9s.<\/p>\n<p>[\/et_pb_text][\/et_pb_column][\/et_pb_row][\/et_pb_section][et_pb_section fb_built=\u00a0\u00bb1&Prime; disabled_on=\u00a0\u00bbon|on|off\u00a0\u00bb admin_label=\u00a0\u00bbCavalls + BTT\u00a0\u00bb _builder_version=\u00a0\u00bb4.16&Prime; width=\u00a0\u00bb90%\u00a0\u00bb max_width=\u00a0\u00bb1400px\u00a0\u00bb module_alignment=\u00a0\u00bbcenter\u00a0\u00bb custom_margin=\u00a0\u00bb50px||50px||false|false\u00a0\u00bb animation_style=\u00a0\u00bbfade\u00a0\u00bb border_width_all=\u00a0\u00bb1px\u00a0\u00bb border_color_all=\u00a0\u00bbrgba(155,105,48,0.05)\u00a0\u00bb global_colors_info=\u00a0\u00bb{}\u00a0\u00bb][et_pb_row column_structure=\u00a0\u00bb1_2,1_2&Prime; _builder_version=\u00a0\u00bb4.16&Prime; width=\u00a0\u00bb90%\u00a0\u00bb max_width=\u00a0\u00bb1400px\u00a0\u00bb global_colors_info=\u00a0\u00bb{}\u00a0\u00bb][et_pb_column type=\u00a0\u00bb1_2&Prime; _builder_version=\u00a0\u00bb4.16&Prime; global_colors_info=\u00a0\u00bb{}\u00a0\u00bb][et_pb_text module_class=\u00a0\u00bbtitols\u00a0\u00bb _builder_version=\u00a0\u00bb4.16&Prime; header_3_font=\u00a0\u00bbMerriweather|||on|||||\u00a0\u00bb header_3_font_size=\u00a0\u00bb24px\u00a0\u00bb header_3_letter_spacing=\u00a0\u00bb4px\u00a0\u00bb header_3_line_height=\u00a0\u00bb30px\u00a0\u00bb custom_margin=\u00a0\u00bb0px||0px||false|false\u00a0\u00bb custom_padding=\u00a0\u00bb25px||15px||false|false\u00a0\u00bb global_colors_info=\u00a0\u00bb{}\u00a0\u00bb]<\/p>\n<h3 style=\"text-align: center;\">Cheval<\/h3>\n<p>[\/et_pb_text][\/et_pb_column][et_pb_column type=\u00a0\u00bb1_2&Prime; _builder_version=\u00a0\u00bb4.16&Prime; global_colors_info=\u00a0\u00bb{}\u00a0\u00bb][et_pb_text module_class=\u00a0\u00bbtitols\u00a0\u00bb _builder_version=\u00a0\u00bb4.16&Prime; header_3_font=\u00a0\u00bbMerriweather|||on|||||\u00a0\u00bb header_3_font_size=\u00a0\u00bb24px\u00a0\u00bb header_3_letter_spacing=\u00a0\u00bb4px\u00a0\u00bb header_3_line_height=\u00a0\u00bb30px\u00a0\u00bb custom_margin=\u00a0\u00bb0px||0px||false|false\u00a0\u00bb custom_padding=\u00a0\u00bb25px||15px||false|false\u00a0\u00bb global_colors_info=\u00a0\u00bb{}\u00a0\u00bb]<\/p>\n<h3 style=\"text-align: center;\">VTT<\/h3>\n<p>[\/et_pb_text][\/et_pb_column][\/et_pb_row][et_pb_row column_structure=\u00a0\u00bb1_2,1_2&Prime; _builder_version=\u00a0\u00bb4.16&Prime; width=\u00a0\u00bb90%\u00a0\u00bb max_width=\u00a0\u00bb1400px\u00a0\u00bb global_colors_info=\u00a0\u00bb{}\u00a0\u00bb][et_pb_column type=\u00a0\u00bb1_2&Prime; _builder_version=\u00a0\u00bb4.16&Prime; global_colors_info=\u00a0\u00bb{}\u00a0\u00bb][et_pb_text _builder_version=\u00a0\u00bb4.16&Prime; text_font=\u00a0\u00bbDosis|300|||||||\u00a0\u00bb text_font_size=\u00a0\u00bb20px\u00a0\u00bb text_line_height=\u00a0\u00bb1.5em\u00a0\u00bb text_orientation=\u00a0\u00bbjustified\u00a0\u00bb custom_margin=\u00a0\u00bb||46px|||\u00a0\u00bb custom_padding=\u00a0\u00bb0px||25px||false|false\u00a0\u00bb text_font_size_tablet=\u00a0\u00bb\u00a0\u00bb text_font_size_phone=\u00a0\u00bb18px\u00a0\u00bb text_font_size_last_edited=\u00a0\u00bbon|phone\u00a0\u00bb global_colors_info=\u00a0\u00bb{}\u00a0\u00bb]<\/p>\n<p style=\"text-align: justify;\">Si vous \u00eates sur la route avec votre cheval et que vous souhaitez s\u00e9journer au Mas Vilar, nous avons un espace adapt\u00e9 pour lui et nous vous pr\u00e9parerons un bon d\u00eener. Vous \u00eates tous les bienvenues!<\/p>\n<p>[\/et_pb_text][et_pb_code _builder_version=\u00a0\u00bb4.16&Prime; max_width=\u00a0\u00bb500px\u00a0\u00bb module_alignment=\u00a0\u00bbcenter\u00a0\u00bb global_colors_info=\u00a0\u00bb{}\u00a0\u00bb]<div class=\"carousel-slider-outer carousel-slider-outer-image-carousel carousel-slider-outer-3152\" style=\"--carousel-slider-nav-color:#fff6df;--carousel-slider-active-nav-color:#9b6930;--carousel-slider-arrow-size:45px;--carousel-slider-bullet-size:10px\">\n<div id=\"&#039;id-3152\" class=\"carousel-slider carousel-slider-3152 arrows-visibility-always dots-visibility-never arrows-inside dots-center dots-square owl-carousel\" data-slide-type=\"image-carousel\" data-owl-settings='{\"nav\":true,\"dots\":false,\"slideBy\":1,\"stagePadding\":0,\"margin\":5,\"loop\":true,\"lazyLoad\":false,\"autoplay\":false,\"autoplayTimeout\":3000,\"autoplaySpeed\":700,\"autoplayHoverPause\":false,\"autoWidth\":false,\"responsive\":{\"300\":{\"items\":1},\"576\":{\"items\":2},\"768\":{\"items\":2},\"1024\":{\"items\":3},\"1280\":{\"items\":4},\"1536\":{\"items\":5}}}'>\n<div class=\"carousel-slider__item\">\n\t<a class=\"magnific-popup\" href=\"https:\/\/www.masvilar.cat\/wp-content\/uploads\/2020\/12\/cavalls-01.jpg\" data-width=\"500\" data-height=\"500\"><img decoding=\"async\" width=\"500\" height=\"500\" src=\"https:\/\/www.masvilar.cat\/wp-content\/uploads\/2020\/12\/cavalls-01.jpg\" class=\"attachment-full size-full\" alt=\"\" srcset=\"https:\/\/www.masvilar.cat\/wp-content\/uploads\/2020\/12\/cavalls-01.jpg 500w, https:\/\/www.masvilar.cat\/wp-content\/uploads\/2020\/12\/cavalls-01-480x480.jpg 480w\" sizes=\"(min-width: 0px) and (max-width: 480px) 480px, (min-width: 481px) 500px, 100vw\" \/><\/a><\/div>\n\n<div class=\"carousel-slider__item\">\n\t<a class=\"magnific-popup\" href=\"https:\/\/www.masvilar.cat\/wp-content\/uploads\/2020\/12\/masvilar-cavalls.jpg\" data-width=\"500\" data-height=\"500\"><img decoding=\"async\" width=\"500\" height=\"500\" src=\"https:\/\/www.masvilar.cat\/wp-content\/uploads\/2020\/12\/masvilar-cavalls.jpg\" class=\"attachment-full size-full\" alt=\"\" srcset=\"https:\/\/www.masvilar.cat\/wp-content\/uploads\/2020\/12\/masvilar-cavalls.jpg 500w, https:\/\/www.masvilar.cat\/wp-content\/uploads\/2020\/12\/masvilar-cavalls-480x480.jpg 480w\" sizes=\"(min-width: 0px) and (max-width: 480px) 480px, (min-width: 481px) 500px, 100vw\" \/><\/a><\/div>\n\n<div class=\"carousel-slider__item\">\n\t<a class=\"magnific-popup\" href=\"https:\/\/www.masvilar.cat\/wp-content\/uploads\/2020\/12\/masvilar-cavalls-02.jpg\" data-width=\"500\" data-height=\"500\"><img decoding=\"async\" width=\"500\" height=\"500\" src=\"https:\/\/www.masvilar.cat\/wp-content\/uploads\/2020\/12\/masvilar-cavalls-02.jpg\" class=\"attachment-full size-full\" alt=\"\" srcset=\"https:\/\/www.masvilar.cat\/wp-content\/uploads\/2020\/12\/masvilar-cavalls-02.jpg 500w, https:\/\/www.masvilar.cat\/wp-content\/uploads\/2020\/12\/masvilar-cavalls-02-480x480.jpg 480w\" sizes=\"(min-width: 0px) and (max-width: 480px) 480px, (min-width: 481px) 500px, 100vw\" \/><\/a><\/div>\n\n<\/div><!-- .carousel-slider-3152 -->\n<\/div><!-- .carousel-slider-outer-3152 -->\n[\/et_pb_code][\/et_pb_column][et_pb_column type=\u00a0\u00bb1_2&Prime; _builder_version=\u00a0\u00bb4.16&Prime; global_colors_info=\u00a0\u00bb{}\u00a0\u00bb][et_pb_text _builder_version=\u00a0\u00bb4.16&Prime; text_font=\u00a0\u00bbDosis|300|||||||\u00a0\u00bb text_font_size=\u00a0\u00bb20px\u00a0\u00bb text_line_height=\u00a0\u00bb1.5em\u00a0\u00bb text_orientation=\u00a0\u00bbjustified\u00a0\u00bb text_font_size_tablet=\u00a0\u00bb\u00a0\u00bb text_font_size_phone=\u00a0\u00bb18px\u00a0\u00bb text_font_size_last_edited=\u00a0\u00bbon|phone\u00a0\u00bb global_colors_info=\u00a0\u00bb{}\u00a0\u00bb]<\/p>\n<p style=\"text-align: justify;\">Si, par contre, vous venez avec votre v\u00e9lo pour certains itin\u00e9raires \u00e0 travers le Montseny, vous pouvez rester et d\u00eener \u00e0 la maison et vous aurez un endroit s\u00fbr pour ranger votre v\u00e9lo pendant votre s\u00e9jour. De plus, nous pouvons \u00e9galement proposer des itin\u00e9raires qui commencent depuis notre Maison.<\/p>\n<p>[\/et_pb_text][et_pb_image src=\u00a0\u00bbhttps:\/\/www.masvilar.cat\/wp-content\/uploads\/2020\/12\/btt-masvilar.jpg\u00a0\u00bb align=\u00a0\u00bbcenter\u00a0\u00bb _builder_version=\u00a0\u00bb4.16&Prime; _module_preset=\u00a0\u00bbdefault\u00a0\u00bb global_colors_info=\u00a0\u00bb{}\u00a0\u00bb][\/et_pb_image][et_pb_text _builder_version=\u00a0\u00bb4.16&Prime; text_font=\u00a0\u00bbDosis|300|||||||\u00a0\u00bb text_font_size=\u00a0\u00bb20px\u00a0\u00bb text_line_height=\u00a0\u00bb1.5em\u00a0\u00bb link_text_color=\u00a0\u00bb#9B6930&Prime; text_orientation=\u00a0\u00bbjustified\u00a0\u00bb text_font_size_tablet=\u00a0\u00bb\u00a0\u00bb text_font_size_phone=\u00a0\u00bb18px\u00a0\u00bb text_font_size_last_edited=\u00a0\u00bbon|phone\u00a0\u00bb global_colors_info=\u00a0\u00bb{}\u00a0\u00bb]<\/p>\n<p style=\"text-align: justify;\">Si vous n&rsquo;avez pas de VTT ou de v\u00e9lo \u00e9lectrique et que vous souhaitez en louer un, la soci\u00e9t\u00e9 <a href=\"http:\/\/www.rutatur.cat\" target=\"_blank\" rel=\"noopener noreferrer\">Arb\u00facies Rutatur<\/a> vous propose des locations et des itin\u00e9raires guid\u00e9s ou autoguid\u00e9s.<\/p>\n<p>[\/et_pb_text][\/et_pb_column][\/et_pb_row][\/et_pb_section][et_pb_section fb_built=\u00a0\u00bb1&Prime; _builder_version=\u00a0\u00bb4.16&Prime; background_color=\u00a0\u00bbrgba(255,255,255,0.7)\u00a0\u00bb background_image=\u00a0\u00bbhttps:\/\/www.masvilar.cat\/wp-content\/uploads\/2020\/12\/mas-vilar-habitacions.jpg\u00a0\u00bb background_position=\u00a0\u00bbbottom_center\u00a0\u00bb background_blend=\u00a0\u00bbscreen\u00a0\u00bb custom_margin=\u00a0\u00bb||50px||false|false\u00a0\u00bb mix_blend_mode=\u00a0\u00bbmultiply\u00a0\u00bb saved_tabs=\u00a0\u00bball\u00a0\u00bb global_colors_info=\u00a0\u00bb{}\u00a0\u00bb][et_pb_row _builder_version=\u00a0\u00bb4.16&Prime; global_colors_info=\u00a0\u00bb{}\u00a0\u00bb][et_pb_column type=\u00a0\u00bb4_4&Prime; _builder_version=\u00a0\u00bb4.16&Prime; global_colors_info=\u00a0\u00bb{}\u00a0\u00bb][et_pb_text _builder_version=\u00a0\u00bb4.16&Prime; text_font=\u00a0\u00bbCookie||||||||\u00a0\u00bb text_text_color=\u00a0\u00bb#3C1518&Prime; text_font_size=\u00a0\u00bb40px\u00a0\u00bb text_line_height=\u00a0\u00bb1em\u00a0\u00bb width_tablet=\u00a0\u00bb\u00a0\u00bb width_phone=\u00a0\u00bb80%\u00a0\u00bb width_last_edited=\u00a0\u00bbon|phone\u00a0\u00bb module_alignment=\u00a0\u00bbcenter\u00a0\u00bb custom_margin=\u00a0\u00bb||||false|false\u00a0\u00bb global_colors_info=\u00a0\u00bb{}\u00a0\u00bb]<\/p>\n<p style=\"text-align: center;\">Voulez-vous venir passer quelques jours chez nous?<\/p>\n<p>[\/et_pb_text][et_pb_button button_url=\u00a0\u00bb@ET-DC@eyJkeW5hbWljIjp0cnVlLCJjb250ZW50IjoicG9zdF9saW5rX3VybF9wYWdlIiwic2V0dGluZ3MiOnsicG9zdF9pZCI6IjI5MDEifX0=@\u00a0\u00bb button_text=\u00a0\u00bbVoir les chambres\u00a0\u00bb button_alignment=\u00a0\u00bbcenter\u00a0\u00bb _builder_version=\u00a0\u00bb4.16&Prime; _dynamic_attributes=\u00a0\u00bbbutton_url\u00a0\u00bb custom_button=\u00a0\u00bbon\u00a0\u00bb button_text_color=\u00a0\u00bb#3C1518&Prime; button_bg_color=\u00a0\u00bbrgba(255,255,255,0.55)\u00a0\u00bb button_border_color=\u00a0\u00bb#3C1518&Prime; button_font=\u00a0\u00bbDosis|300||on|||||\u00a0\u00bb button_use_icon=\u00a0\u00bboff\u00a0\u00bb custom_padding=\u00a0\u00bb15px|15px|15px|15px|false|false\u00a0\u00bb custom_css_main_element=\u00a0\u00bbwidth: 230px\u00a0\u00bb global_colors_info=\u00a0\u00bb{}\u00a0\u00bb button_bg_color__hover_enabled=\u00a0\u00bbon|hover\u00a0\u00bb button_bg_color__hover=\u00a0\u00bb#ffffff\u00a0\u00bb button_bg_enable_color__hover=\u00a0\u00bbon\u00a0\u00bb][\/et_pb_button][\/et_pb_column][\/et_pb_row][\/et_pb_section]<\/p>\n","protected":false},"excerpt":{"rendered":"<p>Les environsNos environsParc del MontsenyLa Maison est entour\u00e9e d&rsquo;un grand espace vert et de terrasses naturelles avec de belles vues. Le calme qui est respir\u00e9 et le paysage qui domine les abords de l&rsquo;h\u00e9bergement garantissent une d\u00e9connexion absolue.Autour de la ferme, vous pouvez trouver une grande vari\u00e9t\u00e9 d&rsquo;arbres: ch\u00e2taignier, h\u00eatre, fr\u00eane, ch\u00eane vert, noisetier, noyer, [&hellip;]<\/p>\n","protected":false},"author":1,"featured_media":0,"parent":0,"menu_order":0,"comment_status":"closed","ping_status":"closed","template":"","meta":{"_et_pb_use_builder":"on","_et_pb_old_content":"","_et_gb_content_width":"","footnotes":""},"class_list":["post-5223","page","type-page","status-publish","hentry"],"yoast_head":"<!-- This site is optimized with the Yoast SEO plugin v27.3 - https:\/\/yoast.com\/product\/yoast-seo-wordpress\/ -->\n<title>Les environs - Mas Vilar<\/title>\n<meta name=\"robots\" content=\"index, follow, max-snippet:-1, max-image-preview:large, max-video-preview:-1\" \/>\n<link rel=\"canonical\" href=\"https:\/\/www.masvilar.cat\/entorn\/\" \/>\n<meta property=\"og:locale\" content=\"fr_FR\" \/>\n<meta property=\"og:type\" content=\"article\" \/>\n<meta property=\"og:title\" content=\"Les environs - Mas Vilar\" \/>\n<meta property=\"og:description\" content=\"Les environsNos environsParc del MontsenyLa Maison est entour\u00e9e d&#039;un grand espace vert et de terrasses naturelles avec de belles vues. Le calme qui est respir\u00e9 et le paysage qui domine les abords de l&#039;h\u00e9bergement garantissent une d\u00e9connexion absolue.Autour de la ferme, vous pouvez trouver une grande vari\u00e9t\u00e9 d&#039;arbres: ch\u00e2taignier, h\u00eatre, fr\u00eane, ch\u00eane vert, noisetier, noyer, [&hellip;]\" \/>\n<meta property=\"og:url\" content=\"https:\/\/www.masvilar.cat\/entorn\/\" \/>\n<meta property=\"og:site_name\" content=\"Mas Vilar\" \/>\n<meta property=\"article:modified_time\" content=\"2024-05-14T03:12:11+00:00\" \/>\n<meta name=\"twitter:card\" content=\"summary_large_image\" \/>\n<meta name=\"twitter:label1\" content=\"Dur\u00e9e de lecture estim\u00e9e\" \/>\n\t<meta name=\"twitter:data1\" content=\"16 minutes\" \/>\n<script type=\"application\/ld+json\" class=\"yoast-schema-graph\">{\"@context\":\"https:\\\/\\\/schema.org\",\"@graph\":[{\"@type\":\"WebPage\",\"@id\":\"https:\\\/\\\/www.masvilar.cat\\\/entorn\\\/\",\"url\":\"https:\\\/\\\/www.masvilar.cat\\\/entorn\\\/\",\"name\":\"Les environs - Mas Vilar\",\"isPartOf\":{\"@id\":\"https:\\\/\\\/www.masvilar.cat\\\/#website\"},\"datePublished\":\"2021-01-29T09:08:52+00:00\",\"dateModified\":\"2024-05-14T03:12:11+00:00\",\"breadcrumb\":{\"@id\":\"https:\\\/\\\/www.masvilar.cat\\\/entorn\\\/#breadcrumb\"},\"inLanguage\":\"fr-FR\",\"potentialAction\":[{\"@type\":\"ReadAction\",\"target\":[\"https:\\\/\\\/www.masvilar.cat\\\/entorn\\\/\"]}]},{\"@type\":\"BreadcrumbList\",\"@id\":\"https:\\\/\\\/www.masvilar.cat\\\/entorn\\\/#breadcrumb\",\"itemListElement\":[{\"@type\":\"ListItem\",\"position\":1,\"name\":\"Inici\",\"item\":\"https:\\\/\\\/www.masvilar.cat\\\/fr\\\/\"},{\"@type\":\"ListItem\",\"position\":2,\"name\":\"Les environs\"}]},{\"@type\":\"WebSite\",\"@id\":\"https:\\\/\\\/www.masvilar.cat\\\/#website\",\"url\":\"https:\\\/\\\/www.masvilar.cat\\\/\",\"name\":\"Mas Vilar\",\"description\":\"Turisme Rural al Montseny\",\"potentialAction\":[{\"@type\":\"SearchAction\",\"target\":{\"@type\":\"EntryPoint\",\"urlTemplate\":\"https:\\\/\\\/www.masvilar.cat\\\/?s={search_term_string}\"},\"query-input\":{\"@type\":\"PropertyValueSpecification\",\"valueRequired\":true,\"valueName\":\"search_term_string\"}}],\"inLanguage\":\"fr-FR\"}]}<\/script>\n<!-- \/ Yoast SEO plugin. -->","yoast_head_json":{"title":"Les environs - Mas Vilar","robots":{"index":"index","follow":"follow","max-snippet":"max-snippet:-1","max-image-preview":"max-image-preview:large","max-video-preview":"max-video-preview:-1"},"canonical":"https:\/\/www.masvilar.cat\/entorn\/","og_locale":"fr_FR","og_type":"article","og_title":"Les environs - Mas Vilar","og_description":"Les environsNos environsParc del MontsenyLa Maison est entour\u00e9e d'un grand espace vert et de terrasses naturelles avec de belles vues. Le calme qui est respir\u00e9 et le paysage qui domine les abords de l'h\u00e9bergement garantissent une d\u00e9connexion absolue.Autour de la ferme, vous pouvez trouver une grande vari\u00e9t\u00e9 d'arbres: ch\u00e2taignier, h\u00eatre, fr\u00eane, ch\u00eane vert, noisetier, noyer, [&hellip;]","og_url":"https:\/\/www.masvilar.cat\/entorn\/","og_site_name":"Mas Vilar","article_modified_time":"2024-05-14T03:12:11+00:00","twitter_card":"summary_large_image","twitter_misc":{"Dur\u00e9e de lecture estim\u00e9e":"16 minutes"},"schema":{"@context":"https:\/\/schema.org","@graph":[{"@type":"WebPage","@id":"https:\/\/www.masvilar.cat\/entorn\/","url":"https:\/\/www.masvilar.cat\/entorn\/","name":"Les environs - Mas Vilar","isPartOf":{"@id":"https:\/\/www.masvilar.cat\/#website"},"datePublished":"2021-01-29T09:08:52+00:00","dateModified":"2024-05-14T03:12:11+00:00","breadcrumb":{"@id":"https:\/\/www.masvilar.cat\/entorn\/#breadcrumb"},"inLanguage":"fr-FR","potentialAction":[{"@type":"ReadAction","target":["https:\/\/www.masvilar.cat\/entorn\/"]}]},{"@type":"BreadcrumbList","@id":"https:\/\/www.masvilar.cat\/entorn\/#breadcrumb","itemListElement":[{"@type":"ListItem","position":1,"name":"Inici","item":"https:\/\/www.masvilar.cat\/fr\/"},{"@type":"ListItem","position":2,"name":"Les environs"}]},{"@type":"WebSite","@id":"https:\/\/www.masvilar.cat\/#website","url":"https:\/\/www.masvilar.cat\/","name":"Mas Vilar","description":"Turisme Rural al Montseny","potentialAction":[{"@type":"SearchAction","target":{"@type":"EntryPoint","urlTemplate":"https:\/\/www.masvilar.cat\/?s={search_term_string}"},"query-input":{"@type":"PropertyValueSpecification","valueRequired":true,"valueName":"search_term_string"}}],"inLanguage":"fr-FR"}]}},"_links":{"self":[{"href":"https:\/\/www.masvilar.cat\/fr\/wp-json\/wp\/v2\/pages\/5223","targetHints":{"allow":["GET"]}}],"collection":[{"href":"https:\/\/www.masvilar.cat\/fr\/wp-json\/wp\/v2\/pages"}],"about":[{"href":"https:\/\/www.masvilar.cat\/fr\/wp-json\/wp\/v2\/types\/page"}],"author":[{"embeddable":true,"href":"https:\/\/www.masvilar.cat\/fr\/wp-json\/wp\/v2\/users\/1"}],"replies":[{"embeddable":true,"href":"https:\/\/www.masvilar.cat\/fr\/wp-json\/wp\/v2\/comments?post=5223"}],"version-history":[{"count":9,"href":"https:\/\/www.masvilar.cat\/fr\/wp-json\/wp\/v2\/pages\/5223\/revisions"}],"predecessor-version":[{"id":8311,"href":"https:\/\/www.masvilar.cat\/fr\/wp-json\/wp\/v2\/pages\/5223\/revisions\/8311"}],"wp:attachment":[{"href":"https:\/\/www.masvilar.cat\/fr\/wp-json\/wp\/v2\/media?parent=5223"}],"curies":[{"name":"wp","href":"https:\/\/api.w.org\/{rel}","templated":true}]}}