{"id":4100,"date":"2021-01-12T16:14:40","date_gmt":"2021-01-12T16:14:40","guid":{"rendered":"http:\/\/masvilar.onfayaprojects.com\/el-entorno\/"},"modified":"2024-05-13T17:54:57","modified_gmt":"2024-05-13T17:54:57","slug":"entorno","status":"publish","type":"page","link":"https:\/\/www.masvilar.cat\/es\/entorno\/","title":{"rendered":"El entorno"},"content":{"rendered":"<p>[et_pb_section fb_built=\u00bb1&#8243; admin_label=\u00bbheaders\u00bb module_id=\u00bbtop\u00bb module_class=\u00bbheaders\u00bb _builder_version=\u00bb4.16&#8243; background_image=\u00bbhttps:\/\/www.masvilar.cat\/wp-content\/uploads\/2021\/01\/banner-entorn-montseny.jpg\u00bb height=\u00bb500px\u00bb global_colors_info=\u00bb{}\u00bb custom_css_main_element_last_edited=\u00bbon|desktop\u00bb custom_css_main_element_phone=\u00bbbackground-position-x: -150px\u00bb][et_pb_row module_class=\u00bblogo-cap\u00bb _builder_version=\u00bb4.16&#8243; positioning=\u00bbabsolute\u00bb vertical_offset=\u00bb61px\u00bb horizontal_offset=\u00bb38px\u00bb width=\u00bb100%\u00bb max_width=\u00bb100%\u00bb custom_margin=\u00bb-50px||||false|false\u00bb global_colors_info=\u00bb{}\u00bb][et_pb_column type=\u00bb4_4&#8243; _builder_version=\u00bb4.16&#8243; global_colors_info=\u00bb{}\u00bb][et_pb_image src=\u00bbhttps:\/\/www.masvilar.cat\/wp-content\/uploads\/2020\/12\/logo-masvilar-blanc-e1608107345880.png\u00bb url=\u00bb@ET-DC@eyJkeW5hbWljIjp0cnVlLCJjb250ZW50IjoiaG9tZV91cmwiLCJzZXR0aW5ncyI6e319@\u00bb align_tablet=\u00bbcenter\u00bb align_phone=\u00bbcenter\u00bb align_last_edited=\u00bbon|phone\u00bb _builder_version=\u00bb4.16&#8243; _dynamic_attributes=\u00bburl\u00bb width=\u00bb150px\u00bb global_colors_info=\u00bb{}\u00bb][\/et_pb_image][\/et_pb_column][\/et_pb_row][et_pb_row _builder_version=\u00bb4.16&#8243; positioning=\u00bbabsolute\u00bb position_origin_a=\u00bbbottom_right\u00bb width=\u00bb100%\u00bb max_width=\u00bb100%\u00bb global_colors_info=\u00bb{}\u00bb][et_pb_column type=\u00bb4_4&#8243; _builder_version=\u00bb4.16&#8243; global_colors_info=\u00bb{}\u00bb][et_pb_text _builder_version=\u00bb4.16&#8243; header_font=\u00bbCookie||||||||\u00bb header_text_color=\u00bb#ffffff\u00bb header_font_size=\u00bb40px\u00bb header_4_font=\u00bbCookie||||||||\u00bb header_4_text_align=\u00bbright\u00bb header_4_text_color=\u00bb#ffffff\u00bb header_4_font_size=\u00bb60px\u00bb background_color=\u00bbrgba(60,21,24,0.51)\u00bb width=\u00bb100%\u00bb max_width=\u00bb100%\u00bb module_alignment=\u00bbcenter\u00bb custom_padding=\u00bb5px|100px|0px||false|false\u00bb custom_padding_tablet=\u00bb|0px|||false|false\u00bb custom_padding_phone=\u00bb\u00bb custom_padding_last_edited=\u00bbon|desktop\u00bb header_4_text_align_tablet=\u00bbcenter\u00bb header_4_text_align_phone=\u00bbcenter\u00bb header_4_text_align_last_edited=\u00bbon|phone\u00bb header_4_font_size_tablet=\u00bb\u00bb header_4_font_size_phone=\u00bb40px\u00bb header_4_font_size_last_edited=\u00bbon|phone\u00bb text_orientation_tablet=\u00bbcenter\u00bb text_orientation_phone=\u00bbcenter\u00bb text_orientation_last_edited=\u00bbon|phone\u00bb global_colors_info=\u00bb{}\u00bb]<\/p>\n<h4>El entorno<\/h4>\n<p>[\/et_pb_text][\/et_pb_column][\/et_pb_row][\/et_pb_section][et_pb_section fb_built=\u00bb1&#8243; disabled_on=\u00bbon|on|off\u00bb admin_label=\u00bbEntorn + Montseny\u00bb _builder_version=\u00bb4.16&#8243; width=\u00bb90%\u00bb max_width=\u00bb1400px\u00bb module_alignment=\u00bbcenter\u00bb custom_margin=\u00bb50px||50px||false|false\u00bb animation_style=\u00bbfade\u00bb border_width_all=\u00bb1px\u00bb border_color_all=\u00bbrgba(155,105,48,0.05)\u00bb global_colors_info=\u00bb{}\u00bb][et_pb_row column_structure=\u00bb1_2,1_2&#8243; _builder_version=\u00bb4.16&#8243; width=\u00bb90%\u00bb max_width=\u00bb1400px\u00bb global_colors_info=\u00bb{}\u00bb][et_pb_column type=\u00bb1_2&#8243; _builder_version=\u00bb4.16&#8243; global_colors_info=\u00bb{}\u00bb][et_pb_text module_class=\u00bbtitols\u00bb _builder_version=\u00bb4.16&#8243; header_3_font=\u00bbMerriweather|||on|||||\u00bb header_3_font_size=\u00bb24px\u00bb header_3_letter_spacing=\u00bb4px\u00bb header_3_line_height=\u00bb30px\u00bb custom_margin=\u00bb0px||0px||false|false\u00bb custom_padding=\u00bb25px||15px||false|false\u00bb global_colors_info=\u00bb{}\u00bb]<\/p>\n<h3 style=\"text-align: center\">Nuestros alrededores<\/h3>\n<p>[\/et_pb_text][\/et_pb_column][et_pb_column type=\u00bb1_2&#8243; _builder_version=\u00bb4.16&#8243; global_colors_info=\u00bb{}\u00bb][et_pb_text module_class=\u00bbtitols\u00bb _builder_version=\u00bb4.16&#8243; header_3_font=\u00bbMerriweather|||on|||||\u00bb header_3_font_size=\u00bb24px\u00bb header_3_letter_spacing=\u00bb4px\u00bb header_3_line_height=\u00bb30px\u00bb custom_margin=\u00bb0px||0px||false|false\u00bb custom_padding=\u00bb25px||15px||false|false\u00bb global_colors_info=\u00bb{}\u00bb]<\/p>\n<h3 style=\"text-align: center\">El Montseny<\/h3>\n<p>[\/et_pb_text][\/et_pb_column][\/et_pb_row][et_pb_row column_structure=\u00bb1_2,1_2&#8243; make_equal=\u00bbon\u00bb _builder_version=\u00bb4.16&#8243; width=\u00bb90%\u00bb max_width=\u00bb1400px\u00bb global_colors_info=\u00bb{}\u00bb][et_pb_column type=\u00bb1_2&#8243; _builder_version=\u00bb4.16&#8243; global_colors_info=\u00bb{}\u00bb][et_pb_text _builder_version=\u00bb4.16&#8243; text_font=\u00bbDosis|300|||||||\u00bb text_font_size=\u00bb20px\u00bb text_line_height=\u00bb1.5em\u00bb text_orientation=\u00bbjustified\u00bb text_font_size_tablet=\u00bb\u00bb text_font_size_phone=\u00bb18px\u00bb text_font_size_last_edited=\u00bbon|phone\u00bb global_colors_info=\u00bb{}\u00bb]<\/p>\n<p style=\"text-align: justify\">La Mas\u00eda est\u00e1 rodeada por una <strong>gran zona verde y terrazas naturales<\/strong> con bonitas vistas. La calma que se respira y el paisaje que domina el entorno del alojamiento garantizan una desconexi\u00f3n absoluta.<\/p>\n<p>[\/et_pb_text][et_pb_image src=\u00bbhttps:\/\/www.masvilar.cat\/wp-content\/uploads\/2020\/12\/mas-vilar-voltant.jpg\u00bb align=\u00bbcenter\u00bb _builder_version=\u00bb4.16&#8243; global_colors_info=\u00bb{}\u00bb][\/et_pb_image][et_pb_text _builder_version=\u00bb4.16&#8243; text_font=\u00bbDosis|300|||||||\u00bb text_font_size=\u00bb20px\u00bb text_line_height=\u00bb1.5em\u00bb link_text_color=\u00bb#9B6930&#8243; text_orientation=\u00bbjustified\u00bb text_font_size_tablet=\u00bb\u00bb text_font_size_phone=\u00bb18px\u00bb text_font_size_last_edited=\u00bbon|phone\u00bb global_colors_info=\u00bb{}\u00bb]<\/p>\n<p style=\"text-align: justify\">Alrededor de la finca puedes encontrar <strong>gran variedad de \u00e1rboles<\/strong>: casta\u00f1os, hayas, fresnos, encinas, robles, avellanos, nogales, secuoyas\u2026 La finca cuenta con un <strong>Plan de gesti\u00f3n forestal con un certificado de gesti\u00f3n forestal sostenible<\/strong>. A menudo la finca recibe visitas de expertos de toda Europa ya que es un ejemplo de buena gesti\u00f3n forestal.<\/p>\n<p style=\"text-align: justify\">Para visitar <strong>Arb\u00facies<\/strong>, puedes consultar la web de <a href=\"https:\/\/www.visitarbucies.com\" target=\"_blank\" rel=\"noopener noreferrer\">Visitar Arb\u00facies<\/a> donde encontrar\u00e1s paseos, fiestas, visitas y muchas otras actividades.<\/p>\n<p>[\/et_pb_text][\/et_pb_column][et_pb_column type=\u00bb1_2&#8243; _builder_version=\u00bb4.16&#8243; global_colors_info=\u00bb{}\u00bb][et_pb_text _builder_version=\u00bb4.16&#8243; text_font=\u00bbDosis|300|||||||\u00bb text_font_size=\u00bb20px\u00bb text_line_height=\u00bb1.5em\u00bb text_orientation=\u00bbjustified\u00bb custom_margin=\u00bb||64px|||\u00bb text_font_size_tablet=\u00bb\u00bb text_font_size_phone=\u00bb18px\u00bb text_font_size_last_edited=\u00bbon|phone\u00bb global_colors_info=\u00bb{}\u00bb]<\/p>\n<p style=\"text-align: justify\">El Parque Natural del Montseny es un <strong>espacio natural monta\u00f1oso con una gran riqueza en cuanto a vegetaci\u00f3n, fauna y riachuelos<\/strong>, que contiene paisajes de gran belleza.<\/p>\n<p>[\/et_pb_text][et_pb_image src=\u00bbhttps:\/\/www.masvilar.cat\/wp-content\/uploads\/2020\/12\/entorn-mas-vilar.jpg\u00bb align=\u00bbcenter\u00bb _builder_version=\u00bb4.16&#8243; global_colors_info=\u00bb{}\u00bb][\/et_pb_image][et_pb_text _builder_version=\u00bb4.16&#8243; text_font=\u00bbDosis|300|||||||\u00bb text_font_size=\u00bb20px\u00bb text_line_height=\u00bb1.5em\u00bb link_text_color=\u00bb#9B6930&#8243; text_orientation=\u00bbjustified\u00bb text_font_size_tablet=\u00bb\u00bb text_font_size_phone=\u00bb18px\u00bb text_font_size_last_edited=\u00bbon|phone\u00bb global_colors_info=\u00bb{}\u00bb]<\/p>\n<p style=\"text-align: justify\">Es el gran atractivo de nuestra Mas\u00eda. Es un lujo estar rodeados de tanta naturaleza, un lugar ideal para desconectar y \u00abresetearse\u00bb del estr\u00e9s de la ciudad. <a href=\"https:\/\/parcs.diba.cat\/web\/montseny\" target=\"_blank\" rel=\"noopener noreferrer\">Haz clic para m\u00e1s informaci\u00f3n<\/a> sobre El Montseny.<\/p>\n<p style=\"text-align: justify\">Te contamos todo lo que puedes hacer partiendo de la Mas\u00eda: senderismo, rutas con BTT o a caballo.<\/p>\n<p>[\/et_pb_text][\/et_pb_column][\/et_pb_row][\/et_pb_section][et_pb_section fb_built=\u00bb1&#8243; disabled_on=\u00bboff|off|on\u00bb admin_label=\u00bbVoltant RWD\u00bb _builder_version=\u00bb4.16&#8243; width=\u00bb90%\u00bb max_width=\u00bb1400px\u00bb module_alignment=\u00bbcenter\u00bb custom_margin=\u00bb50px||50px||false|false\u00bb custom_padding=\u00bb||5px|||\u00bb animation_style=\u00bbfade\u00bb border_width_all=\u00bb1px\u00bb border_color_all=\u00bbrgba(155,105,48,0.05)\u00bb global_colors_info=\u00bb{}\u00bb][et_pb_row _builder_version=\u00bb4.16&#8243; width=\u00bb90%\u00bb max_width=\u00bb1400px\u00bb global_colors_info=\u00bb{}\u00bb][et_pb_column type=\u00bb4_4&#8243; _builder_version=\u00bb4.16&#8243; global_colors_info=\u00bb{}\u00bb][et_pb_text module_class=\u00bbtitols\u00bb _builder_version=\u00bb4.16&#8243; header_3_font=\u00bbMerriweather|||on|||||\u00bb header_3_font_size=\u00bb24px\u00bb header_3_letter_spacing=\u00bb4px\u00bb header_3_line_height=\u00bb30px\u00bb custom_margin=\u00bb0px||0px||false|false\u00bb custom_padding=\u00bb25px||15px||false|false\u00bb global_colors_info=\u00bb{}\u00bb]<\/p>\n<h3 style=\"text-align: center\">Nuestros alrededores<\/h3>\n<p>[\/et_pb_text][\/et_pb_column][\/et_pb_row][et_pb_row _builder_version=\u00bb4.16&#8243; width=\u00bb90%\u00bb max_width=\u00bb1400px\u00bb global_colors_info=\u00bb{}\u00bb][et_pb_column type=\u00bb4_4&#8243; _builder_version=\u00bb4.16&#8243; global_colors_info=\u00bb{}\u00bb][et_pb_text _builder_version=\u00bb4.16&#8243; text_font=\u00bbDosis|300|||||||\u00bb text_font_size=\u00bb18px\u00bb text_line_height=\u00bb1.5em\u00bb global_colors_info=\u00bb{}\u00bb]<\/p>\n<p style=\"text-align: justify\">La Mas\u00eda est\u00e1 rodeada por una <strong>gran zona verde y terrazas naturales<\/strong> con bonitas vistas. La calma que se respira y el paisaje que domina el entorno del alojamiento garantizan una desconexi\u00f3n absoluta.<\/p>\n<p>[\/et_pb_text][et_pb_image src=\u00bbhttps:\/\/www.masvilar.cat\/wp-content\/uploads\/2020\/12\/mas-vilar-voltant.jpg\u00bb align=\u00bbcenter\u00bb _builder_version=\u00bb4.16&#8243; custom_margin=\u00bb||1px|||\u00bb global_colors_info=\u00bb{}\u00bb][\/et_pb_image][et_pb_text _builder_version=\u00bb4.16&#8243; text_font=\u00bbDosis|300|||||||\u00bb text_font_size=\u00bb18px\u00bb text_line_height=\u00bb1.5em\u00bb custom_margin=\u00bb33px|||||\u00bb global_colors_info=\u00bb{}\u00bb]<\/p>\n<p style=\"text-align: justify\">Alrededor de la finca puedes encontrar <strong>gran variedad de \u00e1rboles<\/strong>: casta\u00f1os, hayas, fresnos, encinas, robles, avellanos, nogales, secuoyas\u2026 La finca cuenta con un <strong>Plan de gesti\u00f3n forestal con un certificado de gesti\u00f3n forestal sostenible<\/strong>. A menudo la finca recibe visitas de expertos de toda Europa ya que es un ejemplo de buena gesti\u00f3n forestal.<\/p>\n<p style=\"text-align: justify\">Para visitar <strong>Arb\u00facies<\/strong>, puedes consultar la web de <a href=\"https:\/\/www.visitarbucies.com\" target=\"_blank\" rel=\"noopener noreferrer\">Visitar Arb\u00facies<\/a> donde encontrar\u00e1s paseos, fiestas, visitas y muchas otras actividades.<\/p>\n<p>[\/et_pb_text][\/et_pb_column][\/et_pb_row][\/et_pb_section][et_pb_section fb_built=\u00bb1&#8243; disabled_on=\u00bboff|off|on\u00bb admin_label=\u00bbMontseny RWD\u00bb _builder_version=\u00bb4.16&#8243; width=\u00bb90%\u00bb max_width=\u00bb1400px\u00bb module_alignment=\u00bbcenter\u00bb custom_margin=\u00bb50px||50px||false|false\u00bb custom_padding=\u00bb||5px|||\u00bb animation_style=\u00bbfade\u00bb border_width_all=\u00bb1px\u00bb border_color_all=\u00bbrgba(155,105,48,0.05)\u00bb global_colors_info=\u00bb{}\u00bb][et_pb_row _builder_version=\u00bb4.16&#8243; width=\u00bb90%\u00bb max_width=\u00bb1400px\u00bb global_colors_info=\u00bb{}\u00bb][et_pb_column type=\u00bb4_4&#8243; _builder_version=\u00bb4.16&#8243; global_colors_info=\u00bb{}\u00bb][et_pb_text module_class=\u00bbtitols\u00bb _builder_version=\u00bb4.16&#8243; header_3_font=\u00bbMerriweather|||on|||||\u00bb header_3_font_size=\u00bb24px\u00bb header_3_letter_spacing=\u00bb4px\u00bb header_3_line_height=\u00bb30px\u00bb custom_margin=\u00bb0px||0px||false|false\u00bb custom_padding=\u00bb25px||15px||false|false\u00bb global_colors_info=\u00bb{}\u00bb]<\/p>\n<h3 style=\"text-align: center\">El Montseny<\/h3>\n<p>[\/et_pb_text][\/et_pb_column][\/et_pb_row][et_pb_row _builder_version=\u00bb4.16&#8243; width=\u00bb90%\u00bb max_width=\u00bb1400px\u00bb global_colors_info=\u00bb{}\u00bb][et_pb_column type=\u00bb4_4&#8243; _builder_version=\u00bb4.16&#8243; global_colors_info=\u00bb{}\u00bb][et_pb_text _builder_version=\u00bb4.16&#8243; text_font=\u00bbDosis|300|||||||\u00bb text_font_size=\u00bb18px\u00bb text_line_height=\u00bb1.5em\u00bb text_orientation=\u00bbjustified\u00bb custom_margin=\u00bb||||false|false\u00bb custom_padding=\u00bb||11px|||\u00bb global_colors_info=\u00bb{}\u00bb]<\/p>\n<p style=\"text-align: justify\">El Parque Natural del Montseny es un <strong>espacio natural monta\u00f1oso con una gran riqueza en cuanto a vegetaci\u00f3n, fauna y riachuelos<\/strong>, que contiene paisajes de gran belleza.<\/p>\n<p>[\/et_pb_text][et_pb_image src=\u00bbhttps:\/\/www.masvilar.cat\/wp-content\/uploads\/2020\/12\/entorn-mas-vilar.jpg\u00bb align=\u00bbcenter\u00bb _builder_version=\u00bb4.16&#8243; custom_margin=\u00bb||1px|||\u00bb global_colors_info=\u00bb{}\u00bb][\/et_pb_image][et_pb_text _builder_version=\u00bb4.16&#8243; text_font=\u00bbDosis|300|||||||\u00bb text_font_size=\u00bb18px\u00bb text_line_height=\u00bb1.5em\u00bb link_text_color=\u00bb#9B6930&#8243; text_orientation=\u00bbjustified\u00bb custom_margin=\u00bb30px|||||\u00bb global_colors_info=\u00bb{}\u00bb]<\/p>\n<p style=\"text-align: justify\">Es el gran atractivo de nuestra Mas\u00eda. Es un lujo estar rodeados de tanta naturaleza, un lugar ideal para desconectar y \u00abresetearse\u00bb del estr\u00e9s de la ciudad. <a href=\"https:\/\/parcs.diba.cat\/web\/montseny\" target=\"_blank\" rel=\"noopener noreferrer\">Haz clic para m\u00e1s informaci\u00f3n<\/a> sobre El Montseny.<\/p>\n<p style=\"text-align: justify\">Te contamos todo lo que puedes hacer partiendo de la Mas\u00eda: senderismo, rutas con BTT o a caballo.<\/p>\n<p>[\/et_pb_text][\/et_pb_column][\/et_pb_row][\/et_pb_section][et_pb_section fb_built=\u00bb1&#8243; admin_label=\u00bbSenderisme\u00bb _builder_version=\u00bb4.16&#8243; width=\u00bb90%\u00bb max_width=\u00bb1400px\u00bb module_alignment=\u00bbcenter\u00bb custom_margin=\u00bb||50px||false|false\u00bb animation_style=\u00bbfade\u00bb border_width_all=\u00bb1px\u00bb border_color_all=\u00bbrgba(155,105,48,0.05)\u00bb global_colors_info=\u00bb{}\u00bb][et_pb_row _builder_version=\u00bb4.16&#8243; width=\u00bb90%\u00bb max_width=\u00bb1400px\u00bb global_colors_info=\u00bb{}\u00bb][et_pb_column type=\u00bb4_4&#8243; _builder_version=\u00bb4.16&#8243; global_colors_info=\u00bb{}\u00bb][et_pb_text module_class=\u00bbtitols\u00bb _builder_version=\u00bb4.16&#8243; header_3_font=\u00bbMerriweather|||on|||||\u00bb header_3_font_size=\u00bb24px\u00bb header_3_letter_spacing=\u00bb4px\u00bb header_3_line_height=\u00bb30px\u00bb custom_margin=\u00bb0px||0px||false|false\u00bb custom_padding=\u00bb25px||15px||false|false\u00bb global_colors_info=\u00bb{}\u00bb]<\/p>\n<h3 style=\"text-align: center\">SENDERISMO<\/h3>\n<p>[\/et_pb_text][\/et_pb_column][\/et_pb_row][et_pb_row column_structure=\u00bb1_2,1_2&#8243; _builder_version=\u00bb4.16&#8243; width=\u00bb90%\u00bb max_width=\u00bb1400px\u00bb global_colors_info=\u00bb{}\u00bb][et_pb_column type=\u00bb1_2&#8243; _builder_version=\u00bb4.16&#8243; global_colors_info=\u00bb{}\u00bb][et_pb_text _builder_version=\u00bb4.16&#8243; text_font=\u00bbDosis|300|||||||\u00bb text_font_size=\u00bb20px\u00bb text_line_height=\u00bb1.5em\u00bb link_text_color=\u00bb#9B6930&#8243; text_orientation=\u00bbjustified\u00bb text_font_size_tablet=\u00bb\u00bb text_font_size_phone=\u00bb18px\u00bb text_font_size_last_edited=\u00bbon|phone\u00bb global_colors_info=\u00bb{}\u00bb]<\/p>\n<p style=\"text-align: justify\">Desde la Mas\u00eda hay diferentes <strong>rutas y excursiones para disfrutar de la naturaleza<\/strong>.<\/p>\n<p style=\"text-align: justify\">Te explicamos las m\u00e1s recomendadas, de duraciones y ritmos diferentes, desde rutas con ni\u00f1os a otras m\u00e1s largas: la ruta del Tur\u00f3 de Grenys, la del Coll de T\u00e8, la de la Feixa Llarga o la de Santa Fe del Montseny.<\/p>\n<p style=\"text-align: justify\">Tambi\u00e9n puedes echar un vistazo a <a href=\"https:\/\/ca.wikiloc.com\/wikiloc\/map.do?sw=-89.999%2C-179.999&amp;ne=89.999%2C179.999&amp;q=el%20vilar%20arb%C3%BAcies&amp;fitMapToTrails=1&amp;page=1\" target=\"_blank\" rel=\"noopener noreferrer\">Wikilok<\/a> para descubrir otras rutas.<\/p>\n<p>[\/et_pb_text][\/et_pb_column][et_pb_column type=\u00bb1_2&#8243; _builder_version=\u00bb4.16&#8243; global_colors_info=\u00bb{}\u00bb][et_pb_image src=\u00bbhttps:\/\/www.masvilar.cat\/wp-content\/uploads\/2021\/01\/entorn-senderisme.jpg\u00bb align=\u00bbcenter\u00bb _builder_version=\u00bb4.16&#8243; global_colors_info=\u00bb{}\u00bb][\/et_pb_image][\/et_pb_column][\/et_pb_row][\/et_pb_section][et_pb_section fb_built=\u00bb1&#8243; disabled_on=\u00bboff|off|on\u00bb admin_label=\u00bbCavalls RWD\u00bb _builder_version=\u00bb4.16&#8243; width=\u00bb90%\u00bb max_width=\u00bb1400px\u00bb module_alignment=\u00bbcenter\u00bb custom_margin=\u00bb50px||50px||false|false\u00bb custom_padding=\u00bb||5px|||\u00bb animation_style=\u00bbfade\u00bb border_width_all=\u00bb1px\u00bb border_color_all=\u00bbrgba(155,105,48,0.05)\u00bb global_colors_info=\u00bb{}\u00bb][et_pb_row _builder_version=\u00bb4.16&#8243; width=\u00bb90%\u00bb max_width=\u00bb1400px\u00bb global_colors_info=\u00bb{}\u00bb][et_pb_column type=\u00bb4_4&#8243; _builder_version=\u00bb4.16&#8243; global_colors_info=\u00bb{}\u00bb][et_pb_text module_class=\u00bbtitols\u00bb _builder_version=\u00bb4.16&#8243; header_3_font=\u00bbMerriweather|||on|||||\u00bb header_3_font_size=\u00bb24px\u00bb header_3_letter_spacing=\u00bb4px\u00bb header_3_line_height=\u00bb30px\u00bb custom_margin=\u00bb0px||0px||false|false\u00bb custom_padding=\u00bb25px||15px||false|false\u00bb global_colors_info=\u00bb{}\u00bb]<\/p>\n<h3 style=\"text-align: center\">Caballos<\/h3>\n<p>[\/et_pb_text][\/et_pb_column][\/et_pb_row][et_pb_row _builder_version=\u00bb4.16&#8243; width=\u00bb90%\u00bb max_width=\u00bb1400px\u00bb global_colors_info=\u00bb{}\u00bb][et_pb_column type=\u00bb4_4&#8243; _builder_version=\u00bb4.16&#8243; global_colors_info=\u00bb{}\u00bb][et_pb_text _builder_version=\u00bb4.16&#8243; text_font=\u00bbDosis|300|||||||\u00bb text_font_size=\u00bb18px\u00bb text_line_height=\u00bb1.5em\u00bb custom_padding=\u00bb0px||25px||false|false\u00bb global_colors_info=\u00bb{}\u00bb]<\/p>\n<p style=\"text-align: justify\">Si est\u00e1s de ruta con tu caballo y quieres alojarte en Mas Vilar, disponemos de un espacio adecuado para \u00e9l y os prepararemos una buena cena. \u00a1Ser\u00e9is todos muy bienvenidos!<\/p>\n<p>[\/et_pb_text][et_pb_code _builder_version=\u00bb4.16&#8243; width=\u00bb95%\u00bb module_alignment=\u00bbcenter\u00bb global_colors_info=\u00bb{}\u00bb]<div class=\"carousel-slider-outer carousel-slider-outer-image-carousel carousel-slider-outer-3152\" style=\"--carousel-slider-nav-color:#fff6df;--carousel-slider-active-nav-color:#9b6930;--carousel-slider-arrow-size:45px;--carousel-slider-bullet-size:10px\">\n<div id=\"&#039;id-3152\" class=\"carousel-slider carousel-slider-3152 arrows-visibility-always dots-visibility-never arrows-inside dots-center dots-square owl-carousel\" data-slide-type=\"image-carousel\" data-owl-settings='{\"nav\":true,\"dots\":false,\"slideBy\":1,\"stagePadding\":0,\"margin\":5,\"loop\":true,\"lazyLoad\":false,\"autoplay\":false,\"autoplayTimeout\":3000,\"autoplaySpeed\":700,\"autoplayHoverPause\":false,\"autoWidth\":false,\"responsive\":{\"300\":{\"items\":1},\"576\":{\"items\":2},\"768\":{\"items\":2},\"1024\":{\"items\":3},\"1280\":{\"items\":4},\"1536\":{\"items\":5}}}'>\n<div class=\"carousel-slider__item\">\n\t<a class=\"magnific-popup\" href=\"https:\/\/www.masvilar.cat\/wp-content\/uploads\/2020\/12\/cavalls-01.jpg\" data-width=\"500\" data-height=\"500\"><img decoding=\"async\" width=\"500\" height=\"500\" src=\"https:\/\/www.masvilar.cat\/wp-content\/uploads\/2020\/12\/cavalls-01.jpg\" class=\"attachment-full size-full\" alt=\"\" srcset=\"https:\/\/www.masvilar.cat\/wp-content\/uploads\/2020\/12\/cavalls-01.jpg 500w, https:\/\/www.masvilar.cat\/wp-content\/uploads\/2020\/12\/cavalls-01-480x480.jpg 480w\" sizes=\"(min-width: 0px) and (max-width: 480px) 480px, (min-width: 481px) 500px, 100vw\" \/><\/a><\/div>\n\n<div class=\"carousel-slider__item\">\n\t<a class=\"magnific-popup\" href=\"https:\/\/www.masvilar.cat\/wp-content\/uploads\/2020\/12\/masvilar-cavalls.jpg\" data-width=\"500\" data-height=\"500\"><img decoding=\"async\" width=\"500\" height=\"500\" src=\"https:\/\/www.masvilar.cat\/wp-content\/uploads\/2020\/12\/masvilar-cavalls.jpg\" class=\"attachment-full size-full\" alt=\"\" srcset=\"https:\/\/www.masvilar.cat\/wp-content\/uploads\/2020\/12\/masvilar-cavalls.jpg 500w, https:\/\/www.masvilar.cat\/wp-content\/uploads\/2020\/12\/masvilar-cavalls-480x480.jpg 480w\" sizes=\"(min-width: 0px) and (max-width: 480px) 480px, (min-width: 481px) 500px, 100vw\" \/><\/a><\/div>\n\n<div class=\"carousel-slider__item\">\n\t<a class=\"magnific-popup\" href=\"https:\/\/www.masvilar.cat\/wp-content\/uploads\/2020\/12\/masvilar-cavalls-02.jpg\" data-width=\"500\" data-height=\"500\"><img decoding=\"async\" width=\"500\" height=\"500\" src=\"https:\/\/www.masvilar.cat\/wp-content\/uploads\/2020\/12\/masvilar-cavalls-02.jpg\" class=\"attachment-full size-full\" alt=\"\" srcset=\"https:\/\/www.masvilar.cat\/wp-content\/uploads\/2020\/12\/masvilar-cavalls-02.jpg 500w, https:\/\/www.masvilar.cat\/wp-content\/uploads\/2020\/12\/masvilar-cavalls-02-480x480.jpg 480w\" sizes=\"(min-width: 0px) and (max-width: 480px) 480px, (min-width: 481px) 500px, 100vw\" \/><\/a><\/div>\n\n<\/div><!-- .carousel-slider-3152 -->\n<\/div><!-- .carousel-slider-outer-3152 -->\n[\/et_pb_code][\/et_pb_column][\/et_pb_row][\/et_pb_section][et_pb_section fb_built=\u00bb1&#8243; disabled_on=\u00bboff|off|on\u00bb admin_label=\u00bbBTT &#8211; RWD\u00bb _builder_version=\u00bb4.16&#8243; width=\u00bb90%\u00bb max_width=\u00bb1400px\u00bb module_alignment=\u00bbcenter\u00bb custom_margin=\u00bb50px||50px||false|false\u00bb custom_padding=\u00bb||5px|||\u00bb animation_style=\u00bbfade\u00bb border_width_all=\u00bb1px\u00bb border_color_all=\u00bbrgba(155,105,48,0.05)\u00bb global_colors_info=\u00bb{}\u00bb][et_pb_row _builder_version=\u00bb4.16&#8243; width=\u00bb90%\u00bb max_width=\u00bb1400px\u00bb global_colors_info=\u00bb{}\u00bb][et_pb_column type=\u00bb4_4&#8243; _builder_version=\u00bb4.16&#8243; global_colors_info=\u00bb{}\u00bb][et_pb_text module_class=\u00bbtitols\u00bb _builder_version=\u00bb4.16&#8243; header_3_font=\u00bbMerriweather|||on|||||\u00bb header_3_font_size=\u00bb24px\u00bb header_3_letter_spacing=\u00bb4px\u00bb header_3_line_height=\u00bb30px\u00bb custom_margin=\u00bb0px||0px||false|false\u00bb custom_padding=\u00bb25px||15px||false|false\u00bb global_colors_info=\u00bb{}\u00bb]<\/p>\n<h3 style=\"text-align: center\">BTT<\/h3>\n<p>[\/et_pb_text][\/et_pb_column][\/et_pb_row][et_pb_row _builder_version=\u00bb4.16&#8243; width=\u00bb90%\u00bb max_width=\u00bb1400px\u00bb global_colors_info=\u00bb{}\u00bb][et_pb_column type=\u00bb4_4&#8243; _builder_version=\u00bb4.16&#8243; global_colors_info=\u00bb{}\u00bb][et_pb_text _builder_version=\u00bb4.16&#8243; text_font=\u00bbDosis|300|||||||\u00bb text_font_size=\u00bb18px\u00bb text_line_height=\u00bb1.5em\u00bb global_colors_info=\u00bb{}\u00bb]<\/p>\n<p style=\"text-align: justify\">Si, en cambio, vienes con tu bici para unas rutas por el Montseny, puedes alojarte y cenar en la casa y dispondr\u00e1s de un lugar seguro donde guardar la bicicleta durante tu estancia. Adem\u00e1s, tambi\u00e9n podemos proponerte rutas que comienzan en nuestra Mas\u00eda.<\/p>\n<p>[\/et_pb_text][et_pb_image src=\u00bbhttps:\/\/www.masvilar.cat\/wp-content\/uploads\/2020\/12\/btt-masvilar.jpg\u00bb align=\u00bbcenter\u00bb _builder_version=\u00bb4.16&#8243; _module_preset=\u00bbdefault\u00bb global_colors_info=\u00bb{}\u00bb][\/et_pb_image][et_pb_text _builder_version=\u00bb4.16&#8243; text_font=\u00bbDosis|300|||||||\u00bb text_font_size=\u00bb18px\u00bb text_line_height=\u00bb1.5em\u00bb link_text_color=\u00bb#9B6930&#8243; global_colors_info=\u00bb{}\u00bb]<\/p>\n<p style=\"text-align: justify\">Si no tienes bici de monta\u00f1a o bicicleta el\u00e9ctrica y deseas alquilar una, la empresa de Arb\u00facies <a href=\"http:\/\/www.rutatur.cat\" target=\"_blank\" rel=\"noopener noreferrer\">Rutatur<\/a> ofrece alquiler y rutas guiadas o autoguiadas.<\/p>\n<p>[\/et_pb_text][\/et_pb_column][\/et_pb_row][\/et_pb_section][et_pb_section fb_built=\u00bb1&#8243; disabled_on=\u00bbon|on|off\u00bb admin_label=\u00bbCavalls + BTT\u00bb _builder_version=\u00bb4.16&#8243; width=\u00bb90%\u00bb max_width=\u00bb1400px\u00bb module_alignment=\u00bbcenter\u00bb custom_margin=\u00bb50px||50px||false|false\u00bb animation_style=\u00bbfade\u00bb border_width_all=\u00bb1px\u00bb border_color_all=\u00bbrgba(155,105,48,0.05)\u00bb global_colors_info=\u00bb{}\u00bb][et_pb_row column_structure=\u00bb1_2,1_2&#8243; _builder_version=\u00bb4.16&#8243; width=\u00bb90%\u00bb max_width=\u00bb1400px\u00bb global_colors_info=\u00bb{}\u00bb][et_pb_column type=\u00bb1_2&#8243; _builder_version=\u00bb4.16&#8243; global_colors_info=\u00bb{}\u00bb][et_pb_text module_class=\u00bbtitols\u00bb _builder_version=\u00bb4.16&#8243; header_3_font=\u00bbMerriweather|||on|||||\u00bb header_3_font_size=\u00bb24px\u00bb header_3_letter_spacing=\u00bb4px\u00bb header_3_line_height=\u00bb30px\u00bb custom_margin=\u00bb0px||0px||false|false\u00bb custom_padding=\u00bb25px||15px||false|false\u00bb global_colors_info=\u00bb{}\u00bb]<\/p>\n<h3 style=\"text-align: center\">Caballos<\/h3>\n<p>[\/et_pb_text][\/et_pb_column][et_pb_column type=\u00bb1_2&#8243; _builder_version=\u00bb4.16&#8243; global_colors_info=\u00bb{}\u00bb][et_pb_text module_class=\u00bbtitols\u00bb _builder_version=\u00bb4.16&#8243; header_3_font=\u00bbMerriweather|||on|||||\u00bb header_3_font_size=\u00bb24px\u00bb header_3_letter_spacing=\u00bb4px\u00bb header_3_line_height=\u00bb30px\u00bb custom_margin=\u00bb0px||0px||false|false\u00bb custom_padding=\u00bb25px||15px||false|false\u00bb global_colors_info=\u00bb{}\u00bb]<\/p>\n<h3 style=\"text-align: center\">BTT<\/h3>\n<p>[\/et_pb_text][\/et_pb_column][\/et_pb_row][et_pb_row column_structure=\u00bb1_2,1_2&#8243; _builder_version=\u00bb4.16&#8243; width=\u00bb90%\u00bb max_width=\u00bb1400px\u00bb global_colors_info=\u00bb{}\u00bb][et_pb_column type=\u00bb1_2&#8243; _builder_version=\u00bb4.16&#8243; global_colors_info=\u00bb{}\u00bb][et_pb_text _builder_version=\u00bb4.16&#8243; text_font=\u00bbDosis|300|||||||\u00bb text_font_size=\u00bb20px\u00bb text_line_height=\u00bb1.5em\u00bb text_orientation=\u00bbjustified\u00bb custom_margin=\u00bb||46px|||\u00bb custom_padding=\u00bb0px||25px||false|false\u00bb text_font_size_tablet=\u00bb\u00bb text_font_size_phone=\u00bb18px\u00bb text_font_size_last_edited=\u00bbon|phone\u00bb global_colors_info=\u00bb{}\u00bb]<\/p>\n<p style=\"text-align: justify\">Si est\u00e1s de ruta con tu caballo y quieres alojarte en Mas Vilar, disponemos de un espacio adecuado para \u00e9l y os prepararemos una buena cena. \u00a1Ser\u00e9is todos muy bienvenidos!<\/p>\n<p>[\/et_pb_text][et_pb_code _builder_version=\u00bb4.16&#8243; max_width=\u00bb500px\u00bb module_alignment=\u00bbcenter\u00bb global_colors_info=\u00bb{}\u00bb]<div class=\"carousel-slider-outer carousel-slider-outer-image-carousel carousel-slider-outer-3152\" style=\"--carousel-slider-nav-color:#fff6df;--carousel-slider-active-nav-color:#9b6930;--carousel-slider-arrow-size:45px;--carousel-slider-bullet-size:10px\">\n<div id=\"&#039;id-3152\" class=\"carousel-slider carousel-slider-3152 arrows-visibility-always dots-visibility-never arrows-inside dots-center dots-square owl-carousel\" data-slide-type=\"image-carousel\" data-owl-settings='{\"nav\":true,\"dots\":false,\"slideBy\":1,\"stagePadding\":0,\"margin\":5,\"loop\":true,\"lazyLoad\":false,\"autoplay\":false,\"autoplayTimeout\":3000,\"autoplaySpeed\":700,\"autoplayHoverPause\":false,\"autoWidth\":false,\"responsive\":{\"300\":{\"items\":1},\"576\":{\"items\":2},\"768\":{\"items\":2},\"1024\":{\"items\":3},\"1280\":{\"items\":4},\"1536\":{\"items\":5}}}'>\n<div class=\"carousel-slider__item\">\n\t<a class=\"magnific-popup\" href=\"https:\/\/www.masvilar.cat\/wp-content\/uploads\/2020\/12\/cavalls-01.jpg\" data-width=\"500\" data-height=\"500\"><img decoding=\"async\" width=\"500\" height=\"500\" src=\"https:\/\/www.masvilar.cat\/wp-content\/uploads\/2020\/12\/cavalls-01.jpg\" class=\"attachment-full size-full\" alt=\"\" srcset=\"https:\/\/www.masvilar.cat\/wp-content\/uploads\/2020\/12\/cavalls-01.jpg 500w, https:\/\/www.masvilar.cat\/wp-content\/uploads\/2020\/12\/cavalls-01-480x480.jpg 480w\" sizes=\"(min-width: 0px) and (max-width: 480px) 480px, (min-width: 481px) 500px, 100vw\" \/><\/a><\/div>\n\n<div class=\"carousel-slider__item\">\n\t<a class=\"magnific-popup\" href=\"https:\/\/www.masvilar.cat\/wp-content\/uploads\/2020\/12\/masvilar-cavalls.jpg\" data-width=\"500\" data-height=\"500\"><img decoding=\"async\" width=\"500\" height=\"500\" src=\"https:\/\/www.masvilar.cat\/wp-content\/uploads\/2020\/12\/masvilar-cavalls.jpg\" class=\"attachment-full size-full\" alt=\"\" srcset=\"https:\/\/www.masvilar.cat\/wp-content\/uploads\/2020\/12\/masvilar-cavalls.jpg 500w, https:\/\/www.masvilar.cat\/wp-content\/uploads\/2020\/12\/masvilar-cavalls-480x480.jpg 480w\" sizes=\"(min-width: 0px) and (max-width: 480px) 480px, (min-width: 481px) 500px, 100vw\" \/><\/a><\/div>\n\n<div class=\"carousel-slider__item\">\n\t<a class=\"magnific-popup\" href=\"https:\/\/www.masvilar.cat\/wp-content\/uploads\/2020\/12\/masvilar-cavalls-02.jpg\" data-width=\"500\" data-height=\"500\"><img decoding=\"async\" width=\"500\" height=\"500\" src=\"https:\/\/www.masvilar.cat\/wp-content\/uploads\/2020\/12\/masvilar-cavalls-02.jpg\" class=\"attachment-full size-full\" alt=\"\" srcset=\"https:\/\/www.masvilar.cat\/wp-content\/uploads\/2020\/12\/masvilar-cavalls-02.jpg 500w, https:\/\/www.masvilar.cat\/wp-content\/uploads\/2020\/12\/masvilar-cavalls-02-480x480.jpg 480w\" sizes=\"(min-width: 0px) and (max-width: 480px) 480px, (min-width: 481px) 500px, 100vw\" \/><\/a><\/div>\n\n<\/div><!-- .carousel-slider-3152 -->\n<\/div><!-- .carousel-slider-outer-3152 -->\n[\/et_pb_code][\/et_pb_column][et_pb_column type=\u00bb1_2&#8243; _builder_version=\u00bb4.16&#8243; global_colors_info=\u00bb{}\u00bb][et_pb_text _builder_version=\u00bb4.16&#8243; text_font=\u00bbDosis|300|||||||\u00bb text_font_size=\u00bb20px\u00bb text_line_height=\u00bb1.5em\u00bb text_orientation=\u00bbjustified\u00bb text_font_size_tablet=\u00bb\u00bb text_font_size_phone=\u00bb18px\u00bb text_font_size_last_edited=\u00bbon|phone\u00bb global_colors_info=\u00bb{}\u00bb]<\/p>\n<p style=\"text-align: justify\">Si, en cambio, vienes con tu bici para unas rutas por el Montseny, puedes alojarte y cenar en la casa y dispondr\u00e1s de un lugar seguro donde guardar la bicicleta durante tu estancia. Adem\u00e1s, tambi\u00e9n podemos proponerte rutas que comienzan en nuestra Mas\u00eda.<\/p>\n<p>[\/et_pb_text][et_pb_image src=\u00bbhttps:\/\/www.masvilar.cat\/wp-content\/uploads\/2020\/12\/btt-masvilar.jpg\u00bb align=\u00bbcenter\u00bb _builder_version=\u00bb4.16&#8243; _module_preset=\u00bbdefault\u00bb global_colors_info=\u00bb{}\u00bb][\/et_pb_image][et_pb_text _builder_version=\u00bb4.16&#8243; text_font=\u00bbDosis|300|||||||\u00bb text_font_size=\u00bb20px\u00bb text_line_height=\u00bb1.5em\u00bb link_text_color=\u00bb#9B6930&#8243; text_orientation=\u00bbjustified\u00bb text_font_size_tablet=\u00bb\u00bb text_font_size_phone=\u00bb18px\u00bb text_font_size_last_edited=\u00bbon|phone\u00bb global_colors_info=\u00bb{}\u00bb]<\/p>\n<p style=\"text-align: justify\">Si no tienes bici de monta\u00f1a o bicicleta el\u00e9ctrica y deseas alquilar una, la empresa de Arb\u00facies <a href=\"http:\/\/www.rutatur.cat\" target=\"_blank\" rel=\"noopener noreferrer\">Rutatur<\/a> ofrece alquiler y rutas guiadas o autoguiadas.<\/p>\n<p>[\/et_pb_text][\/et_pb_column][\/et_pb_row][\/et_pb_section][et_pb_section fb_built=\u00bb1&#8243; _builder_version=\u00bb4.7.7&#8243; background_color=\u00bbrgba(255,255,255,0.7)\u00bb background_image=\u00bbhttps:\/\/www.masvilar.cat\/wp-content\/uploads\/2020\/12\/mas-vilar-habitacions.jpg\u00bb background_position=\u00bbbottom_center\u00bb background_blend=\u00bbscreen\u00bb custom_margin=\u00bb||50px||false|false\u00bb mix_blend_mode=\u00bbmultiply\u00bb global_module=\u00bb43&#8243; saved_tabs=\u00bball\u00bb global_colors_info=\u00bb{}\u00bb][et_pb_row _builder_version=\u00bb4.16&#8243; global_colors_info=\u00bb{}\u00bb][et_pb_column type=\u00bb4_4&#8243; _builder_version=\u00bb4.16&#8243; global_colors_info=\u00bb{}\u00bb][et_pb_text _builder_version=\u00bb4.16&#8243; text_font=\u00bbCookie||||||||\u00bb text_text_color=\u00bb#3C1518&#8243; text_font_size=\u00bb40px\u00bb text_line_height=\u00bb1em\u00bb width_tablet=\u00bb\u00bb width_phone=\u00bb80%\u00bb width_last_edited=\u00bbon|phone\u00bb module_alignment=\u00bbcenter\u00bb custom_margin=\u00bb||||false|false\u00bb global_colors_info=\u00bb{}\u00bb]<\/p>\n<p style=\"text-align: center;\">\u00bfQuieres venir a pasar unos d\u00edas?<\/p>\n<p>[\/et_pb_text][et_pb_button button_url=\u00bb@ET-DC@eyJkeW5hbWljIjp0cnVlLCJjb250ZW50IjoicG9zdF9saW5rX3VybF9wYWdlIiwic2V0dGluZ3MiOnsicG9zdF9pZCI6IjI5MDEifX0=@\u00bb button_text=\u00bbVer habitaciones\u00bb button_alignment=\u00bbcenter\u00bb _builder_version=\u00bb4.16&#8243; _dynamic_attributes=\u00bbbutton_url\u00bb custom_button=\u00bbon\u00bb button_text_color=\u00bb#3C1518&#8243; button_bg_color=\u00bbrgba(255,255,255,0.55)\u00bb button_border_color=\u00bb#3C1518&#8243; button_font=\u00bbDosis|300||on|||||\u00bb button_use_icon=\u00bboff\u00bb custom_padding=\u00bb15px|15px|15px|15px|false|false\u00bb custom_css_main_element=\u00bbwidth: 230px\u00bb global_colors_info=\u00bb{}\u00bb button_bg_color__hover_enabled=\u00bbon|hover\u00bb button_bg_color__hover=\u00bb#ffffff\u00bb button_bg_enable_color__hover=\u00bbon\u00bb][\/et_pb_button][\/et_pb_column][\/et_pb_row][\/et_pb_section]<\/p>\n","protected":false},"excerpt":{"rendered":"<p>El entornoNuestros alrededoresEl MontsenyLa Mas\u00eda est\u00e1 rodeada por una gran zona verde y terrazas naturales con bonitas vistas. La calma que se respira y el paisaje que domina el entorno del alojamiento garantizan una desconexi\u00f3n absoluta.Alrededor de la finca puedes encontrar gran variedad de \u00e1rboles: casta\u00f1os, hayas, fresnos, encinas, robles, avellanos, nogales, secuoyas\u2026 La finca [&hellip;]<\/p>\n","protected":false},"author":1,"featured_media":0,"parent":0,"menu_order":0,"comment_status":"closed","ping_status":"closed","template":"","meta":{"_et_pb_use_builder":"on","_et_pb_old_content":"","_et_gb_content_width":"","footnotes":""},"class_list":["post-4100","page","type-page","status-publish","hentry"],"yoast_head":"<!-- This site is optimized with the Yoast SEO plugin v27.3 - https:\/\/yoast.com\/product\/yoast-seo-wordpress\/ -->\n<title>El entorno - Mas Vilar<\/title>\n<meta name=\"robots\" content=\"index, follow, max-snippet:-1, max-image-preview:large, max-video-preview:-1\" \/>\n<link rel=\"canonical\" href=\"https:\/\/www.masvilar.cat\/entorn\/\" \/>\n<meta property=\"og:locale\" content=\"es_ES\" \/>\n<meta property=\"og:type\" content=\"article\" \/>\n<meta property=\"og:title\" content=\"El entorno - Mas Vilar\" \/>\n<meta property=\"og:description\" content=\"El entornoNuestros alrededoresEl MontsenyLa Mas\u00eda est\u00e1 rodeada por una gran zona verde y terrazas naturales con bonitas vistas. La calma que se respira y el paisaje que domina el entorno del alojamiento garantizan una desconexi\u00f3n absoluta.Alrededor de la finca puedes encontrar gran variedad de \u00e1rboles: casta\u00f1os, hayas, fresnos, encinas, robles, avellanos, nogales, secuoyas\u2026 La finca [&hellip;]\" \/>\n<meta property=\"og:url\" content=\"https:\/\/www.masvilar.cat\/entorn\/\" \/>\n<meta property=\"og:site_name\" content=\"Mas Vilar\" \/>\n<meta property=\"article:modified_time\" content=\"2024-05-13T17:54:57+00:00\" \/>\n<meta name=\"twitter:card\" content=\"summary_large_image\" \/>\n<meta name=\"twitter:label1\" content=\"Tiempo de lectura\" \/>\n\t<meta name=\"twitter:data1\" content=\"16 minutos\" \/>\n<script type=\"application\/ld+json\" class=\"yoast-schema-graph\">{\"@context\":\"https:\\\/\\\/schema.org\",\"@graph\":[{\"@type\":\"WebPage\",\"@id\":\"https:\\\/\\\/www.masvilar.cat\\\/entorn\\\/\",\"url\":\"https:\\\/\\\/www.masvilar.cat\\\/entorn\\\/\",\"name\":\"El entorno - Mas Vilar\",\"isPartOf\":{\"@id\":\"https:\\\/\\\/www.masvilar.cat\\\/#website\"},\"datePublished\":\"2021-01-12T16:14:40+00:00\",\"dateModified\":\"2024-05-13T17:54:57+00:00\",\"breadcrumb\":{\"@id\":\"https:\\\/\\\/www.masvilar.cat\\\/entorn\\\/#breadcrumb\"},\"inLanguage\":\"es\",\"potentialAction\":[{\"@type\":\"ReadAction\",\"target\":[\"https:\\\/\\\/www.masvilar.cat\\\/entorn\\\/\"]}]},{\"@type\":\"BreadcrumbList\",\"@id\":\"https:\\\/\\\/www.masvilar.cat\\\/entorn\\\/#breadcrumb\",\"itemListElement\":[{\"@type\":\"ListItem\",\"position\":1,\"name\":\"Inici\",\"item\":\"https:\\\/\\\/www.masvilar.cat\\\/es\\\/\"},{\"@type\":\"ListItem\",\"position\":2,\"name\":\"El entorno\"}]},{\"@type\":\"WebSite\",\"@id\":\"https:\\\/\\\/www.masvilar.cat\\\/#website\",\"url\":\"https:\\\/\\\/www.masvilar.cat\\\/\",\"name\":\"Mas Vilar\",\"description\":\"Turisme Rural al Montseny\",\"potentialAction\":[{\"@type\":\"SearchAction\",\"target\":{\"@type\":\"EntryPoint\",\"urlTemplate\":\"https:\\\/\\\/www.masvilar.cat\\\/?s={search_term_string}\"},\"query-input\":{\"@type\":\"PropertyValueSpecification\",\"valueRequired\":true,\"valueName\":\"search_term_string\"}}],\"inLanguage\":\"es\"}]}<\/script>\n<!-- \/ Yoast SEO plugin. -->","yoast_head_json":{"title":"El entorno - Mas Vilar","robots":{"index":"index","follow":"follow","max-snippet":"max-snippet:-1","max-image-preview":"max-image-preview:large","max-video-preview":"max-video-preview:-1"},"canonical":"https:\/\/www.masvilar.cat\/entorn\/","og_locale":"es_ES","og_type":"article","og_title":"El entorno - Mas Vilar","og_description":"El entornoNuestros alrededoresEl MontsenyLa Mas\u00eda est\u00e1 rodeada por una gran zona verde y terrazas naturales con bonitas vistas. La calma que se respira y el paisaje que domina el entorno del alojamiento garantizan una desconexi\u00f3n absoluta.Alrededor de la finca puedes encontrar gran variedad de \u00e1rboles: casta\u00f1os, hayas, fresnos, encinas, robles, avellanos, nogales, secuoyas\u2026 La finca [&hellip;]","og_url":"https:\/\/www.masvilar.cat\/entorn\/","og_site_name":"Mas Vilar","article_modified_time":"2024-05-13T17:54:57+00:00","twitter_card":"summary_large_image","twitter_misc":{"Tiempo de lectura":"16 minutos"},"schema":{"@context":"https:\/\/schema.org","@graph":[{"@type":"WebPage","@id":"https:\/\/www.masvilar.cat\/entorn\/","url":"https:\/\/www.masvilar.cat\/entorn\/","name":"El entorno - Mas Vilar","isPartOf":{"@id":"https:\/\/www.masvilar.cat\/#website"},"datePublished":"2021-01-12T16:14:40+00:00","dateModified":"2024-05-13T17:54:57+00:00","breadcrumb":{"@id":"https:\/\/www.masvilar.cat\/entorn\/#breadcrumb"},"inLanguage":"es","potentialAction":[{"@type":"ReadAction","target":["https:\/\/www.masvilar.cat\/entorn\/"]}]},{"@type":"BreadcrumbList","@id":"https:\/\/www.masvilar.cat\/entorn\/#breadcrumb","itemListElement":[{"@type":"ListItem","position":1,"name":"Inici","item":"https:\/\/www.masvilar.cat\/es\/"},{"@type":"ListItem","position":2,"name":"El entorno"}]},{"@type":"WebSite","@id":"https:\/\/www.masvilar.cat\/#website","url":"https:\/\/www.masvilar.cat\/","name":"Mas Vilar","description":"Turisme Rural al Montseny","potentialAction":[{"@type":"SearchAction","target":{"@type":"EntryPoint","urlTemplate":"https:\/\/www.masvilar.cat\/?s={search_term_string}"},"query-input":{"@type":"PropertyValueSpecification","valueRequired":true,"valueName":"search_term_string"}}],"inLanguage":"es"}]}},"_links":{"self":[{"href":"https:\/\/www.masvilar.cat\/es\/wp-json\/wp\/v2\/pages\/4100","targetHints":{"allow":["GET"]}}],"collection":[{"href":"https:\/\/www.masvilar.cat\/es\/wp-json\/wp\/v2\/pages"}],"about":[{"href":"https:\/\/www.masvilar.cat\/es\/wp-json\/wp\/v2\/types\/page"}],"author":[{"embeddable":true,"href":"https:\/\/www.masvilar.cat\/es\/wp-json\/wp\/v2\/users\/1"}],"replies":[{"embeddable":true,"href":"https:\/\/www.masvilar.cat\/es\/wp-json\/wp\/v2\/comments?post=4100"}],"version-history":[{"count":38,"href":"https:\/\/www.masvilar.cat\/es\/wp-json\/wp\/v2\/pages\/4100\/revisions"}],"predecessor-version":[{"id":8266,"href":"https:\/\/www.masvilar.cat\/es\/wp-json\/wp\/v2\/pages\/4100\/revisions\/8266"}],"wp:attachment":[{"href":"https:\/\/www.masvilar.cat\/es\/wp-json\/wp\/v2\/media?parent=4100"}],"curies":[{"name":"wp","href":"https:\/\/api.w.org\/{rel}","templated":true}]}}