{"id":4096,"date":"2021-01-12T16:09:37","date_gmt":"2021-01-12T16:09:37","guid":{"rendered":"http:\/\/masvilar.onfayaprojects.com\/estancias-de-empresa\/"},"modified":"2024-05-13T17:56:27","modified_gmt":"2024-05-13T17:56:27","slug":"estancias-empresa","status":"publish","type":"page","link":"https:\/\/www.masvilar.cat\/es\/estancias-empresa\/","title":{"rendered":"Estancias de empresa"},"content":{"rendered":"<p>[et_pb_section fb_built=\u00bb1&#8243; admin_label=\u00bbheaders\u00bb module_id=\u00bbtop\u00bb module_class=\u00bbheaders\u00bb _builder_version=\u00bb4.16&#8243; background_image=\u00bbhttps:\/\/www.masvilar.cat\/wp-content\/uploads\/2020\/12\/estades-empresa-banner-1.jpg\u00bb height=\u00bb500px\u00bb global_colors_info=\u00bb{}\u00bb][et_pb_row module_class=\u00bblogo-cap\u00bb _builder_version=\u00bb4.16&#8243; positioning=\u00bbabsolute\u00bb vertical_offset=\u00bb61px\u00bb horizontal_offset=\u00bb38px\u00bb width=\u00bb100%\u00bb max_width=\u00bb100%\u00bb custom_margin=\u00bb-50px||||false|false\u00bb global_colors_info=\u00bb{}\u00bb][et_pb_column type=\u00bb4_4&#8243; _builder_version=\u00bb4.16&#8243; global_colors_info=\u00bb{}\u00bb][et_pb_image src=\u00bbhttps:\/\/www.masvilar.cat\/wp-content\/uploads\/2020\/12\/logo-masvilar-blanc-e1608107345880.png\u00bb url=\u00bb@ET-DC@eyJkeW5hbWljIjp0cnVlLCJjb250ZW50IjoiaG9tZV91cmwiLCJzZXR0aW5ncyI6e319@\u00bb align_tablet=\u00bbcenter\u00bb align_phone=\u00bb\u00bb align_last_edited=\u00bbon|phone\u00bb _builder_version=\u00bb4.16&#8243; _dynamic_attributes=\u00bburl\u00bb width=\u00bb150px\u00bb global_colors_info=\u00bb{}\u00bb][\/et_pb_image][\/et_pb_column][\/et_pb_row][et_pb_row _builder_version=\u00bb4.16&#8243; positioning=\u00bbabsolute\u00bb position_origin_a=\u00bbbottom_right\u00bb width=\u00bb100%\u00bb max_width=\u00bb100%\u00bb global_colors_info=\u00bb{}\u00bb][et_pb_column type=\u00bb4_4&#8243; _builder_version=\u00bb4.16&#8243; global_colors_info=\u00bb{}\u00bb][et_pb_text _builder_version=\u00bb4.16&#8243; header_font=\u00bbCookie||||||||\u00bb header_text_color=\u00bb#ffffff\u00bb header_font_size=\u00bb40px\u00bb header_4_font=\u00bbCookie||||||||\u00bb header_4_text_align=\u00bbright\u00bb header_4_text_color=\u00bb#ffffff\u00bb header_4_font_size=\u00bb60px\u00bb background_color=\u00bbrgba(60,21,24,0.51)\u00bb width=\u00bb100%\u00bb max_width=\u00bb100%\u00bb module_alignment=\u00bbcenter\u00bb custom_padding=\u00bb5px|100px|0px||false|false\u00bb custom_padding_tablet=\u00bb|0px|||false|false\u00bb custom_padding_phone=\u00bb\u00bb custom_padding_last_edited=\u00bbon|desktop\u00bb header_4_text_align_tablet=\u00bbcenter\u00bb header_4_text_align_phone=\u00bbcenter\u00bb header_4_text_align_last_edited=\u00bbon|phone\u00bb header_4_font_size_tablet=\u00bb\u00bb header_4_font_size_phone=\u00bb40px\u00bb header_4_font_size_last_edited=\u00bbon|phone\u00bb text_orientation_tablet=\u00bbcenter\u00bb text_orientation_phone=\u00bbcenter\u00bb text_orientation_last_edited=\u00bbon|phone\u00bb global_colors_info=\u00bb{}\u00bb]<\/p>\n<h4>Estancias de empresa<\/h4>\n<p>[\/et_pb_text][\/et_pb_column][\/et_pb_row][\/et_pb_section][et_pb_section fb_built=\u00bb1&#8243; custom_padding_last_edited=\u00bbon|phone\u00bb _builder_version=\u00bb4.16&#8243; width=\u00bb90%\u00bb max_width=\u00bb1400px\u00bb module_alignment=\u00bbcenter\u00bb custom_margin=\u00bb50px||50px||false|false\u00bb custom_padding_tablet=\u00bb0px||||false|false\u00bb custom_padding_phone=\u00bb||20px||false|false\u00bb animation_style=\u00bbfade\u00bb border_width_all=\u00bb1px\u00bb border_color_all=\u00bbrgba(155,105,48,0.05)\u00bb global_colors_info=\u00bb{}\u00bb][et_pb_row column_structure=\u00bb3_5,2_5&#8243; _builder_version=\u00bb4.16&#8243; width=\u00bb90%\u00bb max_width=\u00bb1400px\u00bb global_colors_info=\u00bb{}\u00bb][et_pb_column type=\u00bb3_5&#8243; _builder_version=\u00bb4.16&#8243; global_colors_info=\u00bb{}\u00bb][et_pb_text _builder_version=\u00bb4.16&#8243; text_font=\u00bbDosis|300|||||||\u00bb text_font_size=\u00bb20px\u00bb text_line_height=\u00bb1.5em\u00bb text_font_size_tablet=\u00bb\u00bb text_font_size_phone=\u00bb18px\u00bb text_font_size_last_edited=\u00bbon|phone\u00bb global_colors_info=\u00bb{}\u00bb]<\/p>\n<p style=\"text-align: justify\">\u00bfSois una peque\u00f1a empresa o un departamento y os interesa realizar una <strong>estancia de trabajo, teletrabajar, teambuilding o trabajo de equipo, formaci\u00f3n, <em>coaching<\/em><\/strong> o simplemente necesit\u00e1is un lugar tranquilo para reuniros y trabajar?<\/p>\n<p style=\"text-align: justify\">\u00a1En Mas Vilar encontrar\u00e9is el espacio indicado para hacerlo!<\/p>\n<p style=\"text-align: justify\">\u00bfOs imagin\u00e1is hacer lo mismo, pero lejos de las cuatro paredes de la oficina? Tenemos todos los ingredientes para que pas\u00e9is uno o diversos d\u00edas con la m\u00e1xima calma para que vuestras reuniones sean lo m\u00e1s provechosas posible.<\/p>\n<p style=\"text-align: justify\">Podr\u00e9is utilizar l<strong>os espacios de que dispone la Masia que m\u00e1s se adapten a vuestras necesidades y actividades, tanto en el interior como en el exterior, adem\u00e1s de poder alojaros en nuestras habitaciones<\/strong>.<\/p>\n<p style=\"text-align: justify\">No tendr\u00e9is que preocuparos por nada m\u00e1s que por vuestro trabajo. Nosotros nos ocupamos de la comida, los <em>coffee breaks<\/em> y de todo lo que est\u00e9 en nuestras manos. \u00a1<strong>La magia del Montseny tambi\u00e9n estar\u00e1 presente<\/strong>!<\/p>\n<p style=\"text-align: justify\">Os podemos aconsejar tambi\u00e9n sobre algunas actividades e itinerarios que se realizan por la zona o en la propia Masia para complementar vuestra estancia.<\/p>\n<p>[\/et_pb_text][\/et_pb_column][et_pb_column type=\u00bb2_5&#8243; _builder_version=\u00bb4.16&#8243; global_colors_info=\u00bb{}\u00bb][et_pb_image src=\u00bbhttps:\/\/www.masvilar.cat\/wp-content\/uploads\/2020\/12\/empreses-02.jpg\u00bb align=\u00bbcenter\u00bb _builder_version=\u00bb4.16&#8243; global_colors_info=\u00bb{}\u00bb][\/et_pb_image][\/et_pb_column][\/et_pb_row][\/et_pb_section][et_pb_section fb_built=\u00bb1&#8243; _builder_version=\u00bb4.16&#8243; width=\u00bb90%\u00bb max_width=\u00bb1400px\u00bb module_alignment=\u00bbcenter\u00bb custom_margin=\u00bb||50px||false|false\u00bb animation_style=\u00bbfade\u00bb border_width_all=\u00bb1px\u00bb border_color_all=\u00bbrgba(155,105,48,0.05)\u00bb global_colors_info=\u00bb{}\u00bb][et_pb_row _builder_version=\u00bb4.16&#8243; width=\u00bb90%\u00bb max_width=\u00bb1400px\u00bb global_colors_info=\u00bb{}\u00bb][et_pb_column type=\u00bb4_4&#8243; _builder_version=\u00bb4.16&#8243; global_colors_info=\u00bb{}\u00bb][et_pb_text module_class=\u00bbtitols\u00bb _builder_version=\u00bb4.16&#8243; header_3_font=\u00bbMerriweather|||on|||||\u00bb header_3_font_size=\u00bb24px\u00bb header_3_letter_spacing=\u00bb4px\u00bb header_3_line_height=\u00bb30px\u00bb custom_margin=\u00bb0px||0px||false|false\u00bb custom_padding=\u00bb25px||15px||false|false\u00bb global_colors_info=\u00bb{}\u00bb]<\/p>\n<h3 style=\"text-align: center\">Cons\u00faltanos<\/h3>\n<p>[\/et_pb_text][\/et_pb_column][\/et_pb_row][et_pb_row _builder_version=\u00bb4.16&#8243; width=\u00bb90%\u00bb max_width=\u00bb1400px\u00bb global_colors_info=\u00bb{}\u00bb][et_pb_column type=\u00bb4_4&#8243; _builder_version=\u00bb4.16&#8243; global_colors_info=\u00bb{}\u00bb][et_pb_text _builder_version=\u00bb4.16&#8243; text_font=\u00bbDosis|300|||||||\u00bb text_font_size=\u00bb20px\u00bb text_line_height=\u00bb1.5em\u00bb link_text_color=\u00bb#9B6930&#8243; text_orientation=\u00bbjustified\u00bb text_font_size_tablet=\u00bb\u00bb text_font_size_phone=\u00bb18px\u00bb text_font_size_last_edited=\u00bbon|phone\u00bb global_colors_info=\u00bb{}\u00bb]<\/p>\n<p><span>Contactad con nosotros y contadnos vuestra propuesta y todo aquello que necesit\u00e9is para llevar a cabo vuestra estancia, a trav\u00e9s del siguiente formulario,<\/span><a href=\"https:\/\/www.masvilar.cat\/contacte\/\">llam\u00e1ndonos por tel\u00e9fono o envi\u00e1ndonos un email<\/a>.<\/p>\n<p>[\/et_pb_text][\/et_pb_column][\/et_pb_row][et_pb_row _builder_version=\u00bb4.16&#8243; width=\u00bb90%\u00bb max_width=\u00bb1400px\u00bb global_colors_info=\u00bb{}\u00bb][et_pb_column type=\u00bb4_4&#8243; _builder_version=\u00bb4.16&#8243; global_colors_info=\u00bb{}\u00bb][et_pb_contact_form email=\u00bbinfo@masvilar.cat\u00bb custom_message=\u00bbNom: %%Nom%%||et_pb_line_break_holder||||et_pb_line_break_holder||Empresa: %%Empresa%%||et_pb_line_break_holder||||et_pb_line_break_holder||Email: %%Email%%||et_pb_line_break_holder||||et_pb_line_break_holder||Tel\u00e8fon: %%Tel\u00e8fon%%||et_pb_line_break_holder||||et_pb_line_break_holder||Missatge: %%Message%%||et_pb_line_break_holder||||et_pb_line_break_holder||Privacitat: %%Privacitat%%\u00bb success_message=\u00bbMensaje recibido, \u00a1gracias!\u00bb submit_button_text=\u00bbEnviar\u00bb _builder_version=\u00bb4.16&#8243; _unique_id=\u00bb41be4b43-0026-4617-b735-5973da4e4a58&#8243; form_field_background_color=\u00bb#ffffff\u00bb form_field_text_color=\u00bb#666666&#8243; form_field_focus_text_color=\u00bb#9B6930&#8243; captcha_font=\u00bbDosis||||||||\u00bb captcha_text_color=\u00bb#9B6930&#8243; form_field_font=\u00bbDosis|300|||||||\u00bb form_field_font_size=\u00bb18px\u00bb custom_button=\u00bbon\u00bb button_text_size=\u00bb17px\u00bb button_text_color=\u00bb#ffffff\u00bb button_bg_color=\u00bb#9B6930&#8243; button_border_width=\u00bb0px\u00bb button_font=\u00bbDosis|||on|||||\u00bb button_use_icon=\u00bboff\u00bb button_custom_margin=\u00bb||||false|false\u00bb button_custom_padding=\u00bb2px|30px|2px|30px|false|false\u00bb width=\u00bb80%\u00bb width_tablet=\u00bb\u00bb width_phone=\u00bb100%\u00bb width_last_edited=\u00bbon|phone\u00bb max_width=\u00bb1000px\u00bb module_alignment=\u00bbcenter\u00bb custom_css_contact_button=\u00bbheight: 50px\u00bb custom_css_captcha_field=\u00bbheight: 30px; margin-top: 10px\u00bb border_width_all=\u00bb1px\u00bb border_color_all=\u00bb#9B6930&#8243; global_colors_info=\u00bb{}\u00bb button_bg_color__hover_enabled=\u00bbon|hover\u00bb button_bg_color__hover=\u00bb#3C1518&#8243; button_bg_enable_color__hover=\u00bbon\u00bb][et_pb_contact_field field_id=\u00bbNom\u00bb field_title=\u00bbNombre\u00bb fullwidth_field=\u00bbon\u00bb _builder_version=\u00bb4.16&#8243; global_colors_info=\u00bb{}\u00bb button_text_size__hover_enabled=\u00bboff\u00bb button_one_text_size__hover_enabled=\u00bboff\u00bb button_two_text_size__hover_enabled=\u00bboff\u00bb button_text_color__hover_enabled=\u00bboff\u00bb button_one_text_color__hover_enabled=\u00bboff\u00bb button_two_text_color__hover_enabled=\u00bboff\u00bb button_border_width__hover_enabled=\u00bboff\u00bb button_one_border_width__hover_enabled=\u00bboff\u00bb button_two_border_width__hover_enabled=\u00bboff\u00bb button_border_color__hover_enabled=\u00bboff\u00bb button_one_border_color__hover_enabled=\u00bboff\u00bb button_two_border_color__hover_enabled=\u00bboff\u00bb button_border_radius__hover_enabled=\u00bboff\u00bb button_one_border_radius__hover_enabled=\u00bboff\u00bb button_two_border_radius__hover_enabled=\u00bboff\u00bb button_letter_spacing__hover_enabled=\u00bboff\u00bb button_one_letter_spacing__hover_enabled=\u00bboff\u00bb button_two_letter_spacing__hover_enabled=\u00bboff\u00bb button_bg_color__hover_enabled=\u00bboff\u00bb button_one_bg_color__hover_enabled=\u00bboff\u00bb button_two_bg_color__hover_enabled=\u00bboff\u00bb][\/et_pb_contact_field][et_pb_contact_field field_id=\u00bbEmpresa\u00bb field_title=\u00bbEmpresa\u00bb fullwidth_field=\u00bbon\u00bb _builder_version=\u00bb4.16&#8243; global_colors_info=\u00bb{}\u00bb button_text_size__hover_enabled=\u00bboff\u00bb button_one_text_size__hover_enabled=\u00bboff\u00bb button_two_text_size__hover_enabled=\u00bboff\u00bb button_text_color__hover_enabled=\u00bboff\u00bb button_one_text_color__hover_enabled=\u00bboff\u00bb button_two_text_color__hover_enabled=\u00bboff\u00bb button_border_width__hover_enabled=\u00bboff\u00bb button_one_border_width__hover_enabled=\u00bboff\u00bb button_two_border_width__hover_enabled=\u00bboff\u00bb button_border_color__hover_enabled=\u00bboff\u00bb button_one_border_color__hover_enabled=\u00bboff\u00bb button_two_border_color__hover_enabled=\u00bboff\u00bb button_border_radius__hover_enabled=\u00bboff\u00bb button_one_border_radius__hover_enabled=\u00bboff\u00bb button_two_border_radius__hover_enabled=\u00bboff\u00bb button_letter_spacing__hover_enabled=\u00bboff\u00bb button_one_letter_spacing__hover_enabled=\u00bboff\u00bb button_two_letter_spacing__hover_enabled=\u00bboff\u00bb button_bg_color__hover_enabled=\u00bboff\u00bb button_one_bg_color__hover_enabled=\u00bboff\u00bb button_two_bg_color__hover_enabled=\u00bboff\u00bb][\/et_pb_contact_field][et_pb_contact_field field_id=\u00bbEmail\u00bb field_title=\u00bbCorreo electr\u00f3nico\u00bb field_type=\u00bbemail\u00bb fullwidth_field=\u00bbon\u00bb _builder_version=\u00bb4.16&#8243; global_colors_info=\u00bb{}\u00bb button_text_size__hover_enabled=\u00bboff\u00bb button_one_text_size__hover_enabled=\u00bboff\u00bb button_two_text_size__hover_enabled=\u00bboff\u00bb button_text_color__hover_enabled=\u00bboff\u00bb button_one_text_color__hover_enabled=\u00bboff\u00bb button_two_text_color__hover_enabled=\u00bboff\u00bb button_border_width__hover_enabled=\u00bboff\u00bb button_one_border_width__hover_enabled=\u00bboff\u00bb button_two_border_width__hover_enabled=\u00bboff\u00bb button_border_color__hover_enabled=\u00bboff\u00bb button_one_border_color__hover_enabled=\u00bboff\u00bb button_two_border_color__hover_enabled=\u00bboff\u00bb button_border_radius__hover_enabled=\u00bboff\u00bb button_one_border_radius__hover_enabled=\u00bboff\u00bb button_two_border_radius__hover_enabled=\u00bboff\u00bb button_letter_spacing__hover_enabled=\u00bboff\u00bb button_one_letter_spacing__hover_enabled=\u00bboff\u00bb button_two_letter_spacing__hover_enabled=\u00bboff\u00bb button_bg_color__hover_enabled=\u00bboff\u00bb button_one_bg_color__hover_enabled=\u00bboff\u00bb button_two_bg_color__hover_enabled=\u00bboff\u00bb][\/et_pb_contact_field][et_pb_contact_field field_id=\u00bbTel\u00e8fon\u00bb field_title=\u00bbTel\u00e9fono\u00bb fullwidth_field=\u00bbon\u00bb _builder_version=\u00bb4.16&#8243; global_colors_info=\u00bb{}\u00bb][\/et_pb_contact_field][et_pb_contact_field field_id=\u00bbMessage\u00bb field_title=\u00bb\u00a1Com\u00e9ntanos tu idea!\u00bb field_type=\u00bbtext\u00bb fullwidth_field=\u00bbon\u00bb _builder_version=\u00bb4.16&#8243; global_colors_info=\u00bb{}\u00bb button_text_size__hover_enabled=\u00bboff\u00bb button_one_text_size__hover_enabled=\u00bboff\u00bb button_two_text_size__hover_enabled=\u00bboff\u00bb button_text_color__hover_enabled=\u00bboff\u00bb button_one_text_color__hover_enabled=\u00bboff\u00bb button_two_text_color__hover_enabled=\u00bboff\u00bb button_border_width__hover_enabled=\u00bboff\u00bb button_one_border_width__hover_enabled=\u00bboff\u00bb button_two_border_width__hover_enabled=\u00bboff\u00bb button_border_color__hover_enabled=\u00bboff\u00bb button_one_border_color__hover_enabled=\u00bboff\u00bb button_two_border_color__hover_enabled=\u00bboff\u00bb button_border_radius__hover_enabled=\u00bboff\u00bb button_one_border_radius__hover_enabled=\u00bboff\u00bb button_two_border_radius__hover_enabled=\u00bboff\u00bb button_letter_spacing__hover_enabled=\u00bboff\u00bb button_one_letter_spacing__hover_enabled=\u00bboff\u00bb button_two_letter_spacing__hover_enabled=\u00bboff\u00bb button_bg_color__hover_enabled=\u00bboff\u00bb button_one_bg_color__hover_enabled=\u00bboff\u00bb button_two_bg_color__hover_enabled=\u00bboff\u00bb][\/et_pb_contact_field][et_pb_contact_field field_id=\u00bbPrivacitat\u00bb field_title=\u00bb \u00bb field_type=\u00bbcheckbox\u00bb checkbox_options=\u00bb%91{%22value%22:%22 Acepto  %22,%22checked%22:0,%22dragID%22:-1,%22link_url%22:%22\/es\/politica-de-privacidad%22,%22link_text%22:%22la pol\u00edtica de privacidad.%22}%93&#8243; fullwidth_field=\u00bbon\u00bb _builder_version=\u00bb4.16&#8243; global_colors_info=\u00bb{}\u00bb][\/et_pb_contact_field][\/et_pb_contact_form][\/et_pb_column][\/et_pb_row][\/et_pb_section][et_pb_section fb_built=\u00bb1&#8243; _builder_version=\u00bb4.7.7&#8243; background_color=\u00bbrgba(255,255,255,0.7)\u00bb background_image=\u00bbhttps:\/\/www.masvilar.cat\/wp-content\/uploads\/2020\/12\/mas-vilar-habitacions.jpg\u00bb background_position=\u00bbbottom_center\u00bb background_blend=\u00bbscreen\u00bb custom_margin=\u00bb||50px||false|false\u00bb mix_blend_mode=\u00bbmultiply\u00bb global_module=\u00bb43&#8243; saved_tabs=\u00bball\u00bb global_colors_info=\u00bb{}\u00bb][et_pb_row _builder_version=\u00bb4.16&#8243; global_colors_info=\u00bb{}\u00bb][et_pb_column type=\u00bb4_4&#8243; _builder_version=\u00bb4.16&#8243; global_colors_info=\u00bb{}\u00bb][et_pb_text _builder_version=\u00bb4.16&#8243; text_font=\u00bbCookie||||||||\u00bb text_text_color=\u00bb#3C1518&#8243; text_font_size=\u00bb40px\u00bb text_line_height=\u00bb1em\u00bb width_tablet=\u00bb\u00bb width_phone=\u00bb80%\u00bb width_last_edited=\u00bbon|phone\u00bb module_alignment=\u00bbcenter\u00bb custom_margin=\u00bb||||false|false\u00bb global_colors_info=\u00bb{}\u00bb]<\/p>\n<p style=\"text-align: center;\">\u00bfQuieres venir a pasar unos d\u00edas?<\/p>\n<p>[\/et_pb_text][et_pb_button button_url=\u00bb@ET-DC@eyJkeW5hbWljIjp0cnVlLCJjb250ZW50IjoicG9zdF9saW5rX3VybF9wYWdlIiwic2V0dGluZ3MiOnsicG9zdF9pZCI6IjI5MDEifX0=@\u00bb button_text=\u00bbVer habitaciones\u00bb button_alignment=\u00bbcenter\u00bb _builder_version=\u00bb4.16&#8243; _dynamic_attributes=\u00bbbutton_url\u00bb custom_button=\u00bbon\u00bb button_text_color=\u00bb#3C1518&#8243; button_bg_color=\u00bbrgba(255,255,255,0.55)\u00bb button_border_color=\u00bb#3C1518&#8243; button_font=\u00bbDosis|300||on|||||\u00bb button_use_icon=\u00bboff\u00bb custom_padding=\u00bb15px|15px|15px|15px|false|false\u00bb custom_css_main_element=\u00bbwidth: 230px\u00bb global_colors_info=\u00bb{}\u00bb button_bg_color__hover_enabled=\u00bbon|hover\u00bb button_bg_color__hover=\u00bb#ffffff\u00bb button_bg_enable_color__hover=\u00bbon\u00bb][\/et_pb_button][\/et_pb_column][\/et_pb_row][\/et_pb_section]<\/p>\n","protected":false},"excerpt":{"rendered":"<p>Estancias de empresa\u00bfSois una peque\u00f1a empresa o un departamento y os interesa realizar una estancia de trabajo, teletrabajar, teambuilding o trabajo de equipo, formaci\u00f3n, coaching o simplemente necesit\u00e1is un lugar tranquilo para reuniros y trabajar? \u00a1En Mas Vilar encontrar\u00e9is el espacio indicado para hacerlo! \u00bfOs imagin\u00e1is hacer lo mismo, pero lejos de las cuatro paredes [&hellip;]<\/p>\n","protected":false},"author":1,"featured_media":0,"parent":0,"menu_order":0,"comment_status":"closed","ping_status":"closed","template":"","meta":{"_et_pb_use_builder":"on","_et_pb_old_content":"","_et_gb_content_width":"","footnotes":""},"class_list":["post-4096","page","type-page","status-publish","hentry"],"yoast_head":"<!-- This site is optimized with the Yoast SEO plugin v27.3 - https:\/\/yoast.com\/product\/yoast-seo-wordpress\/ -->\n<title>Estancias de empresa - Mas Vilar<\/title>\n<meta name=\"robots\" content=\"index, follow, max-snippet:-1, max-image-preview:large, max-video-preview:-1\" \/>\n<link rel=\"canonical\" href=\"https:\/\/www.masvilar.cat\/estades-empresa\/\" \/>\n<meta property=\"og:locale\" content=\"es_ES\" \/>\n<meta property=\"og:type\" content=\"article\" \/>\n<meta property=\"og:title\" content=\"Estancias de empresa - Mas Vilar\" \/>\n<meta property=\"og:description\" content=\"Estancias de empresa\u00bfSois una peque\u00f1a empresa o un departamento y os interesa realizar una estancia de trabajo, teletrabajar, teambuilding o trabajo de equipo, formaci\u00f3n, coaching o simplemente necesit\u00e1is un lugar tranquilo para reuniros y trabajar? \u00a1En Mas Vilar encontrar\u00e9is el espacio indicado para hacerlo! \u00bfOs imagin\u00e1is hacer lo mismo, pero lejos de las cuatro paredes [&hellip;]\" \/>\n<meta property=\"og:url\" content=\"https:\/\/www.masvilar.cat\/estades-empresa\/\" \/>\n<meta property=\"og:site_name\" content=\"Mas Vilar\" \/>\n<meta property=\"article:modified_time\" content=\"2024-05-13T17:56:27+00:00\" \/>\n<meta name=\"twitter:card\" content=\"summary_large_image\" \/>\n<meta name=\"twitter:label1\" content=\"Tiempo de lectura\" \/>\n\t<meta name=\"twitter:data1\" content=\"10 minutos\" \/>\n<script type=\"application\/ld+json\" class=\"yoast-schema-graph\">{\"@context\":\"https:\\\/\\\/schema.org\",\"@graph\":[{\"@type\":\"WebPage\",\"@id\":\"https:\\\/\\\/www.masvilar.cat\\\/estades-empresa\\\/\",\"url\":\"https:\\\/\\\/www.masvilar.cat\\\/estades-empresa\\\/\",\"name\":\"Estancias de empresa - Mas Vilar\",\"isPartOf\":{\"@id\":\"https:\\\/\\\/www.masvilar.cat\\\/#website\"},\"datePublished\":\"2021-01-12T16:09:37+00:00\",\"dateModified\":\"2024-05-13T17:56:27+00:00\",\"breadcrumb\":{\"@id\":\"https:\\\/\\\/www.masvilar.cat\\\/estades-empresa\\\/#breadcrumb\"},\"inLanguage\":\"es\",\"potentialAction\":[{\"@type\":\"ReadAction\",\"target\":[\"https:\\\/\\\/www.masvilar.cat\\\/estades-empresa\\\/\"]}]},{\"@type\":\"BreadcrumbList\",\"@id\":\"https:\\\/\\\/www.masvilar.cat\\\/estades-empresa\\\/#breadcrumb\",\"itemListElement\":[{\"@type\":\"ListItem\",\"position\":1,\"name\":\"Inici\",\"item\":\"https:\\\/\\\/www.masvilar.cat\\\/es\\\/\"},{\"@type\":\"ListItem\",\"position\":2,\"name\":\"Estancias de empresa\"}]},{\"@type\":\"WebSite\",\"@id\":\"https:\\\/\\\/www.masvilar.cat\\\/#website\",\"url\":\"https:\\\/\\\/www.masvilar.cat\\\/\",\"name\":\"Mas Vilar\",\"description\":\"Turisme Rural al Montseny\",\"potentialAction\":[{\"@type\":\"SearchAction\",\"target\":{\"@type\":\"EntryPoint\",\"urlTemplate\":\"https:\\\/\\\/www.masvilar.cat\\\/?s={search_term_string}\"},\"query-input\":{\"@type\":\"PropertyValueSpecification\",\"valueRequired\":true,\"valueName\":\"search_term_string\"}}],\"inLanguage\":\"es\"}]}<\/script>\n<!-- \/ Yoast SEO plugin. -->","yoast_head_json":{"title":"Estancias de empresa - Mas Vilar","robots":{"index":"index","follow":"follow","max-snippet":"max-snippet:-1","max-image-preview":"max-image-preview:large","max-video-preview":"max-video-preview:-1"},"canonical":"https:\/\/www.masvilar.cat\/estades-empresa\/","og_locale":"es_ES","og_type":"article","og_title":"Estancias de empresa - Mas Vilar","og_description":"Estancias de empresa\u00bfSois una peque\u00f1a empresa o un departamento y os interesa realizar una estancia de trabajo, teletrabajar, teambuilding o trabajo de equipo, formaci\u00f3n, coaching o simplemente necesit\u00e1is un lugar tranquilo para reuniros y trabajar? \u00a1En Mas Vilar encontrar\u00e9is el espacio indicado para hacerlo! \u00bfOs imagin\u00e1is hacer lo mismo, pero lejos de las cuatro paredes [&hellip;]","og_url":"https:\/\/www.masvilar.cat\/estades-empresa\/","og_site_name":"Mas Vilar","article_modified_time":"2024-05-13T17:56:27+00:00","twitter_card":"summary_large_image","twitter_misc":{"Tiempo de lectura":"10 minutos"},"schema":{"@context":"https:\/\/schema.org","@graph":[{"@type":"WebPage","@id":"https:\/\/www.masvilar.cat\/estades-empresa\/","url":"https:\/\/www.masvilar.cat\/estades-empresa\/","name":"Estancias de empresa - Mas Vilar","isPartOf":{"@id":"https:\/\/www.masvilar.cat\/#website"},"datePublished":"2021-01-12T16:09:37+00:00","dateModified":"2024-05-13T17:56:27+00:00","breadcrumb":{"@id":"https:\/\/www.masvilar.cat\/estades-empresa\/#breadcrumb"},"inLanguage":"es","potentialAction":[{"@type":"ReadAction","target":["https:\/\/www.masvilar.cat\/estades-empresa\/"]}]},{"@type":"BreadcrumbList","@id":"https:\/\/www.masvilar.cat\/estades-empresa\/#breadcrumb","itemListElement":[{"@type":"ListItem","position":1,"name":"Inici","item":"https:\/\/www.masvilar.cat\/es\/"},{"@type":"ListItem","position":2,"name":"Estancias de empresa"}]},{"@type":"WebSite","@id":"https:\/\/www.masvilar.cat\/#website","url":"https:\/\/www.masvilar.cat\/","name":"Mas Vilar","description":"Turisme Rural al Montseny","potentialAction":[{"@type":"SearchAction","target":{"@type":"EntryPoint","urlTemplate":"https:\/\/www.masvilar.cat\/?s={search_term_string}"},"query-input":{"@type":"PropertyValueSpecification","valueRequired":true,"valueName":"search_term_string"}}],"inLanguage":"es"}]}},"_links":{"self":[{"href":"https:\/\/www.masvilar.cat\/es\/wp-json\/wp\/v2\/pages\/4096","targetHints":{"allow":["GET"]}}],"collection":[{"href":"https:\/\/www.masvilar.cat\/es\/wp-json\/wp\/v2\/pages"}],"about":[{"href":"https:\/\/www.masvilar.cat\/es\/wp-json\/wp\/v2\/types\/page"}],"author":[{"embeddable":true,"href":"https:\/\/www.masvilar.cat\/es\/wp-json\/wp\/v2\/users\/1"}],"replies":[{"embeddable":true,"href":"https:\/\/www.masvilar.cat\/es\/wp-json\/wp\/v2\/comments?post=4096"}],"version-history":[{"count":35,"href":"https:\/\/www.masvilar.cat\/es\/wp-json\/wp\/v2\/pages\/4096\/revisions"}],"predecessor-version":[{"id":8268,"href":"https:\/\/www.masvilar.cat\/es\/wp-json\/wp\/v2\/pages\/4096\/revisions\/8268"}],"wp:attachment":[{"href":"https:\/\/www.masvilar.cat\/es\/wp-json\/wp\/v2\/media?parent=4096"}],"curies":[{"name":"wp","href":"https:\/\/api.w.org\/{rel}","templated":true}]}}