{"id":4066,"date":"2021-01-12T16:00:15","date_gmt":"2021-01-12T16:00:15","guid":{"rendered":"http:\/\/masvilar.onfayaprojects.com\/las-habitaciones\/habitacion-el-faig\/"},"modified":"2023-05-16T08:17:40","modified_gmt":"2023-05-16T08:17:40","slug":"el-faig","status":"publish","type":"page","link":"https:\/\/www.masvilar.cat\/es\/habitaciones\/el-faig\/","title":{"rendered":"Habitaci\u00f3n El Faig"},"content":{"rendered":"<p>[et_pb_section fb_built=\u00bb1&#8243; admin_label=\u00bbheaders\u00bb module_id=\u00bbtop\u00bb module_class=\u00bbheaders castanyer\u00bb _builder_version=\u00bb4.16&#8243; background_image=\u00bbhttps:\/\/www.masvilar.cat\/wp-content\/uploads\/2020\/12\/banner-faig-1.jpg\u00bb height=\u00bb500px\u00bb global_colors_info=\u00bb{}\u00bb custom_css_main_element_last_edited=\u00bbon|phone\u00bb custom_css_main_element_phone=\u00bbbackground-position: -550px 0px !important\u00bb][et_pb_row module_class=\u00bblogo-cap\u00bb _builder_version=\u00bb4.16&#8243; positioning=\u00bbabsolute\u00bb vertical_offset=\u00bb61px\u00bb horizontal_offset=\u00bb38px\u00bb width=\u00bb100%\u00bb max_width=\u00bb100%\u00bb custom_margin=\u00bb-50px||||false|false\u00bb global_colors_info=\u00bb{}\u00bb][et_pb_column type=\u00bb4_4&#8243; _builder_version=\u00bb4.16&#8243; global_colors_info=\u00bb{}\u00bb][et_pb_image src=\u00bbhttps:\/\/www.masvilar.cat\/wp-content\/uploads\/2020\/12\/logo-masvilar-blanc-e1608107345880.png\u00bb url=\u00bb@ET-DC@eyJkeW5hbWljIjp0cnVlLCJjb250ZW50IjoiaG9tZV91cmwiLCJzZXR0aW5ncyI6e319@\u00bb align_tablet=\u00bbcenter\u00bb align_phone=\u00bbcenter\u00bb align_last_edited=\u00bbon|phone\u00bb _builder_version=\u00bb4.16&#8243; _dynamic_attributes=\u00bburl\u00bb width=\u00bb150px\u00bb global_colors_info=\u00bb{}\u00bb][\/et_pb_image][\/et_pb_column][\/et_pb_row][et_pb_row _builder_version=\u00bb4.16&#8243; positioning=\u00bbabsolute\u00bb position_origin_a=\u00bbbottom_right\u00bb width=\u00bb100%\u00bb max_width=\u00bb100%\u00bb global_colors_info=\u00bb{}\u00bb][et_pb_column type=\u00bb4_4&#8243; _builder_version=\u00bb4.16&#8243; global_colors_info=\u00bb{}\u00bb][et_pb_text _builder_version=\u00bb4.16&#8243; header_font=\u00bbCookie||||||||\u00bb header_text_color=\u00bb#ffffff\u00bb header_font_size=\u00bb40px\u00bb header_4_font=\u00bbCookie||||||||\u00bb header_4_text_align=\u00bbright\u00bb header_4_text_color=\u00bb#ffffff\u00bb header_4_font_size=\u00bb60px\u00bb background_color=\u00bbrgba(60,21,24,0.51)\u00bb width=\u00bb100%\u00bb max_width=\u00bb100%\u00bb module_alignment=\u00bbcenter\u00bb custom_padding=\u00bb5px|100px|0px||false|false\u00bb custom_padding_tablet=\u00bb|0px|||false|false\u00bb custom_padding_phone=\u00bb\u00bb custom_padding_last_edited=\u00bbon|desktop\u00bb header_4_text_align_tablet=\u00bbcenter\u00bb header_4_text_align_phone=\u00bbcenter\u00bb header_4_text_align_last_edited=\u00bbon|phone\u00bb header_4_font_size_tablet=\u00bb\u00bb header_4_font_size_phone=\u00bb40px\u00bb header_4_font_size_last_edited=\u00bbon|phone\u00bb text_orientation_tablet=\u00bbcenter\u00bb text_orientation_phone=\u00bbcenter\u00bb text_orientation_last_edited=\u00bbon|phone\u00bb global_colors_info=\u00bb{}\u00bb]<\/p>\n<h4>El Faig<\/h4>\n<p>[\/et_pb_text][\/et_pb_column][\/et_pb_row][\/et_pb_section][et_pb_section fb_built=\u00bb1&#8243; custom_padding_last_edited=\u00bbon|phone\u00bb _builder_version=\u00bb4.16&#8243; width=\u00bb90%\u00bb max_width=\u00bb1400px\u00bb module_alignment=\u00bbcenter\u00bb custom_margin=\u00bb50px||50px||false|false\u00bb custom_padding_tablet=\u00bb||0px||false|false\u00bb custom_padding_phone=\u00bb||0px||false|false\u00bb animation_style=\u00bbfade\u00bb border_width_all=\u00bb1px\u00bb border_color_all=\u00bbrgba(155,105,48,0.05)\u00bb global_colors_info=\u00bb{}\u00bb][et_pb_row _builder_version=\u00bb4.16&#8243; global_colors_info=\u00bb{}\u00bb][et_pb_column type=\u00bb4_4&#8243; _builder_version=\u00bb4.16&#8243; global_colors_info=\u00bb{}\u00bb][et_pb_text module_class=\u00bbtitols\u00bb _builder_version=\u00bb4.16&#8243; header_line_height=\u00bb0.8em\u00bb header_3_font=\u00bbMerriweather|||on|||||\u00bb header_3_font_size=\u00bb24px\u00bb header_3_letter_spacing=\u00bb4px\u00bb header_3_line_height=\u00bb30px\u00bb custom_margin=\u00bb0px||0px||false|false\u00bb custom_padding=\u00bb25px||15px||false|false\u00bb global_colors_info=\u00bb{}\u00bb]<\/p>\n<h3 style=\"text-align: center;\">Equipamientos y servicios<\/h3>\n<p>[\/et_pb_text][\/et_pb_column][\/et_pb_row][et_pb_row column_structure=\u00bb1_6,1_6,1_6,1_6,1_6,1_6&#8243; custom_padding_last_edited=\u00bbon|phone\u00bb _builder_version=\u00bb4.16&#8243; custom_margin_tablet=\u00bb\u00bb custom_margin_phone=\u00bb\u00bb custom_margin_last_edited=\u00bbon|phone\u00bb custom_padding=\u00bb||||false|false\u00bb custom_padding_tablet=\u00bb\u00bb custom_padding_phone=\u00bb||0px||false|false\u00bb global_colors_info=\u00bb{}\u00bb][et_pb_column type=\u00bb1_6&#8243; _builder_version=\u00bb4.16&#8243; global_colors_info=\u00bb{}\u00bb custom_css_main_element_last_edited=\u00bbon|phone\u00bb custom_css_main_element_tablet=\u00bbwidth: 33% !important\u00bb custom_css_main_element_phone=\u00bbwidth: 33% !important\u00bb][et_pb_blurb image=\u00bbhttps:\/\/www.masvilar.cat\/wp-content\/uploads\/2020\/12\/dues-persones.png\u00bb image_icon_width=\u00bb50px\u00bb _builder_version=\u00bb4.16&#8243; _module_preset=\u00bbdefault\u00bb body_font=\u00bbDosis|300|||||||\u00bb body_text_align=\u00bbcenter\u00bb body_text_color=\u00bb#430D11&#8243; custom_css_blurb_image=\u00bbmargin-bottom: 10px\u00bb image_max_width=\u00bb50px\u00bb global_colors_info=\u00bb{}\u00bb]2 personas[\/et_pb_blurb][\/et_pb_column][et_pb_column type=\u00bb1_6&#8243; _builder_version=\u00bb4.16&#8243; global_colors_info=\u00bb{}\u00bb custom_css_main_element_last_edited=\u00bbon|phone\u00bb custom_css_main_element_tablet=\u00bbwidth: 33% !important\u00bb custom_css_main_element_phone=\u00bbwidth: 33% !important\u00bb][et_pb_blurb image=\u00bbhttps:\/\/www.masvilar.cat\/wp-content\/uploads\/2020\/12\/hab-llitdob.jpg\u00bb image_icon_width=\u00bb50px\u00bb _builder_version=\u00bb4.16&#8243; _module_preset=\u00bbdefault\u00bb body_font=\u00bbDosis|300|||||||\u00bb body_text_align=\u00bbcenter\u00bb body_text_color=\u00bb#430D11&#8243; custom_css_blurb_image=\u00bbmargin-bottom: 10px\u00bb image_max_width=\u00bb50px\u00bb global_colors_info=\u00bb{}\u00bb]Cama matrimonio[\/et_pb_blurb][\/et_pb_column][et_pb_column type=\u00bb1_6&#8243; _builder_version=\u00bb4.16&#8243; global_colors_info=\u00bb{}\u00bb custom_css_main_element_last_edited=\u00bbon|phone\u00bb custom_css_main_element_tablet=\u00bbwidth: 33% !important\u00bb custom_css_main_element_phone=\u00bbwidth: 33% !important\u00bb][et_pb_blurb image=\u00bbhttps:\/\/www.masvilar.cat\/wp-content\/uploads\/2020\/12\/hab-dutxa.png\u00bb image_icon_width=\u00bb50px\u00bb _builder_version=\u00bb4.16&#8243; _module_preset=\u00bbdefault\u00bb body_font=\u00bbDosis|300|||||||\u00bb body_text_align=\u00bbcenter\u00bb body_text_color=\u00bb#430D11&#8243; custom_css_blurb_image=\u00bbmargin-bottom: 10px\u00bb image_max_width=\u00bb50px\u00bb global_colors_info=\u00bb{}\u00bb]Ba\u00f1o con ducha[\/et_pb_blurb][\/et_pb_column][et_pb_column type=\u00bb1_6&#8243; _builder_version=\u00bb4.16&#8243; global_colors_info=\u00bb{}\u00bb custom_css_main_element_last_edited=\u00bbon|phone\u00bb custom_css_main_element_tablet=\u00bbwidth: 33% !important\u00bb custom_css_main_element_phone=\u00bbwidth: 33% !important\u00bb][et_pb_blurb image=\u00bbhttps:\/\/www.masvilar.cat\/wp-content\/uploads\/2020\/12\/hab-sol.png\u00bb image_icon_width=\u00bb50px\u00bb _builder_version=\u00bb4.16&#8243; _module_preset=\u00bbdefault\u00bb body_font=\u00bbDosis|300|||||||\u00bb body_text_align=\u00bbcenter\u00bb body_text_color=\u00bb#430D11&#8243; custom_css_blurb_image=\u00bbmargin-bottom: 10px\u00bb image_max_width=\u00bb50px\u00bb global_colors_info=\u00bb{}\u00bb]Vistas exteriores[\/et_pb_blurb][\/et_pb_column][et_pb_column type=\u00bb1_6&#8243; _builder_version=\u00bb4.16&#8243; global_colors_info=\u00bb{}\u00bb custom_css_main_element_last_edited=\u00bbon|phone\u00bb custom_css_main_element_tablet=\u00bbwidth: 33% !important\u00bb custom_css_main_element_phone=\u00bbwidth: 33% !important\u00bb][et_pb_blurb image=\u00bbhttps:\/\/www.masvilar.cat\/wp-content\/uploads\/2020\/12\/hab-roballit.jpg\u00bb image_icon_width=\u00bb50px\u00bb _builder_version=\u00bb4.16&#8243; _module_preset=\u00bbdefault\u00bb body_font=\u00bbDosis|300|||||||\u00bb body_text_align=\u00bbcenter\u00bb body_text_color=\u00bb#430D11&#8243; custom_css_blurb_image=\u00bbmargin-bottom: 10px\u00bb image_max_width=\u00bb50px\u00bb global_colors_info=\u00bb{}\u00bb]S\u00e1banas[\/et_pb_blurb][\/et_pb_column][et_pb_column type=\u00bb1_6&#8243; _builder_version=\u00bb4.16&#8243; global_colors_info=\u00bb{}\u00bb custom_css_main_element_last_edited=\u00bbon|phone\u00bb custom_css_main_element_tablet=\u00bbwidth: 33% !important\u00bb custom_css_main_element_phone=\u00bbwidth: 33% !important\u00bb][et_pb_blurb image=\u00bbhttps:\/\/www.masvilar.cat\/wp-content\/uploads\/2020\/12\/hab-tovalloles.jpg\u00bb image_icon_width=\u00bb50px\u00bb _builder_version=\u00bb4.16&#8243; _module_preset=\u00bbdefault\u00bb body_font=\u00bbDosis|300|||||||\u00bb body_text_align=\u00bbcenter\u00bb body_text_color=\u00bb#430D11&#8243; custom_css_blurb_image=\u00bbmargin-bottom: 10px\u00bb image_max_width=\u00bb50px\u00bb global_colors_info=\u00bb{}\u00bb]Toallas de ba\u00f1o[\/et_pb_blurb][\/et_pb_column][\/et_pb_row][et_pb_row column_structure=\u00bb1_6,1_6,1_6,1_6,1_6,1_6&#8243; _builder_version=\u00bb4.16&#8243; custom_margin_tablet=\u00bb0px||||false|false\u00bb custom_margin_phone=\u00bb0px||||false|false\u00bb custom_margin_last_edited=\u00bbon|phone\u00bb custom_padding=\u00bb5px||||false|false\u00bb global_colors_info=\u00bb{}\u00bb][et_pb_column type=\u00bb1_6&#8243; _builder_version=\u00bb4.16&#8243; global_colors_info=\u00bb{}\u00bb custom_css_main_element_last_edited=\u00bbon|phone\u00bb custom_css_main_element_tablet=\u00bbwidth: 33% !important\u00bb custom_css_main_element_phone=\u00bbwidth: 33% !important\u00bb][et_pb_blurb image=\u00bbhttps:\/\/www.masvilar.cat\/wp-content\/uploads\/2020\/12\/hab-mosqui.jpg\u00bb image_icon_width=\u00bb50px\u00bb _builder_version=\u00bb4.16&#8243; _module_preset=\u00bbdefault\u00bb body_font=\u00bbDosis|300|||||||\u00bb body_text_align=\u00bbcenter\u00bb body_text_color=\u00bb#430D11&#8243; custom_css_blurb_image=\u00bbmargin-bottom: 10px\u00bb image_max_width=\u00bb50px\u00bb global_colors_info=\u00bb{}\u00bb]Mosquitera[\/et_pb_blurb][\/et_pb_column][et_pb_column type=\u00bb1_6&#8243; _builder_version=\u00bb4.16&#8243; global_colors_info=\u00bb{}\u00bb custom_css_main_element_last_edited=\u00bbon|phone\u00bb custom_css_main_element_tablet=\u00bbwidth: 33% !important\u00bb custom_css_main_element_phone=\u00bbwidth: 33% !important\u00bb][et_pb_blurb image=\u00bbhttps:\/\/www.masvilar.cat\/wp-content\/uploads\/2020\/12\/hab-cale.jpg\u00bb image_icon_width=\u00bb50px\u00bb _builder_version=\u00bb4.16&#8243; _module_preset=\u00bbdefault\u00bb body_font=\u00bbDosis|300|||||||\u00bb body_text_align=\u00bbcenter\u00bb body_text_color=\u00bb#430D11&#8243; custom_css_blurb_image=\u00bbmargin-bottom: 10px\u00bb image_max_width=\u00bb50px\u00bb global_colors_info=\u00bb{}\u00bb]Calefacci\u00f3n[\/et_pb_blurb][\/et_pb_column][et_pb_column type=\u00bb1_6&#8243; _builder_version=\u00bb4.16&#8243; global_colors_info=\u00bb{}\u00bb custom_css_main_element_last_edited=\u00bbon|phone\u00bb custom_css_main_element_tablet=\u00bbwidth: 33% !important\u00bb custom_css_main_element_phone=\u00bbwidth: 33% !important\u00bb][et_pb_blurb image=\u00bbhttps:\/\/www.masvilar.cat\/wp-content\/uploads\/2020\/12\/hab-secador.jpg\u00bb image_icon_width=\u00bb50px\u00bb _builder_version=\u00bb4.16&#8243; _module_preset=\u00bbdefault\u00bb body_font=\u00bbDosis|300|||||||\u00bb body_text_align=\u00bbcenter\u00bb body_text_color=\u00bb#430D11&#8243; custom_css_blurb_image=\u00bbmargin-bottom: 10px\u00bb image_max_width=\u00bb50px\u00bb global_colors_info=\u00bb{}\u00bb]Secador[\/et_pb_blurb][\/et_pb_column][et_pb_column type=\u00bb1_6&#8243; _builder_version=\u00bb4.16&#8243; global_colors_info=\u00bb{}\u00bb custom_css_main_element_last_edited=\u00bbon|phone\u00bb custom_css_main_element_tablet=\u00bbwidth: 33% !important\u00bb custom_css_main_element_phone=\u00bbwidth: 33% !important\u00bb][et_pb_blurb image=\u00bbhttps:\/\/www.masvilar.cat\/wp-content\/uploads\/2020\/12\/hab-neteja.jpg\u00bb image_icon_width=\u00bb50px\u00bb _builder_version=\u00bb4.16&#8243; _module_preset=\u00bbdefault\u00bb body_font=\u00bbDosis|300|||||||\u00bb body_text_align=\u00bbcenter\u00bb body_text_color=\u00bb#430D11&#8243; custom_css_blurb_image=\u00bbmargin-bottom: 10px\u00bb image_max_width=\u00bb50px\u00bb global_colors_info=\u00bb{}\u00bb]Limpieza diaria[\/et_pb_blurb][\/et_pb_column][et_pb_column type=\u00bb1_6&#8243; _builder_version=\u00bb4.16&#8243; global_colors_info=\u00bb{}\u00bb custom_css_main_element_last_edited=\u00bbon|phone\u00bb custom_css_main_element_tablet=\u00bbwidth: 33% !important\u00bb custom_css_main_element_phone=\u00bbwidth: 33% !important\u00bb][et_pb_blurb image=\u00bbhttps:\/\/www.masvilar.cat\/wp-content\/uploads\/2020\/12\/hab-esmorzar.jpg\u00bb image_icon_width=\u00bb50px\u00bb _builder_version=\u00bb4.16&#8243; _module_preset=\u00bbdefault\u00bb body_font=\u00bbDosis|300|||||||\u00bb body_text_align=\u00bbcenter\u00bb body_text_color=\u00bb#430D11&#8243; custom_css_blurb_image=\u00bbmargin-bottom: 10px\u00bb image_max_width=\u00bb50px\u00bb global_colors_info=\u00bb{}\u00bb]Desayuno incluido[\/et_pb_blurb][\/et_pb_column][et_pb_column type=\u00bb1_6&#8243; _builder_version=\u00bb4.16&#8243; global_colors_info=\u00bb{}\u00bb custom_css_main_element_last_edited=\u00bbon|phone\u00bb custom_css_main_element_tablet=\u00bbwidth: 33% !important\u00bb custom_css_main_element_phone=\u00bbwidth: 33% !important\u00bb][\/et_pb_column][\/et_pb_row][\/et_pb_section][et_pb_section fb_built=\u00bb1&#8243; _builder_version=\u00bb4.16&#8243; width=\u00bb90%\u00bb max_width=\u00bb1400px\u00bb module_alignment=\u00bbcenter\u00bb custom_margin=\u00bb||50px||false|false\u00bb animation_style=\u00bbfade\u00bb border_width_all=\u00bb1px\u00bb border_color_all=\u00bbrgba(155,105,48,0.05)\u00bb global_colors_info=\u00bb{}\u00bb][et_pb_row _builder_version=\u00bb4.16&#8243; global_colors_info=\u00bb{}\u00bb][et_pb_column type=\u00bb4_4&#8243; _builder_version=\u00bb4.16&#8243; global_colors_info=\u00bb{}\u00bb][et_pb_text module_class=\u00bbtitols\u00bb _builder_version=\u00bb4.16&#8243; header_3_font=\u00bbMerriweather|||on|||||\u00bb header_3_font_size=\u00bb24px\u00bb header_3_letter_spacing=\u00bb4px\u00bb header_3_line_height=\u00bb30px\u00bb custom_margin=\u00bb0px||0px||false|false\u00bb custom_padding=\u00bb25px||15px||false|false\u00bb global_colors_info=\u00bb{}\u00bb]<\/p>\n<h3 style=\"text-align: center;\">Desc\u00fabrela<\/h3>\n<p>[\/et_pb_text][\/et_pb_column][\/et_pb_row][et_pb_row _builder_version=\u00bb4.16&#8243; width_tablet=\u00bb\u00bb width_phone=\u00bb97%\u00bb width_last_edited=\u00bbon|phone\u00bb global_colors_info=\u00bb{}\u00bb][et_pb_column type=\u00bb4_4&#8243; _builder_version=\u00bb4.16&#8243; global_colors_info=\u00bb{}\u00bb][et_pb_code _builder_version=\u00bb4.16&#8243; global_colors_info=\u00bb{}\u00bb]<div class=\"carousel-slider-outer carousel-slider-outer-image-carousel carousel-slider-outer-3052\" style=\"--carousel-slider-nav-color:#fff6df;--carousel-slider-active-nav-color:#9b6930;--carousel-slider-arrow-size:45px;--carousel-slider-bullet-size:10px\">\n<div id=\"&#039;id-3052\" class=\"carousel-slider carousel-slider-3052 arrows-visibility-always dots-visibility-never arrows-inside dots-center dots-square owl-carousel\" data-slide-type=\"image-carousel\" data-owl-settings='{\"nav\":true,\"dots\":false,\"slideBy\":1,\"stagePadding\":0,\"margin\":5,\"loop\":true,\"lazyLoad\":true,\"autoplay\":false,\"autoplayTimeout\":3000,\"autoplaySpeed\":700,\"autoplayHoverPause\":false,\"autoWidth\":false,\"responsive\":{\"300\":{\"items\":1},\"576\":{\"items\":2},\"768\":{\"items\":2},\"1024\":{\"items\":3},\"1280\":{\"items\":4},\"1536\":{\"items\":5}}}'>\n<div class=\"carousel-slider__item\">\n\t<a class=\"magnific-popup\" href=\"https:\/\/www.masvilar.cat\/wp-content\/uploads\/2020\/12\/faig-01.jpg\" data-width=\"500\" data-height=\"500\"><img class=\"owl-lazy\" data-src=\"https:\/\/www.masvilar.cat\/wp-content\/uploads\/2020\/12\/faig-01.jpg\" alt=\"\"><\/a><\/div>\n\n<div class=\"carousel-slider__item\">\n\t<a class=\"magnific-popup\" href=\"https:\/\/www.masvilar.cat\/wp-content\/uploads\/2020\/12\/faig-05.jpg\" data-width=\"500\" data-height=\"500\"><img class=\"owl-lazy\" data-src=\"https:\/\/www.masvilar.cat\/wp-content\/uploads\/2020\/12\/faig-05.jpg\" alt=\"\"><\/a><\/div>\n\n<div class=\"carousel-slider__item\">\n\t<a class=\"magnific-popup\" href=\"https:\/\/www.masvilar.cat\/wp-content\/uploads\/2020\/12\/faig-04.jpg\" data-width=\"500\" data-height=\"500\"><img class=\"owl-lazy\" data-src=\"https:\/\/www.masvilar.cat\/wp-content\/uploads\/2020\/12\/faig-04.jpg\" alt=\"\"><\/a><\/div>\n\n<div class=\"carousel-slider__item\">\n\t<a class=\"magnific-popup\" href=\"https:\/\/www.masvilar.cat\/wp-content\/uploads\/2020\/12\/faig-03.jpg\" data-width=\"500\" data-height=\"500\"><img class=\"owl-lazy\" data-src=\"https:\/\/www.masvilar.cat\/wp-content\/uploads\/2020\/12\/faig-03.jpg\" alt=\"\"><\/a><\/div>\n\n<div class=\"carousel-slider__item\">\n\t<a class=\"magnific-popup\" href=\"https:\/\/www.masvilar.cat\/wp-content\/uploads\/2020\/12\/faig-02.jpg\" data-width=\"500\" data-height=\"500\"><img class=\"owl-lazy\" data-src=\"https:\/\/www.masvilar.cat\/wp-content\/uploads\/2020\/12\/faig-02.jpg\" alt=\"\"><\/a><\/div>\n\n<\/div><!-- .carousel-slider-3052 -->\n<\/div><!-- .carousel-slider-outer-3052 -->\n[\/et_pb_code][\/et_pb_column][\/et_pb_row][\/et_pb_section][et_pb_section fb_built=\u00bb1&#8243; admin_label=\u00bbPREUS\u00bb module_id=\u00bbtarifas\u00bb _builder_version=\u00bb4.16&#8243; width=\u00bb90%\u00bb max_width=\u00bb1400px\u00bb module_alignment=\u00bbcenter\u00bb custom_margin=\u00bb||50px||false|false\u00bb animation_style=\u00bbfade\u00bb border_width_all=\u00bb1px\u00bb border_color_all=\u00bbrgba(155,105,48,0.05)\u00bb global_module=\u00bb3328&#8243; global_colors_info=\u00bb{}\u00bb][et_pb_row admin_label=\u00bbRow\u00bb _builder_version=\u00bb4.16&#8243; width=\u00bb90%\u00bb max_width=\u00bb1400px\u00bb global_colors_info=\u00bb{}\u00bb][et_pb_column type=\u00bb4_4&#8243; _builder_version=\u00bb4.16&#8243; global_colors_info=\u00bb{}\u00bb][et_pb_text module_class=\u00bbtitols\u00bb _builder_version=\u00bb4.16&#8243; header_3_font=\u00bbMerriweather|||on|||||\u00bb header_3_font_size=\u00bb24px\u00bb header_3_letter_spacing=\u00bb4px\u00bb header_3_line_height=\u00bb30px\u00bb custom_margin=\u00bb0px||0px||false|false\u00bb custom_padding=\u00bb25px||15px||false|false\u00bb locked=\u00bboff\u00bb global_colors_info=\u00bb{}\u00bb]<\/p>\n<h3 style=\"text-align: center;\">TARIFAS<\/h3>\n<p>[\/et_pb_text][\/et_pb_column][\/et_pb_row][et_pb_row column_structure=\u00bb1_2,1_2&#8243; _builder_version=\u00bb4.16&#8243; width=\u00bb90%\u00bb max_width=\u00bb1400px\u00bb custom_margin=\u00bb20px||||false|false\u00bb global_colors_info=\u00bb{}\u00bb][et_pb_column type=\u00bb1_2&#8243; _builder_version=\u00bb4.16&#8243; global_colors_info=\u00bb{}\u00bb][et_pb_text _builder_version=\u00bb4.18.0&#8243; text_font=\u00bbDosis||||||||\u00bb header_2_text_color=\u00bb#9B6930&#8243; header_2_font_size=\u00bb20px\u00bb global_colors_info=\u00bb{}\u00bb]<\/p>\n<h2 style=\"text-align: center;\">TEMPORADA BAJA<\/h2>\n<p>&nbsp;<\/p>\n<table>\n<tbody>\n<tr>\n<td style=\"font-weight: bold;\">DESAYUNO<\/td>\n<td style=\"text-align: center;\">Adulto<br \/>52\u20ac<\/td>\n<td style=\"text-align: center;\">Ni\u00f1o<br \/>25\u20ac<\/td>\n<\/tr>\n<tr>\n<td style=\"font-weight: bold;\">MEDIA PENSI\u00d3N<\/td>\n<td style=\"text-align: center;\">Adulto<br \/>72\u20ac<\/td>\n<td style=\"text-align: center;\">Ni\u00f1o<br \/>35\u20ac<\/td>\n<\/tr>\n<tr>\n<td style=\"font-weight: bold;\">PENSI\u00d3N COMPLETA<\/td>\n<td style=\"text-align: center;\">Adulto<br \/>92\u20ac<\/td>\n<td style=\"text-align: center;\">Ni\u00f1o<br \/>45\u20ac<\/td>\n<\/tr>\n<\/tbody>\n<\/table>\n<p>[\/et_pb_text][\/et_pb_column][et_pb_column type=\u00bb1_2&#8243; _builder_version=\u00bb4.16&#8243; global_colors_info=\u00bb{}\u00bb][et_pb_text _builder_version=\u00bb4.18.0&#8243; text_font=\u00bbDosis||||||||\u00bb header_2_text_color=\u00bb#9B6930&#8243; header_2_font_size=\u00bb20px\u00bb global_colors_info=\u00bb{}\u00bb]<\/p>\n<h2 style=\"text-align: center;\">TEMPORADA ALTA<\/h2>\n<p>&nbsp;<\/p>\n<table>\n<tbody>\n<tr>\n<td style=\"font-weight: bold;\">DESAYUNO<\/td>\n<td style=\"text-align: center;\">Adulto<br \/>55\u20ac<\/td>\n<td style=\"text-align: center;\">Ni\u00f1o<br \/>25\u20ac<\/td>\n<\/tr>\n<tr>\n<td style=\"font-weight: bold;\">MEDIA PENSI\u00d3N<\/td>\n<td style=\"text-align: center;\">Adulto<br \/>75\u20ac<\/td>\n<td style=\"text-align: center;\">Ni\u00f1o<br \/>35\u20ac<\/td>\n<\/tr>\n<tr>\n<td style=\"font-weight: bold;\">PENSI\u00d3N COMPLETA<\/td>\n<td style=\"text-align: center;\">Adulto<br \/>95\u20ac<\/td>\n<td style=\"text-align: center;\">Ni\u00f1o<br \/>45\u20ac<\/td>\n<\/tr>\n<\/tbody>\n<\/table>\n<p>[\/et_pb_text][\/et_pb_column][\/et_pb_row][et_pb_row column_structure=\u00bb1_2,1_2&#8243; _builder_version=\u00bb4.16&#8243; width=\u00bb90%\u00bb max_width=\u00bb1400px\u00bb global_colors_info=\u00bb{}\u00bb][et_pb_column type=\u00bb1_2&#8243; _builder_version=\u00bb4.16&#8243; global_colors_info=\u00bb{}\u00bb][et_pb_text _builder_version=\u00bb4.16&#8243; text_font=\u00bbDosis|300|||||||\u00bb text_font_size=\u00bb18px\u00bb link_line_height=\u00bb1.2em\u00bb ul_line_height=\u00bb1.5em\u00bb custom_padding=\u00bb4px|||||\u00bb global_colors_info=\u00bb{}\u00bb]<\/p>\n<p>Consultar precios para ni\u00f1os mayores de 7 a\u00f1os.<\/p>\n<p>Caracter\u00edsticas de las comidas:<\/p>\n<ul style=\"margin-top: 10px; margin-left: 20px;\">\n<li>El bufet del desayuno es muy completo.<\/li>\n<li>Las comidas se basan en un men\u00fa \u00fanico, siempre casero, que incluye: primer plato, segundo plato, postre, pan, agua y vino de la casa.<\/li>\n<li>Se puede optar por la opci\u00f3n vegetariana o p\u00edcnic al mediod\u00eda con reserva previa (el d\u00eda anterior). En caso de intolerancias hay que informar con antelaci\u00f3n para poder realizar las adaptaciones.<\/li>\n<\/ul>\n<p>[\/et_pb_text][\/et_pb_column][et_pb_column type=\u00bb1_2&#8243; _builder_version=\u00bb4.16&#8243; global_colors_info=\u00bb{}\u00bb][et_pb_text _builder_version=\u00bb4.18.0&#8243; text_font=\u00bbDosis|300|||||||\u00bb text_font_size=\u00bb18px\u00bb link_line_height=\u00bb1.2em\u00bb ul_line_height=\u00bb1.5em\u00bb custom_padding=\u00bb4px|||||\u00bb global_colors_info=\u00bb{}\u00bb]<\/p>\n<div class=\"masia-piscina clear border\">\n<ul class=\"condicions-preus\">\n<li><span style=\"text-decoration: underline;\">Temporada Alta:<\/span> Semana Santa, San Juan, del 15 de Juio al 31 de Agosto, algunos puentes y *Navidad, *Fin de a\u00f1o (*consultar suplements)<\/li>\n<li><span style=\"text-decoration: underline;\">Temporada baja<\/span>: resto del a\u00f1o<\/li>\n<li>La estancia m\u00ednima es de dos noches (que incluyen desayuno), excepto algunos puentes o festivos. En caso de duda, cons\u00faltanos.<\/li>\n<\/ul>\n<\/div>\n<p>[\/et_pb_text][\/et_pb_column][\/et_pb_row][\/et_pb_section][et_pb_section fb_built=\u00bb1&#8243; _builder_version=\u00bb4.16&#8243; width=\u00bb90%\u00bb max_width=\u00bb1400px\u00bb module_alignment=\u00bbcenter\u00bb custom_margin=\u00bb||50px||false|false\u00bb animation_style=\u00bbfade\u00bb border_width_all=\u00bb1px\u00bb border_color_all=\u00bbrgba(155,105,48,0.05)\u00bb global_colors_info=\u00bb{}\u00bb][et_pb_row _builder_version=\u00bb4.16&#8243; global_colors_info=\u00bb{}\u00bb][et_pb_column type=\u00bb4_4&#8243; _builder_version=\u00bb4.16&#8243; global_colors_info=\u00bb{}\u00bb][et_pb_text module_class=\u00bbtitols\u00bb _builder_version=\u00bb4.16&#8243; header_3_font=\u00bbMerriweather|||on|||||\u00bb header_3_font_size=\u00bb24px\u00bb header_3_letter_spacing=\u00bb4px\u00bb header_3_line_height=\u00bb30px\u00bb custom_margin=\u00bb0px||0px||false|false\u00bb custom_padding=\u00bb25px||15px||false|false\u00bb global_colors_info=\u00bb{}\u00bb]<\/p>\n<h3 style=\"text-align: center;\">Reserva<\/h3>\n<p>[\/et_pb_text][\/et_pb_column][\/et_pb_row][et_pb_row _builder_version=\u00bb4.16&#8243; width=\u00bb90%\u00bb width_tablet=\u00bb100%\u00bb width_phone=\u00bb\u00bb width_last_edited=\u00bbon|phone\u00bb max_width=\u00bb1400px\u00bb custom_padding=\u00bb|5px||5px|false|false\u00bb global_colors_info=\u00bb{}\u00bb][et_pb_column type=\u00bb4_4&#8243; _builder_version=\u00bb4.16&#8243; global_colors_info=\u00bb{}\u00bb][et_pb_text _builder_version=\u00bb4.18.0&#8243; text_font=\u00bbDosis|300|||||||\u00bb text_text_color=\u00bb#666666&#8243; text_font_size=\u00bb20px\u00bb text_orientation=\u00bbcenter\u00bb custom_margin=\u00bb||60px|||\u00bb custom_padding=\u00bb|10px||10px|false|false\u00bb text_font_size_tablet=\u00bb\u00bb text_font_size_phone=\u00bb18px\u00bb text_font_size_last_edited=\u00bbon|phone\u00bb text_orientation_tablet=\u00bbjustified\u00bb text_orientation_phone=\u00bb\u00bb text_orientation_last_edited=\u00bbon|phone\u00bb global_colors_info=\u00bb{}\u00bb]<\/p>\n<p>Consulta la disponibilidad de la habitaci\u00f3n Faig, ideal parejas y reserva tu estancia en Mas Vilar. <strong>La estancia m\u00ednima es de dos noches con desayuno.<\/strong> Para otras opciones, cons\u00faltanos.<\/p>\n<p>Si tienes dudas o quieres contactar con nosotros <strong><u><a href=\"https:\/\/www.masvilar.cat\/es\/contacto\/\">clica aqu\u00ed<\/a><\/u><\/strong>, o si quieres hacer reserva online, clica en el bot\u00f3n de debajo. Te esperamos!<\/p>\n<p>[\/et_pb_text][et_pb_toggle title=\u00bbRESERVAR ONLINE\u00bb open_toggle_text_color=\u00bbrgba(0,0,0,0)\u00bb open_toggle_background_color=\u00bbrgba(0,0,0,0)\u00bb closed_toggle_text_color=\u00bb#ffffff\u00bb closed_toggle_background_color=\u00bb#9B6930&#8243; _builder_version=\u00bb4.21.0&#8243; title_font=\u00bbDosis||||||||\u00bb title_text_align=\u00bbcenter\u00bb hover_enabled=\u00bb0&#8243; custom_css_toggle_title=\u00bbmargin-left: 30px\u00bb custom_css_toggle_icon=\u00bbdisplay: none\u00bb border_color_all=\u00bb#9B6930&#8243; global_colors_info=\u00bb{}\u00bb sticky_enabled=\u00bb0&#8243;]<iframe src=\"https:\/\/mas-vilar.amenitiz.io\/es\/booking\/room\" width=\"100%\" height=\"1000px\"><\/iframe>[\/et_pb_toggle][\/et_pb_column][\/et_pb_row][et_pb_row _builder_version=\u00bb4.16&#8243; global_colors_info=\u00bb{}\u00bb][et_pb_column type=\u00bb4_4&#8243; _builder_version=\u00bb4.16&#8243; global_colors_info=\u00bb{}\u00bb][et_pb_button button_url=\u00bb@ET-DC@eyJkeW5hbWljIjp0cnVlLCJjb250ZW50IjoicG9zdF9saW5rX3VybF9wYWdlIiwic2V0dGluZ3MiOnsicG9zdF9pZCI6IjI5MDEifX0=@\u00bb button_text=\u00bbVer otras habitaciones\u00bb button_alignment=\u00bbcenter\u00bb _builder_version=\u00bb4.16&#8243; _dynamic_attributes=\u00bbbutton_url\u00bb custom_button=\u00bbon\u00bb button_text_size=\u00bb16px\u00bb button_text_color=\u00bb#ffffff\u00bb button_bg_color=\u00bb#3C1518&#8243; button_border_width=\u00bb0px\u00bb button_border_radius=\u00bb3%\u00bb button_font=\u00bbDosis|||on|||||\u00bb button_use_icon=\u00bboff\u00bb custom_margin=\u00bb100px||||false|false\u00bb custom_padding=\u00bb14px|20px|14px|20px|false|false\u00bb custom_css_main_element=\u00bbwidth: 250px\u00bb global_colors_info=\u00bb{}\u00bb button_bg_color__hover_enabled=\u00bbon|hover\u00bb button_bg_color__hover=\u00bb#9B6930&#8243; button_bg_enable_color__hover=\u00bbon\u00bb][\/et_pb_button][\/et_pb_column][\/et_pb_row][\/et_pb_section][et_pb_section fb_built=\u00bb1&#8243; disabled_on=\u00bboff|off|off\u00bb _builder_version=\u00bb4.7.7&#8243; background_color=\u00bbrgba(255,255,255,0.51)\u00bb background_image=\u00bbhttps:\/\/www.masvilar.cat\/wp-content\/uploads\/2020\/12\/mas-vilar-contactar.jpg\u00bb background_blend=\u00bblighten\u00bb custom_margin=\u00bb||50px||false|false\u00bb global_module=\u00bb4573&#8243; global_colors_info=\u00bb{}\u00bb][et_pb_row _builder_version=\u00bb4.16&#8243; background_size=\u00bbinitial\u00bb background_position=\u00bbtop_left\u00bb background_repeat=\u00bbrepeat\u00bb global_colors_info=\u00bb{}\u00bb][et_pb_column type=\u00bb4_4&#8243; _builder_version=\u00bb4.16&#8243; global_colors_info=\u00bb{}\u00bb][et_pb_text _builder_version=\u00bb4.16&#8243; text_font=\u00bbCookie||||||||\u00bb text_text_color=\u00bb#3c1518&#8243; text_font_size=\u00bb40px\u00bb text_orientation=\u00bbcenter\u00bb global_colors_info=\u00bb{}\u00bb]<\/p>\n<p>\u00bfTienes alguna duda?<\/p>\n<p>[\/et_pb_text][et_pb_button button_url=\u00bb@ET-DC@eyJkeW5hbWljIjp0cnVlLCJjb250ZW50IjoicG9zdF9saW5rX3VybF9wYWdlIiwic2V0dGluZ3MiOnsicG9zdF9pZCI6IjI4ODYifX0=@\u00bb button_text=\u00bbCONT\u00c1CTANOS\u00bb button_alignment=\u00bbcenter\u00bb _builder_version=\u00bb4.16&#8243; _dynamic_attributes=\u00bbbutton_url\u00bb custom_button=\u00bbon\u00bb button_text_color=\u00bb#3c1518&#8243; button_bg_color=\u00bbrgba(255,255,255,0.55)\u00bb button_border_color=\u00bb#3c1518&#8243; button_font=\u00bbDosis|300||on|||||\u00bb button_use_icon=\u00bboff\u00bb custom_padding=\u00bb15px|15px|15px|15px|false|false\u00bb custom_css_main_element=\u00bbwidth: 230px\u00bb global_colors_info=\u00bb{}\u00bb button_bg_color__hover_enabled=\u00bbon|hover\u00bb button_bg_color__hover=\u00bb#ffffff\u00bb button_bg_enable_color__hover=\u00bbon\u00bb][\/et_pb_button][\/et_pb_column][\/et_pb_row][\/et_pb_section][et_pb_section fb_built=\u00bb1&#8243; _builder_version=\u00bb4.16&#8243; background_color=\u00bb#fff6df\u00bb custom_padding=\u00bb0px|20px|0px|20px|false|false\u00bb saved_tabs=\u00bball\u00bb global_colors_info=\u00bb{}\u00bb][et_pb_row column_structure=\u00bb3_5,2_5&#8243; _builder_version=\u00bb4.16&#8243; width=\u00bb100%\u00bb max_width=\u00bb100%\u00bb custom_margin=\u00bb||||false|false\u00bb global_colors_info=\u00bb{}\u00bb][et_pb_column type=\u00bb3_5&#8243; _builder_version=\u00bb4.16&#8243; global_colors_info=\u00bb{}\u00bb][et_pb_text _builder_version=\u00bb4.16&#8243; text_font=\u00bbDosis|600||on|||||\u00bb text_text_color=\u00bb#3C1518&#8243; text_font_size=\u00bb16px\u00bb custom_margin=\u00bb||20px||false|false\u00bb border_color_all=\u00bb#3c1518&#8243; border_width_bottom=\u00bb1px\u00bb global_colors_info=\u00bb{}\u00bb]<\/p>\n<p>Encu\u00e9ntranos!<\/p>\n<p>[\/et_pb_text][et_pb_code _builder_version=\u00bb4.16&#8243; custom_margin=\u00bb||16px|||\u00bb global_colors_info=\u00bb{}\u00bb]<iframe src=\"https:\/\/www.google.com\/maps\/embed?pb=!1m18!1m12!1m3!1d2973.912655738031!2d2.478769315680075!3d41.80864197773663!2m3!1f0!2f0!3f0!3m2!1i1024!2i768!4f13.1!3m3!1m2!1s0x12bb2c9f4d21a255%3A0xa3a9fb1d4e1a9929!2sMAS%20VILAR!5e0!3m2!1ses!2ses!4v1612276295768!5m2!1ses!2ses\" width=\"100%\" height=\"450\" frameborder=\"0\" style=\"border:0;\" allowfullscreen=\"\" aria-hidden=\"false\" tabindex=\"0\"><\/iframe>[\/et_pb_code][et_pb_text _builder_version=\u00bb4.16&#8243; text_font=\u00bbDosis|300|||||||\u00bb text_text_color=\u00bb#3c1518&#8243; custom_margin=\u00bb||20px||false|false\u00bb global_colors_info=\u00bb{}\u00bb]<\/p>\n<p>Parc Natural del Montseny. Carretera de Santa Fe, s\/n 17401 Arb\u00facies, Girona. &#8211; N\u00famero de Registro Turisme Catalunya Pg 00823.<\/p>\n<p>[\/et_pb_text][et_pb_button button_url=\u00bbhttps:\/\/www.masvilar.cat\/es\/contacto\/#indicaciones\u00bb button_text=\u00bbINDICACIONES\u00bb button_alignment=\u00bbleft\u00bb _builder_version=\u00bb4.16&#8243; custom_button=\u00bbon\u00bb button_text_size=\u00bb17px\u00bb button_text_color=\u00bb#3C1518&#8243; button_bg_color=\u00bbrgba(0,0,0,0)\u00bb button_border_width=\u00bb1px\u00bb button_border_color=\u00bb#3C1518&#8243; button_font=\u00bbDosis|300|||||||\u00bb button_use_icon=\u00bboff\u00bb global_colors_info=\u00bb{}\u00bb button_bg_color__hover_enabled=\u00bbon|hover\u00bb button_bg_color__hover=\u00bb#3C1518&#8243; button_bg_enable_color__hover=\u00bbon\u00bb button_text_color__hover_enabled=\u00bbon|desktop\u00bb button_text_color__hover=\u00bb#fff6df\u00bb][\/et_pb_button][et_pb_text disabled_on=\u00bboff|off|off\u00bb _builder_version=\u00bb4.16&#8243; text_font=\u00bbDosis|600||on|||||\u00bb text_text_color=\u00bb#3C1518&#8243; text_font_size=\u00bb16px\u00bb custom_margin=\u00bb||20px||false|false\u00bb border_width_bottom=\u00bb1px\u00bb border_color_bottom=\u00bb#000000&#8243; global_colors_info=\u00bb{}\u00bb]<\/p>\n<p>Cont\u00e1ctanos<\/p>\n<p>[\/et_pb_text][et_pb_text content_tablet=\u00bb<a href=%22mailto:info@masvilar.cat%22><strong style=%22color: #9b6930;%22>Email:<\/strong> info@masvilar.cat<\/a> \u00b7 <strong style=%22color: #9b6930;%22>Tel\u00e9fono: <\/strong><a href=%22tel:0034620111147%22>+34 620 11 11 47<\/a> \u00b7 <a href=%22https:\/\/api.whatsapp.com\/send?phone=34620111147%22><strong style=%22color: #9b6930;%22>Whatsapp:<\/strong> clic para enviar<\/a>\u00bb content_phone=\u00bb<\/p>\n<p><a href=%22mailto:info@masvilar.cat%22><strong style=%22color: #9b6930;%22>Email:<\/strong> info@masvilar.cat<\/a><\/p>\n<p><strong style=%22color: #9b6930;%22>Tel\u00e9fono: <\/strong><a href=%22tel:0034620111147%22>+34 620 11 11 47<\/a><\/p>\n<p><a href=%22https:\/\/api.whatsapp.com\/send?phone=34620111147%22><strong style=%22color: #9b6930;%22>Whatsapp:<\/strong> clic para enviar<\/a><\/p>\n<p>\u00bb content_last_edited=\u00bbon|phone\u00bb disabled_on=\u00bboff|off|off\u00bb _builder_version=\u00bb4.16&#8243; text_font=\u00bbDosis|300|||||||\u00bb text_text_color=\u00bb#3C1518&#8243; text_font_size=\u00bb16px\u00bb link_text_color=\u00bb#000000&#8243; custom_margin=\u00bb||40px|||\u00bb global_colors_info=\u00bb{}\u00bb]<\/p>\n<p><a href=\"mailto:info@masvilar.cat\"><strong style=\"color: #9b6930;\">Email:<\/strong> info@masvilar.cat<\/a> \u00b7 <strong style=\"color: #9b6930;\">Tel\u00e9fono: <\/strong><a href=\"tel:0034620111147\">+34 620 11 11 47<\/a> \u00b7 <a href=\"https:\/\/api.whatsapp.com\/send?phone=34620111147\"><strong style=\"color: #9b6930;\">Whatsapp:<\/strong> clic para enviar<\/a><\/p>\n<p>[\/et_pb_text][et_pb_text disabled_on=\u00bbon|on|off\u00bb _builder_version=\u00bb4.16&#8243; text_font=\u00bbDosis|600||on|||||\u00bb text_text_color=\u00bb#3C1518&#8243; text_font_size=\u00bb16px\u00bb custom_margin=\u00bb||20px||false|false\u00bb border_width_bottom=\u00bb1px\u00bb border_color_bottom=\u00bb#000000&#8243; global_colors_info=\u00bb{}\u00bb]<\/p>\n<p>Agradecimientos<\/p>\n<p>[\/et_pb_text][et_pb_text disabled_on=\u00bbon|on|off\u00bb _builder_version=\u00bb4.16&#8243; text_font=\u00bbDosis|300|||||||\u00bb text_text_color=\u00bb#3C1518&#8243; text_font_size=\u00bb16px\u00bb link_text_color=\u00bb#000000&#8243; custom_margin=\u00bb||15px|||\u00bb global_colors_info=\u00bb{}\u00bb]<\/p>\n<p><strong style=\"color: #9b6930;\">Disseny web<\/strong>: <a href=\"https:\/\/www.weareonfaya.com\" target=\"_blank\" rel=\"noopener noreferrer\">We are Onfaya \ud83d\udd25<\/a><br \/><strong style=\"color: #9b6930;\">Fotografia<\/strong>: <a href=\"https:\/\/www.instagram.com\/ignasioliverasphotofilms\/\" target=\"_blank\" rel=\"noopener noreferrer\">@ignasioliverasphotofilms<\/a><\/p>\n<p>[\/et_pb_text][\/et_pb_column][et_pb_column type=\u00bb2_5&#8243; _builder_version=\u00bb4.16&#8243; global_colors_info=\u00bb{}\u00bb][et_pb_text _builder_version=\u00bb4.16&#8243; text_font=\u00bbDosis|600||on|||||\u00bb text_text_color=\u00bb#3C1518&#8243; text_font_size=\u00bb16px\u00bb custom_margin=\u00bb||20px||false|false\u00bb border_width_bottom=\u00bb1px\u00bb border_color_bottom=\u00bb#3c1518&#8243; global_colors_info=\u00bb{}\u00bb]<\/p>\n<p>Tambi\u00e9n estamos en las redes<\/p>\n<p>[\/et_pb_text][et_pb_code _builder_version=\u00bb4.16&#8243; global_colors_info=\u00bb{}\u00bb]\n<div id=\"sb_instagram\"  class=\"sbi sbi_mob_col_1 sbi_tab_col_2 sbi_col_3 sbi_disable_mobile\" style=\"padding-bottom: 2px; width: 100%;\"\t data-feedid=\"*1\"  data-res=\"auto\" data-cols=\"3\" data-colsmobile=\"1\" data-colstablet=\"2\" data-num=\"6\" data-nummobile=\"\" data-item-padding=\"1\"\t data-shortcode-atts=\"{}\"  data-postid=\"4066\" data-locatornonce=\"6613fa94f2\" data-imageaspectratio=\"1:1\" data-sbi-flags=\"favorLocal,gdpr\">\n\t<div class=\"sb_instagram_header \"   >\n\t<a class=\"sbi_header_link\" target=\"_blank\"\n\t   rel=\"nofollow noopener\" href=\"https:\/\/www.instagram.com\/masvilar.rural\/\" title=\"@masvilar.rural\">\n\t\t<div class=\"sbi_header_text\">\n\t\t\t<div class=\"sbi_header_img\"  data-avatar-url=\"https:\/\/scontent-fra5-2.xx.fbcdn.net\/v\/t51.2885-15\/141677227_886232572123833_3973051196858314201_n.jpg?_nc_cat=106&amp;ccb=1-7&amp;_nc_sid=7d201b&amp;_nc_ohc=sPMlf1giXIEQ7kNvwGi-aOQ&amp;_nc_oc=AdpuSWghiwtDF5rtq_o7DglLCYOHsFIMpyuM7jqw3mbomdo0K3qbLjViJlhvOw-i4dC6Z3o6eHOUuzf8GUq9NXdu&amp;_nc_zt=23&amp;_nc_ht=scontent-fra5-2.xx&amp;edm=AL-3X8kEAAAA&amp;oh=00_Af3omPuLu3ZJpjZcXjIIUX-wG0iLibaA0HbAN5MZEVuN-w&amp;oe=69F73010\">\n\t\t\t\t\t\t\t\t\t<div class=\"sbi_header_img_hover\"  ><svg class=\"sbi_new_logo fa-instagram fa-w-14\" aria-hidden=\"true\" data-fa-processed=\"\" aria-label=\"Instagram\" data-prefix=\"fab\" data-icon=\"instagram\" role=\"img\" viewBox=\"0 0 448 512\">\n                    <path fill=\"currentColor\" d=\"M224.1 141c-63.6 0-114.9 51.3-114.9 114.9s51.3 114.9 114.9 114.9S339 319.5 339 255.9 287.7 141 224.1 141zm0 189.6c-41.1 0-74.7-33.5-74.7-74.7s33.5-74.7 74.7-74.7 74.7 33.5 74.7 74.7-33.6 74.7-74.7 74.7zm146.4-194.3c0 14.9-12 26.8-26.8 26.8-14.9 0-26.8-12-26.8-26.8s12-26.8 26.8-26.8 26.8 12 26.8 26.8zm76.1 27.2c-1.7-35.9-9.9-67.7-36.2-93.9-26.2-26.2-58-34.4-93.9-36.2-37-2.1-147.9-2.1-184.9 0-35.8 1.7-67.6 9.9-93.9 36.1s-34.4 58-36.2 93.9c-2.1 37-2.1 147.9 0 184.9 1.7 35.9 9.9 67.7 36.2 93.9s58 34.4 93.9 36.2c37 2.1 147.9 2.1 184.9 0 35.9-1.7 67.7-9.9 93.9-36.2 26.2-26.2 34.4-58 36.2-93.9 2.1-37 2.1-147.8 0-184.8zM398.8 388c-7.8 19.6-22.9 34.7-42.6 42.6-29.5 11.7-99.5 9-132.1 9s-102.7 2.6-132.1-9c-19.6-7.8-34.7-22.9-42.6-42.6-11.7-29.5-9-99.5-9-132.1s-2.6-102.7 9-132.1c7.8-19.6 22.9-34.7 42.6-42.6 29.5-11.7 99.5-9 132.1-9s102.7-2.6 132.1 9c19.6 7.8 34.7 22.9 42.6 42.6 11.7 29.5 9 99.5 9 132.1s2.7 102.7-9 132.1z\"><\/path>\n                <\/svg><\/div>\n\t\t\t\t\t<img decoding=\"async\"  src=\"\/wp-content\/uploads\/2020\/12\/logo-masvilar.png\" alt=\"\" width=\"50\" height=\"50\">\n\t\t\t\t\n\t\t\t\t\t\t\t<\/div>\n\n\t\t\t<div class=\"sbi_feedtheme_header_text\">\n\t\t\t\t<h3>masvilar.rural<\/h3>\n\t\t\t\t\t\t\t\t\t<p class=\"sbi_bio\">B&amp;B \/ Cottage house\/ Guesthouse \/ Hotel Rural\/ Montseny Natural Park \ud83d\udecc\ud83c\udf33\ud83c\udf7d\ud83d\udc34\ud83c\udf44\ud83c\udf41\ud83c\udf30\ud83c\udf08\ud83c\udf04\ud83d\udc17\ud83d\udc14\ud83d\udeb5\ud83d\udcf7<br>\nReserva Online \ud83d\udc47<\/p>\n\t\t\t\t\t\t\t<\/div>\n\t\t<\/div>\n\t<\/a>\n<\/div>\n\n\t<div id=\"sbi_images\"  style=\"gap: 2px;\">\n\t\t<div class=\"sbi_item sbi_type_image sbi_new sbi_transition\"\n\tid=\"sbi_18104746775489162\" data-date=\"1777399635\">\n\t<div class=\"sbi_photo_wrap\">\n\t\t<a class=\"sbi_photo\" href=\"https:\/\/www.instagram.com\/p\/DXr0_-2jVUG\/\" target=\"_blank\" rel=\"noopener nofollow\"\n\t\t\tdata-full-res=\"https:\/\/scontent-fra5-2.cdninstagram.com\/v\/t51.82787-15\/682244053_18589661623024014_6616793366964077747_n.webp?stp=dst-jpg_e35_tt6&#038;_nc_cat=109&#038;ccb=7-5&#038;_nc_sid=18de74&#038;efg=eyJlZmdfdGFnIjoiRkVFRC5iZXN0X2ltYWdlX3VybGdlbi5DMyJ9&#038;_nc_ohc=lTPfc-HXs_oQ7kNvwHwVBJX&#038;_nc_oc=AdrsHvwvWsnOmmbaIxqljfeoVIIrn5tBonIqo1i7PXvBzR53F1_C-ORH24BSixdZrZJu2fYzsDlk77GqeLbrW4Df&#038;_nc_zt=23&#038;_nc_ht=scontent-fra5-2.cdninstagram.com&#038;edm=AM6HXa8EAAAA&#038;_nc_gid=ZHwy17Jeah3KGbBIMuTb3w&#038;oh=00_Af3HEsYHURuG4lnqjzZTevGuHYohvyTKtI0Y81wv0P05qA&#038;oe=69F7383D\"\n\t\t\tdata-img-src-set=\"{&quot;d&quot;:&quot;https:\\\/\\\/scontent-fra5-2.cdninstagram.com\\\/v\\\/t51.82787-15\\\/682244053_18589661623024014_6616793366964077747_n.webp?stp=dst-jpg_e35_tt6&amp;_nc_cat=109&amp;ccb=7-5&amp;_nc_sid=18de74&amp;efg=eyJlZmdfdGFnIjoiRkVFRC5iZXN0X2ltYWdlX3VybGdlbi5DMyJ9&amp;_nc_ohc=lTPfc-HXs_oQ7kNvwHwVBJX&amp;_nc_oc=AdrsHvwvWsnOmmbaIxqljfeoVIIrn5tBonIqo1i7PXvBzR53F1_C-ORH24BSixdZrZJu2fYzsDlk77GqeLbrW4Df&amp;_nc_zt=23&amp;_nc_ht=scontent-fra5-2.cdninstagram.com&amp;edm=AM6HXa8EAAAA&amp;_nc_gid=ZHwy17Jeah3KGbBIMuTb3w&amp;oh=00_Af3HEsYHURuG4lnqjzZTevGuHYohvyTKtI0Y81wv0P05qA&amp;oe=69F7383D&quot;,&quot;150&quot;:&quot;https:\\\/\\\/scontent-fra5-2.cdninstagram.com\\\/v\\\/t51.82787-15\\\/682244053_18589661623024014_6616793366964077747_n.webp?stp=dst-jpg_e35_tt6&amp;_nc_cat=109&amp;ccb=7-5&amp;_nc_sid=18de74&amp;efg=eyJlZmdfdGFnIjoiRkVFRC5iZXN0X2ltYWdlX3VybGdlbi5DMyJ9&amp;_nc_ohc=lTPfc-HXs_oQ7kNvwHwVBJX&amp;_nc_oc=AdrsHvwvWsnOmmbaIxqljfeoVIIrn5tBonIqo1i7PXvBzR53F1_C-ORH24BSixdZrZJu2fYzsDlk77GqeLbrW4Df&amp;_nc_zt=23&amp;_nc_ht=scontent-fra5-2.cdninstagram.com&amp;edm=AM6HXa8EAAAA&amp;_nc_gid=ZHwy17Jeah3KGbBIMuTb3w&amp;oh=00_Af3HEsYHURuG4lnqjzZTevGuHYohvyTKtI0Y81wv0P05qA&amp;oe=69F7383D&quot;,&quot;320&quot;:&quot;https:\\\/\\\/scontent-fra5-2.cdninstagram.com\\\/v\\\/t51.82787-15\\\/682244053_18589661623024014_6616793366964077747_n.webp?stp=dst-jpg_e35_tt6&amp;_nc_cat=109&amp;ccb=7-5&amp;_nc_sid=18de74&amp;efg=eyJlZmdfdGFnIjoiRkVFRC5iZXN0X2ltYWdlX3VybGdlbi5DMyJ9&amp;_nc_ohc=lTPfc-HXs_oQ7kNvwHwVBJX&amp;_nc_oc=AdrsHvwvWsnOmmbaIxqljfeoVIIrn5tBonIqo1i7PXvBzR53F1_C-ORH24BSixdZrZJu2fYzsDlk77GqeLbrW4Df&amp;_nc_zt=23&amp;_nc_ht=scontent-fra5-2.cdninstagram.com&amp;edm=AM6HXa8EAAAA&amp;_nc_gid=ZHwy17Jeah3KGbBIMuTb3w&amp;oh=00_Af3HEsYHURuG4lnqjzZTevGuHYohvyTKtI0Y81wv0P05qA&amp;oe=69F7383D&quot;,&quot;640&quot;:&quot;https:\\\/\\\/scontent-fra5-2.cdninstagram.com\\\/v\\\/t51.82787-15\\\/682244053_18589661623024014_6616793366964077747_n.webp?stp=dst-jpg_e35_tt6&amp;_nc_cat=109&amp;ccb=7-5&amp;_nc_sid=18de74&amp;efg=eyJlZmdfdGFnIjoiRkVFRC5iZXN0X2ltYWdlX3VybGdlbi5DMyJ9&amp;_nc_ohc=lTPfc-HXs_oQ7kNvwHwVBJX&amp;_nc_oc=AdrsHvwvWsnOmmbaIxqljfeoVIIrn5tBonIqo1i7PXvBzR53F1_C-ORH24BSixdZrZJu2fYzsDlk77GqeLbrW4Df&amp;_nc_zt=23&amp;_nc_ht=scontent-fra5-2.cdninstagram.com&amp;edm=AM6HXa8EAAAA&amp;_nc_gid=ZHwy17Jeah3KGbBIMuTb3w&amp;oh=00_Af3HEsYHURuG4lnqjzZTevGuHYohvyTKtI0Y81wv0P05qA&amp;oe=69F7383D&quot;}\">\n\t\t\t<span class=\"sbi-screenreader\">Belleses de la natura \ud83e\udd8b\ud83d\udc9a<\/span>\n\t\t\t\t\t\t\t\t\t<img decoding=\"async\" src=\"https:\/\/www.masvilar.cat\/wp-content\/plugins\/instagram-feed\/img\/placeholder.png\" alt=\"Belleses de la natura \ud83e\udd8b\ud83d\udc9a\" aria-hidden=\"true\">\n\t\t<\/a>\n\t<\/div>\n<\/div><div class=\"sbi_item sbi_type_carousel sbi_new sbi_transition\"\n\tid=\"sbi_17883118782538371\" data-date=\"1777041202\">\n\t<div class=\"sbi_photo_wrap\">\n\t\t<a class=\"sbi_photo\" href=\"https:\/\/www.instagram.com\/p\/DXhJWHhiP_d\/\" target=\"_blank\" rel=\"noopener nofollow\"\n\t\t\tdata-full-res=\"https:\/\/scontent-fra5-2.cdninstagram.com\/v\/t51.82787-15\/673056306_18588506482024014_1420025920705794717_n.webp?stp=dst-jpg_e35_tt6&#038;_nc_cat=107&#038;ccb=7-5&#038;_nc_sid=18de74&#038;efg=eyJlZmdfdGFnIjoiQ0FST1VTRUxfSVRFTS5iZXN0X2ltYWdlX3VybGdlbi5DMyJ9&#038;_nc_ohc=A9kG4NqF0ggQ7kNvwFx4nTE&#038;_nc_oc=Adppgs44bfrAcVB36H_hseMD_k21pkskOWh7P1rYkcpwlk-NE4dc1WMzhihplL0NMQBRTH-FKPbY6D7tPzMcqsHs&#038;_nc_zt=23&#038;_nc_ht=scontent-fra5-2.cdninstagram.com&#038;edm=AM6HXa8EAAAA&#038;_nc_gid=ZHwy17Jeah3KGbBIMuTb3w&#038;oh=00_Af11F-3OuCq7PpnW82qYhJ2Flsm_2d5sqEbU_avVzyYQSQ&#038;oe=69F73C97\"\n\t\t\tdata-img-src-set=\"{&quot;d&quot;:&quot;https:\\\/\\\/scontent-fra5-2.cdninstagram.com\\\/v\\\/t51.82787-15\\\/673056306_18588506482024014_1420025920705794717_n.webp?stp=dst-jpg_e35_tt6&amp;_nc_cat=107&amp;ccb=7-5&amp;_nc_sid=18de74&amp;efg=eyJlZmdfdGFnIjoiQ0FST1VTRUxfSVRFTS5iZXN0X2ltYWdlX3VybGdlbi5DMyJ9&amp;_nc_ohc=A9kG4NqF0ggQ7kNvwFx4nTE&amp;_nc_oc=Adppgs44bfrAcVB36H_hseMD_k21pkskOWh7P1rYkcpwlk-NE4dc1WMzhihplL0NMQBRTH-FKPbY6D7tPzMcqsHs&amp;_nc_zt=23&amp;_nc_ht=scontent-fra5-2.cdninstagram.com&amp;edm=AM6HXa8EAAAA&amp;_nc_gid=ZHwy17Jeah3KGbBIMuTb3w&amp;oh=00_Af11F-3OuCq7PpnW82qYhJ2Flsm_2d5sqEbU_avVzyYQSQ&amp;oe=69F73C97&quot;,&quot;150&quot;:&quot;https:\\\/\\\/scontent-fra5-2.cdninstagram.com\\\/v\\\/t51.82787-15\\\/673056306_18588506482024014_1420025920705794717_n.webp?stp=dst-jpg_e35_tt6&amp;_nc_cat=107&amp;ccb=7-5&amp;_nc_sid=18de74&amp;efg=eyJlZmdfdGFnIjoiQ0FST1VTRUxfSVRFTS5iZXN0X2ltYWdlX3VybGdlbi5DMyJ9&amp;_nc_ohc=A9kG4NqF0ggQ7kNvwFx4nTE&amp;_nc_oc=Adppgs44bfrAcVB36H_hseMD_k21pkskOWh7P1rYkcpwlk-NE4dc1WMzhihplL0NMQBRTH-FKPbY6D7tPzMcqsHs&amp;_nc_zt=23&amp;_nc_ht=scontent-fra5-2.cdninstagram.com&amp;edm=AM6HXa8EAAAA&amp;_nc_gid=ZHwy17Jeah3KGbBIMuTb3w&amp;oh=00_Af11F-3OuCq7PpnW82qYhJ2Flsm_2d5sqEbU_avVzyYQSQ&amp;oe=69F73C97&quot;,&quot;320&quot;:&quot;https:\\\/\\\/scontent-fra5-2.cdninstagram.com\\\/v\\\/t51.82787-15\\\/673056306_18588506482024014_1420025920705794717_n.webp?stp=dst-jpg_e35_tt6&amp;_nc_cat=107&amp;ccb=7-5&amp;_nc_sid=18de74&amp;efg=eyJlZmdfdGFnIjoiQ0FST1VTRUxfSVRFTS5iZXN0X2ltYWdlX3VybGdlbi5DMyJ9&amp;_nc_ohc=A9kG4NqF0ggQ7kNvwFx4nTE&amp;_nc_oc=Adppgs44bfrAcVB36H_hseMD_k21pkskOWh7P1rYkcpwlk-NE4dc1WMzhihplL0NMQBRTH-FKPbY6D7tPzMcqsHs&amp;_nc_zt=23&amp;_nc_ht=scontent-fra5-2.cdninstagram.com&amp;edm=AM6HXa8EAAAA&amp;_nc_gid=ZHwy17Jeah3KGbBIMuTb3w&amp;oh=00_Af11F-3OuCq7PpnW82qYhJ2Flsm_2d5sqEbU_avVzyYQSQ&amp;oe=69F73C97&quot;,&quot;640&quot;:&quot;https:\\\/\\\/scontent-fra5-2.cdninstagram.com\\\/v\\\/t51.82787-15\\\/673056306_18588506482024014_1420025920705794717_n.webp?stp=dst-jpg_e35_tt6&amp;_nc_cat=107&amp;ccb=7-5&amp;_nc_sid=18de74&amp;efg=eyJlZmdfdGFnIjoiQ0FST1VTRUxfSVRFTS5iZXN0X2ltYWdlX3VybGdlbi5DMyJ9&amp;_nc_ohc=A9kG4NqF0ggQ7kNvwFx4nTE&amp;_nc_oc=Adppgs44bfrAcVB36H_hseMD_k21pkskOWh7P1rYkcpwlk-NE4dc1WMzhihplL0NMQBRTH-FKPbY6D7tPzMcqsHs&amp;_nc_zt=23&amp;_nc_ht=scontent-fra5-2.cdninstagram.com&amp;edm=AM6HXa8EAAAA&amp;_nc_gid=ZHwy17Jeah3KGbBIMuTb3w&amp;oh=00_Af11F-3OuCq7PpnW82qYhJ2Flsm_2d5sqEbU_avVzyYQSQ&amp;oe=69F73C97&quot;}\">\n\t\t\t<span class=\"sbi-screenreader\">Fant\u00e0stic Retir de Ioga del cap de.setmana passat <\/span>\n\t\t\t<svg class=\"svg-inline--fa fa-clone fa-w-16 sbi_lightbox_carousel_icon\" aria-hidden=\"true\" aria-label=\"Clone\" data-fa-pro\u0192cessed=\"\" data-prefix=\"far\" data-icon=\"clone\" role=\"img\" xmlns=\"http:\/\/www.w3.org\/2000\/svg\" viewBox=\"0 0 512 512\">\n                    <path fill=\"currentColor\" d=\"M464 0H144c-26.51 0-48 21.49-48 48v48H48c-26.51 0-48 21.49-48 48v320c0 26.51 21.49 48 48 48h320c26.51 0 48-21.49 48-48v-48h48c26.51 0 48-21.49 48-48V48c0-26.51-21.49-48-48-48zM362 464H54a6 6 0 0 1-6-6V150a6 6 0 0 1 6-6h42v224c0 26.51 21.49 48 48 48h224v42a6 6 0 0 1-6 6zm96-96H150a6 6 0 0 1-6-6V54a6 6 0 0 1 6-6h308a6 6 0 0 1 6 6v308a6 6 0 0 1-6 6z\"><\/path>\n                <\/svg>\t\t\t\t\t\t<img decoding=\"async\" src=\"https:\/\/www.masvilar.cat\/wp-content\/plugins\/instagram-feed\/img\/placeholder.png\" alt=\"Fant\u00e0stic Retir de Ioga del cap de.setmana passat organitzat per @francofraghi . Moltes gr\u00e0cies per compartir les boniques imatges\ud83e\udef6\ud83c\udffc\" aria-hidden=\"true\">\n\t\t<\/a>\n\t<\/div>\n<\/div><div class=\"sbi_item sbi_type_carousel sbi_new sbi_transition\"\n\tid=\"sbi_17933258535218015\" data-date=\"1776161497\">\n\t<div class=\"sbi_photo_wrap\">\n\t\t<a class=\"sbi_photo\" href=\"https:\/\/www.instagram.com\/p\/DXG7cRhjQDS\/\" target=\"_blank\" rel=\"noopener nofollow\"\n\t\t\tdata-full-res=\"https:\/\/scontent-fra5-1.cdninstagram.com\/v\/t51.82787-15\/669978767_18586133929024014_3328713957604337887_n.webp?stp=dst-jpg_e35_tt6&#038;_nc_cat=100&#038;ccb=7-5&#038;_nc_sid=18de74&#038;efg=eyJlZmdfdGFnIjoiQ0FST1VTRUxfSVRFTS5iZXN0X2ltYWdlX3VybGdlbi5DMyJ9&#038;_nc_ohc=UHmR9WDS0mwQ7kNvwFbxubX&#038;_nc_oc=Adr9IkjKxh_-Qvdb-t5wg5ZZs3kdXDEUM99DhUvGRh8JLaaiPmnM1bamB_9MXE1kAtCkrnWdfGYhqpOlNjbax552&#038;_nc_zt=23&#038;_nc_ht=scontent-fra5-1.cdninstagram.com&#038;edm=AM6HXa8EAAAA&#038;_nc_gid=ZHwy17Jeah3KGbBIMuTb3w&#038;oh=00_Af3qgD35QHnUaNcJkot3SAhbX4hiVsP8HyDIRTJngAzFQA&#038;oe=69F71DE2\"\n\t\t\tdata-img-src-set=\"{&quot;d&quot;:&quot;https:\\\/\\\/scontent-fra5-1.cdninstagram.com\\\/v\\\/t51.82787-15\\\/669978767_18586133929024014_3328713957604337887_n.webp?stp=dst-jpg_e35_tt6&amp;_nc_cat=100&amp;ccb=7-5&amp;_nc_sid=18de74&amp;efg=eyJlZmdfdGFnIjoiQ0FST1VTRUxfSVRFTS5iZXN0X2ltYWdlX3VybGdlbi5DMyJ9&amp;_nc_ohc=UHmR9WDS0mwQ7kNvwFbxubX&amp;_nc_oc=Adr9IkjKxh_-Qvdb-t5wg5ZZs3kdXDEUM99DhUvGRh8JLaaiPmnM1bamB_9MXE1kAtCkrnWdfGYhqpOlNjbax552&amp;_nc_zt=23&amp;_nc_ht=scontent-fra5-1.cdninstagram.com&amp;edm=AM6HXa8EAAAA&amp;_nc_gid=ZHwy17Jeah3KGbBIMuTb3w&amp;oh=00_Af3qgD35QHnUaNcJkot3SAhbX4hiVsP8HyDIRTJngAzFQA&amp;oe=69F71DE2&quot;,&quot;150&quot;:&quot;https:\\\/\\\/scontent-fra5-1.cdninstagram.com\\\/v\\\/t51.82787-15\\\/669978767_18586133929024014_3328713957604337887_n.webp?stp=dst-jpg_e35_tt6&amp;_nc_cat=100&amp;ccb=7-5&amp;_nc_sid=18de74&amp;efg=eyJlZmdfdGFnIjoiQ0FST1VTRUxfSVRFTS5iZXN0X2ltYWdlX3VybGdlbi5DMyJ9&amp;_nc_ohc=UHmR9WDS0mwQ7kNvwFbxubX&amp;_nc_oc=Adr9IkjKxh_-Qvdb-t5wg5ZZs3kdXDEUM99DhUvGRh8JLaaiPmnM1bamB_9MXE1kAtCkrnWdfGYhqpOlNjbax552&amp;_nc_zt=23&amp;_nc_ht=scontent-fra5-1.cdninstagram.com&amp;edm=AM6HXa8EAAAA&amp;_nc_gid=ZHwy17Jeah3KGbBIMuTb3w&amp;oh=00_Af3qgD35QHnUaNcJkot3SAhbX4hiVsP8HyDIRTJngAzFQA&amp;oe=69F71DE2&quot;,&quot;320&quot;:&quot;https:\\\/\\\/scontent-fra5-1.cdninstagram.com\\\/v\\\/t51.82787-15\\\/669978767_18586133929024014_3328713957604337887_n.webp?stp=dst-jpg_e35_tt6&amp;_nc_cat=100&amp;ccb=7-5&amp;_nc_sid=18de74&amp;efg=eyJlZmdfdGFnIjoiQ0FST1VTRUxfSVRFTS5iZXN0X2ltYWdlX3VybGdlbi5DMyJ9&amp;_nc_ohc=UHmR9WDS0mwQ7kNvwFbxubX&amp;_nc_oc=Adr9IkjKxh_-Qvdb-t5wg5ZZs3kdXDEUM99DhUvGRh8JLaaiPmnM1bamB_9MXE1kAtCkrnWdfGYhqpOlNjbax552&amp;_nc_zt=23&amp;_nc_ht=scontent-fra5-1.cdninstagram.com&amp;edm=AM6HXa8EAAAA&amp;_nc_gid=ZHwy17Jeah3KGbBIMuTb3w&amp;oh=00_Af3qgD35QHnUaNcJkot3SAhbX4hiVsP8HyDIRTJngAzFQA&amp;oe=69F71DE2&quot;,&quot;640&quot;:&quot;https:\\\/\\\/scontent-fra5-1.cdninstagram.com\\\/v\\\/t51.82787-15\\\/669978767_18586133929024014_3328713957604337887_n.webp?stp=dst-jpg_e35_tt6&amp;_nc_cat=100&amp;ccb=7-5&amp;_nc_sid=18de74&amp;efg=eyJlZmdfdGFnIjoiQ0FST1VTRUxfSVRFTS5iZXN0X2ltYWdlX3VybGdlbi5DMyJ9&amp;_nc_ohc=UHmR9WDS0mwQ7kNvwFbxubX&amp;_nc_oc=Adr9IkjKxh_-Qvdb-t5wg5ZZs3kdXDEUM99DhUvGRh8JLaaiPmnM1bamB_9MXE1kAtCkrnWdfGYhqpOlNjbax552&amp;_nc_zt=23&amp;_nc_ht=scontent-fra5-1.cdninstagram.com&amp;edm=AM6HXa8EAAAA&amp;_nc_gid=ZHwy17Jeah3KGbBIMuTb3w&amp;oh=00_Af3qgD35QHnUaNcJkot3SAhbX4hiVsP8HyDIRTJngAzFQA&amp;oe=69F71DE2&quot;}\">\n\t\t\t<span class=\"sbi-screenreader\">El proper 30 d&#039;Abril fins al 2 de Maig tindrem Ret<\/span>\n\t\t\t<svg class=\"svg-inline--fa fa-clone fa-w-16 sbi_lightbox_carousel_icon\" aria-hidden=\"true\" aria-label=\"Clone\" data-fa-pro\u0192cessed=\"\" data-prefix=\"far\" data-icon=\"clone\" role=\"img\" xmlns=\"http:\/\/www.w3.org\/2000\/svg\" viewBox=\"0 0 512 512\">\n                    <path fill=\"currentColor\" d=\"M464 0H144c-26.51 0-48 21.49-48 48v48H48c-26.51 0-48 21.49-48 48v320c0 26.51 21.49 48 48 48h320c26.51 0 48-21.49 48-48v-48h48c26.51 0 48-21.49 48-48V48c0-26.51-21.49-48-48-48zM362 464H54a6 6 0 0 1-6-6V150a6 6 0 0 1 6-6h42v224c0 26.51 21.49 48 48 48h224v42a6 6 0 0 1-6 6zm96-96H150a6 6 0 0 1-6-6V54a6 6 0 0 1 6-6h308a6 6 0 0 1 6 6v308a6 6 0 0 1-6 6z\"><\/path>\n                <\/svg>\t\t\t\t\t\t<img decoding=\"async\" src=\"https:\/\/www.masvilar.cat\/wp-content\/plugins\/instagram-feed\/img\/placeholder.png\" alt=\"El proper 30 d&#039;Abril fins al 2 de Maig tindrem Retir amb la @mariona_ioga I els seus col.laboradors!\n\nPels assistents d&#039;Arb\u00facies i veinat i antics alumnes, trobareu v\u00e0ries opcions com venir a passar el dia o a fer un taller, o a fer una classe de ioga ...el que volgueu!! \n\n&quot;A mi em fa mooolta il.lusi\u00f3 veure-us \ud83d\ude0d, aix\u00ed que us animo a venir en el format que m\u00e9s us agradi!!&quot;\" aria-hidden=\"true\">\n\t\t<\/a>\n\t<\/div>\n<\/div><div class=\"sbi_item sbi_type_video sbi_new sbi_transition\"\n\tid=\"sbi_18129469141571744\" data-date=\"1775564314\">\n\t<div class=\"sbi_photo_wrap\">\n\t\t<a class=\"sbi_photo\" href=\"https:\/\/www.instagram.com\/reel\/DW1IN-mDSa1\/\" target=\"_blank\" rel=\"noopener nofollow\"\n\t\t\tdata-full-res=\"https:\/\/scontent-fra5-2.cdninstagram.com\/v\/t51.71878-15\/660608546_1439916694043626_6504037494442509100_n.jpg?stp=dst-jpg_e35_tt6&#038;_nc_cat=107&#038;ccb=7-5&#038;_nc_sid=18de74&#038;efg=eyJlZmdfdGFnIjoiQ0xJUFMuYmVzdF9pbWFnZV91cmxnZW4uQzMifQ%3D%3D&#038;_nc_ohc=G1kdHd-8xW8Q7kNvwFxDV37&#038;_nc_oc=AdpPxB-FCZ0CCn6GbvikxRi58wR6nzYbepqJYo9ybUNnwpB299VC80kPgsswpVre4JGY2OlKblgdAJr5Dy1_OnD7&#038;_nc_zt=23&#038;_nc_ht=scontent-fra5-2.cdninstagram.com&#038;edm=AM6HXa8EAAAA&#038;_nc_gid=ZHwy17Jeah3KGbBIMuTb3w&#038;_nc_tpa=Q5bMBQFsZtC25RzalZX9FFa_9ykwQh-CfiL9vNJNUQ3A4x-fkW2zYRnJ8tBWqsUiN2GdvFVqLkZ3Enjs&#038;oh=00_Af2OnojZZl2EoLKuy99LIhZeXD1UKuEVQ9OVTTMHjjhYag&#038;oe=69F716E6\"\n\t\t\tdata-img-src-set=\"{&quot;d&quot;:&quot;https:\\\/\\\/scontent-fra5-2.cdninstagram.com\\\/v\\\/t51.71878-15\\\/660608546_1439916694043626_6504037494442509100_n.jpg?stp=dst-jpg_e35_tt6&amp;_nc_cat=107&amp;ccb=7-5&amp;_nc_sid=18de74&amp;efg=eyJlZmdfdGFnIjoiQ0xJUFMuYmVzdF9pbWFnZV91cmxnZW4uQzMifQ%3D%3D&amp;_nc_ohc=G1kdHd-8xW8Q7kNvwFxDV37&amp;_nc_oc=AdpPxB-FCZ0CCn6GbvikxRi58wR6nzYbepqJYo9ybUNnwpB299VC80kPgsswpVre4JGY2OlKblgdAJr5Dy1_OnD7&amp;_nc_zt=23&amp;_nc_ht=scontent-fra5-2.cdninstagram.com&amp;edm=AM6HXa8EAAAA&amp;_nc_gid=ZHwy17Jeah3KGbBIMuTb3w&amp;_nc_tpa=Q5bMBQFsZtC25RzalZX9FFa_9ykwQh-CfiL9vNJNUQ3A4x-fkW2zYRnJ8tBWqsUiN2GdvFVqLkZ3Enjs&amp;oh=00_Af2OnojZZl2EoLKuy99LIhZeXD1UKuEVQ9OVTTMHjjhYag&amp;oe=69F716E6&quot;,&quot;150&quot;:&quot;https:\\\/\\\/scontent-fra5-2.cdninstagram.com\\\/v\\\/t51.71878-15\\\/660608546_1439916694043626_6504037494442509100_n.jpg?stp=dst-jpg_e35_tt6&amp;_nc_cat=107&amp;ccb=7-5&amp;_nc_sid=18de74&amp;efg=eyJlZmdfdGFnIjoiQ0xJUFMuYmVzdF9pbWFnZV91cmxnZW4uQzMifQ%3D%3D&amp;_nc_ohc=G1kdHd-8xW8Q7kNvwFxDV37&amp;_nc_oc=AdpPxB-FCZ0CCn6GbvikxRi58wR6nzYbepqJYo9ybUNnwpB299VC80kPgsswpVre4JGY2OlKblgdAJr5Dy1_OnD7&amp;_nc_zt=23&amp;_nc_ht=scontent-fra5-2.cdninstagram.com&amp;edm=AM6HXa8EAAAA&amp;_nc_gid=ZHwy17Jeah3KGbBIMuTb3w&amp;_nc_tpa=Q5bMBQFsZtC25RzalZX9FFa_9ykwQh-CfiL9vNJNUQ3A4x-fkW2zYRnJ8tBWqsUiN2GdvFVqLkZ3Enjs&amp;oh=00_Af2OnojZZl2EoLKuy99LIhZeXD1UKuEVQ9OVTTMHjjhYag&amp;oe=69F716E6&quot;,&quot;320&quot;:&quot;https:\\\/\\\/scontent-fra5-2.cdninstagram.com\\\/v\\\/t51.71878-15\\\/660608546_1439916694043626_6504037494442509100_n.jpg?stp=dst-jpg_e35_tt6&amp;_nc_cat=107&amp;ccb=7-5&amp;_nc_sid=18de74&amp;efg=eyJlZmdfdGFnIjoiQ0xJUFMuYmVzdF9pbWFnZV91cmxnZW4uQzMifQ%3D%3D&amp;_nc_ohc=G1kdHd-8xW8Q7kNvwFxDV37&amp;_nc_oc=AdpPxB-FCZ0CCn6GbvikxRi58wR6nzYbepqJYo9ybUNnwpB299VC80kPgsswpVre4JGY2OlKblgdAJr5Dy1_OnD7&amp;_nc_zt=23&amp;_nc_ht=scontent-fra5-2.cdninstagram.com&amp;edm=AM6HXa8EAAAA&amp;_nc_gid=ZHwy17Jeah3KGbBIMuTb3w&amp;_nc_tpa=Q5bMBQFsZtC25RzalZX9FFa_9ykwQh-CfiL9vNJNUQ3A4x-fkW2zYRnJ8tBWqsUiN2GdvFVqLkZ3Enjs&amp;oh=00_Af2OnojZZl2EoLKuy99LIhZeXD1UKuEVQ9OVTTMHjjhYag&amp;oe=69F716E6&quot;,&quot;640&quot;:&quot;https:\\\/\\\/scontent-fra5-2.cdninstagram.com\\\/v\\\/t51.71878-15\\\/660608546_1439916694043626_6504037494442509100_n.jpg?stp=dst-jpg_e35_tt6&amp;_nc_cat=107&amp;ccb=7-5&amp;_nc_sid=18de74&amp;efg=eyJlZmdfdGFnIjoiQ0xJUFMuYmVzdF9pbWFnZV91cmxnZW4uQzMifQ%3D%3D&amp;_nc_ohc=G1kdHd-8xW8Q7kNvwFxDV37&amp;_nc_oc=AdpPxB-FCZ0CCn6GbvikxRi58wR6nzYbepqJYo9ybUNnwpB299VC80kPgsswpVre4JGY2OlKblgdAJr5Dy1_OnD7&amp;_nc_zt=23&amp;_nc_ht=scontent-fra5-2.cdninstagram.com&amp;edm=AM6HXa8EAAAA&amp;_nc_gid=ZHwy17Jeah3KGbBIMuTb3w&amp;_nc_tpa=Q5bMBQFsZtC25RzalZX9FFa_9ykwQh-CfiL9vNJNUQ3A4x-fkW2zYRnJ8tBWqsUiN2GdvFVqLkZ3Enjs&amp;oh=00_Af2OnojZZl2EoLKuy99LIhZeXD1UKuEVQ9OVTTMHjjhYag&amp;oe=69F716E6&quot;}\">\n\t\t\t<span class=\"sbi-screenreader\">Un espai on gaudir d&#039;un aperitiu, sentint el cant <\/span>\n\t\t\t\t\t\t<svg style=\"color: rgba(255,255,255,1)\" class=\"svg-inline--fa fa-play fa-w-14 sbi_playbtn\" aria-label=\"Play\" aria-hidden=\"true\" data-fa-processed=\"\" data-prefix=\"fa\" data-icon=\"play\" role=\"presentation\" xmlns=\"http:\/\/www.w3.org\/2000\/svg\" viewBox=\"0 0 448 512\"><path fill=\"currentColor\" d=\"M424.4 214.7L72.4 6.6C43.8-10.3 0 6.1 0 47.9V464c0 37.5 40.7 60.1 72.4 41.3l352-208c31.4-18.5 31.5-64.1 0-82.6z\"><\/path><\/svg>\t\t\t<img decoding=\"async\" src=\"https:\/\/www.masvilar.cat\/wp-content\/plugins\/instagram-feed\/img\/placeholder.png\" alt=\"Un espai on gaudir d&#039;un aperitiu, sentint el cant dels ocellets de fons...qu\u00e8 m\u00e9s es pot demanar.. \ud83d\ude02\ud83d\udc9a\" aria-hidden=\"true\">\n\t\t<\/a>\n\t<\/div>\n<\/div><div class=\"sbi_item sbi_type_image sbi_new sbi_transition\"\n\tid=\"sbi_18160276966438255\" data-date=\"1775483048\">\n\t<div class=\"sbi_photo_wrap\">\n\t\t<a class=\"sbi_photo\" href=\"https:\/\/www.instagram.com\/p\/DWytZxYjSQd\/\" target=\"_blank\" rel=\"noopener nofollow\"\n\t\t\tdata-full-res=\"https:\/\/scontent-fra3-2.cdninstagram.com\/v\/t51.82787-15\/659704695_18584481571024014_5226356875825837361_n.webp?stp=dst-jpg_e35_tt6&#038;_nc_cat=104&#038;ccb=7-5&#038;_nc_sid=18de74&#038;efg=eyJlZmdfdGFnIjoiRkVFRC5iZXN0X2ltYWdlX3VybGdlbi5DMyJ9&#038;_nc_ohc=A9UGxNU86gsQ7kNvwGU4wT0&#038;_nc_oc=AdrNEOruOf9ts2d9CzdfS6E5ITQ_52qVhzsYNC3-1f1APRYdVCXSr4DcIphfszP-wqFMxPF0iyhblToK7GbZ0fv6&#038;_nc_zt=23&#038;_nc_ht=scontent-fra3-2.cdninstagram.com&#038;edm=AM6HXa8EAAAA&#038;_nc_gid=ZHwy17Jeah3KGbBIMuTb3w&#038;oh=00_Af2Qwe4UQyC2zIhxPY_4SRPJ-hIq75FxvejAMwzcnQ9cvA&#038;oe=69F71BC2\"\n\t\t\tdata-img-src-set=\"{&quot;d&quot;:&quot;https:\\\/\\\/scontent-fra3-2.cdninstagram.com\\\/v\\\/t51.82787-15\\\/659704695_18584481571024014_5226356875825837361_n.webp?stp=dst-jpg_e35_tt6&amp;_nc_cat=104&amp;ccb=7-5&amp;_nc_sid=18de74&amp;efg=eyJlZmdfdGFnIjoiRkVFRC5iZXN0X2ltYWdlX3VybGdlbi5DMyJ9&amp;_nc_ohc=A9UGxNU86gsQ7kNvwGU4wT0&amp;_nc_oc=AdrNEOruOf9ts2d9CzdfS6E5ITQ_52qVhzsYNC3-1f1APRYdVCXSr4DcIphfszP-wqFMxPF0iyhblToK7GbZ0fv6&amp;_nc_zt=23&amp;_nc_ht=scontent-fra3-2.cdninstagram.com&amp;edm=AM6HXa8EAAAA&amp;_nc_gid=ZHwy17Jeah3KGbBIMuTb3w&amp;oh=00_Af2Qwe4UQyC2zIhxPY_4SRPJ-hIq75FxvejAMwzcnQ9cvA&amp;oe=69F71BC2&quot;,&quot;150&quot;:&quot;https:\\\/\\\/scontent-fra3-2.cdninstagram.com\\\/v\\\/t51.82787-15\\\/659704695_18584481571024014_5226356875825837361_n.webp?stp=dst-jpg_e35_tt6&amp;_nc_cat=104&amp;ccb=7-5&amp;_nc_sid=18de74&amp;efg=eyJlZmdfdGFnIjoiRkVFRC5iZXN0X2ltYWdlX3VybGdlbi5DMyJ9&amp;_nc_ohc=A9UGxNU86gsQ7kNvwGU4wT0&amp;_nc_oc=AdrNEOruOf9ts2d9CzdfS6E5ITQ_52qVhzsYNC3-1f1APRYdVCXSr4DcIphfszP-wqFMxPF0iyhblToK7GbZ0fv6&amp;_nc_zt=23&amp;_nc_ht=scontent-fra3-2.cdninstagram.com&amp;edm=AM6HXa8EAAAA&amp;_nc_gid=ZHwy17Jeah3KGbBIMuTb3w&amp;oh=00_Af2Qwe4UQyC2zIhxPY_4SRPJ-hIq75FxvejAMwzcnQ9cvA&amp;oe=69F71BC2&quot;,&quot;320&quot;:&quot;https:\\\/\\\/scontent-fra3-2.cdninstagram.com\\\/v\\\/t51.82787-15\\\/659704695_18584481571024014_5226356875825837361_n.webp?stp=dst-jpg_e35_tt6&amp;_nc_cat=104&amp;ccb=7-5&amp;_nc_sid=18de74&amp;efg=eyJlZmdfdGFnIjoiRkVFRC5iZXN0X2ltYWdlX3VybGdlbi5DMyJ9&amp;_nc_ohc=A9UGxNU86gsQ7kNvwGU4wT0&amp;_nc_oc=AdrNEOruOf9ts2d9CzdfS6E5ITQ_52qVhzsYNC3-1f1APRYdVCXSr4DcIphfszP-wqFMxPF0iyhblToK7GbZ0fv6&amp;_nc_zt=23&amp;_nc_ht=scontent-fra3-2.cdninstagram.com&amp;edm=AM6HXa8EAAAA&amp;_nc_gid=ZHwy17Jeah3KGbBIMuTb3w&amp;oh=00_Af2Qwe4UQyC2zIhxPY_4SRPJ-hIq75FxvejAMwzcnQ9cvA&amp;oe=69F71BC2&quot;,&quot;640&quot;:&quot;https:\\\/\\\/scontent-fra3-2.cdninstagram.com\\\/v\\\/t51.82787-15\\\/659704695_18584481571024014_5226356875825837361_n.webp?stp=dst-jpg_e35_tt6&amp;_nc_cat=104&amp;ccb=7-5&amp;_nc_sid=18de74&amp;efg=eyJlZmdfdGFnIjoiRkVFRC5iZXN0X2ltYWdlX3VybGdlbi5DMyJ9&amp;_nc_ohc=A9UGxNU86gsQ7kNvwGU4wT0&amp;_nc_oc=AdrNEOruOf9ts2d9CzdfS6E5ITQ_52qVhzsYNC3-1f1APRYdVCXSr4DcIphfszP-wqFMxPF0iyhblToK7GbZ0fv6&amp;_nc_zt=23&amp;_nc_ht=scontent-fra3-2.cdninstagram.com&amp;edm=AM6HXa8EAAAA&amp;_nc_gid=ZHwy17Jeah3KGbBIMuTb3w&amp;oh=00_Af2Qwe4UQyC2zIhxPY_4SRPJ-hIq75FxvejAMwzcnQ9cvA&amp;oe=69F71BC2&quot;}\">\n\t\t\t<span class=\"sbi-screenreader\">Aprofitant el dia. Feli\u00e7 mona a tothom! Nosaltres <\/span>\n\t\t\t\t\t\t\t\t\t<img decoding=\"async\" src=\"https:\/\/www.masvilar.cat\/wp-content\/plugins\/instagram-feed\/img\/placeholder.png\" alt=\"Aprofitant el dia. Feli\u00e7 mona a tothom! Nosaltres ho vam cel.lebrar el dimarts passat amb la nostra fillola, Martina, familia i amics\u2763\ufe0f!Aquests dies toca treballar\ud83d\udc4f\ud83d\udc4f\" aria-hidden=\"true\">\n\t\t<\/a>\n\t<\/div>\n<\/div><div class=\"sbi_item sbi_type_image sbi_new sbi_transition\"\n\tid=\"sbi_18132144466557373\" data-date=\"1775305206\">\n\t<div class=\"sbi_photo_wrap\">\n\t\t<a class=\"sbi_photo\" href=\"https:\/\/www.instagram.com\/p\/DWtaMmFjaJ8\/\" target=\"_blank\" rel=\"noopener nofollow\"\n\t\t\tdata-full-res=\"https:\/\/scontent-fra5-2.cdninstagram.com\/v\/t51.82787-15\/659939056_18583941442024014_8745200172058343103_n.webp?stp=dst-jpg_e35_tt6&#038;_nc_cat=107&#038;ccb=7-5&#038;_nc_sid=18de74&#038;efg=eyJlZmdfdGFnIjoiRkVFRC5iZXN0X2ltYWdlX3VybGdlbi5DMyJ9&#038;_nc_ohc=vwTP-kDTpk8Q7kNvwEoYgBA&#038;_nc_oc=AdotkOz5iuANofGnU0KmiNuQEZxTLTcWX_dURcSCfOPzYUrz5JPHKMy1uSWuh8AjGrgw53DlYdflHazuCs4fDCxn&#038;_nc_zt=23&#038;_nc_ht=scontent-fra5-2.cdninstagram.com&#038;edm=AM6HXa8EAAAA&#038;_nc_gid=ZHwy17Jeah3KGbBIMuTb3w&#038;oh=00_Af0kpbEhCpRiZ7T96bPYpf1H1MIgAN0sh4hjJKmE64w-WQ&#038;oe=69F72A9E\"\n\t\t\tdata-img-src-set=\"{&quot;d&quot;:&quot;https:\\\/\\\/scontent-fra5-2.cdninstagram.com\\\/v\\\/t51.82787-15\\\/659939056_18583941442024014_8745200172058343103_n.webp?stp=dst-jpg_e35_tt6&amp;_nc_cat=107&amp;ccb=7-5&amp;_nc_sid=18de74&amp;efg=eyJlZmdfdGFnIjoiRkVFRC5iZXN0X2ltYWdlX3VybGdlbi5DMyJ9&amp;_nc_ohc=vwTP-kDTpk8Q7kNvwEoYgBA&amp;_nc_oc=AdotkOz5iuANofGnU0KmiNuQEZxTLTcWX_dURcSCfOPzYUrz5JPHKMy1uSWuh8AjGrgw53DlYdflHazuCs4fDCxn&amp;_nc_zt=23&amp;_nc_ht=scontent-fra5-2.cdninstagram.com&amp;edm=AM6HXa8EAAAA&amp;_nc_gid=ZHwy17Jeah3KGbBIMuTb3w&amp;oh=00_Af0kpbEhCpRiZ7T96bPYpf1H1MIgAN0sh4hjJKmE64w-WQ&amp;oe=69F72A9E&quot;,&quot;150&quot;:&quot;https:\\\/\\\/scontent-fra5-2.cdninstagram.com\\\/v\\\/t51.82787-15\\\/659939056_18583941442024014_8745200172058343103_n.webp?stp=dst-jpg_e35_tt6&amp;_nc_cat=107&amp;ccb=7-5&amp;_nc_sid=18de74&amp;efg=eyJlZmdfdGFnIjoiRkVFRC5iZXN0X2ltYWdlX3VybGdlbi5DMyJ9&amp;_nc_ohc=vwTP-kDTpk8Q7kNvwEoYgBA&amp;_nc_oc=AdotkOz5iuANofGnU0KmiNuQEZxTLTcWX_dURcSCfOPzYUrz5JPHKMy1uSWuh8AjGrgw53DlYdflHazuCs4fDCxn&amp;_nc_zt=23&amp;_nc_ht=scontent-fra5-2.cdninstagram.com&amp;edm=AM6HXa8EAAAA&amp;_nc_gid=ZHwy17Jeah3KGbBIMuTb3w&amp;oh=00_Af0kpbEhCpRiZ7T96bPYpf1H1MIgAN0sh4hjJKmE64w-WQ&amp;oe=69F72A9E&quot;,&quot;320&quot;:&quot;https:\\\/\\\/scontent-fra5-2.cdninstagram.com\\\/v\\\/t51.82787-15\\\/659939056_18583941442024014_8745200172058343103_n.webp?stp=dst-jpg_e35_tt6&amp;_nc_cat=107&amp;ccb=7-5&amp;_nc_sid=18de74&amp;efg=eyJlZmdfdGFnIjoiRkVFRC5iZXN0X2ltYWdlX3VybGdlbi5DMyJ9&amp;_nc_ohc=vwTP-kDTpk8Q7kNvwEoYgBA&amp;_nc_oc=AdotkOz5iuANofGnU0KmiNuQEZxTLTcWX_dURcSCfOPzYUrz5JPHKMy1uSWuh8AjGrgw53DlYdflHazuCs4fDCxn&amp;_nc_zt=23&amp;_nc_ht=scontent-fra5-2.cdninstagram.com&amp;edm=AM6HXa8EAAAA&amp;_nc_gid=ZHwy17Jeah3KGbBIMuTb3w&amp;oh=00_Af0kpbEhCpRiZ7T96bPYpf1H1MIgAN0sh4hjJKmE64w-WQ&amp;oe=69F72A9E&quot;,&quot;640&quot;:&quot;https:\\\/\\\/scontent-fra5-2.cdninstagram.com\\\/v\\\/t51.82787-15\\\/659939056_18583941442024014_8745200172058343103_n.webp?stp=dst-jpg_e35_tt6&amp;_nc_cat=107&amp;ccb=7-5&amp;_nc_sid=18de74&amp;efg=eyJlZmdfdGFnIjoiRkVFRC5iZXN0X2ltYWdlX3VybGdlbi5DMyJ9&amp;_nc_ohc=vwTP-kDTpk8Q7kNvwEoYgBA&amp;_nc_oc=AdotkOz5iuANofGnU0KmiNuQEZxTLTcWX_dURcSCfOPzYUrz5JPHKMy1uSWuh8AjGrgw53DlYdflHazuCs4fDCxn&amp;_nc_zt=23&amp;_nc_ht=scontent-fra5-2.cdninstagram.com&amp;edm=AM6HXa8EAAAA&amp;_nc_gid=ZHwy17Jeah3KGbBIMuTb3w&amp;oh=00_Af0kpbEhCpRiZ7T96bPYpf1H1MIgAN0sh4hjJKmE64w-WQ&amp;oe=69F72A9E&quot;}\">\n\t\t\t<span class=\"sbi-screenreader\">Avui canalons cl\u00e0ssics d&#039;espinacs I un alternatiu <\/span>\n\t\t\t\t\t\t\t\t\t<img decoding=\"async\" src=\"https:\/\/www.masvilar.cat\/wp-content\/plugins\/instagram-feed\/img\/placeholder.png\" alt=\"Avui canalons cl\u00e0ssics d&#039;espinacs I un alternatiu sense gluten ni lactosa. Bon profit!\ud83d\ude0b\ud83d\ude0b\" aria-hidden=\"true\">\n\t\t<\/a>\n\t<\/div>\n<\/div>\t<\/div>\n\n\t<div id=\"sbi_load\" >\n\n\t\n\t\t\t<span class=\"sbi_follow_btn sbi_custom\" >\n\t\t\t<a target=\"_blank\"\n\t\t\t\trel=\"nofollow noopener\"  href=\"https:\/\/www.instagram.com\/masvilar.rural\/\" style=\"background: rgb(60,21,24);color: rgb(255,255,255);\">\n\t\t\t\t<svg class=\"svg-inline--fa fa-instagram fa-w-14\" aria-hidden=\"true\" data-fa-processed=\"\" aria-label=\"Instagram\" data-prefix=\"fab\" data-icon=\"instagram\" role=\"img\" viewBox=\"0 0 448 512\">\n                    <path fill=\"currentColor\" d=\"M224.1 141c-63.6 0-114.9 51.3-114.9 114.9s51.3 114.9 114.9 114.9S339 319.5 339 255.9 287.7 141 224.1 141zm0 189.6c-41.1 0-74.7-33.5-74.7-74.7s33.5-74.7 74.7-74.7 74.7 33.5 74.7 74.7-33.6 74.7-74.7 74.7zm146.4-194.3c0 14.9-12 26.8-26.8 26.8-14.9 0-26.8-12-26.8-26.8s12-26.8 26.8-26.8 26.8 12 26.8 26.8zm76.1 27.2c-1.7-35.9-9.9-67.7-36.2-93.9-26.2-26.2-58-34.4-93.9-36.2-37-2.1-147.9-2.1-184.9 0-35.8 1.7-67.6 9.9-93.9 36.1s-34.4 58-36.2 93.9c-2.1 37-2.1 147.9 0 184.9 1.7 35.9 9.9 67.7 36.2 93.9s58 34.4 93.9 36.2c37 2.1 147.9 2.1 184.9 0 35.9-1.7 67.7-9.9 93.9-36.2 26.2-26.2 34.4-58 36.2-93.9 2.1-37 2.1-147.8 0-184.8zM398.8 388c-7.8 19.6-22.9 34.7-42.6 42.6-29.5 11.7-99.5 9-132.1 9s-102.7 2.6-132.1-9c-19.6-7.8-34.7-22.9-42.6-42.6-11.7-29.5-9-99.5-9-132.1s-2.6-102.7 9-132.1c7.8-19.6 22.9-34.7 42.6-42.6 29.5-11.7 99.5-9 132.1-9s102.7-2.6 132.1 9c19.6 7.8 34.7 22.9 42.6 42.6 11.7 29.5 9 99.5 9 132.1s2.7 102.7-9 132.1z\"><\/path>\n                <\/svg>\t\t\t\t<span>\u00a1S\u00edguenos en Instagram!<\/span>\n\t\t\t<\/a>\n\t\t<\/span>\n\t\n<\/div>\n\t\t<span class=\"sbi_resized_image_data\" data-feed-id=\"*1\"\n\t\t  data-resized=\"{&quot;18132144466557373&quot;:{&quot;id&quot;:&quot;659939056_18583941442024014_8745200172058343103_n&quot;,&quot;ratio&quot;:&quot;0.78&quot;,&quot;sizes&quot;:{&quot;full&quot;:640,&quot;low&quot;:320,&quot;thumb&quot;:150},&quot;extension&quot;:&quot;.webp&quot;},&quot;18160276966438255&quot;:{&quot;id&quot;:&quot;659704695_18584481571024014_5226356875825837361_n&quot;,&quot;ratio&quot;:&quot;1.00&quot;,&quot;sizes&quot;:{&quot;full&quot;:640,&quot;low&quot;:320,&quot;thumb&quot;:150},&quot;extension&quot;:&quot;.webp&quot;},&quot;18129469141571744&quot;:{&quot;id&quot;:&quot;660608546_1439916694043626_6504037494442509100_n&quot;,&quot;ratio&quot;:&quot;0.56&quot;,&quot;sizes&quot;:{&quot;full&quot;:640,&quot;low&quot;:320,&quot;thumb&quot;:150},&quot;extension&quot;:&quot;.webp&quot;},&quot;17933258535218015&quot;:{&quot;id&quot;:&quot;669978767_18586133929024014_3328713957604337887_n&quot;,&quot;ratio&quot;:&quot;1.00&quot;,&quot;sizes&quot;:{&quot;full&quot;:640,&quot;low&quot;:320,&quot;thumb&quot;:150},&quot;extension&quot;:&quot;.webp&quot;},&quot;17883118782538371&quot;:{&quot;id&quot;:&quot;673056306_18588506482024014_1420025920705794717_n&quot;,&quot;ratio&quot;:&quot;1.00&quot;,&quot;sizes&quot;:{&quot;full&quot;:640,&quot;low&quot;:320,&quot;thumb&quot;:150},&quot;extension&quot;:&quot;.webp&quot;},&quot;18104746775489162&quot;:{&quot;id&quot;:&quot;682244053_18589661623024014_6616793366964077747_n&quot;,&quot;ratio&quot;:&quot;1.00&quot;,&quot;sizes&quot;:{&quot;full&quot;:640,&quot;low&quot;:320,&quot;thumb&quot;:150},&quot;extension&quot;:&quot;.webp&quot;}}\">\n\t<\/span>\n\t<\/div>\n\n[\/et_pb_code][et_pb_social_media_follow use_icon_font_size=\u00bbon\u00bb icon_font_size=\u00bb24px\u00bb _builder_version=\u00bb4.16&#8243; text_orientation=\u00bbcenter\u00bb border_radii=\u00bbon|100%|100%|100%|100%\u00bb global_colors_info=\u00bb{}\u00bb][et_pb_social_media_follow_network social_network=\u00bbfacebook\u00bb url=\u00bbhttps:\/\/www.facebook.com\/masvilar.montseny\u00bb _builder_version=\u00bb4.16&#8243; background_color=\u00bb#9b6930&#8243; background_enable_color=\u00bbon\u00bb global_colors_info=\u00bb{}\u00bb follow_button=\u00bboff\u00bb url_new_window=\u00bbon\u00bb]facebook[\/et_pb_social_media_follow_network][et_pb_social_media_follow_network social_network=\u00bbinstagram\u00bb url=\u00bbhttps:\/\/www.instagram.com\/masvilar.rural\u00bb _builder_version=\u00bb4.16&#8243; background_color=\u00bb#9B6930&#8243; background_enable_color=\u00bbon\u00bb global_colors_info=\u00bb{}\u00bb follow_button=\u00bboff\u00bb url_new_window=\u00bbon\u00bb]instagram[\/et_pb_social_media_follow_network][\/et_pb_social_media_follow][et_pb_text disabled_on=\u00bboff|off|on\u00bb _builder_version=\u00bb4.16&#8243; text_font=\u00bbDosis|600||on|||||\u00bb text_text_color=\u00bb#3C1518&#8243; text_font_size=\u00bb16px\u00bb custom_margin=\u00bb||20px||false|false\u00bb border_width_bottom=\u00bb1px\u00bb border_color_bottom=\u00bb#000000&#8243; global_colors_info=\u00bb{}\u00bb]<\/p>\n<p>Agradecimientos<\/p>\n<p>[\/et_pb_text][et_pb_text disabled_on=\u00bboff|off|on\u00bb _builder_version=\u00bb4.16&#8243; text_font=\u00bbDosis|300|||||||\u00bb text_text_color=\u00bb#3C1518&#8243; text_font_size=\u00bb16px\u00bb link_text_color=\u00bb#000000&#8243; custom_margin=\u00bb||15px|||\u00bb global_colors_info=\u00bb{}\u00bb]<\/p>\n<p><strong style=\"color: #9b6930;\">Disseny web<\/strong>: <a href=\"https:\/\/www.weareonfaya.com\" target=\"_blank\" rel=\"noopener noreferrer\">We are Onfaya \ud83d\udd25<\/a><br \/><strong style=\"color: #9b6930;\">Fotografia<\/strong>: <a href=\"https:\/\/www.instagram.com\/ignasioliverasphotofilms\/\" target=\"_blank\" rel=\"noopener noreferrer\">@ignasioliverasphotofilms<\/a><\/p>\n<p>[\/et_pb_text][et_pb_text _builder_version=\u00bb4.16&#8243; global_colors_info=\u00bb{}\u00bb][\/et_pb_text][\/et_pb_column][\/et_pb_row][et_pb_row _builder_version=\u00bb4.16&#8243; width=\u00bb100%\u00bb max_width=\u00bb100%\u00bb custom_padding=\u00bb||0px||false|false\u00bb global_colors_info=\u00bb{}\u00bb][et_pb_column type=\u00bb4_4&#8243; _builder_version=\u00bb4.16&#8243; global_colors_info=\u00bb{}\u00bb][et_pb_text _builder_version=\u00bb4.16&#8243; text_font=\u00bbDosis|300|||||||\u00bb text_text_color=\u00bb#3C1518&#8243; text_font_size=\u00bb16px\u00bb link_text_color=\u00bb#9B6930&#8243; text_orientation=\u00bbcenter\u00bb custom_margin=\u00bb||29px|||\u00bb global_colors_info=\u00bb{}\u00bb]<strong><a href=\"https:\/\/www.masvilar.cat\/es\/aviso-legal\/\">Aviso legal<\/a> \u00b7 <a href=\"https:\/\/www.masvilar.cat\/es\/politica-de-privacidad\/\">Pol\u00edtica de privacidad<\/a> \u00b7 <a href=\"https:\/\/www.masvilar.cat\/es\/politica-de-privacidad\/#cookies\">Pol\u00edtica de Cookies<\/a><\/strong>[\/et_pb_text][et_pb_image src=\u00bbhttps:\/\/www.masvilar.cat\/wp-content\/uploads\/2021\/01\/turisme-montseny.png\u00bb url=\u00bbhttp:\/\/www.turisme-montseny.com\/\u00bb url_new_window=\u00bbon\u00bb align=\u00bbcenter\u00bb _builder_version=\u00bb4.16&#8243; width=\u00bb150px\u00bb custom_margin=\u00bb||20px||false|false\u00bb global_colors_info=\u00bb{}\u00bb][\/et_pb_image][et_pb_image src=\u00bbhttps:\/\/www.masvilar.cat\/wp-content\/uploads\/2021\/01\/ruralselva.jpg\u00bb url=\u00bbhttp:\/\/www.ruralselva.com\u00bb url_new_window=\u00bbon\u00bb align=\u00bbcenter\u00bb _builder_version=\u00bb4.16&#8243; width=\u00bb30px\u00bb max_width=\u00bb30px\u00bb custom_margin=\u00bb||20px||false|false\u00bb global_colors_info=\u00bb{}\u00bb][\/et_pb_image][\/et_pb_column][\/et_pb_row][et_pb_row _builder_version=\u00bb4.16&#8243; _module_preset=\u00bbdefault\u00bb custom_padding=\u00bb0px||0px||false|false\u00bb global_colors_info=\u00bb{}\u00bb][et_pb_column type=\u00bb4_4&#8243; _builder_version=\u00bb4.16&#8243; _module_preset=\u00bbdefault\u00bb global_colors_info=\u00bb{}\u00bb][et_pb_image src=\u00bbhttps:\/\/www.masvilar.cat\/wp-content\/uploads\/2020\/12\/top.png\u00bb url=\u00bb#top\u00bb _builder_version=\u00bb4.16&#8243; _module_preset=\u00bbdefault\u00bb positioning=\u00bbfixed\u00bb position_origin_f=\u00bbbottom_right\u00bb vertical_offset=\u00bb24px\u00bb horizontal_offset=\u00bb12px\u00bb z_index=\u00bb338&#8243; sticky_position=\u00bbbottom\u00bb scroll_fade_enable=\u00bbon\u00bb scroll_fade=\u00bb0|18|18|100|0|0%|100&#8243; filter_hue_rotate_tablet=\u00bb\u00bb filter_hue_rotate_phone=\u00bb\u00bb filter_hue_rotate_last_edited=\u00bbon|desktop\u00bb global_colors_info=\u00bb{}\u00bb filter_hue_rotate__hover_enabled=\u00bbon|hover\u00bb filter_hue_rotate__hover=\u00bb0deg\u00bb][\/et_pb_image][\/et_pb_column][\/et_pb_row][\/et_pb_section]<\/p>\n","protected":false},"excerpt":{"rendered":"<p>El FaigEquipamientos y servicios2 personasCama matrimonioBa\u00f1o con duchaVistas exterioresS\u00e1banasToallas de ba\u00f1oMosquiteraCalefacci\u00f3nSecadorLimpieza diariaDesayuno incluidoDesc\u00fabrela<div class=\"carousel-slider-outer carousel-slider-outer-image-carousel carousel-slider-outer-3052\" style=\"--carousel-slider-nav-color:#fff6df;--carousel-slider-active-nav-color:#9b6930;--carousel-slider-arrow-size:45px;--carousel-slider-bullet-size:10px\">\n<div id=\"&#039;id-3052\" class=\"carousel-slider carousel-slider-3052 arrows-visibility-always dots-visibility-never arrows-inside dots-center dots-square owl-carousel\" data-slide-type=\"image-carousel\" data-owl-settings='{\"nav\":true,\"dots\":false,\"slideBy\":1,\"stagePadding\":0,\"margin\":5,\"loop\":true,\"lazyLoad\":true,\"autoplay\":false,\"autoplayTimeout\":3000,\"autoplaySpeed\":700,\"autoplayHoverPause\":false,\"autoWidth\":false,\"responsive\":{\"300\":{\"items\":1},\"576\":{\"items\":2},\"768\":{\"items\":2},\"1024\":{\"items\":3},\"1280\":{\"items\":4},\"1536\":{\"items\":5}}}'>\n<div class=\"carousel-slider__item\">\n\t<a class=\"magnific-popup\" href=\"https:\/\/www.masvilar.cat\/wp-content\/uploads\/2020\/12\/faig-01.jpg\" data-width=\"500\" data-height=\"500\"><img class=\"owl-lazy\" data-src=\"https:\/\/www.masvilar.cat\/wp-content\/uploads\/2020\/12\/faig-01.jpg\" alt=\"\"><\/a><\/div>\n\n<div class=\"carousel-slider__item\">\n\t<a class=\"magnific-popup\" href=\"https:\/\/www.masvilar.cat\/wp-content\/uploads\/2020\/12\/faig-05.jpg\" data-width=\"500\" data-height=\"500\"><img class=\"owl-lazy\" data-src=\"https:\/\/www.masvilar.cat\/wp-content\/uploads\/2020\/12\/faig-05.jpg\" alt=\"\"><\/a><\/div>\n\n<div class=\"carousel-slider__item\">\n\t<a class=\"magnific-popup\" href=\"https:\/\/www.masvilar.cat\/wp-content\/uploads\/2020\/12\/faig-04.jpg\" data-width=\"500\" data-height=\"500\"><img class=\"owl-lazy\" data-src=\"https:\/\/www.masvilar.cat\/wp-content\/uploads\/2020\/12\/faig-04.jpg\" alt=\"\"><\/a><\/div>\n\n<div class=\"carousel-slider__item\">\n\t<a class=\"magnific-popup\" href=\"https:\/\/www.masvilar.cat\/wp-content\/uploads\/2020\/12\/faig-03.jpg\" data-width=\"500\" data-height=\"500\"><img class=\"owl-lazy\" data-src=\"https:\/\/www.masvilar.cat\/wp-content\/uploads\/2020\/12\/faig-03.jpg\" alt=\"\"><\/a><\/div>\n\n<div class=\"carousel-slider__item\">\n\t<a class=\"magnific-popup\" href=\"https:\/\/www.masvilar.cat\/wp-content\/uploads\/2020\/12\/faig-02.jpg\" data-width=\"500\" data-height=\"500\"><img class=\"owl-lazy\" data-src=\"https:\/\/www.masvilar.cat\/wp-content\/uploads\/2020\/12\/faig-02.jpg\" alt=\"\"><\/a><\/div>\n\n<\/div><!-- .carousel-slider-3052 -->\n<\/div><!-- .carousel-slider-outer-3052 -->\nTARIFASTEMPORADA BAJA &nbsp; DESAYUNO Adulto52\u20ac Ni\u00f1o25\u20ac MEDIA PENSI\u00d3N Adulto72\u20ac Ni\u00f1o35\u20ac PENSI\u00d3N COMPLETA Adulto92\u20ac Ni\u00f1o45\u20ac TEMPORADA ALTA &nbsp; DESAYUNO Adulto55\u20ac Ni\u00f1o25\u20ac MEDIA PENSI\u00d3N Adulto75\u20ac Ni\u00f1o35\u20ac PENSI\u00d3N COMPLETA Adulto95\u20ac Ni\u00f1o45\u20ac Consultar precios para ni\u00f1os mayores de 7 a\u00f1os. Caracter\u00edsticas de las comidas: El bufet [&hellip;]<\/p>\n","protected":false},"author":1,"featured_media":0,"parent":4032,"menu_order":0,"comment_status":"closed","ping_status":"closed","template":"","meta":{"_et_pb_use_builder":"on","_et_pb_old_content":"","_et_gb_content_width":"","footnotes":""},"class_list":["post-4066","page","type-page","status-publish","hentry"],"yoast_head":"<!-- This site is optimized with the Yoast SEO plugin v27.3 - https:\/\/yoast.com\/product\/yoast-seo-wordpress\/ -->\n<title>Habitaci\u00f3n El Faig - Mas Vilar<\/title>\n<meta name=\"robots\" content=\"index, follow, max-snippet:-1, max-image-preview:large, max-video-preview:-1\" \/>\n<link rel=\"canonical\" href=\"https:\/\/www.masvilar.cat\/habitacions\/el-faig\/\" \/>\n<meta property=\"og:locale\" content=\"es_ES\" \/>\n<meta property=\"og:type\" content=\"article\" \/>\n<meta property=\"og:title\" content=\"Habitaci\u00f3n El Faig - Mas Vilar\" \/>\n<meta property=\"og:description\" content=\"El FaigEquipamientos y servicios2 personasCama matrimonioBa\u00f1o con duchaVistas exterioresS\u00e1banasToallas de ba\u00f1oMosquiteraCalefacci\u00f3nSecadorLimpieza diariaDesayuno incluidoDesc\u00fabrelaTARIFASTEMPORADA BAJA &nbsp; DESAYUNO Adulto52\u20ac Ni\u00f1o25\u20ac MEDIA PENSI\u00d3N Adulto72\u20ac Ni\u00f1o35\u20ac PENSI\u00d3N COMPLETA Adulto92\u20ac Ni\u00f1o45\u20ac TEMPORADA ALTA &nbsp; DESAYUNO Adulto55\u20ac Ni\u00f1o25\u20ac MEDIA PENSI\u00d3N Adulto75\u20ac Ni\u00f1o35\u20ac PENSI\u00d3N COMPLETA Adulto95\u20ac Ni\u00f1o45\u20ac Consultar precios para ni\u00f1os mayores de 7 a\u00f1os. Caracter\u00edsticas de las comidas: El bufet [&hellip;]\" \/>\n<meta property=\"og:url\" content=\"https:\/\/www.masvilar.cat\/habitacions\/el-faig\/\" \/>\n<meta property=\"og:site_name\" content=\"Mas Vilar\" \/>\n<meta property=\"article:modified_time\" content=\"2023-05-16T08:17:40+00:00\" \/>\n<meta name=\"twitter:card\" content=\"summary_large_image\" \/>\n<meta name=\"twitter:label1\" content=\"Tiempo de lectura\" \/>\n\t<meta name=\"twitter:data1\" content=\"19 minutos\" \/>\n<script type=\"application\/ld+json\" class=\"yoast-schema-graph\">{\"@context\":\"https:\\\/\\\/schema.org\",\"@graph\":[{\"@type\":\"WebPage\",\"@id\":\"https:\\\/\\\/www.masvilar.cat\\\/habitacions\\\/el-faig\\\/\",\"url\":\"https:\\\/\\\/www.masvilar.cat\\\/habitacions\\\/el-faig\\\/\",\"name\":\"Habitaci\u00f3n El Faig - Mas Vilar\",\"isPartOf\":{\"@id\":\"https:\\\/\\\/www.masvilar.cat\\\/#website\"},\"datePublished\":\"2021-01-12T16:00:15+00:00\",\"dateModified\":\"2023-05-16T08:17:40+00:00\",\"breadcrumb\":{\"@id\":\"https:\\\/\\\/www.masvilar.cat\\\/habitacions\\\/el-faig\\\/#breadcrumb\"},\"inLanguage\":\"es\",\"potentialAction\":[{\"@type\":\"ReadAction\",\"target\":[\"https:\\\/\\\/www.masvilar.cat\\\/habitacions\\\/el-faig\\\/\"]}]},{\"@type\":\"BreadcrumbList\",\"@id\":\"https:\\\/\\\/www.masvilar.cat\\\/habitacions\\\/el-faig\\\/#breadcrumb\",\"itemListElement\":[{\"@type\":\"ListItem\",\"position\":1,\"name\":\"Inici\",\"item\":\"https:\\\/\\\/www.masvilar.cat\\\/es\\\/\"},{\"@type\":\"ListItem\",\"position\":2,\"name\":\"Las habitaciones\",\"item\":\"https:\\\/\\\/www.masvilar.cat\\\/habitacions\\\/\"},{\"@type\":\"ListItem\",\"position\":3,\"name\":\"Habitaci\u00f3n El Faig\"}]},{\"@type\":\"WebSite\",\"@id\":\"https:\\\/\\\/www.masvilar.cat\\\/#website\",\"url\":\"https:\\\/\\\/www.masvilar.cat\\\/\",\"name\":\"Mas Vilar\",\"description\":\"Turisme Rural al Montseny\",\"potentialAction\":[{\"@type\":\"SearchAction\",\"target\":{\"@type\":\"EntryPoint\",\"urlTemplate\":\"https:\\\/\\\/www.masvilar.cat\\\/?s={search_term_string}\"},\"query-input\":{\"@type\":\"PropertyValueSpecification\",\"valueRequired\":true,\"valueName\":\"search_term_string\"}}],\"inLanguage\":\"es\"}]}<\/script>\n<!-- \/ Yoast SEO plugin. -->","yoast_head_json":{"title":"Habitaci\u00f3n El Faig - Mas Vilar","robots":{"index":"index","follow":"follow","max-snippet":"max-snippet:-1","max-image-preview":"max-image-preview:large","max-video-preview":"max-video-preview:-1"},"canonical":"https:\/\/www.masvilar.cat\/habitacions\/el-faig\/","og_locale":"es_ES","og_type":"article","og_title":"Habitaci\u00f3n El Faig - Mas Vilar","og_description":"El FaigEquipamientos y servicios2 personasCama matrimonioBa\u00f1o con duchaVistas exterioresS\u00e1banasToallas de ba\u00f1oMosquiteraCalefacci\u00f3nSecadorLimpieza diariaDesayuno incluidoDesc\u00fabrelaTARIFASTEMPORADA BAJA &nbsp; DESAYUNO Adulto52\u20ac Ni\u00f1o25\u20ac MEDIA PENSI\u00d3N Adulto72\u20ac Ni\u00f1o35\u20ac PENSI\u00d3N COMPLETA Adulto92\u20ac Ni\u00f1o45\u20ac TEMPORADA ALTA &nbsp; DESAYUNO Adulto55\u20ac Ni\u00f1o25\u20ac MEDIA PENSI\u00d3N Adulto75\u20ac Ni\u00f1o35\u20ac PENSI\u00d3N COMPLETA Adulto95\u20ac Ni\u00f1o45\u20ac Consultar precios para ni\u00f1os mayores de 7 a\u00f1os. Caracter\u00edsticas de las comidas: El bufet [&hellip;]","og_url":"https:\/\/www.masvilar.cat\/habitacions\/el-faig\/","og_site_name":"Mas Vilar","article_modified_time":"2023-05-16T08:17:40+00:00","twitter_card":"summary_large_image","twitter_misc":{"Tiempo de lectura":"19 minutos"},"schema":{"@context":"https:\/\/schema.org","@graph":[{"@type":"WebPage","@id":"https:\/\/www.masvilar.cat\/habitacions\/el-faig\/","url":"https:\/\/www.masvilar.cat\/habitacions\/el-faig\/","name":"Habitaci\u00f3n El Faig - Mas Vilar","isPartOf":{"@id":"https:\/\/www.masvilar.cat\/#website"},"datePublished":"2021-01-12T16:00:15+00:00","dateModified":"2023-05-16T08:17:40+00:00","breadcrumb":{"@id":"https:\/\/www.masvilar.cat\/habitacions\/el-faig\/#breadcrumb"},"inLanguage":"es","potentialAction":[{"@type":"ReadAction","target":["https:\/\/www.masvilar.cat\/habitacions\/el-faig\/"]}]},{"@type":"BreadcrumbList","@id":"https:\/\/www.masvilar.cat\/habitacions\/el-faig\/#breadcrumb","itemListElement":[{"@type":"ListItem","position":1,"name":"Inici","item":"https:\/\/www.masvilar.cat\/es\/"},{"@type":"ListItem","position":2,"name":"Las habitaciones","item":"https:\/\/www.masvilar.cat\/habitacions\/"},{"@type":"ListItem","position":3,"name":"Habitaci\u00f3n El Faig"}]},{"@type":"WebSite","@id":"https:\/\/www.masvilar.cat\/#website","url":"https:\/\/www.masvilar.cat\/","name":"Mas Vilar","description":"Turisme Rural al Montseny","potentialAction":[{"@type":"SearchAction","target":{"@type":"EntryPoint","urlTemplate":"https:\/\/www.masvilar.cat\/?s={search_term_string}"},"query-input":{"@type":"PropertyValueSpecification","valueRequired":true,"valueName":"search_term_string"}}],"inLanguage":"es"}]}},"_links":{"self":[{"href":"https:\/\/www.masvilar.cat\/es\/wp-json\/wp\/v2\/pages\/4066","targetHints":{"allow":["GET"]}}],"collection":[{"href":"https:\/\/www.masvilar.cat\/es\/wp-json\/wp\/v2\/pages"}],"about":[{"href":"https:\/\/www.masvilar.cat\/es\/wp-json\/wp\/v2\/types\/page"}],"author":[{"embeddable":true,"href":"https:\/\/www.masvilar.cat\/es\/wp-json\/wp\/v2\/users\/1"}],"replies":[{"embeddable":true,"href":"https:\/\/www.masvilar.cat\/es\/wp-json\/wp\/v2\/comments?post=4066"}],"version-history":[{"count":52,"href":"https:\/\/www.masvilar.cat\/es\/wp-json\/wp\/v2\/pages\/4066\/revisions"}],"predecessor-version":[{"id":7686,"href":"https:\/\/www.masvilar.cat\/es\/wp-json\/wp\/v2\/pages\/4066\/revisions\/7686"}],"up":[{"embeddable":true,"href":"https:\/\/www.masvilar.cat\/es\/wp-json\/wp\/v2\/pages\/4032"}],"wp:attachment":[{"href":"https:\/\/www.masvilar.cat\/es\/wp-json\/wp\/v2\/media?parent=4066"}],"curies":[{"name":"wp","href":"https:\/\/api.w.org\/{rel}","templated":true}]}}