{"id":4040,"date":"2021-01-12T15:46:59","date_gmt":"2021-01-12T15:46:59","guid":{"rendered":"http:\/\/masvilar.onfayaprojects.com\/actividades\/"},"modified":"2025-04-29T14:13:08","modified_gmt":"2025-04-29T14:13:08","slug":"actividades","status":"publish","type":"page","link":"https:\/\/www.masvilar.cat\/es\/actividades\/","title":{"rendered":"Actividades"},"content":{"rendered":"<p>[et_pb_section fb_built=\u00bb1&#8243; admin_label=\u00bbheaders\u00bb module_id=\u00bbtop\u00bb module_class=\u00bbheaders\u00bb _builder_version=\u00bb4.16&#8243; background_color=\u00bbrgba(170,170,152,0.32)\u00bb background_image=\u00bbhttps:\/\/www.masvilar.cat\/wp-content\/uploads\/2021\/01\/banner-activitats-retirs.jpg\u00bb background_blend=\u00bbscreen\u00bb height=\u00bb500px\u00bb global_colors_info=\u00bb{}\u00bb][et_pb_row module_class=\u00bblogo-cap\u00bb _builder_version=\u00bb4.16&#8243; positioning=\u00bbabsolute\u00bb vertical_offset=\u00bb61px\u00bb horizontal_offset=\u00bb38px\u00bb width=\u00bb100%\u00bb max_width=\u00bb100%\u00bb custom_margin=\u00bb-50px||||false|false\u00bb global_colors_info=\u00bb{}\u00bb][et_pb_column type=\u00bb4_4&#8243; _builder_version=\u00bb4.16&#8243; global_colors_info=\u00bb{}\u00bb][et_pb_image src=\u00bbhttps:\/\/www.masvilar.cat\/wp-content\/uploads\/2020\/12\/logo-masvilar-blanc-e1608107345880.png\u00bb url=\u00bb@ET-DC@eyJkeW5hbWljIjp0cnVlLCJjb250ZW50IjoiaG9tZV91cmwiLCJzZXR0aW5ncyI6eyJlbmFibGVfaHRtbCI6Im9mZiJ9fQ==@\u00bb align_tablet=\u00bbcenter\u00bb align_phone=\u00bb\u00bb align_last_edited=\u00bbon|phone\u00bb _builder_version=\u00bb4.16&#8243; _dynamic_attributes=\u00bburl\u00bb width=\u00bb150px\u00bb global_colors_info=\u00bb{}\u00bb][\/et_pb_image][\/et_pb_column][\/et_pb_row][et_pb_row _builder_version=\u00bb4.16&#8243; positioning=\u00bbabsolute\u00bb position_origin_a=\u00bbbottom_right\u00bb width=\u00bb100%\u00bb max_width=\u00bb100%\u00bb global_colors_info=\u00bb{}\u00bb][et_pb_column type=\u00bb4_4&#8243; _builder_version=\u00bb4.16&#8243; global_colors_info=\u00bb{}\u00bb][et_pb_text _builder_version=\u00bb4.16&#8243; header_font=\u00bbCookie||||||||\u00bb header_text_color=\u00bb#ffffff\u00bb header_font_size=\u00bb40px\u00bb header_4_font=\u00bbCookie||||||||\u00bb header_4_text_align=\u00bbright\u00bb header_4_text_color=\u00bb#ffffff\u00bb header_4_font_size=\u00bb60px\u00bb background_color=\u00bbrgba(60,21,24,0.51)\u00bb width=\u00bb100%\u00bb max_width=\u00bb100%\u00bb module_alignment=\u00bbcenter\u00bb custom_padding=\u00bb5px|100px|0px||false|false\u00bb custom_padding_tablet=\u00bb|0px|||false|false\u00bb custom_padding_phone=\u00bb\u00bb custom_padding_last_edited=\u00bbon|desktop\u00bb header_4_text_align_tablet=\u00bbcenter\u00bb header_4_text_align_phone=\u00bbcenter\u00bb header_4_text_align_last_edited=\u00bbon|phone\u00bb header_4_font_size_tablet=\u00bb\u00bb header_4_font_size_phone=\u00bb40px\u00bb header_4_font_size_last_edited=\u00bbon|phone\u00bb text_orientation_tablet=\u00bbcenter\u00bb text_orientation_phone=\u00bbcenter\u00bb text_orientation_last_edited=\u00bbon|phone\u00bb global_colors_info=\u00bb{}\u00bb]<\/p>\n<h4>Actividades<\/h4>\n<p>[\/et_pb_text][\/et_pb_column][\/et_pb_row][\/et_pb_section][et_pb_section fb_built=\u00bb1&#8243; admin_label=\u00bbIOGA MEDITACIO\u00bb _builder_version=\u00bb4.16&#8243; width=\u00bb90%\u00bb max_width=\u00bb1400px\u00bb module_alignment=\u00bbcenter\u00bb custom_margin=\u00bb50px||50px||false|false\u00bb animation_style=\u00bbfade\u00bb border_width_all=\u00bb1px\u00bb border_color_all=\u00bbrgba(155,105,48,0.05)\u00bb global_colors_info=\u00bb{}\u00bb][et_pb_row _builder_version=\u00bb4.16&#8243; global_colors_info=\u00bb{}\u00bb][et_pb_column type=\u00bb4_4&#8243; _builder_version=\u00bb4.16&#8243; global_colors_info=\u00bb{}\u00bb][et_pb_text module_class=\u00bbtitols\u00bb _builder_version=\u00bb4.16&#8243; header_3_font=\u00bbMerriweather|||on|||||\u00bb header_3_font_size=\u00bb24px\u00bb header_3_letter_spacing=\u00bb4px\u00bb header_3_line_height=\u00bb30px\u00bb custom_margin=\u00bb0px||0px||false|false\u00bb custom_padding=\u00bb25px||15px||false|false\u00bb global_colors_info=\u00bb{}\u00bb]<\/p>\n<h3 style=\"text-align: center;\">Retiros<\/h3>\n<p>[\/et_pb_text][\/et_pb_column][\/et_pb_row][et_pb_row _builder_version=\u00bb4.16&#8243; width=\u00bb100%\u00bb max_width=\u00bb90%\u00bb global_colors_info=\u00bb{}\u00bb][et_pb_column type=\u00bb4_4&#8243; _builder_version=\u00bb4.16&#8243; global_colors_info=\u00bb{}\u00bb][et_pb_text _builder_version=\u00bb4.16&#8243; text_font=\u00bbDosis|300|||||||\u00bb text_font_size=\u00bb20px\u00bb text_line_height=\u00bb1.5em\u00bb text_orientation=\u00bbjustified\u00bb text_font_size_tablet=\u00bb\u00bb text_font_size_phone=\u00bb18px\u00bb text_font_size_last_edited=\u00bbon|phone\u00bb global_colors_info=\u00bb{}\u00bb]<\/p>\n<p style=\"text-align: justify;\">La naturaleza en el coraz\u00f3n del Montseny, <strong>la pr\u00e1ctica del yoga, la respiraci\u00f3n, la meditaci\u00f3n y la buena comida<\/strong> son los ingredientes que ayudan a desplegar la creatividad y la generaci\u00f3n de una nueva versi\u00f3n de uno mismo.<\/p>\n<p>[\/et_pb_text][\/et_pb_column][\/et_pb_row][et_pb_row column_structure=\u00bb1_4,1_4,1_4,1_4&#8243; use_custom_gutter=\u00bbon\u00bb gutter_width=\u00bb1&#8243; disabled_on=\u00bbon|on|off\u00bb _builder_version=\u00bb4.16&#8243; width=\u00bb90%\u00bb max_width=\u00bb1400px\u00bb global_colors_info=\u00bb{}\u00bb][et_pb_column type=\u00bb1_4&#8243; _builder_version=\u00bb4.16&#8243; global_colors_info=\u00bb{}\u00bb][et_pb_image src=\u00bbhttps:\/\/www.masvilar.cat\/wp-content\/uploads\/2020\/12\/ioga-02.jpg\u00bb show_in_lightbox=\u00bbon\u00bb _builder_version=\u00bb4.16&#8243; custom_margin=\u00bb|||5px|false|false\u00bb global_colors_info=\u00bb{}\u00bb][\/et_pb_image][\/et_pb_column][et_pb_column type=\u00bb1_4&#8243; _builder_version=\u00bb4.16&#8243; global_colors_info=\u00bb{}\u00bb][et_pb_image src=\u00bbhttps:\/\/www.masvilar.cat\/wp-content\/uploads\/2020\/12\/ioga-01.jpg\u00bb show_in_lightbox=\u00bbon\u00bb _builder_version=\u00bb4.16&#8243; custom_margin=\u00bb|||5px|false|false\u00bb global_colors_info=\u00bb{}\u00bb][\/et_pb_image][\/et_pb_column][et_pb_column type=\u00bb1_4&#8243; _builder_version=\u00bb4.16&#8243; global_colors_info=\u00bb{}\u00bb][et_pb_image src=\u00bbhttps:\/\/www.masvilar.cat\/wp-content\/uploads\/2020\/12\/activitats-ioga-04.jpg\u00bb show_in_lightbox=\u00bbon\u00bb _builder_version=\u00bb4.16&#8243; custom_margin=\u00bb|||5px|false|false\u00bb global_colors_info=\u00bb{}\u00bb][\/et_pb_image][\/et_pb_column][et_pb_column type=\u00bb1_4&#8243; _builder_version=\u00bb4.16&#8243; global_colors_info=\u00bb{}\u00bb][et_pb_image src=\u00bbhttps:\/\/www.masvilar.cat\/wp-content\/uploads\/2020\/12\/ioga-03.jpg\u00bb show_in_lightbox=\u00bbon\u00bb _builder_version=\u00bb4.16&#8243; custom_margin=\u00bb|||5px|false|false\u00bb global_colors_info=\u00bb{}\u00bb][\/et_pb_image][\/et_pb_column][\/et_pb_row][et_pb_row use_custom_gutter=\u00bbon\u00bb gutter_width=\u00bb1&#8243; disabled_on=\u00bboff|off|on\u00bb _builder_version=\u00bb4.16&#8243; width=\u00bb90%\u00bb max_width=\u00bb1400px\u00bb global_colors_info=\u00bb{}\u00bb][et_pb_column type=\u00bb4_4&#8243; _builder_version=\u00bb4.16&#8243; global_colors_info=\u00bb{}\u00bb][et_pb_code disabled_on=\u00bboff|off|on\u00bb _builder_version=\u00bb4.16&#8243; global_colors_info=\u00bb{}\u00bb]<div class=\"carousel-slider-outer carousel-slider-outer-image-carousel carousel-slider-outer-3169\" style=\"--carousel-slider-nav-color:#fff6df;--carousel-slider-active-nav-color:#9b6930;--carousel-slider-arrow-size:45px;--carousel-slider-bullet-size:10px\">\n<div id=\"&#039;id-3169\" class=\"carousel-slider carousel-slider-3169 arrows-visibility-always dots-visibility-never arrows-inside dots-center dots-square owl-carousel\" data-slide-type=\"image-carousel\" data-owl-settings='{\"nav\":true,\"dots\":false,\"slideBy\":1,\"stagePadding\":0,\"margin\":5,\"loop\":true,\"lazyLoad\":false,\"autoplay\":false,\"autoplayTimeout\":3000,\"autoplaySpeed\":700,\"autoplayHoverPause\":false,\"autoWidth\":false,\"responsive\":{\"300\":{\"items\":1},\"576\":{\"items\":2},\"768\":{\"items\":2},\"1024\":{\"items\":3},\"1280\":{\"items\":4},\"1536\":{\"items\":5}}}'>\n<div class=\"carousel-slider__item\">\n\t<a class=\"magnific-popup\" href=\"https:\/\/www.masvilar.cat\/wp-content\/uploads\/2020\/12\/ioga-02.jpg\" data-width=\"500\" data-height=\"500\"><img decoding=\"async\" width=\"500\" height=\"500\" src=\"https:\/\/www.masvilar.cat\/wp-content\/uploads\/2020\/12\/ioga-02.jpg\" class=\"attachment-full size-full\" alt=\"\" srcset=\"https:\/\/www.masvilar.cat\/wp-content\/uploads\/2020\/12\/ioga-02.jpg 500w, https:\/\/www.masvilar.cat\/wp-content\/uploads\/2020\/12\/ioga-02-480x480.jpg 480w\" sizes=\"(min-width: 0px) and (max-width: 480px) 480px, (min-width: 481px) 500px, 100vw\" \/><\/a><\/div>\n\n<div class=\"carousel-slider__item\">\n\t<a class=\"magnific-popup\" href=\"https:\/\/www.masvilar.cat\/wp-content\/uploads\/2020\/12\/ioga-01.jpg\" data-width=\"500\" data-height=\"500\"><img decoding=\"async\" width=\"500\" height=\"500\" src=\"https:\/\/www.masvilar.cat\/wp-content\/uploads\/2020\/12\/ioga-01.jpg\" class=\"attachment-full size-full\" alt=\"\" srcset=\"https:\/\/www.masvilar.cat\/wp-content\/uploads\/2020\/12\/ioga-01.jpg 500w, https:\/\/www.masvilar.cat\/wp-content\/uploads\/2020\/12\/ioga-01-480x480.jpg 480w\" sizes=\"(min-width: 0px) and (max-width: 480px) 480px, (min-width: 481px) 500px, 100vw\" \/><\/a><\/div>\n\n<div class=\"carousel-slider__item\">\n\t<a class=\"magnific-popup\" href=\"https:\/\/www.masvilar.cat\/wp-content\/uploads\/2020\/12\/activitats-ioga-04.jpg\" data-width=\"500\" data-height=\"500\"><img decoding=\"async\" width=\"500\" height=\"500\" src=\"https:\/\/www.masvilar.cat\/wp-content\/uploads\/2020\/12\/activitats-ioga-04.jpg\" class=\"attachment-full size-full\" alt=\"\" srcset=\"https:\/\/www.masvilar.cat\/wp-content\/uploads\/2020\/12\/activitats-ioga-04.jpg 500w, https:\/\/www.masvilar.cat\/wp-content\/uploads\/2020\/12\/activitats-ioga-04-480x480.jpg 480w\" sizes=\"(min-width: 0px) and (max-width: 480px) 480px, (min-width: 481px) 500px, 100vw\" \/><\/a><\/div>\n\n<div class=\"carousel-slider__item\">\n\t<a class=\"magnific-popup\" href=\"https:\/\/www.masvilar.cat\/wp-content\/uploads\/2020\/12\/ioga-03.jpg\" data-width=\"500\" data-height=\"500\"><img decoding=\"async\" width=\"500\" height=\"500\" src=\"https:\/\/www.masvilar.cat\/wp-content\/uploads\/2020\/12\/ioga-03.jpg\" class=\"attachment-full size-full\" alt=\"\" srcset=\"https:\/\/www.masvilar.cat\/wp-content\/uploads\/2020\/12\/ioga-03.jpg 500w, https:\/\/www.masvilar.cat\/wp-content\/uploads\/2020\/12\/ioga-03-480x480.jpg 480w\" sizes=\"(min-width: 0px) and (max-width: 480px) 480px, (min-width: 481px) 500px, 100vw\" \/><\/a><\/div>\n\n<\/div><!-- .carousel-slider-3169 -->\n<\/div><!-- .carousel-slider-outer-3169 -->\n[\/et_pb_code][\/et_pb_column][\/et_pb_row][\/et_pb_section][et_pb_section fb_built=\u00bb1&#8243; admin_label=\u00bbCAL\u00c7OTADES\u00bb _builder_version=\u00bb4.16&#8243; width=\u00bb90%\u00bb max_width=\u00bb1400px\u00bb module_alignment=\u00bbcenter\u00bb custom_margin=\u00bb||50px||false|false\u00bb animation_style=\u00bbfade\u00bb border_width_all=\u00bb1px\u00bb border_color_all=\u00bbrgba(155,105,48,0.05)\u00bb global_colors_info=\u00bb{}\u00bb][et_pb_row _builder_version=\u00bb4.16&#8243; global_colors_info=\u00bb{}\u00bb][et_pb_column type=\u00bb4_4&#8243; _builder_version=\u00bb4.16&#8243; global_colors_info=\u00bb{}\u00bb][et_pb_text module_class=\u00bbtitols\u00bb _builder_version=\u00bb4.16&#8243; header_3_font=\u00bbMerriweather|||on|||||\u00bb header_3_font_size=\u00bb24px\u00bb header_3_letter_spacing=\u00bb4px\u00bb header_3_line_height=\u00bb30px\u00bb custom_margin=\u00bb0px||0px||false|false\u00bb custom_padding=\u00bb25px||15px||false|false\u00bb global_colors_info=\u00bb{}\u00bb]<\/p>\n<h3 style=\"text-align: center;\">Cal\u00e7otadas<\/h3>\n<p>[\/et_pb_text][\/et_pb_column][\/et_pb_row][et_pb_row _builder_version=\u00bb4.16&#8243; width=\u00bb90%\u00bb max_width=\u00bb90%\u00bb global_colors_info=\u00bb{}\u00bb][et_pb_column type=\u00bb4_4&#8243; _builder_version=\u00bb4.16&#8243; global_colors_info=\u00bb{}\u00bb][et_pb_text _builder_version=\u00bb4.16&#8243; text_font=\u00bbDosis|300|||||||\u00bb text_font_size=\u00bb20px\u00bb text_line_height=\u00bb1.5em\u00bb text_orientation=\u00bbjustified\u00bb text_font_size_tablet=\u00bb\u00bb text_font_size_phone=\u00bb18px\u00bb text_font_size_last_edited=\u00bbon|phone\u00bb global_colors_info=\u00bb{}\u00bb]<\/p>\n<p style=\"text-align: justify;\">Todo un cl\u00e1sico! Durante la temporada (febrero y marzo) hay disponibles paquetes de fin de semana con <strong>men\u00fa cal\u00e7otada con cal\u00e7ots ecol\u00f3gicos, salsa casera, butifarra y cordero del bueno.<\/strong> \u00a1Para que disfrutes al m\u00e1ximo!<\/p>\n<p>[\/et_pb_text][\/et_pb_column][\/et_pb_row][et_pb_row column_structure=\u00bb1_4,1_4,1_4,1_4&#8243; use_custom_gutter=\u00bbon\u00bb gutter_width=\u00bb1&#8243; disabled_on=\u00bbon|on|off\u00bb _builder_version=\u00bb4.16&#8243; width=\u00bb90%\u00bb max_width=\u00bb90%\u00bb global_colors_info=\u00bb{}\u00bb][et_pb_column type=\u00bb1_4&#8243; _builder_version=\u00bb4.16&#8243; global_colors_info=\u00bb{}\u00bb][et_pb_image src=\u00bbhttps:\/\/www.masvilar.cat\/wp-content\/uploads\/2020\/12\/activitats-calsotada-04.jpg\u00bb show_in_lightbox=\u00bbon\u00bb _builder_version=\u00bb4.16&#8243; custom_margin=\u00bb|||5px|false|false\u00bb global_colors_info=\u00bb{}\u00bb][\/et_pb_image][\/et_pb_column][et_pb_column type=\u00bb1_4&#8243; _builder_version=\u00bb4.16&#8243; global_colors_info=\u00bb{}\u00bb][et_pb_image src=\u00bbhttps:\/\/www.masvilar.cat\/wp-content\/uploads\/2020\/12\/activitats-calsotada-03.jpg\u00bb show_in_lightbox=\u00bbon\u00bb _builder_version=\u00bb4.16&#8243; custom_margin=\u00bb|||5px|false|false\u00bb global_colors_info=\u00bb{}\u00bb][\/et_pb_image][\/et_pb_column][et_pb_column type=\u00bb1_4&#8243; _builder_version=\u00bb4.16&#8243; global_colors_info=\u00bb{}\u00bb][et_pb_image src=\u00bbhttps:\/\/www.masvilar.cat\/wp-content\/uploads\/2020\/12\/activitats-calsotada-02-1.jpg\u00bb show_in_lightbox=\u00bbon\u00bb _builder_version=\u00bb4.16&#8243; custom_margin=\u00bb|||5px|false|false\u00bb global_colors_info=\u00bb{}\u00bb][\/et_pb_image][\/et_pb_column][et_pb_column type=\u00bb1_4&#8243; _builder_version=\u00bb4.16&#8243; global_colors_info=\u00bb{}\u00bb][et_pb_image src=\u00bbhttps:\/\/www.masvilar.cat\/wp-content\/uploads\/2020\/12\/activitats-calsotada.jpg\u00bb show_in_lightbox=\u00bbon\u00bb _builder_version=\u00bb4.16&#8243; custom_margin=\u00bb|||5px|false|false\u00bb global_colors_info=\u00bb{}\u00bb][\/et_pb_image][\/et_pb_column][\/et_pb_row][et_pb_row use_custom_gutter=\u00bbon\u00bb gutter_width=\u00bb1&#8243; disabled_on=\u00bboff|off|on\u00bb _builder_version=\u00bb4.16&#8243; width=\u00bb90%\u00bb max_width=\u00bb90%\u00bb global_colors_info=\u00bb{}\u00bb][et_pb_column type=\u00bb4_4&#8243; _builder_version=\u00bb4.16&#8243; global_colors_info=\u00bb{}\u00bb][et_pb_code _builder_version=\u00bb4.16&#8243; global_colors_info=\u00bb{}\u00bb]<div class=\"carousel-slider-outer carousel-slider-outer-image-carousel carousel-slider-outer-3170\" style=\"--carousel-slider-nav-color:#fff6df;--carousel-slider-active-nav-color:#9b6930;--carousel-slider-arrow-size:45px;--carousel-slider-bullet-size:10px\">\n<div id=\"&#039;id-3170\" class=\"carousel-slider carousel-slider-3170 arrows-visibility-always dots-visibility-never arrows-inside dots-center dots-square owl-carousel\" data-slide-type=\"image-carousel\" data-owl-settings='{\"nav\":true,\"dots\":false,\"slideBy\":1,\"stagePadding\":0,\"margin\":5,\"loop\":true,\"lazyLoad\":false,\"autoplay\":false,\"autoplayTimeout\":3000,\"autoplaySpeed\":700,\"autoplayHoverPause\":false,\"autoWidth\":false,\"responsive\":{\"300\":{\"items\":1},\"576\":{\"items\":2},\"768\":{\"items\":2},\"1024\":{\"items\":3},\"1280\":{\"items\":4},\"1536\":{\"items\":5}}}'>\n<div class=\"carousel-slider__item\">\n\t<a class=\"magnific-popup\" href=\"https:\/\/www.masvilar.cat\/wp-content\/uploads\/2020\/12\/activitats-calsotada-02-1.jpg\" data-width=\"500\" data-height=\"500\"><img decoding=\"async\" width=\"500\" height=\"500\" src=\"https:\/\/www.masvilar.cat\/wp-content\/uploads\/2020\/12\/activitats-calsotada-02-1.jpg\" class=\"attachment-full size-full\" alt=\"\" srcset=\"https:\/\/www.masvilar.cat\/wp-content\/uploads\/2020\/12\/activitats-calsotada-02-1.jpg 500w, https:\/\/www.masvilar.cat\/wp-content\/uploads\/2020\/12\/activitats-calsotada-02-1-480x480.jpg 480w\" sizes=\"(min-width: 0px) and (max-width: 480px) 480px, (min-width: 481px) 500px, 100vw\" \/><\/a><\/div>\n\n<div class=\"carousel-slider__item\">\n\t<a class=\"magnific-popup\" href=\"https:\/\/www.masvilar.cat\/wp-content\/uploads\/2020\/12\/activitats-calsotada-03.jpg\" data-width=\"500\" data-height=\"500\"><img decoding=\"async\" width=\"500\" height=\"500\" src=\"https:\/\/www.masvilar.cat\/wp-content\/uploads\/2020\/12\/activitats-calsotada-03.jpg\" class=\"attachment-full size-full\" alt=\"\" srcset=\"https:\/\/www.masvilar.cat\/wp-content\/uploads\/2020\/12\/activitats-calsotada-03.jpg 500w, https:\/\/www.masvilar.cat\/wp-content\/uploads\/2020\/12\/activitats-calsotada-03-480x480.jpg 480w\" sizes=\"(min-width: 0px) and (max-width: 480px) 480px, (min-width: 481px) 500px, 100vw\" \/><\/a><\/div>\n\n<div class=\"carousel-slider__item\">\n\t<a class=\"magnific-popup\" href=\"https:\/\/www.masvilar.cat\/wp-content\/uploads\/2020\/12\/activitats-calsotada-04.jpg\" data-width=\"500\" data-height=\"500\"><img decoding=\"async\" width=\"500\" height=\"500\" src=\"https:\/\/www.masvilar.cat\/wp-content\/uploads\/2020\/12\/activitats-calsotada-04.jpg\" class=\"attachment-full size-full\" alt=\"\" srcset=\"https:\/\/www.masvilar.cat\/wp-content\/uploads\/2020\/12\/activitats-calsotada-04.jpg 500w, https:\/\/www.masvilar.cat\/wp-content\/uploads\/2020\/12\/activitats-calsotada-04-480x480.jpg 480w\" sizes=\"(min-width: 0px) and (max-width: 480px) 480px, (min-width: 481px) 500px, 100vw\" \/><\/a><\/div>\n\n<div class=\"carousel-slider__item\">\n\t<a class=\"magnific-popup\" href=\"https:\/\/www.masvilar.cat\/wp-content\/uploads\/2020\/12\/activitats-calsotada.jpg\" data-width=\"500\" data-height=\"500\"><img decoding=\"async\" width=\"500\" height=\"500\" src=\"https:\/\/www.masvilar.cat\/wp-content\/uploads\/2020\/12\/activitats-calsotada.jpg\" class=\"attachment-full size-full\" alt=\"\" srcset=\"https:\/\/www.masvilar.cat\/wp-content\/uploads\/2020\/12\/activitats-calsotada.jpg 500w, https:\/\/www.masvilar.cat\/wp-content\/uploads\/2020\/12\/activitats-calsotada-480x480.jpg 480w\" sizes=\"(min-width: 0px) and (max-width: 480px) 480px, (min-width: 481px) 500px, 100vw\" \/><\/a><\/div>\n\n<\/div><!-- .carousel-slider-3170 -->\n<\/div><!-- .carousel-slider-outer-3170 -->\n[\/et_pb_code][\/et_pb_column][\/et_pb_row][\/et_pb_section][et_pb_section fb_built=\u00bb1&#8243; admin_label=\u00bbTALLERS\u00bb _builder_version=\u00bb4.16&#8243; width=\u00bb90%\u00bb max_width=\u00bb1400px\u00bb module_alignment=\u00bbcenter\u00bb min_height=\u00bb1095.9px\u00bb custom_margin=\u00bb-106px|-2px|50px||false|false\u00bb custom_padding=\u00bb8px||0px|||\u00bb animation_style=\u00bbfade\u00bb border_width_all=\u00bb1px\u00bb border_color_all=\u00bbrgba(155,105,48,0.05)\u00bb global_colors_info=\u00bb{}\u00bb][et_pb_row _builder_version=\u00bb4.16&#8243; global_colors_info=\u00bb{}\u00bb][et_pb_column type=\u00bb4_4&#8243; _builder_version=\u00bb4.16&#8243; global_colors_info=\u00bb{}\u00bb][et_pb_text module_class=\u00bbtitols\u00bb _builder_version=\u00bb4.16&#8243; header_3_font=\u00bbMerriweather|||on|||||\u00bb header_3_font_size=\u00bb24px\u00bb header_3_letter_spacing=\u00bb4px\u00bb header_3_line_height=\u00bb30px\u00bb custom_margin=\u00bb0px||0px||false|false\u00bb custom_padding=\u00bb25px||15px||false|false\u00bb global_colors_info=\u00bb{}\u00bb]<\/p>\n<h3 style=\"text-align: center;\">Talleres y cursos<\/h3>\n<p>[\/et_pb_text][\/et_pb_column][\/et_pb_row][et_pb_row _builder_version=\u00bb4.16&#8243; width=\u00bb90%\u00bb max_width=\u00bb90%\u00bb global_colors_info=\u00bb{}\u00bb][et_pb_column type=\u00bb4_4&#8243; _builder_version=\u00bb4.16&#8243; global_colors_info=\u00bb{}\u00bb][et_pb_text _builder_version=\u00bb4.16&#8243; text_font=\u00bbDosis|300|||||||\u00bb text_font_size=\u00bb20px\u00bb text_line_height=\u00bb1.5em\u00bb link_text_color=\u00bb#9B6930&#8243; text_orientation=\u00bbjustified\u00bb text_font_size_tablet=\u00bb\u00bb text_font_size_phone=\u00bb18px\u00bb text_font_size_last_edited=\u00bbon|phone\u00bb global_colors_info=\u00bb{}\u00bb]<\/p>\n<p style=\"text-align: justify;\">En la Mas\u00eda realizamos d<strong>iferentes talleres, todos ellos te\u00f3ricos y pr\u00e1cticos<\/strong>, para que el aprendizaje sea mucho m\u00e1s provechoso y ameno. Algunos de ellos los realizamos de la mano de <a href=\"http:\/\/naturalwalks.com\/\" target=\"_blank\" rel=\"noopener noreferrer\">Naturalwalks<\/a>.<\/p>\n<p>[\/et_pb_text][\/et_pb_column][\/et_pb_row][et_pb_row column_structure=\u00bb1_4,1_4,1_4,1_4&#8243; use_custom_gutter=\u00bbon\u00bb gutter_width=\u00bb1&#8243; disabled_on=\u00bbon|on|off\u00bb _builder_version=\u00bb4.16&#8243; width=\u00bb90%\u00bb max_width=\u00bb90%\u00bb global_colors_info=\u00bb{}\u00bb][et_pb_column type=\u00bb1_4&#8243; _builder_version=\u00bb4.16&#8243; global_colors_info=\u00bb{}\u00bb][et_pb_image src=\u00bbhttps:\/\/www.masvilar.cat\/wp-content\/uploads\/2020\/12\/activitats-bolets-02.jpg\u00bb show_in_lightbox=\u00bbon\u00bb _builder_version=\u00bb4.16&#8243; custom_margin=\u00bb|||5px|false|false\u00bb global_colors_info=\u00bb{}\u00bb][\/et_pb_image][\/et_pb_column][et_pb_column type=\u00bb1_4&#8243; _builder_version=\u00bb4.16&#8243; global_colors_info=\u00bb{}\u00bb][et_pb_image src=\u00bbhttps:\/\/www.masvilar.cat\/wp-content\/uploads\/2020\/12\/tallers-bolets.jpg\u00bb show_in_lightbox=\u00bbon\u00bb _builder_version=\u00bb4.16&#8243; custom_margin=\u00bb|||5px|false|false\u00bb global_colors_info=\u00bb{}\u00bb][\/et_pb_image][\/et_pb_column][et_pb_column type=\u00bb1_4&#8243; _builder_version=\u00bb4.16&#8243; global_colors_info=\u00bb{}\u00bb][et_pb_image src=\u00bbhttps:\/\/www.masvilar.cat\/wp-content\/uploads\/2020\/12\/tallers.jpg\u00bb show_in_lightbox=\u00bbon\u00bb _builder_version=\u00bb4.16&#8243; custom_margin=\u00bb|||5px|false|false\u00bb global_colors_info=\u00bb{}\u00bb][\/et_pb_image][\/et_pb_column][et_pb_column type=\u00bb1_4&#8243; _builder_version=\u00bb4.16&#8243; global_colors_info=\u00bb{}\u00bb][et_pb_image src=\u00bbhttps:\/\/www.masvilar.cat\/wp-content\/uploads\/2020\/12\/activitats-maridatge-02.jpg\u00bb show_in_lightbox=\u00bbon\u00bb _builder_version=\u00bb4.16&#8243; custom_margin=\u00bb|||5px|false|false\u00bb global_colors_info=\u00bb{}\u00bb][\/et_pb_image][\/et_pb_column][\/et_pb_row][et_pb_row use_custom_gutter=\u00bbon\u00bb gutter_width=\u00bb1&#8243; disabled_on=\u00bboff|off|on\u00bb _builder_version=\u00bb4.16&#8243; width=\u00bb90%\u00bb max_width=\u00bb90%\u00bb global_colors_info=\u00bb{}\u00bb][et_pb_column type=\u00bb4_4&#8243; _builder_version=\u00bb4.16&#8243; global_colors_info=\u00bb{}\u00bb][et_pb_code disabled_on=\u00bboff|off|on\u00bb _builder_version=\u00bb4.16&#8243; global_colors_info=\u00bb{}\u00bb]<div class=\"carousel-slider-outer carousel-slider-outer-image-carousel carousel-slider-outer-3171\" style=\"--carousel-slider-nav-color:#fff6df;--carousel-slider-active-nav-color:#9b6930;--carousel-slider-arrow-size:45px;--carousel-slider-bullet-size:10px\">\n<div id=\"&#039;id-3171\" class=\"carousel-slider carousel-slider-3171 arrows-visibility-always dots-visibility-never arrows-inside dots-center dots-square owl-carousel\" data-slide-type=\"image-carousel\" data-owl-settings='{\"nav\":true,\"dots\":false,\"slideBy\":1,\"stagePadding\":0,\"margin\":5,\"loop\":true,\"lazyLoad\":false,\"autoplay\":false,\"autoplayTimeout\":3000,\"autoplaySpeed\":700,\"autoplayHoverPause\":false,\"autoWidth\":false,\"responsive\":{\"300\":{\"items\":1},\"576\":{\"items\":2},\"768\":{\"items\":2},\"1024\":{\"items\":3},\"1280\":{\"items\":4},\"1536\":{\"items\":5}}}'>\n<div class=\"carousel-slider__item\">\n\t<a class=\"magnific-popup\" href=\"https:\/\/www.masvilar.cat\/wp-content\/uploads\/2020\/12\/activitats-bolets-02.jpg\" data-width=\"500\" data-height=\"500\"><img decoding=\"async\" width=\"500\" height=\"500\" src=\"https:\/\/www.masvilar.cat\/wp-content\/uploads\/2020\/12\/activitats-bolets-02.jpg\" class=\"attachment-full size-full\" alt=\"\" srcset=\"https:\/\/www.masvilar.cat\/wp-content\/uploads\/2020\/12\/activitats-bolets-02.jpg 500w, https:\/\/www.masvilar.cat\/wp-content\/uploads\/2020\/12\/activitats-bolets-02-480x480.jpg 480w\" sizes=\"(min-width: 0px) and (max-width: 480px) 480px, (min-width: 481px) 500px, 100vw\" \/><\/a><\/div>\n\n<div class=\"carousel-slider__item\">\n\t<a class=\"magnific-popup\" href=\"https:\/\/www.masvilar.cat\/wp-content\/uploads\/2020\/12\/tallers-bolets.jpg\" data-width=\"500\" data-height=\"500\"><img decoding=\"async\" width=\"500\" height=\"500\" src=\"https:\/\/www.masvilar.cat\/wp-content\/uploads\/2020\/12\/tallers-bolets.jpg\" class=\"attachment-full size-full\" alt=\"\" srcset=\"https:\/\/www.masvilar.cat\/wp-content\/uploads\/2020\/12\/tallers-bolets.jpg 500w, https:\/\/www.masvilar.cat\/wp-content\/uploads\/2020\/12\/tallers-bolets-480x480.jpg 480w\" sizes=\"(min-width: 0px) and (max-width: 480px) 480px, (min-width: 481px) 500px, 100vw\" \/><\/a><\/div>\n\n<div class=\"carousel-slider__item\">\n\t<a class=\"magnific-popup\" href=\"https:\/\/www.masvilar.cat\/wp-content\/uploads\/2020\/12\/tallers.jpg\" data-width=\"500\" data-height=\"500\"><img decoding=\"async\" width=\"500\" height=\"500\" src=\"https:\/\/www.masvilar.cat\/wp-content\/uploads\/2020\/12\/tallers.jpg\" class=\"attachment-full size-full\" alt=\"\" srcset=\"https:\/\/www.masvilar.cat\/wp-content\/uploads\/2020\/12\/tallers.jpg 500w, https:\/\/www.masvilar.cat\/wp-content\/uploads\/2020\/12\/tallers-480x480.jpg 480w\" sizes=\"(min-width: 0px) and (max-width: 480px) 480px, (min-width: 481px) 500px, 100vw\" \/><\/a><\/div>\n\n<div class=\"carousel-slider__item\">\n\t<a class=\"magnific-popup\" href=\"https:\/\/www.masvilar.cat\/wp-content\/uploads\/2020\/12\/activitats-maridatge-02.jpg\" data-width=\"500\" data-height=\"500\"><img decoding=\"async\" width=\"500\" height=\"500\" src=\"https:\/\/www.masvilar.cat\/wp-content\/uploads\/2020\/12\/activitats-maridatge-02.jpg\" class=\"attachment-full size-full\" alt=\"\" srcset=\"https:\/\/www.masvilar.cat\/wp-content\/uploads\/2020\/12\/activitats-maridatge-02.jpg 500w, https:\/\/www.masvilar.cat\/wp-content\/uploads\/2020\/12\/activitats-maridatge-02-480x480.jpg 480w\" sizes=\"(min-width: 0px) and (max-width: 480px) 480px, (min-width: 481px) 500px, 100vw\" \/><\/a><\/div>\n\n<\/div><!-- .carousel-slider-3171 -->\n<\/div><!-- .carousel-slider-outer-3171 -->\n[\/et_pb_code][\/et_pb_column][\/et_pb_row][et_pb_row _builder_version=\u00bb4.16&#8243; width=\u00bb90%\u00bb max_width=\u00bb90%\u00bb min_height=\u00bb318px\u00bb custom_padding=\u00bb||0px|||\u00bb global_colors_info=\u00bb{}\u00bb][et_pb_column type=\u00bb4_4&#8243; _builder_version=\u00bb4.16&#8243; global_colors_info=\u00bb{}\u00bb][et_pb_text _builder_version=\u00bb4.16&#8243; text_font=\u00bbDosis|300|||||||\u00bb text_font_size=\u00bb20px\u00bb text_line_height=\u00bb1.5em\u00bb text_orientation=\u00bbjustified\u00bb text_font_size_tablet=\u00bb\u00bb text_font_size_phone=\u00bb18px\u00bb text_font_size_last_edited=\u00bbon|phone\u00bb global_colors_info=\u00bb{}\u00bb]<\/p>\n<p style=\"text-align: justify;\"><strong>Setas<\/strong>: para saber m\u00e1s del mundo de las setas e identificar sus tipos comestibles y otra informaci\u00f3n de inter\u00e9s.<\/p>\n<p><strong>Maridajes<\/strong>: para degustar varias flores con vinos y explorar nuevas texturas y sabores que despertar\u00e1n todos tus sentidos.<\/p>\n<p><strong>Gastronom\u00eda floral:<\/strong> para aprender sobre las plantas comestibles, como los frutos que crecen en el Montseny y, a la vez, para conocer usos y aplicaciones b\u00e1sicas para nuestra salud.<\/p>\n<p>&nbsp;<\/p>\n<p>De otra banda, el equipo <strong><a href=\"https:\/\/www.astara.es\/ca\/homecat\/\">asTara <\/a><\/strong>nos ofrece <span>una serie de actividades, talleres y cursos<\/span> que nos dan la <span> oportunidad de reencontrarnos con nosotros mismos y conectar con lo que somos, gui\u00e1ndonos para desconectar del d\u00eda a d\u00eda y recuperar las energ\u00edas.<\/span><\/p>\n<p><span><\/span><\/p>\n<p>[\/et_pb_text][\/et_pb_column][\/et_pb_row][et_pb_row column_structure=\u00bb1_3,1_3,1_3&#8243; _builder_version=\u00bb4.16&#8243; _module_preset=\u00bbdefault\u00bb global_colors_info=\u00bb{}\u00bb][et_pb_column type=\u00bb1_3&#8243; _builder_version=\u00bb4.16&#8243; _module_preset=\u00bbdefault\u00bb global_colors_info=\u00bb{}\u00bb][et_pb_gallery gallery_ids=\u00bb6147&#8243; show_title_and_caption=\u00bboff\u00bb _builder_version=\u00bb4.16&#8243; _module_preset=\u00bbdefault\u00bb global_colors_info=\u00bb{}\u00bb][\/et_pb_gallery][\/et_pb_column][et_pb_column type=\u00bb1_3&#8243; _builder_version=\u00bb4.16&#8243; _module_preset=\u00bbdefault\u00bb global_colors_info=\u00bb{}\u00bb][et_pb_gallery gallery_ids=\u00bb6151&#8243; show_title_and_caption=\u00bboff\u00bb _builder_version=\u00bb4.16&#8243; _module_preset=\u00bbdefault\u00bb global_colors_info=\u00bb{}\u00bb][\/et_pb_gallery][\/et_pb_column][et_pb_column type=\u00bb1_3&#8243; _builder_version=\u00bb4.16&#8243; _module_preset=\u00bbdefault\u00bb global_colors_info=\u00bb{}\u00bb][et_pb_gallery gallery_ids=\u00bb6143&#8243; show_title_and_caption=\u00bboff\u00bb _builder_version=\u00bb4.16&#8243; _module_preset=\u00bbdefault\u00bb global_colors_info=\u00bb{}\u00bb][\/et_pb_gallery][\/et_pb_column][\/et_pb_row][\/et_pb_section][et_pb_section fb_built=\u00bb1&#8243; _builder_version=\u00bb4.16&#8243; _module_preset=\u00bbdefault\u00bb global_colors_info=\u00bb{}\u00bb][et_pb_row _builder_version=\u00bb4.16&#8243; _module_preset=\u00bbdefault\u00bb custom_margin=\u00bb-118px|auto||auto||\u00bb custom_padding=\u00bb21px|||||\u00bb global_colors_info=\u00bb{}\u00bb][et_pb_column type=\u00bb4_4&#8243; _builder_version=\u00bb4.16&#8243; _module_preset=\u00bbdefault\u00bb global_colors_info=\u00bb{}\u00bb][et_pb_text _builder_version=\u00bb4.16&#8243; _module_preset=\u00bbdefault\u00bb global_colors_info=\u00bb{}\u00bb]<\/p>\n<p><strong><span>Mindfulness y Meditaci\u00f3<\/span><\/strong><\/p>\n<p><span>Desconecta el piloto autom\u00e1tico de tu d\u00eda a d\u00eda, profundizando en un estado de conciencia que te aportar\u00e1 claridat y autoconocimiento, reduciendo los niveles de estr\u00e9s para responder de manera m\u00e9s efectiva y resiliente a los reptos diarios. Conquista tu calma interior en un entorno id\u00edlico.<\/span><\/p>\n<p><strong><span>Ba\u00f1os de bosque <\/span><\/strong><\/p>\n<p><span>Esta actividad te har\u00e1 sentir, vivir y disfrutar del bosque de una forma que nunca habr\u00edas imaginado. Conecta con la esencia de la naturaleza y contigo mismo mediante experiencias y ense\u00f1anzas que te llevaran a un estado de benestar y calma interior.<\/span><\/p>\n<p><strong>Conciencia corporal<span> <\/span><\/strong><\/p>\n<p><span>Siente tu cuerpo y aprende a escucharlo. Trebajaremos con la energ\u00eda que fluye dentro nuestro y experimentar\u00e1s una mejora f\u00edsica y de tu estado de \u00e1nimo. Un cuerpo relajado y en equilibrio te permitir\u00e1 disfrutar de una estancia en armon\u00eda. Nutrici\u00f3n y alimentaci\u00f3n consciente<\/span><\/p>\n<p><strong><span>Nutrici\u00f3n y alimentaci\u00f3n consciente <\/span><\/strong><\/p>\n<p><span>Disfruta de la comida aprendiendo sus propiedades nutritivas y energ\u00e9ticas, su efecto en nuestro cuerpo y a escoger los alimentos combinando la estacionalidad y la sostenibilidad. La alimentaci\u00f3n conscient te ayudar\u00e1 a mejorar la digesti\u00f3n, a equilibrar las emociones y a comer de manera saludable. <\/span><\/p>\n<p><strong><span>Autoconocimiento y gesti\u00f3n emocional <\/span><\/strong><\/p>\n<p><span>Lliberar y gestionar nuestras emociones de forma saludable es esencial para el bienestar f\u00edsico y emocional. Os proponemos diferentes talleres con uso de t\u00e9cnicas y din\u00e1micas que os proporcionaran herramientas para ayudaros a lograr los cambios necessarios para liderar vuestra vida. <\/span><\/p>\n<p><span> <\/span><\/p>\n<p><span>Las diferentes actividades se pueden combinar con el objetivo de trabajar dos o m\u00e1s disciplinas de forma conjunta.<\/span><\/p>\n<p><span> <\/span><\/p>\n<p><span><strong>Actividades para empresas y equipos<\/strong><\/span><\/p>\n<p><span>Se pueden definir programas de trabajo espec\u00edficos y <em>adhoc<\/em>para a empresas y encuentros de equipos, donde se incorporan las disciplinas y actividades antes referidas (mindfulness, gesti\u00f3n emocional, creatividad en la naturaleza, etc.), con t\u00e9cnicas de coaching profesional y de equipos, que incorporan la filosof\u00eda del autoconocimiento como veh\u00edculo para lograr el autolider.<\/span><\/p>\n<p>[\/et_pb_text][\/et_pb_column][\/et_pb_row][\/et_pb_section][et_pb_section fb_built=\u00bb1&#8243; admin_label=\u00bbPROXIMES\u00bb _builder_version=\u00bb4.16&#8243; width=\u00bb90%\u00bb max_width=\u00bb1400px\u00bb module_alignment=\u00bbcenter\u00bb custom_margin=\u00bb50px||50px||false|false\u00bb custom_padding=\u00bb0px|||||\u00bb animation_style=\u00bbfade\u00bb border_width_all=\u00bb1px\u00bb border_color_all=\u00bbrgba(155,105,48,0.05)\u00bb global_colors_info=\u00bb{}\u00bb][et_pb_row _builder_version=\u00bb4.16&#8243; global_colors_info=\u00bb{}\u00bb][et_pb_column type=\u00bb4_4&#8243; _builder_version=\u00bb4.16&#8243; global_colors_info=\u00bb{}\u00bb][et_pb_text module_class=\u00bbtitols\u00bb _builder_version=\u00bb4.16&#8243; header_3_font=\u00bbMerriweather|||on|||||\u00bb header_3_font_size=\u00bb24px\u00bb header_3_letter_spacing=\u00bb4px\u00bb header_3_line_height=\u00bb30px\u00bb custom_margin=\u00bb0px||0px||false|false\u00bb custom_padding=\u00bb25px||15px||false|false\u00bb global_colors_info=\u00bb{}\u00bb]<\/p>\n<h3 style=\"text-align: center;\">Pr\u00f3ximas actividades<\/h3>\n<p>[\/et_pb_text][\/et_pb_column][\/et_pb_row][et_pb_row _builder_version=\u00bb4.25.0&#8243; _module_preset=\u00bbdefault\u00bb global_colors_info=\u00bb{}\u00bb][et_pb_column type=\u00bb4_4&#8243; _builder_version=\u00bb4.25.0&#8243; _module_preset=\u00bbdefault\u00bb global_colors_info=\u00bb{}\u00bb][et_pb_text _builder_version=\u00bb4.25.0&#8243; _module_preset=\u00bbdefault\u00bb global_colors_info=\u00bb{}\u00bb custom_padding=\u00bb||0px|||\u00bb]<\/p>\n<h3 style=\"text-align: center;\"><strong>Pr\u00f3ximos retiros en Mas Vilar:<\/strong><\/h3>\n<h4 style=\"text-align: center;\"><\/h4>\n<p>[\/et_pb_text][et_pb_button button_url=\u00bb@ET-DC@eyJkeW5hbWljIjp0cnVlLCJjb250ZW50IjoicG9zdF9saW5rX3VybF9wYWdlIiwic2V0dGluZ3MiOnsicG9zdF9pZCI6IjI4OTYiLCJlbmFibGVfaHRtbCI6Im9mZiJ9fQ==@\u00bb button_text=\u00bbVISITA NUESTRO BLOG\u00bb button_alignment=\u00bbcenter\u00bb _builder_version=\u00bb4.16&#8243; _dynamic_attributes=\u00bbbutton_url\u00bb custom_button=\u00bbon\u00bb button_text_size=\u00bb16px\u00bb button_text_color=\u00bb#ffffff\u00bb button_bg_color=\u00bb#3C1518&#8243; button_border_width=\u00bb0px\u00bb button_border_radius=\u00bb3%\u00bb button_font=\u00bbDosis|||on|||||\u00bb button_use_icon=\u00bboff\u00bb custom_padding=\u00bb14px|20px|14px|20px|false|false\u00bb custom_css_main_element=\u00bbwidth: 200px\u00bb global_colors_info=\u00bb{}\u00bb button_bg_color__hover_enabled=\u00bbon|hover\u00bb button_bg_color__hover=\u00bb#9B6930&#8243; button_bg_enable_color__hover=\u00bbon\u00bb][\/et_pb_button][\/et_pb_column][\/et_pb_row][\/et_pb_section][et_pb_section fb_built=\u00bb1&#8243; _builder_version=\u00bb4.7.7&#8243; background_color=\u00bbrgba(255,255,255,0.7)\u00bb background_image=\u00bbhttps:\/\/www.masvilar.cat\/wp-content\/uploads\/2020\/12\/mas-vilar-habitacions.jpg\u00bb background_position=\u00bbbottom_center\u00bb background_blend=\u00bbscreen\u00bb custom_margin=\u00bb||50px||false|false\u00bb mix_blend_mode=\u00bbmultiply\u00bb global_module=\u00bb43&#8243; saved_tabs=\u00bball\u00bb global_colors_info=\u00bb{}\u00bb][et_pb_row _builder_version=\u00bb4.16&#8243; global_colors_info=\u00bb{}\u00bb][et_pb_column type=\u00bb4_4&#8243; _builder_version=\u00bb4.16&#8243; global_colors_info=\u00bb{}\u00bb][et_pb_text _builder_version=\u00bb4.16&#8243; text_font=\u00bbCookie||||||||\u00bb text_text_color=\u00bb#3C1518&#8243; text_font_size=\u00bb40px\u00bb text_line_height=\u00bb1em\u00bb width_tablet=\u00bb\u00bb width_phone=\u00bb80%\u00bb width_last_edited=\u00bbon|phone\u00bb module_alignment=\u00bbcenter\u00bb custom_margin=\u00bb||||false|false\u00bb global_colors_info=\u00bb{}\u00bb]<\/p>\n<p style=\"text-align: center;\">\u00bfQuieres venir a pasar unos dias?<\/p>\n<p>[\/et_pb_text][et_pb_button button_url=\u00bb@ET-DC@eyJkeW5hbWljIjp0cnVlLCJjb250ZW50IjoicG9zdF9saW5rX3VybF9wYWdlIiwic2V0dGluZ3MiOnsicG9zdF9pZCI6IjI5MDEiLCJlbmFibGVfaHRtbCI6Im9mZiJ9fQ==@\u00bb button_text=\u00bbVer habitaciones\u00bb button_alignment=\u00bbcenter\u00bb _builder_version=\u00bb4.16&#8243; _dynamic_attributes=\u00bbbutton_url\u00bb custom_button=\u00bbon\u00bb button_text_color=\u00bb#3C1518&#8243; button_bg_color=\u00bbrgba(255,255,255,0.55)\u00bb button_border_color=\u00bb#3C1518&#8243; button_font=\u00bbDosis|300||on|||||\u00bb button_use_icon=\u00bboff\u00bb custom_padding=\u00bb15px|15px|15px|15px|false|false\u00bb custom_css_main_element=\u00bbwidth: 230px\u00bb global_colors_info=\u00bb{}\u00bb button_bg_color__hover_enabled=\u00bbon|hover\u00bb button_bg_color__hover=\u00bb#ffffff\u00bb button_bg_enable_color__hover=\u00bbon\u00bb][\/et_pb_button][\/et_pb_column][\/et_pb_row][\/et_pb_section]<\/p>\n","protected":false},"excerpt":{"rendered":"<p>ActividadesRetirosLa naturaleza en el coraz\u00f3n del Montseny, la pr\u00e1ctica del yoga, la respiraci\u00f3n, la meditaci\u00f3n y la buena comida son los ingredientes que ayudan a desplegar la creatividad y la generaci\u00f3n de una nueva versi\u00f3n de uno mismo.<div class=\"carousel-slider-outer carousel-slider-outer-image-carousel carousel-slider-outer-3169\" style=\"--carousel-slider-nav-color:#fff6df;--carousel-slider-active-nav-color:#9b6930;--carousel-slider-arrow-size:45px;--carousel-slider-bullet-size:10px\">\n<div id=\"&#039;id-3169\" class=\"carousel-slider carousel-slider-3169 arrows-visibility-always dots-visibility-never arrows-inside dots-center dots-square owl-carousel\" data-slide-type=\"image-carousel\" data-owl-settings='{\"nav\":true,\"dots\":false,\"slideBy\":1,\"stagePadding\":0,\"margin\":5,\"loop\":true,\"lazyLoad\":false,\"autoplay\":false,\"autoplayTimeout\":3000,\"autoplaySpeed\":700,\"autoplayHoverPause\":false,\"autoWidth\":false,\"responsive\":{\"300\":{\"items\":1},\"576\":{\"items\":2},\"768\":{\"items\":2},\"1024\":{\"items\":3},\"1280\":{\"items\":4},\"1536\":{\"items\":5}}}'>\n<div class=\"carousel-slider__item\">\n\t<a class=\"magnific-popup\" href=\"https:\/\/www.masvilar.cat\/wp-content\/uploads\/2020\/12\/ioga-02.jpg\" data-width=\"500\" data-height=\"500\"><img width=\"500\" height=\"500\" src=\"https:\/\/www.masvilar.cat\/wp-content\/uploads\/2020\/12\/ioga-02.jpg\" class=\"attachment-full size-full\" alt=\"\" decoding=\"async\" srcset=\"https:\/\/www.masvilar.cat\/wp-content\/uploads\/2020\/12\/ioga-02.jpg 500w, https:\/\/www.masvilar.cat\/wp-content\/uploads\/2020\/12\/ioga-02-480x480.jpg 480w\" sizes=\"(min-width: 0px) and (max-width: 480px) 480px, (min-width: 481px) 500px, 100vw\" \/><\/a><\/div>\n\n<div class=\"carousel-slider__item\">\n\t<a class=\"magnific-popup\" href=\"https:\/\/www.masvilar.cat\/wp-content\/uploads\/2020\/12\/ioga-01.jpg\" data-width=\"500\" data-height=\"500\"><img width=\"500\" height=\"500\" src=\"https:\/\/www.masvilar.cat\/wp-content\/uploads\/2020\/12\/ioga-01.jpg\" class=\"attachment-full size-full\" alt=\"\" decoding=\"async\" srcset=\"https:\/\/www.masvilar.cat\/wp-content\/uploads\/2020\/12\/ioga-01.jpg 500w, https:\/\/www.masvilar.cat\/wp-content\/uploads\/2020\/12\/ioga-01-480x480.jpg 480w\" sizes=\"(min-width: 0px) and (max-width: 480px) 480px, (min-width: 481px) 500px, 100vw\" \/><\/a><\/div>\n\n<div class=\"carousel-slider__item\">\n\t<a class=\"magnific-popup\" href=\"https:\/\/www.masvilar.cat\/wp-content\/uploads\/2020\/12\/activitats-ioga-04.jpg\" data-width=\"500\" data-height=\"500\"><img width=\"500\" height=\"500\" src=\"https:\/\/www.masvilar.cat\/wp-content\/uploads\/2020\/12\/activitats-ioga-04.jpg\" class=\"attachment-full size-full\" alt=\"\" decoding=\"async\" srcset=\"https:\/\/www.masvilar.cat\/wp-content\/uploads\/2020\/12\/activitats-ioga-04.jpg 500w, https:\/\/www.masvilar.cat\/wp-content\/uploads\/2020\/12\/activitats-ioga-04-480x480.jpg 480w\" sizes=\"(min-width: 0px) and (max-width: 480px) 480px, (min-width: 481px) 500px, 100vw\" \/><\/a><\/div>\n\n<div class=\"carousel-slider__item\">\n\t<a class=\"magnific-popup\" href=\"https:\/\/www.masvilar.cat\/wp-content\/uploads\/2020\/12\/ioga-03.jpg\" data-width=\"500\" data-height=\"500\"><img width=\"500\" height=\"500\" src=\"https:\/\/www.masvilar.cat\/wp-content\/uploads\/2020\/12\/ioga-03.jpg\" class=\"attachment-full size-full\" alt=\"\" decoding=\"async\" srcset=\"https:\/\/www.masvilar.cat\/wp-content\/uploads\/2020\/12\/ioga-03.jpg 500w, https:\/\/www.masvilar.cat\/wp-content\/uploads\/2020\/12\/ioga-03-480x480.jpg 480w\" sizes=\"(min-width: 0px) and (max-width: 480px) 480px, (min-width: 481px) 500px, 100vw\" \/><\/a><\/div>\n\n<\/div><!-- .carousel-slider-3169 -->\n<\/div><!-- .carousel-slider-outer-3169 -->\nCal\u00e7otadasTodo un cl\u00e1sico! Durante la temporada (febrero y marzo) hay disponibles paquetes de fin de semana con [&hellip;]<\/p>\n","protected":false},"author":1,"featured_media":0,"parent":0,"menu_order":0,"comment_status":"closed","ping_status":"closed","template":"","meta":{"_et_pb_use_builder":"on","_et_pb_old_content":"","_et_gb_content_width":"","footnotes":""},"class_list":["post-4040","page","type-page","status-publish","hentry"],"yoast_head":"<!-- This site is optimized with the Yoast SEO plugin v27.3 - https:\/\/yoast.com\/product\/yoast-seo-wordpress\/ -->\n<title>Actividades - Mas Vilar<\/title>\n<meta name=\"robots\" content=\"index, follow, max-snippet:-1, max-image-preview:large, max-video-preview:-1\" \/>\n<link rel=\"canonical\" href=\"https:\/\/www.masvilar.cat\/es\/actividades\/\" \/>\n<meta property=\"og:locale\" content=\"es_ES\" \/>\n<meta property=\"og:type\" content=\"article\" \/>\n<meta property=\"og:title\" content=\"Actividades - Mas Vilar\" \/>\n<meta property=\"og:description\" content=\"ActividadesRetirosLa naturaleza en el coraz\u00f3n del Montseny, la pr\u00e1ctica del yoga, la respiraci\u00f3n, la meditaci\u00f3n y la buena comida son los ingredientes que ayudan a desplegar la creatividad y la generaci\u00f3n de una nueva versi\u00f3n de uno mismo.Cal\u00e7otadasTodo un cl\u00e1sico! Durante la temporada (febrero y marzo) hay disponibles paquetes de fin de semana con [&hellip;]\" \/>\n<meta property=\"og:url\" content=\"https:\/\/www.masvilar.cat\/es\/actividades\/\" \/>\n<meta property=\"og:site_name\" content=\"Mas Vilar\" \/>\n<meta property=\"article:modified_time\" content=\"2025-04-29T14:13:08+00:00\" \/>\n<meta name=\"twitter:card\" content=\"summary_large_image\" \/>\n<meta name=\"twitter:label1\" content=\"Tiempo de lectura\" \/>\n\t<meta name=\"twitter:data1\" content=\"14 minutos\" \/>\n<script type=\"application\/ld+json\" class=\"yoast-schema-graph\">{\"@context\":\"https:\\\/\\\/schema.org\",\"@graph\":[{\"@type\":\"WebPage\",\"@id\":\"https:\\\/\\\/www.masvilar.cat\\\/es\\\/actividades\\\/\",\"url\":\"https:\\\/\\\/www.masvilar.cat\\\/es\\\/actividades\\\/\",\"name\":\"Actividades - Mas Vilar\",\"isPartOf\":{\"@id\":\"https:\\\/\\\/www.masvilar.cat\\\/#website\"},\"datePublished\":\"2021-01-12T15:46:59+00:00\",\"dateModified\":\"2025-04-29T14:13:08+00:00\",\"breadcrumb\":{\"@id\":\"https:\\\/\\\/www.masvilar.cat\\\/es\\\/actividades\\\/#breadcrumb\"},\"inLanguage\":\"es\",\"potentialAction\":[{\"@type\":\"ReadAction\",\"target\":[\"https:\\\/\\\/www.masvilar.cat\\\/es\\\/actividades\\\/\"]}]},{\"@type\":\"BreadcrumbList\",\"@id\":\"https:\\\/\\\/www.masvilar.cat\\\/es\\\/actividades\\\/#breadcrumb\",\"itemListElement\":[{\"@type\":\"ListItem\",\"position\":1,\"name\":\"Inici\",\"item\":\"https:\\\/\\\/www.masvilar.cat\\\/es\\\/\"},{\"@type\":\"ListItem\",\"position\":2,\"name\":\"Actividades\"}]},{\"@type\":\"WebSite\",\"@id\":\"https:\\\/\\\/www.masvilar.cat\\\/#website\",\"url\":\"https:\\\/\\\/www.masvilar.cat\\\/\",\"name\":\"Mas Vilar\",\"description\":\"Turisme Rural al Montseny\",\"potentialAction\":[{\"@type\":\"SearchAction\",\"target\":{\"@type\":\"EntryPoint\",\"urlTemplate\":\"https:\\\/\\\/www.masvilar.cat\\\/?s={search_term_string}\"},\"query-input\":{\"@type\":\"PropertyValueSpecification\",\"valueRequired\":true,\"valueName\":\"search_term_string\"}}],\"inLanguage\":\"es\"}]}<\/script>\n<!-- \/ Yoast SEO plugin. -->","yoast_head_json":{"title":"Actividades - Mas Vilar","robots":{"index":"index","follow":"follow","max-snippet":"max-snippet:-1","max-image-preview":"max-image-preview:large","max-video-preview":"max-video-preview:-1"},"canonical":"https:\/\/www.masvilar.cat\/es\/actividades\/","og_locale":"es_ES","og_type":"article","og_title":"Actividades - Mas Vilar","og_description":"ActividadesRetirosLa naturaleza en el coraz\u00f3n del Montseny, la pr\u00e1ctica del yoga, la respiraci\u00f3n, la meditaci\u00f3n y la buena comida son los ingredientes que ayudan a desplegar la creatividad y la generaci\u00f3n de una nueva versi\u00f3n de uno mismo.Cal\u00e7otadasTodo un cl\u00e1sico! Durante la temporada (febrero y marzo) hay disponibles paquetes de fin de semana con [&hellip;]","og_url":"https:\/\/www.masvilar.cat\/es\/actividades\/","og_site_name":"Mas Vilar","article_modified_time":"2025-04-29T14:13:08+00:00","twitter_card":"summary_large_image","twitter_misc":{"Tiempo de lectura":"14 minutos"},"schema":{"@context":"https:\/\/schema.org","@graph":[{"@type":"WebPage","@id":"https:\/\/www.masvilar.cat\/es\/actividades\/","url":"https:\/\/www.masvilar.cat\/es\/actividades\/","name":"Actividades - Mas Vilar","isPartOf":{"@id":"https:\/\/www.masvilar.cat\/#website"},"datePublished":"2021-01-12T15:46:59+00:00","dateModified":"2025-04-29T14:13:08+00:00","breadcrumb":{"@id":"https:\/\/www.masvilar.cat\/es\/actividades\/#breadcrumb"},"inLanguage":"es","potentialAction":[{"@type":"ReadAction","target":["https:\/\/www.masvilar.cat\/es\/actividades\/"]}]},{"@type":"BreadcrumbList","@id":"https:\/\/www.masvilar.cat\/es\/actividades\/#breadcrumb","itemListElement":[{"@type":"ListItem","position":1,"name":"Inici","item":"https:\/\/www.masvilar.cat\/es\/"},{"@type":"ListItem","position":2,"name":"Actividades"}]},{"@type":"WebSite","@id":"https:\/\/www.masvilar.cat\/#website","url":"https:\/\/www.masvilar.cat\/","name":"Mas Vilar","description":"Turisme Rural al Montseny","potentialAction":[{"@type":"SearchAction","target":{"@type":"EntryPoint","urlTemplate":"https:\/\/www.masvilar.cat\/?s={search_term_string}"},"query-input":{"@type":"PropertyValueSpecification","valueRequired":true,"valueName":"search_term_string"}}],"inLanguage":"es"}]}},"_links":{"self":[{"href":"https:\/\/www.masvilar.cat\/es\/wp-json\/wp\/v2\/pages\/4040","targetHints":{"allow":["GET"]}}],"collection":[{"href":"https:\/\/www.masvilar.cat\/es\/wp-json\/wp\/v2\/pages"}],"about":[{"href":"https:\/\/www.masvilar.cat\/es\/wp-json\/wp\/v2\/types\/page"}],"author":[{"embeddable":true,"href":"https:\/\/www.masvilar.cat\/es\/wp-json\/wp\/v2\/users\/1"}],"replies":[{"embeddable":true,"href":"https:\/\/www.masvilar.cat\/es\/wp-json\/wp\/v2\/comments?post=4040"}],"version-history":[{"count":74,"href":"https:\/\/www.masvilar.cat\/es\/wp-json\/wp\/v2\/pages\/4040\/revisions"}],"predecessor-version":[{"id":8620,"href":"https:\/\/www.masvilar.cat\/es\/wp-json\/wp\/v2\/pages\/4040\/revisions\/8620"}],"wp:attachment":[{"href":"https:\/\/www.masvilar.cat\/es\/wp-json\/wp\/v2\/media?parent=4040"}],"curies":[{"name":"wp","href":"https:\/\/api.w.org\/{rel}","templated":true}]}}