{"id":4010,"date":"2021-01-12T11:15:17","date_gmt":"2021-01-12T11:15:17","guid":{"rendered":"http:\/\/masvilar.onfayaprojects.com\/inicio\/"},"modified":"2024-11-27T13:04:32","modified_gmt":"2024-11-27T13:04:32","slug":"inicio","status":"publish","type":"page","link":"https:\/\/www.masvilar.cat\/es\/","title":{"rendered":"Inicio"},"content":{"rendered":"<p>[et_pb_section fb_built=\u00bb1&#8243; module_id=\u00bbtop\u00bb module_class=\u00bbheaders\u00bb _builder_version=\u00bb4.16&#8243; background_enable_color=\u00bboff\u00bb use_background_color_gradient=\u00bbon\u00bb background_color_gradient_stops=\u00bbrgba(255,255,255,0.09) 2%|rgba(0,38,0,0.33) 81%\u00bb background_color_gradient_start=\u00bbrgba(255,255,255,0.09)\u00bb background_color_gradient_start_position=\u00bb2%\u00bb background_color_gradient_end=\u00bbrgba(0,38,0,0.33)\u00bb background_color_gradient_end_position=\u00bb81%\u00bb background_image=\u00bbhttps:\/\/www.masvilar.cat\/wp-content\/uploads\/2020\/12\/mas-vilar-montseny-turisme-rural-1.jpg\u00bb height=\u00bb800px\u00bb height_tablet=\u00bb829px\u00bb height_phone=\u00bb687px\u00bb height_last_edited=\u00bbon|phone\u00bb custom_margin=\u00bb||8px|||\u00bb filter_saturate=\u00bb112%\u00bb filter_brightness=\u00bb109%\u00bb global_colors_info=\u00bb{}\u00bb][et_pb_row _builder_version=\u00bb4.16&#8243; positioning=\u00bbabsolute\u00bb position_origin_a=\u00bbtop_center\u00bb vertical_offset=\u00bb37px\u00bb global_colors_info=\u00bb{}\u00bb][et_pb_column type=\u00bb4_4&#8243; _builder_version=\u00bb4.16&#8243; global_colors_info=\u00bb{}\u00bb][et_pb_image src=\u00bbhttps:\/\/www.masvilar.cat\/wp-content\/uploads\/2020\/12\/logo-masvilar-blanc-e1608107345880.png\u00bb title_text=\u00bblogo-masvilar-blanco\u00bb align=\u00bbcenter\u00bb _builder_version=\u00bb4.16&#8243; width=\u00bb250px\u00bb width_tablet=\u00bb200px\u00bb width_phone=\u00bb\u00bb width_last_edited=\u00bbon|tablet\u00bb module_alignment=\u00bbcenter\u00bb global_colors_info=\u00bb{}\u00bb][\/et_pb_image][\/et_pb_column][\/et_pb_row][et_pb_row _builder_version=\u00bb4.16&#8243; positioning=\u00bbabsolute\u00bb position_origin_a=\u00bbbottom_center\u00bb vertical_offset=\u00bb37px\u00bb global_colors_info=\u00bb{}\u00bb][et_pb_column type=\u00bb4_4&#8243; _builder_version=\u00bb4.16&#8243; global_colors_info=\u00bb{}\u00bb][et_pb_text _builder_version=\u00bb4.16&#8243; text_font=\u00bbCookie||||||||\u00bb text_text_color=\u00bb#ffffff\u00bb text_font_size=\u00bb42px\u00bb text_letter_spacing=\u00bb1px\u00bb positioning=\u00bbrelative\u00bb position_origin_a=\u00bbbottom_left\u00bb text_orientation=\u00bbcenter\u00bb width=\u00bb100%\u00bb text_font_size_tablet=\u00bb33px\u00bb text_font_size_phone=\u00bb34px\u00bb text_font_size_last_edited=\u00bbon|phone\u00bb global_colors_info=\u00bb{}\u00bb]<\/p>\n<p>Reconecta con la naturaleza y disfruta de nuestra gastronom\u00eda.<\/p>\n<p>Te sentir\u00e1s como en casa.<\/p>\n<p>[\/et_pb_text][\/et_pb_column][\/et_pb_row][\/et_pb_section][et_pb_section fb_built=\u00bb1&#8243; _builder_version=\u00bb4.25.0&#8243; _module_preset=\u00bbdefault\u00bb global_colors_info=\u00bb{}\u00bb][et_pb_row _builder_version=\u00bb4.25.0&#8243; _module_preset=\u00bbdefault\u00bb global_colors_info=\u00bb{}\u00bb][et_pb_column type=\u00bb4_4&#8243; _builder_version=\u00bb4.25.0&#8243; _module_preset=\u00bbdefault\u00bb global_colors_info=\u00bb{}\u00bb][et_pb_text module_class=\u00bbtitols\u00bb _builder_version=\u00bb4.26.0&#8243; header_font=\u00bbMerriweather||||||||\u00bb header_2_font=\u00bbMerriweather||||||||\u00bb header_3_font=\u00bbMerriweather|||on|||||\u00bb header_3_font_size=\u00bb24px\u00bb header_3_letter_spacing=\u00bb4px\u00bb header_3_line_height=\u00bb30px\u00bb custom_margin=\u00bb0px||0px||false|false\u00bb custom_padding=\u00bb25px||15px||false|false\u00bb global_colors_info=\u00bb{}\u00bb]<\/p>\n<h1 style=\"text-align: center;\">Turismo Rural Montseny<\/h1>\n<p>[\/et_pb_text][et_pb_text _builder_version=\u00bb4.25.0&#8243; text_font=\u00bbDosis|300|||||||\u00bb text_text_color=\u00bb#666666&#8243; text_font_size=\u00bb20px\u00bb custom_margin=\u00bb40px||||false|false\u00bb text_font_size_tablet=\u00bb\u00bb text_font_size_phone=\u00bb18px\u00bb text_font_size_last_edited=\u00bbon|phone\u00bb global_colors_info=\u00bb{}\u00bb]<\/p>\n<p style=\"text-align: center;\">Disfruta de una experiencia \u00fanica en el <strong>Turismo rural Montseny<\/strong> Reserva, una Mas\u00eda del siglo XVI ubicada en el coraz\u00f3n del <strong>Parque Natural del Montseny<\/strong>. Rodeado de naturaleza virgen y con vistas incomparables, este alojamiento le ofrece la tranquilidad perfecta para desconectar y recargar energ\u00edas.<\/p>\n<p>[\/et_pb_text][\/et_pb_column][\/et_pb_row][\/et_pb_section][et_pb_section fb_built=\u00bb1&#8243; _builder_version=\u00bb4.16&#8243; custom_padding=\u00bb0px||0px||false|false\u00bb global_colors_info=\u00bb{}\u00bb][et_pb_row column_structure=\u00bb1_4,1_4,1_4,1_4&#8243; use_custom_gutter=\u00bbon\u00bb gutter_width=\u00bb1&#8243; make_equal=\u00bbon\u00bb _builder_version=\u00bb4.26.1&#8243; width=\u00bb100%\u00bb max_width=\u00bb100%\u00bb min_height=\u00bb500px\u00bb custom_padding=\u00bb14px||18px|||\u00bb hover_enabled=\u00bb0&#8243; custom_css_main_element=\u00bbvertical-align: middle\u00bb global_colors_info=\u00bb{}\u00bb sticky_enabled=\u00bb0&#8243;][et_pb_column type=\u00bb1_4&#8243; _builder_version=\u00bb4.16&#8243; _dynamic_attributes=\u00bblink_option_url\u00bb background_color=\u00bbrgba(224,213,155,0.5)\u00bb background_image=\u00bbhttps:\/\/www.masvilar.cat\/wp-content\/uploads\/2020\/12\/la-masia-mas-vilar-01.jpg\u00bb background_blend=\u00bbscreen\u00bb link_option_url=\u00bb@ET-DC@eyJkeW5hbWljIjp0cnVlLCJjb250ZW50IjoicG9zdF9saW5rX3VybF9wYWdlIiwic2V0dGluZ3MiOnsicG9zdF9pZCI6IjI4NTgiLCJlbmFibGVfaHRtbCI6Im9mZiJ9fQ==@\u00bb border_width_all=\u00bb3px\u00bb border_color_all=\u00bb#ffffff\u00bb global_colors_info=\u00bb{}\u00bb custom_css_main_element_last_edited=\u00bbon|phone\u00bb custom_css_main_element_phone=\u00bbwidth: 50% !important\u00bb background__hover_enabled=\u00bbon|hover\u00bb background_color__hover=\u00bb#e0d59b\u00bb background_enable_color__hover=\u00bbon\u00bb][et_pb_text _builder_version=\u00bb4.16&#8243; text_text_color=\u00bb#ffffff\u00bb text_font_size=\u00bb60px\u00bb header_2_font=\u00bbCookie||||||||\u00bb header_2_text_color=\u00bb#3C1518&#8243; header_2_font_size=\u00bb60px\u00bb background_enable_color=\u00bboff\u00bb positioning=\u00bbabsolute\u00bb position_origin_a=\u00bbcenter_center\u00bb width=\u00bb100%\u00bb custom_margin=\u00bb||||false|false\u00bb custom_padding=\u00bb25%||25%|0%|false|false\u00bb custom_padding_tablet=\u00bb5%|5px|5%|5%|false|false\u00bb custom_padding_phone=\u00bb\u00bb custom_padding_last_edited=\u00bbon|tablet\u00bb header_2_font_size_tablet=\u00bb50px\u00bb header_2_font_size_phone=\u00bb40px\u00bb header_2_font_size_last_edited=\u00bbon|tablet\u00bb global_colors_info=\u00bb{}\u00bb background__hover_enabled=\u00bbon|desktop\u00bb background_enable_color__hover=\u00bboff\u00bb]<\/p>\n<h2 style=\"text-align: center;\">La Masia<\/h2>\n<p>[\/et_pb_text][\/et_pb_column][et_pb_column type=\u00bb1_4&#8243; _builder_version=\u00bb4.16&#8243; _dynamic_attributes=\u00bblink_option_url\u00bb background_color=\u00bbrgba(224,213,155,0.5)\u00bb background_image=\u00bbhttps:\/\/www.masvilar.cat\/wp-content\/uploads\/2020\/12\/menu-secundari-entorn.jpg\u00bb background_blend=\u00bbscreen\u00bb link_option_url=\u00bb@ET-DC@eyJkeW5hbWljIjp0cnVlLCJjb250ZW50IjoicG9zdF9saW5rX3VybF9wYWdlIiwic2V0dGluZ3MiOnsicG9zdF9pZCI6IjI4NjkiLCJlbmFibGVfaHRtbCI6Im9mZiJ9fQ==@\u00bb border_width_all=\u00bb3px\u00bb border_color_all=\u00bb#ffffff\u00bb global_colors_info=\u00bb{}\u00bb custom_css_main_element_last_edited=\u00bbon|phone\u00bb custom_css_main_element_phone=\u00bbwidth: 50% !important\u00bb background__hover_enabled=\u00bbon|hover\u00bb background_color__hover=\u00bb#e0d59b\u00bb background_enable_color__hover=\u00bbon\u00bb background_blend__hover=\u00bbscreen\u00bb][et_pb_text _builder_version=\u00bb4.16&#8243; text_text_color=\u00bb#ffffff\u00bb text_font_size=\u00bb60px\u00bb header_2_font=\u00bbCookie||||||||\u00bb header_2_text_color=\u00bb#3C1518&#8243; header_2_font_size=\u00bb60px\u00bb background_enable_color=\u00bboff\u00bb positioning=\u00bbabsolute\u00bb position_origin_a=\u00bbcenter_center\u00bb width=\u00bb100%\u00bb custom_margin=\u00bb||||false|false\u00bb custom_padding=\u00bb25%||25%|0%|false|false\u00bb custom_padding_tablet=\u00bb5%|5%|5%|5%|false|false\u00bb custom_padding_phone=\u00bb\u00bb custom_padding_last_edited=\u00bbon|tablet\u00bb header_2_font_size_tablet=\u00bb50px\u00bb header_2_font_size_phone=\u00bb40px\u00bb header_2_font_size_last_edited=\u00bbon|tablet\u00bb global_colors_info=\u00bb{}\u00bb background__hover_enabled=\u00bbon|hover\u00bb background_enable_color__hover=\u00bboff\u00bb]<\/p>\n<h2 style=\"text-align: center;\">El entorno<\/h2>\n<p>[\/et_pb_text][\/et_pb_column][et_pb_column type=\u00bb1_4&#8243; _builder_version=\u00bb4.16&#8243; _dynamic_attributes=\u00bblink_option_url\u00bb background_color=\u00bbrgba(224,213,155,0.5)\u00bb background_image=\u00bbhttps:\/\/www.masvilar.cat\/wp-content\/uploads\/2020\/12\/menu-secundari-cuina.jpg\u00bb background_blend=\u00bbscreen\u00bb link_option_url=\u00bb@ET-DC@eyJkeW5hbWljIjp0cnVlLCJjb250ZW50IjoicG9zdF9saW5rX3VybF9wYWdlIiwic2V0dGluZ3MiOnsicG9zdF9pZCI6IjI4NjIiLCJlbmFibGVfaHRtbCI6Im9mZiJ9fQ==@\u00bb border_width_all=\u00bb3px\u00bb border_color_all=\u00bb#ffffff\u00bb global_colors_info=\u00bb{}\u00bb custom_css_main_element_last_edited=\u00bbon|phone\u00bb custom_css_main_element_phone=\u00bbwidth: 50% !important\u00bb background__hover_enabled=\u00bbon|hover\u00bb background_color__hover=\u00bb#e0d59b\u00bb background_enable_color__hover=\u00bbon\u00bb background_blend__hover=\u00bbscreen\u00bb][et_pb_text content_tablet=\u00bb<\/p>\n<h2 style=%22text-align: center;%22>Nuestra cocina<\/h2>\n<p>\u00bb content_phone=\u00bb<\/p>\n<h2 style=%22text-align: center;%22>La cocina<\/h2>\n<p>\u00bb content_last_edited=\u00bbon|phone\u00bb _builder_version=\u00bb4.16&#8243; text_text_color=\u00bb#ffffff\u00bb text_font_size=\u00bb60px\u00bb header_2_font=\u00bbCookie||||||||\u00bb header_2_text_color=\u00bb#3C1518&#8243; header_2_font_size=\u00bb60px\u00bb background_enable_color=\u00bboff\u00bb positioning=\u00bbabsolute\u00bb position_origin_a=\u00bbcenter_center\u00bb width=\u00bb100%\u00bb custom_margin=\u00bb||||false|false\u00bb custom_padding=\u00bb25%||25%|0%|false|false\u00bb custom_padding_tablet=\u00bb5%||5%|5%|false|false\u00bb custom_padding_phone=\u00bb\u00bb custom_padding_last_edited=\u00bbon|tablet\u00bb header_2_font_size_tablet=\u00bb50px\u00bb header_2_font_size_phone=\u00bb40px\u00bb header_2_font_size_last_edited=\u00bbon|tablet\u00bb global_colors_info=\u00bb{}\u00bb background__hover_enabled=\u00bbon|hover\u00bb background_enable_color__hover=\u00bboff\u00bb]<\/p>\n<h2 style=\"text-align: center;\">Nuestra cocina<\/h2>\n<p>[\/et_pb_text][\/et_pb_column][et_pb_column type=\u00bb1_4&#8243; _builder_version=\u00bb4.26.1&#8243; background_color=\u00bbrgba(224,213,155,0.5)\u00bb background_image=\u00bbhttps:\/\/www.masvilar.cat\/wp-content\/uploads\/2021\/01\/banner-activitats-retirs.jpg\u00bb background_blend=\u00bbscreen\u00bb link_option_url=\u00bbhttps:\/\/www.masvilar.cat\/es\/actividades\/\u00bb hover_enabled=\u00bb0&#8243; border_width_all=\u00bb3px\u00bb border_color_all=\u00bb#ffffff\u00bb global_colors_info=\u00bb{}\u00bb custom_css_main_element_last_edited=\u00bbon|phone\u00bb custom_css_main_element_phone=\u00bbwidth: 50% !important\u00bb background__hover_enabled=\u00bbon|hover\u00bb background_color__hover=\u00bb#e0d59b\u00bb background_enable_color__hover=\u00bbon\u00bb background_blend__hover=\u00bbscreen\u00bb sticky_enabled=\u00bb0&#8243; alt=\u00bbactivitats a la casa rural de Mas Vilar al Montseny\u00bb title_text=\u00bbactivitats a la casa rural de Mas Vilar al Montseny\u00bb][et_pb_text _builder_version=\u00bb4.16&#8243; text_text_color=\u00bb#ffffff\u00bb text_font_size=\u00bb60px\u00bb header_2_font=\u00bbCookie||||||||\u00bb header_2_text_color=\u00bb#3C1518&#8243; header_2_font_size=\u00bb60px\u00bb background_enable_color=\u00bboff\u00bb positioning=\u00bbabsolute\u00bb position_origin_a=\u00bbcenter_center\u00bb width=\u00bb100%\u00bb custom_margin=\u00bb||||false|false\u00bb custom_padding=\u00bb25%||25%|0%|false|false\u00bb custom_padding_tablet=\u00bb5%||5%|0%|false|false\u00bb custom_padding_phone=\u00bb\u00bb custom_padding_last_edited=\u00bbon|tablet\u00bb hover_enabled=\u00bb0&#8243; header_2_font_size_tablet=\u00bb50px\u00bb header_2_font_size_phone=\u00bb40px\u00bb header_2_font_size_last_edited=\u00bbon|tablet\u00bb global_colors_info=\u00bb{}\u00bb background__hover_enabled=\u00bbon|hover\u00bb background_enable_color__hover=\u00bboff\u00bb sticky_enabled=\u00bb0&#8243;]<\/p>\n<h2 style=\"text-align: center;\">Actividades<\/h2>\n<p>[\/et_pb_text][\/et_pb_column][\/et_pb_row][\/et_pb_section][et_pb_section fb_built=\u00bb1&#8243; admin_label=\u00bbHABITACIONS\u00bb _builder_version=\u00bb4.16&#8243; width=\u00bb90%\u00bb max_width=\u00bb1400px\u00bb module_alignment=\u00bbcenter\u00bb custom_margin=\u00bb50px||50px||false|false\u00bb animation_style=\u00bbfade\u00bb border_width_all=\u00bb1px\u00bb border_color_all=\u00bbrgba(155,105,48,0.05)\u00bb global_colors_info=\u00bb{}\u00bb][et_pb_row _builder_version=\u00bb4.16&#8243; width=\u00bb90%\u00bb max_width=\u00bb1400px\u00bb border_color_top=\u00bb#9B6930&#8243; border_color_right=\u00bb#9B6930&#8243; border_color_left=\u00bb#9B6930&#8243; global_colors_info=\u00bb{}\u00bb][et_pb_column type=\u00bb4_4&#8243; _builder_version=\u00bb4.16&#8243; global_colors_info=\u00bb{}\u00bb][et_pb_text module_class=\u00bbtitols\u00bb _builder_version=\u00bb4.26.0&#8243; header_3_font=\u00bbMerriweather|||on|||||\u00bb header_3_font_size=\u00bb24px\u00bb header_3_letter_spacing=\u00bb4px\u00bb header_3_line_height=\u00bb30px\u00bb custom_margin=\u00bb0px||0px||false|false\u00bb custom_padding=\u00bb25px||15px||false|false\u00bb global_colors_info=\u00bb{}\u00bb]<\/p>\n<h3 style=\"text-align: center;\">Las habitaciones<\/h3>\n<p>[\/et_pb_text][\/et_pb_column][\/et_pb_row][et_pb_row _builder_version=\u00bb4.16&#8243; width=\u00bb90%\u00bb max_width=\u00bb1400px\u00bb border_color_top=\u00bb#9B6930&#8243; border_color_right=\u00bb#9B6930&#8243; border_color_left=\u00bb#9B6930&#8243; global_colors_info=\u00bb{}\u00bb][et_pb_column type=\u00bb4_4&#8243; _builder_version=\u00bb4.16&#8243; global_colors_info=\u00bb{}\u00bb][et_pb_text _builder_version=\u00bb4.16&#8243; text_font=\u00bbDosis|300|||||||\u00bb text_text_color=\u00bb#666666&#8243; text_font_size=\u00bb20px\u00bb text_font_size_tablet=\u00bb\u00bb text_font_size_phone=\u00bb18px\u00bb text_font_size_last_edited=\u00bbon|phone\u00bb global_colors_info=\u00bb{}\u00bb]<\/p>\n<p style=\"text-align: center;\">A partir de 50\u20ac\/persona y noche<\/p>\n<p>[\/et_pb_text][\/et_pb_column][\/et_pb_row][et_pb_row column_structure=\u00bb1_6,1_6,1_6,1_6,1_6,1_6&#8243; use_custom_gutter=\u00bbon\u00bb gutter_width=\u00bb2&#8243; make_equal=\u00bbon\u00bb _builder_version=\u00bb4.16&#8243; width=\u00bb95%\u00bb max_width=\u00bb95%\u00bb module_alignment=\u00bbcenter\u00bb border_radii=\u00bbon|3px|3px|3px|3px\u00bb global_colors_info=\u00bb{}\u00bb][et_pb_column type=\u00bb1_6&#8243; _builder_version=\u00bb4.16&#8243; background_color=\u00bbrgba(255,246,223,0.52)\u00bb custom_padding=\u00bb10px||||false|false\u00bb global_colors_info=\u00bb{}\u00bb custom_css_main_element_last_edited=\u00bbon|phone\u00bb custom_css_main_element_phone=\u00bbwidth: 49% !important;||margin-right: 1% !important\u00bb][et_pb_text _builder_version=\u00bb4.16&#8243; header_font=\u00bbCookie||||||||\u00bb header_4_font=\u00bbCookie||||||||\u00bb header_4_text_align=\u00bbcenter\u00bb header_4_text_color=\u00bb#3C1518&#8243; header_4_font_size=\u00bb34px\u00bb custom_margin=\u00bb||0px||false|false\u00bb custom_padding=\u00bb5px||0px||false|false\u00bb global_colors_info=\u00bb{}\u00bb]<\/p>\n<h4>La Sequoia<\/h4>\n<p>[\/et_pb_text][et_pb_image src=\u00bbhttps:\/\/www.masvilar.cat\/wp-content\/uploads\/2020\/12\/sequoia-01.jpg\u00bb _builder_version=\u00bb4.16&#8243; width=\u00bb90%\u00bb module_alignment=\u00bbcenter\u00bb border_radii=\u00bbon|3px|3px|3px|3px\u00bb global_colors_info=\u00bb{}\u00bb][\/et_pb_image][et_pb_image src=\u00bbhttps:\/\/www.masvilar.cat\/wp-content\/uploads\/2020\/12\/dues-persones.png\u00bb title_text=\u00bbdos-personas\u00bb _builder_version=\u00bb4.16&#8243; width=\u00bb53%\u00bb max_width=\u00bb19%\u00bb module_alignment=\u00bbcenter\u00bb custom_margin=\u00bb||1px|||\u00bb global_colors_info=\u00bb{}\u00bb][\/et_pb_image][et_pb_text _builder_version=\u00bb4.16&#8243; text_font=\u00bbDosis|300|||||||\u00bb text_text_color=\u00bb#3C1518&#8243; text_font_size=\u00bb13px\u00bb text_orientation=\u00bbcenter\u00bb global_colors_info=\u00bb{}\u00bb]<\/p>\n<p>2 personas<\/p>\n<p>[\/et_pb_text][et_pb_button button_url=\u00bb@ET-DC@eyJkeW5hbWljIjp0cnVlLCJjb250ZW50IjoicG9zdF9saW5rX3VybF9wYWdlIiwic2V0dGluZ3MiOnsicG9zdF9pZCI6IjMwOTgiLCJlbmFibGVfaHRtbCI6Im9mZiJ9fQ==@\u00bb button_text=\u00bbM\u00e1s informaci\u00f3n\u00bb button_alignment=\u00bbcenter\u00bb _builder_version=\u00bb4.16&#8243; _dynamic_attributes=\u00bbbutton_url\u00bb custom_button=\u00bbon\u00bb button_text_size=\u00bb13px\u00bb button_text_color=\u00bb#ffffff\u00bb button_bg_color=\u00bb#3C1518&#8243; button_border_width=\u00bb0px\u00bb button_border_radius=\u00bb3%\u00bb button_font=\u00bbDosis|||on|||||\u00bb button_use_icon=\u00bboff\u00bb custom_margin=\u00bb||15px||false|false\u00bb custom_padding=\u00bb10px|20px|10px|20px|false|false\u00bb custom_css_main_element=\u00bbwidth: 150px\u00bb global_colors_info=\u00bb{}\u00bb button_bg_color__hover_enabled=\u00bbon|hover\u00bb button_bg_color__hover=\u00bb#9B6930&#8243; button_bg_enable_color__hover=\u00bbon\u00bb][\/et_pb_button][\/et_pb_column][et_pb_column type=\u00bb1_6&#8243; _builder_version=\u00bb4.16&#8243; background_color=\u00bbrgba(255,246,223,0.52)\u00bb custom_padding=\u00bb10px||||false|false\u00bb global_colors_info=\u00bb{}\u00bb custom_css_main_element_last_edited=\u00bbon|phone\u00bb custom_css_main_element_phone=\u00bbwidth: 49% !important;||margin-left: 1% !important\u00bb][et_pb_text _builder_version=\u00bb4.16&#8243; header_font=\u00bbCookie||||||||\u00bb header_4_font=\u00bbCookie||||||||\u00bb header_4_text_align=\u00bbcenter\u00bb header_4_text_color=\u00bb#3C1518&#8243; header_4_font_size=\u00bb34px\u00bb custom_margin=\u00bb||0px||false|false\u00bb custom_padding=\u00bb5px||0px||false|false\u00bb global_colors_info=\u00bb{}\u00bb]<\/p>\n<h4>El Faig<\/h4>\n<p>[\/et_pb_text][et_pb_image src=\u00bbhttps:\/\/www.masvilar.cat\/wp-content\/uploads\/2020\/12\/faig-01.jpg\u00bb _builder_version=\u00bb4.16&#8243; width=\u00bb90%\u00bb module_alignment=\u00bbcenter\u00bb border_radii=\u00bbon|3px|3px|3px|3px\u00bb global_colors_info=\u00bb{}\u00bb][\/et_pb_image][et_pb_image src=\u00bbhttps:\/\/www.masvilar.cat\/wp-content\/uploads\/2020\/12\/dues-persones.png\u00bb title_text=\u00bbdos-personas\u00bb _builder_version=\u00bb4.16&#8243; width=\u00bb53%\u00bb max_width=\u00bb19%\u00bb module_alignment=\u00bbcenter\u00bb custom_margin=\u00bb||1px|||\u00bb global_colors_info=\u00bb{}\u00bb][\/et_pb_image][et_pb_text _builder_version=\u00bb4.16&#8243; text_font=\u00bbDosis|300|||||||\u00bb text_text_color=\u00bb#3C1518&#8243; text_font_size=\u00bb13px\u00bb text_orientation=\u00bbcenter\u00bb global_colors_info=\u00bb{}\u00bb]<\/p>\n<p>2 personas<\/p>\n<p>[\/et_pb_text][et_pb_button button_url=\u00bb@ET-DC@eyJkeW5hbWljIjp0cnVlLCJjb250ZW50IjoicG9zdF9saW5rX3VybF9wYWdlIiwic2V0dGluZ3MiOnsicG9zdF9pZCI6IjMxMDIiLCJlbmFibGVfaHRtbCI6Im9mZiJ9fQ==@\u00bb button_text=\u00bbM\u00e1s informaci\u00f3n\u00bb button_alignment=\u00bbcenter\u00bb _builder_version=\u00bb4.16&#8243; _dynamic_attributes=\u00bbbutton_url\u00bb custom_button=\u00bbon\u00bb button_text_size=\u00bb13px\u00bb button_text_color=\u00bb#ffffff\u00bb button_bg_color=\u00bb#3C1518&#8243; button_border_width=\u00bb0px\u00bb button_border_radius=\u00bb3%\u00bb button_font=\u00bbDosis|||on|||||\u00bb button_use_icon=\u00bboff\u00bb custom_margin=\u00bb||15px||false|false\u00bb custom_padding=\u00bb10px|20px|10px|20px|false|false\u00bb custom_css_main_element=\u00bbwidth: 150px\u00bb global_colors_info=\u00bb{}\u00bb button_bg_color__hover_enabled=\u00bbon|hover\u00bb button_bg_color__hover=\u00bb#9B6930&#8243; button_bg_enable_color__hover=\u00bbon\u00bb][\/et_pb_button][\/et_pb_column][et_pb_column type=\u00bb1_6&#8243; _builder_version=\u00bb4.16&#8243; background_color=\u00bbrgba(255,246,223,0.52)\u00bb custom_padding=\u00bb10px||||false|false\u00bb global_colors_info=\u00bb{}\u00bb custom_css_main_element_last_edited=\u00bbon|phone\u00bb custom_css_main_element_phone=\u00bbwidth: 49% !important;||margin-right: 1% !important\u00bb][et_pb_text _builder_version=\u00bb4.16&#8243; header_font=\u00bbCookie||||||||\u00bb header_4_font=\u00bbCookie||||||||\u00bb header_4_text_align=\u00bbcenter\u00bb header_4_text_color=\u00bb#3C1518&#8243; header_4_font_size=\u00bb34px\u00bb custom_margin=\u00bb||0px||false|false\u00bb custom_padding=\u00bb5px||0px||false|false\u00bb global_colors_info=\u00bb{}\u00bb]<\/p>\n<h4>La Alzina<\/h4>\n<p>[\/et_pb_text][et_pb_image src=\u00bbhttps:\/\/www.masvilar.cat\/wp-content\/uploads\/2020\/12\/alzina-04.jpg\u00bb _builder_version=\u00bb4.16&#8243; width=\u00bb90%\u00bb module_alignment=\u00bbcenter\u00bb border_radii=\u00bbon|3px|3px|3px|3px\u00bb global_colors_info=\u00bb{}\u00bb][\/et_pb_image][et_pb_image src=\u00bbhttps:\/\/www.masvilar.cat\/wp-content\/uploads\/2020\/12\/dues-persones.png\u00bb title_text=\u00bbdos-personas\u00bb _builder_version=\u00bb4.16&#8243; width=\u00bb53%\u00bb max_width=\u00bb19%\u00bb module_alignment=\u00bbcenter\u00bb custom_margin=\u00bb||1px|||\u00bb global_colors_info=\u00bb{}\u00bb][\/et_pb_image][et_pb_text _builder_version=\u00bb4.16&#8243; text_font=\u00bbDosis|300|||||||\u00bb text_text_color=\u00bb#3C1518&#8243; text_font_size=\u00bb13px\u00bb text_orientation=\u00bbcenter\u00bb global_colors_info=\u00bb{}\u00bb]<\/p>\n<p>2 personas<\/p>\n<p>[\/et_pb_text][et_pb_button button_url=\u00bb@ET-DC@eyJkeW5hbWljIjp0cnVlLCJjb250ZW50IjoicG9zdF9saW5rX3VybF9wYWdlIiwic2V0dGluZ3MiOnsicG9zdF9pZCI6IjMxMTYiLCJlbmFibGVfaHRtbCI6Im9mZiJ9fQ==@\u00bb button_text=\u00bbM\u00e1s informaci\u00f3n\u00bb button_alignment=\u00bbcenter\u00bb _builder_version=\u00bb4.16&#8243; _dynamic_attributes=\u00bbbutton_url\u00bb custom_button=\u00bbon\u00bb button_text_size=\u00bb13px\u00bb button_text_color=\u00bb#ffffff\u00bb button_bg_color=\u00bb#3C1518&#8243; button_border_width=\u00bb0px\u00bb button_border_radius=\u00bb3%\u00bb button_font=\u00bbDosis|||on|||||\u00bb button_use_icon=\u00bboff\u00bb custom_margin=\u00bb||15px||false|false\u00bb custom_padding=\u00bb10px|20px|10px|20px|false|false\u00bb custom_css_main_element=\u00bbwidth: 150px\u00bb global_colors_info=\u00bb{}\u00bb button_bg_color__hover_enabled=\u00bbon|hover\u00bb button_bg_color__hover=\u00bb#9B6930&#8243; button_bg_enable_color__hover=\u00bbon\u00bb][\/et_pb_button][\/et_pb_column][et_pb_column type=\u00bb1_6&#8243; _builder_version=\u00bb4.16&#8243; background_color=\u00bbrgba(255,246,223,0.52)\u00bb custom_padding=\u00bb10px||||false|false\u00bb global_colors_info=\u00bb{}\u00bb custom_css_main_element_last_edited=\u00bbon|phone\u00bb custom_css_main_element_phone=\u00bbwidth: 49% !important;||margin-left: 1% !important\u00bb][et_pb_text _builder_version=\u00bb4.16&#8243; header_font=\u00bbCookie||||||||\u00bb header_4_font=\u00bbCookie||||||||\u00bb header_4_text_align=\u00bbcenter\u00bb header_4_text_color=\u00bb#3C1518&#8243; header_4_font_size=\u00bb34px\u00bb custom_margin=\u00bb||0px||false|false\u00bb custom_padding=\u00bb5px||0px||false|false\u00bb global_colors_info=\u00bb{}\u00bb]<\/p>\n<h4>La Noguera<\/h4>\n<p>[\/et_pb_text][et_pb_image src=\u00bbhttps:\/\/www.masvilar.cat\/wp-content\/uploads\/2020\/12\/noguera-01.jpg\u00bb _builder_version=\u00bb4.16&#8243; width=\u00bb90%\u00bb module_alignment=\u00bbcenter\u00bb border_radii=\u00bbon|3px|3px|3px|3px\u00bb global_colors_info=\u00bb{}\u00bb][\/et_pb_image][et_pb_image src=\u00bbhttps:\/\/www.masvilar.cat\/wp-content\/uploads\/2020\/12\/tres-persones.png\u00bb title_text=\u00bbtres-personas\u00bb _builder_version=\u00bb4.16&#8243; width=\u00bb53%\u00bb max_width=\u00bb19%\u00bb module_alignment=\u00bbcenter\u00bb custom_margin=\u00bb||1px|||\u00bb global_colors_info=\u00bb{}\u00bb][\/et_pb_image][et_pb_text _builder_version=\u00bb4.16&#8243; text_font=\u00bbDosis|300|||||||\u00bb text_text_color=\u00bb#3C1518&#8243; text_font_size=\u00bb13px\u00bb text_orientation=\u00bbcenter\u00bb global_colors_info=\u00bb{}\u00bb]<\/p>\n<p>3 personas<\/p>\n<p>[\/et_pb_text][et_pb_button button_url=\u00bb@ET-DC@eyJkeW5hbWljIjp0cnVlLCJjb250ZW50IjoicG9zdF9saW5rX3VybF9wYWdlIiwic2V0dGluZ3MiOnsicG9zdF9pZCI6IjMxMTEiLCJlbmFibGVfaHRtbCI6Im9mZiJ9fQ==@\u00bb button_text=\u00bbM\u00e1s informaci\u00f3n\u00bb button_alignment=\u00bbcenter\u00bb _builder_version=\u00bb4.16&#8243; _dynamic_attributes=\u00bbbutton_url\u00bb custom_button=\u00bbon\u00bb button_text_size=\u00bb13px\u00bb button_text_color=\u00bb#ffffff\u00bb button_bg_color=\u00bb#3C1518&#8243; button_border_width=\u00bb0px\u00bb button_border_radius=\u00bb3%\u00bb button_font=\u00bbDosis|||on|||||\u00bb button_use_icon=\u00bboff\u00bb custom_margin=\u00bb||15px||false|false\u00bb custom_padding=\u00bb10px|20px|10px|20px|false|false\u00bb custom_css_main_element=\u00bbwidth: 150px\u00bb global_colors_info=\u00bb{}\u00bb button_bg_color__hover_enabled=\u00bbon|hover\u00bb button_bg_color__hover=\u00bb#9B6930&#8243; button_bg_enable_color__hover=\u00bbon\u00bb][\/et_pb_button][\/et_pb_column][et_pb_column type=\u00bb1_6&#8243; _builder_version=\u00bb4.16&#8243; background_color=\u00bbrgba(255,246,223,0.52)\u00bb custom_padding=\u00bb10px||||false|false\u00bb global_colors_info=\u00bb{}\u00bb custom_css_main_element_last_edited=\u00bbon|phone\u00bb custom_css_main_element_phone=\u00bbwidth: 49% !important;||margin-right: 1% !important\u00bb][et_pb_text _builder_version=\u00bb4.16&#8243; header_font=\u00bbCookie||||||||\u00bb header_4_font=\u00bbCookie||||||||\u00bb header_4_text_align=\u00bbcenter\u00bb header_4_text_color=\u00bb#3C1518&#8243; header_4_font_size=\u00bb34px\u00bb custom_margin=\u00bb||0px||false|false\u00bb custom_padding=\u00bb5px||0px||false|false\u00bb global_colors_info=\u00bb{}\u00bb]<\/p>\n<h4>El Roure<\/h4>\n<p>[\/et_pb_text][et_pb_image src=\u00bbhttps:\/\/www.masvilar.cat\/wp-content\/uploads\/2020\/12\/roure-04.jpg\u00bb _builder_version=\u00bb4.16&#8243; width=\u00bb90%\u00bb module_alignment=\u00bbcenter\u00bb border_radii=\u00bbon|3px|3px|3px|3px\u00bb global_colors_info=\u00bb{}\u00bb][\/et_pb_image][et_pb_image src=\u00bbhttps:\/\/www.masvilar.cat\/wp-content\/uploads\/2020\/12\/tres-persones.png\u00bb title_text=\u00bbtres-personas\u00bb _builder_version=\u00bb4.16&#8243; width=\u00bb53%\u00bb max_width=\u00bb19%\u00bb module_alignment=\u00bbcenter\u00bb custom_margin=\u00bb||1px|||\u00bb global_colors_info=\u00bb{}\u00bb][\/et_pb_image][et_pb_text _builder_version=\u00bb4.16&#8243; text_font=\u00bbDosis|300|||||||\u00bb text_text_color=\u00bb#3C1518&#8243; text_font_size=\u00bb13px\u00bb text_orientation=\u00bbcenter\u00bb global_colors_info=\u00bb{}\u00bb]<\/p>\n<p>3 personas<\/p>\n<p>[\/et_pb_text][et_pb_button button_url=\u00bb@ET-DC@eyJkeW5hbWljIjp0cnVlLCJjb250ZW50IjoicG9zdF9saW5rX3VybF9wYWdlIiwic2V0dGluZ3MiOnsicG9zdF9pZCI6IjMxMDYiLCJlbmFibGVfaHRtbCI6Im9mZiJ9fQ==@\u00bb button_text=\u00bbM\u00e1s informaci\u00f3n\u00bb button_alignment=\u00bbcenter\u00bb _builder_version=\u00bb4.16&#8243; _dynamic_attributes=\u00bbbutton_url\u00bb custom_button=\u00bbon\u00bb button_text_size=\u00bb13px\u00bb button_text_color=\u00bb#ffffff\u00bb button_bg_color=\u00bb#3C1518&#8243; button_border_width=\u00bb0px\u00bb button_border_radius=\u00bb3%\u00bb button_font=\u00bbDosis|||on|||||\u00bb button_use_icon=\u00bboff\u00bb custom_margin=\u00bb||15px||false|false\u00bb custom_padding=\u00bb10px|20px|10px|20px|false|false\u00bb custom_css_main_element=\u00bbwidth: 150px\u00bb global_colors_info=\u00bb{}\u00bb button_bg_color__hover_enabled=\u00bbon|hover\u00bb button_bg_color__hover=\u00bb#9B6930&#8243; button_bg_enable_color__hover=\u00bbon\u00bb][\/et_pb_button][\/et_pb_column][et_pb_column type=\u00bb1_6&#8243; _builder_version=\u00bb4.16&#8243; background_color=\u00bbrgba(255,246,223,0.52)\u00bb custom_padding=\u00bb10px||||false|false\u00bb global_colors_info=\u00bb{}\u00bb custom_css_main_element_last_edited=\u00bbon|phone\u00bb custom_css_main_element_phone=\u00bbwidth: 49% !important;||margin-left: 1% !important\u00bb][et_pb_text _builder_version=\u00bb4.16&#8243; header_font=\u00bbCookie||||||||\u00bb header_4_font=\u00bbCookie||||||||\u00bb header_4_text_align=\u00bbcenter\u00bb header_4_text_color=\u00bb#3C1518&#8243; header_4_font_size=\u00bb34px\u00bb custom_margin=\u00bb||0px||false|false\u00bb custom_padding=\u00bb5px||0px||false|false\u00bb global_colors_info=\u00bb{}\u00bb]<\/p>\n<h4>El Castanyer<\/h4>\n<p>[\/et_pb_text][et_pb_image src=\u00bbhttps:\/\/www.masvilar.cat\/wp-content\/uploads\/2020\/12\/castanyer-04.jpg\u00bb _builder_version=\u00bb4.16&#8243; width=\u00bb90%\u00bb module_alignment=\u00bbcenter\u00bb border_radii=\u00bbon|3px|3px|3px|3px\u00bb global_colors_info=\u00bb{}\u00bb][\/et_pb_image][et_pb_image src=\u00bbhttps:\/\/www.masvilar.cat\/wp-content\/uploads\/2020\/12\/tres-persones.png\u00bb title_text=\u00bbtres-personas\u00bb _builder_version=\u00bb4.16&#8243; width=\u00bb53%\u00bb max_width=\u00bb19%\u00bb module_alignment=\u00bbcenter\u00bb custom_margin=\u00bb||1px|||\u00bb global_colors_info=\u00bb{}\u00bb][\/et_pb_image][et_pb_text _builder_version=\u00bb4.16&#8243; text_font=\u00bbDosis|300|||||||\u00bb text_text_color=\u00bb#3C1518&#8243; text_font_size=\u00bb13px\u00bb text_orientation=\u00bbcenter\u00bb global_colors_info=\u00bb{}\u00bb]<\/p>\n<p>3+1 personas<\/p>\n<p>[\/et_pb_text][et_pb_button button_url=\u00bb@ET-DC@eyJkeW5hbWljIjp0cnVlLCJjb250ZW50IjoicG9zdF9saW5rX3VybF9wYWdlIiwic2V0dGluZ3MiOnsicG9zdF9pZCI6IjI5MDUiLCJlbmFibGVfaHRtbCI6Im9mZiJ9fQ==@\u00bb button_text=\u00bbM\u00e1s informaci\u00f3n\u00bb button_alignment=\u00bbcenter\u00bb _builder_version=\u00bb4.16&#8243; _dynamic_attributes=\u00bbbutton_url\u00bb custom_button=\u00bbon\u00bb button_text_size=\u00bb13px\u00bb button_text_color=\u00bb#ffffff\u00bb button_bg_color=\u00bb#3C1518&#8243; button_border_width=\u00bb0px\u00bb button_border_radius=\u00bb3%\u00bb button_font=\u00bbDosis|||on|||||\u00bb button_use_icon=\u00bboff\u00bb custom_margin=\u00bb||15px||false|false\u00bb custom_padding=\u00bb10px|20px|10px|20px|false|false\u00bb custom_css_main_element=\u00bbwidth: 150px\u00bb global_colors_info=\u00bb{}\u00bb button_bg_color__hover_enabled=\u00bbon|hover\u00bb button_bg_color__hover=\u00bb#9B6930&#8243; button_bg_enable_color__hover=\u00bbon\u00bb][\/et_pb_button][\/et_pb_column][\/et_pb_row][et_pb_row _builder_version=\u00bb4.16&#8243; global_colors_info=\u00bb{}\u00bb][et_pb_column type=\u00bb4_4&#8243; _builder_version=\u00bb4.16&#8243; global_colors_info=\u00bb{}\u00bb][et_pb_button button_url=\u00bbhttps:\/\/www.masvilar.cat\/es\/habitaciones\/#preus\u00bb button_text=\u00bbPRECIOS Y RESERVAS\u00bb button_alignment=\u00bbcenter\u00bb _builder_version=\u00bb4.16&#8243; custom_button=\u00bbon\u00bb button_text_size=\u00bb16px\u00bb button_text_color=\u00bb#ffffff\u00bb button_bg_color=\u00bb#3C1518&#8243; button_border_width=\u00bb0px\u00bb button_border_radius=\u00bb3%\u00bb button_font=\u00bbDosis|||on|||||\u00bb button_use_icon=\u00bboff\u00bb custom_margin=\u00bb50px||||false|false\u00bb custom_padding=\u00bb14px|20px|14px|20px|false|false\u00bb custom_css_main_element=\u00bbwidth: 170px\u00bb global_colors_info=\u00bb{}\u00bb button_bg_color__hover_enabled=\u00bbon|hover\u00bb button_bg_color__hover=\u00bb#9B6930&#8243; button_bg_enable_color__hover=\u00bbon\u00bb][\/et_pb_button][\/et_pb_column][\/et_pb_row][\/et_pb_section][et_pb_section fb_built=\u00bb1&#8243; disabled_on=\u00bboff|off|off\u00bb admin_label=\u00bbEMPRESA DESKT\u00bb _builder_version=\u00bb4.16&#8243; width=\u00bb90%\u00bb max_width=\u00bb1400px\u00bb module_alignment=\u00bbcenter\u00bb custom_margin=\u00bb||50px||false|false\u00bb animation_style=\u00bbfade\u00bb border_width_all=\u00bb1px\u00bb border_color_all=\u00bbrgba(155,105,48,0.05)\u00bb global_colors_info=\u00bb{}\u00bb][et_pb_row _builder_version=\u00bb4.16&#8243; width=\u00bb90%\u00bb max_width=\u00bb1400px\u00bb border_color_top=\u00bb#9B6930&#8243; border_color_right=\u00bb#9B6930&#8243; border_color_left=\u00bb#9B6930&#8243; global_colors_info=\u00bb{}\u00bb][et_pb_column type=\u00bb4_4&#8243; _builder_version=\u00bb4.16&#8243; global_colors_info=\u00bb{}\u00bb][et_pb_text module_class=\u00bbtitols\u00bb _builder_version=\u00bb4.16&#8243; header_3_font=\u00bbMerriweather|||on|||||\u00bb header_3_font_size=\u00bb24px\u00bb header_3_letter_spacing=\u00bb4px\u00bb header_3_line_height=\u00bb30px\u00bb custom_margin=\u00bb0px||0px||false|false\u00bb custom_padding=\u00bb25px||15px||false|false\u00bb global_colors_info=\u00bb{}\u00bb]<\/p>\n<h3 style=\"text-align: center;\">Estancias de empresa<\/h3>\n<p>[\/et_pb_text][\/et_pb_column][\/et_pb_row][et_pb_row column_structure=\u00bb1_2,1_2&#8243; custom_padding_last_edited=\u00bbon|tablet\u00bb _builder_version=\u00bb4.16&#8243; width=\u00bb90%\u00bb max_width=\u00bb1400px\u00bb custom_padding=\u00bb|50px|50px|50px|false|false\u00bb custom_padding_tablet=\u00bb|0px||0px|false|false\u00bb custom_padding_phone=\u00bb\u00bb border_color_right=\u00bb#9B6930&#8243; border_color_bottom=\u00bb#9B6930&#8243; border_color_left=\u00bb#9B6930&#8243; global_colors_info=\u00bb{}\u00bb][et_pb_column type=\u00bb1_2&#8243; _builder_version=\u00bb4.16&#8243; custom_css_main_element=\u00bbdisplay: flex;||flex-direction: column;||justify-content: center;\u00bb global_colors_info=\u00bb{}\u00bb][et_pb_text _builder_version=\u00bb4.25.0&#8243; text_font=\u00bbDosis|300|||||||\u00bb text_font_size=\u00bb20px\u00bb text_line_height=\u00bb1.6em\u00bb text_orientation=\u00bbjustified\u00bb text_font_size_tablet=\u00bb\u00bb text_font_size_phone=\u00bb18px\u00bb text_font_size_last_edited=\u00bbon|phone\u00bb global_colors_info=\u00bb{}\u00bb]<\/p>\n<p>Turismo rural Montseny en Mas Vilar encontrar\u00e1s el espacio ideal para tus reuniones o actividades de equipo. Aqu\u00ed tiene todas las comodidades y espacios a su alcance como servicio de comidas, para que no tenga que preocuparse de nada m\u00e1s que de su trabajo.<\/p>\n<p>[\/et_pb_text][et_pb_button button_url=\u00bb@ET-DC@eyJkeW5hbWljIjp0cnVlLCJjb250ZW50IjoicG9zdF9saW5rX3VybF9wYWdlIiwic2V0dGluZ3MiOnsicG9zdF9pZCI6IjI4NzgiLCJlbmFibGVfaHRtbCI6Im9mZiJ9fQ==@\u00bb button_text=\u00bbSABER M\u00c1S\u00bb button_alignment=\u00bbcenter\u00bb _builder_version=\u00bb4.16&#8243; _dynamic_attributes=\u00bbbutton_url\u00bb custom_button=\u00bbon\u00bb button_text_size=\u00bb16px\u00bb button_text_color=\u00bb#ffffff\u00bb button_bg_color=\u00bb#3C1518&#8243; button_border_width=\u00bb0px\u00bb button_border_radius=\u00bb3%\u00bb button_font=\u00bbDosis|||on|||||\u00bb button_use_icon=\u00bboff\u00bb custom_margin_tablet=\u00bb\u00bb custom_margin_phone=\u00bb20px||20px||false|false\u00bb custom_margin_last_edited=\u00bbon|phone\u00bb custom_padding=\u00bb14px|20px|14px|20px|false|false\u00bb custom_css_main_element=\u00bbwidth: 150px\u00bb global_colors_info=\u00bb{}\u00bb button_bg_color__hover_enabled=\u00bbon|hover\u00bb button_bg_color__hover=\u00bb#9B6930&#8243; button_bg_enable_color__hover=\u00bbon\u00bb][\/et_pb_button][\/et_pb_column][et_pb_column type=\u00bb1_2&#8243; _builder_version=\u00bb4.16&#8243; global_colors_info=\u00bb{}\u00bb][et_pb_image src=\u00bbhttps:\/\/www.masvilar.cat\/wp-content\/uploads\/2020\/12\/estades-empresa.jpg\u00bb align=\u00bbcenter\u00bb _builder_version=\u00bb4.16&#8243; width=\u00bb72%\u00bb width_tablet=\u00bb100%\u00bb width_phone=\u00bb100%\u00bb width_last_edited=\u00bbon|phone\u00bb max_width=\u00bb100%\u00bb module_alignment=\u00bbcenter\u00bb global_colors_info=\u00bb{}\u00bb][\/et_pb_image][\/et_pb_column][\/et_pb_row][\/et_pb_section][et_pb_section fb_built=\u00bb1&#8243; admin_label=\u00bbBLOG\u00bb _builder_version=\u00bb4.16&#8243; width=\u00bb90%\u00bb max_width=\u00bb1400px\u00bb module_alignment=\u00bbcenter\u00bb custom_margin=\u00bb||50px||false|false\u00bb animation_style=\u00bbfade\u00bb border_width_all=\u00bb1px\u00bb border_color_all=\u00bbrgba(155,105,48,0.05)\u00bb global_colors_info=\u00bb{}\u00bb][et_pb_row _builder_version=\u00bb4.16&#8243; width=\u00bb90%\u00bb max_width=\u00bb1400px\u00bb border_color_top=\u00bb#9B6930&#8243; border_color_right=\u00bb#9B6930&#8243; border_color_left=\u00bb#9B6930&#8243; global_colors_info=\u00bb{}\u00bb][et_pb_column type=\u00bb4_4&#8243; _builder_version=\u00bb4.16&#8243; global_colors_info=\u00bb{}\u00bb][et_pb_text module_class=\u00bbtitols\u00bb _builder_version=\u00bb4.16&#8243; header_3_font=\u00bbMerriweather|||on|||||\u00bb header_3_font_size=\u00bb24px\u00bb header_3_letter_spacing=\u00bb4px\u00bb header_3_line_height=\u00bb30px\u00bb custom_margin=\u00bb0px||0px||false|false\u00bb custom_padding=\u00bb25px||15px||false|false\u00bb global_colors_info=\u00bb{}\u00bb]<\/p>\n<h3 style=\"text-align: center;\">Nuestras vistas<\/h3>\n<p>[\/et_pb_text][\/et_pb_column][\/et_pb_row][et_pb_row _builder_version=\u00bb4.16&#8243; width=\u00bb90%\u00bb max_width=\u00bb1400px\u00bb border_color_right=\u00bb#9B6930&#8243; border_color_bottom=\u00bb#9B6930&#8243; border_color_left=\u00bb#9B6930&#8243; global_colors_info=\u00bb{}\u00bb][et_pb_column type=\u00bb4_4&#8243; _builder_version=\u00bb4.16&#8243; global_colors_info=\u00bb{}\u00bb][et_pb_text _builder_version=\u00bb4.25.0&#8243; text_font=\u00bbDosis|300|||||||\u00bb text_font_size=\u00bb20px\u00bb text_line_height=\u00bb1.6em\u00bb text_orientation=\u00bbcenter\u00bb text_font_size_tablet=\u00bb\u00bb text_font_size_phone=\u00bb18px\u00bb text_font_size_last_edited=\u00bbon|phone\u00bb text_orientation_tablet=\u00bbjustified\u00bb text_orientation_phone=\u00bbjustified\u00bb text_orientation_last_edited=\u00bbon|phone\u00bb global_colors_info=\u00bb{}\u00bb]<\/p>\n<p>En Mas Vilar, le invitamos a sumergirse en un oasis de paz y tranquilidad donde podr\u00e1 disfrutar de unas vistas impresionantes a la naturaleza que le dejar\u00e1n sin aliento.<\/p>\n<p>Imagina despertarte con el canto de los p\u00e1jaros y contemplar la belleza del Parque Natural del Montseny desde la ventana. Disfruta de atardeceres de ensue\u00f1o con las monta\u00f1as como tel\u00f3n de fondo. Rel\u00e1jate en nuestro jard\u00edn y respira aire puro mientras admiras las panor\u00e1micas que te rodean.<\/p>\n<p>En Mas Vilar, la naturaleza es la protagonista. Te ofrecemos un entorno \u00fanico para que puedas desconectarte del estr\u00e9s y recargar energ\u00edas.<\/p>\n<p>[\/et_pb_text][\/et_pb_column][\/et_pb_row][et_pb_row _builder_version=\u00bb4.16&#8243; width=\u00bb90%\u00bb max_width=\u00bb1400px\u00bb border_color_right=\u00bb#9B6930&#8243; border_color_bottom=\u00bb#9B6930&#8243; border_color_left=\u00bb#9B6930&#8243; global_colors_info=\u00bb{}\u00bb][et_pb_column type=\u00bb4_4&#8243; _builder_version=\u00bb4.16&#8243; global_colors_info=\u00bb{}\u00bb][et_pb_code _builder_version=\u00bb4.16&#8243; _module_preset=\u00bbdefault\u00bb text_orientation=\u00bbcenter\u00bb global_colors_info=\u00bb{}\u00bb]<div class=\"carousel-slider-outer carousel-slider-outer-image-carousel carousel-slider-outer-3746\" style=\"--carousel-slider-nav-color:#fff6df;--carousel-slider-active-nav-color:#9b6930;--carousel-slider-arrow-size:45px;--carousel-slider-bullet-size:10px\">\n<div id=\"&#039;id-3746\" class=\"carousel-slider carousel-slider-3746 arrows-visibility-always dots-visibility-never arrows-inside dots-center dots-square owl-carousel\" data-slide-type=\"image-carousel\" data-owl-settings='{\"nav\":true,\"dots\":false,\"slideBy\":1,\"stagePadding\":0,\"margin\":5,\"loop\":true,\"lazyLoad\":false,\"autoplay\":false,\"autoplayTimeout\":3000,\"autoplaySpeed\":700,\"autoplayHoverPause\":false,\"autoWidth\":false,\"responsive\":{\"300\":{\"items\":1},\"576\":{\"items\":2},\"768\":{\"items\":2},\"1024\":{\"items\":3},\"1280\":{\"items\":4},\"1536\":{\"items\":5}}}'>\n<div class=\"carousel-slider__item\">\n\t<a class=\"magnific-popup\" href=\"https:\/\/www.masvilar.cat\/wp-content\/uploads\/2020\/12\/vistes-masvilar-07.jpg\" data-width=\"750\" data-height=\"500\"><img decoding=\"async\" width=\"750\" height=\"500\" src=\"https:\/\/www.masvilar.cat\/wp-content\/uploads\/2020\/12\/vistes-masvilar-07.jpg\" class=\"attachment-full size-full\" alt=\"\" srcset=\"https:\/\/www.masvilar.cat\/wp-content\/uploads\/2020\/12\/vistes-masvilar-07.jpg 750w, https:\/\/www.masvilar.cat\/wp-content\/uploads\/2020\/12\/vistes-masvilar-07-480x320.jpg 480w\" sizes=\"(min-width: 0px) and (max-width: 480px) 480px, (min-width: 481px) 750px, 100vw\" \/><\/a><\/div>\n\n<div class=\"carousel-slider__item\">\n\t<a class=\"magnific-popup\" href=\"https:\/\/www.masvilar.cat\/wp-content\/uploads\/2020\/12\/vistes-masvilar-08.jpg\" data-width=\"750\" data-height=\"500\"><img decoding=\"async\" width=\"750\" height=\"500\" src=\"https:\/\/www.masvilar.cat\/wp-content\/uploads\/2020\/12\/vistes-masvilar-08.jpg\" class=\"attachment-full size-full\" alt=\"\" srcset=\"https:\/\/www.masvilar.cat\/wp-content\/uploads\/2020\/12\/vistes-masvilar-08.jpg 750w, https:\/\/www.masvilar.cat\/wp-content\/uploads\/2020\/12\/vistes-masvilar-08-480x320.jpg 480w\" sizes=\"(min-width: 0px) and (max-width: 480px) 480px, (min-width: 481px) 750px, 100vw\" \/><\/a><\/div>\n\n<div class=\"carousel-slider__item\">\n\t<a class=\"magnific-popup\" href=\"https:\/\/www.masvilar.cat\/wp-content\/uploads\/2020\/12\/vistes-masvilar-11.jpg\" data-width=\"750\" data-height=\"500\"><img decoding=\"async\" width=\"750\" height=\"500\" src=\"https:\/\/www.masvilar.cat\/wp-content\/uploads\/2020\/12\/vistes-masvilar-11.jpg\" class=\"attachment-full size-full\" alt=\"\" srcset=\"https:\/\/www.masvilar.cat\/wp-content\/uploads\/2020\/12\/vistes-masvilar-11.jpg 750w, https:\/\/www.masvilar.cat\/wp-content\/uploads\/2020\/12\/vistes-masvilar-11-480x320.jpg 480w\" sizes=\"(min-width: 0px) and (max-width: 480px) 480px, (min-width: 481px) 750px, 100vw\" \/><\/a><\/div>\n\n<div class=\"carousel-slider__item\">\n\t<a class=\"magnific-popup\" href=\"https:\/\/www.masvilar.cat\/wp-content\/uploads\/2020\/12\/vistes-masvilar-10.jpg\" data-width=\"750\" data-height=\"500\"><img decoding=\"async\" width=\"750\" height=\"500\" src=\"https:\/\/www.masvilar.cat\/wp-content\/uploads\/2020\/12\/vistes-masvilar-10.jpg\" class=\"attachment-full size-full\" alt=\"\" srcset=\"https:\/\/www.masvilar.cat\/wp-content\/uploads\/2020\/12\/vistes-masvilar-10.jpg 750w, https:\/\/www.masvilar.cat\/wp-content\/uploads\/2020\/12\/vistes-masvilar-10-480x320.jpg 480w\" sizes=\"(min-width: 0px) and (max-width: 480px) 480px, (min-width: 481px) 750px, 100vw\" \/><\/a><\/div>\n\n<div class=\"carousel-slider__item\">\n\t<a class=\"magnific-popup\" href=\"https:\/\/www.masvilar.cat\/wp-content\/uploads\/2021\/01\/vistes-masvilar-16.jpg\" data-width=\"750\" data-height=\"500\"><img decoding=\"async\" width=\"750\" height=\"500\" src=\"https:\/\/www.masvilar.cat\/wp-content\/uploads\/2021\/01\/vistes-masvilar-16.jpg\" class=\"attachment-full size-full\" alt=\"\" srcset=\"https:\/\/www.masvilar.cat\/wp-content\/uploads\/2021\/01\/vistes-masvilar-16.jpg 750w, https:\/\/www.masvilar.cat\/wp-content\/uploads\/2021\/01\/vistes-masvilar-16-480x320.jpg 480w\" sizes=\"(min-width: 0px) and (max-width: 480px) 480px, (min-width: 481px) 750px, 100vw\" \/><\/a><\/div>\n\n<\/div><!-- .carousel-slider-3746 -->\n<\/div><!-- .carousel-slider-outer-3746 -->\n[\/et_pb_code][\/et_pb_column][\/et_pb_row][\/et_pb_section][et_pb_section fb_built=\u00bb1&#8243; admin_label=\u00bbBLOG\u00bb _builder_version=\u00bb4.16&#8243; width=\u00bb90%\u00bb max_width=\u00bb1400px\u00bb module_alignment=\u00bbcenter\u00bb custom_margin=\u00bb||50px||false|false\u00bb animation_style=\u00bbfade\u00bb border_width_all=\u00bb1px\u00bb border_color_all=\u00bbrgba(155,105,48,0.05)\u00bb global_colors_info=\u00bb{}\u00bb][et_pb_row _builder_version=\u00bb4.16&#8243; width=\u00bb90%\u00bb max_width=\u00bb1400px\u00bb border_color_top=\u00bb#9B6930&#8243; border_color_right=\u00bb#9B6930&#8243; border_color_left=\u00bb#9B6930&#8243; global_colors_info=\u00bb{}\u00bb][et_pb_column type=\u00bb4_4&#8243; _builder_version=\u00bb4.16&#8243; global_colors_info=\u00bb{}\u00bb][et_pb_text module_class=\u00bbtitols\u00bb _builder_version=\u00bb4.16&#8243; header_3_font=\u00bbMerriweather|||on|||||\u00bb header_3_font_size=\u00bb24px\u00bb header_3_letter_spacing=\u00bb4px\u00bb header_3_line_height=\u00bb30px\u00bb custom_margin=\u00bb0px||0px||false|false\u00bb custom_padding=\u00bb25px||15px||false|false\u00bb global_colors_info=\u00bb{}\u00bb]<\/p>\n<h3 style=\"text-align: center;\">Nuestro blog<\/h3>\n<p>[\/et_pb_text][\/et_pb_column][\/et_pb_row][et_pb_row _builder_version=\u00bb4.16&#8243; width=\u00bb90%\u00bb max_width=\u00bb1400px\u00bb border_color_right=\u00bb#9B6930&#8243; border_color_bottom=\u00bb#9B6930&#8243; border_color_left=\u00bb#9B6930&#8243; global_colors_info=\u00bb{}\u00bb][et_pb_column type=\u00bb4_4&#8243; _builder_version=\u00bb4.16&#8243; global_colors_info=\u00bb{}\u00bb][et_pb_blog fullwidth=\u00bboff\u00bb posts_number=\u00bb3&#8243; include_categories=\u00bball\u00bb meta_date=\u00bbj M Y\u00bb use_manual_excerpt=\u00bboff\u00bb excerpt_length=\u00bb0&#8243; show_author=\u00bboff\u00bb show_categories=\u00bboff\u00bb show_excerpt=\u00bboff\u00bb _builder_version=\u00bb4.16&#8243; header_font=\u00bbCookie||||||||\u00bb header_text_align=\u00bbcenter\u00bb header_text_color=\u00bb#3c1518&#8243; header_font_size=\u00bb31px\u00bb body_font=\u00bbDosis|300|||||||\u00bb body_font_size=\u00bb17px\u00bb meta_font=\u00bbDosis|300|||||||\u00bb meta_text_align=\u00bbcenter\u00bb meta_text_color=\u00bb#9B6930&#8243; read_more_text_color=\u00bb#9B6930&#8243; read_more_font_size=\u00bb13px\u00bb width=\u00bb90%\u00bb max_width=\u00bb1400px\u00bb module_alignment=\u00bbcenter\u00bb border_radii=\u00bbon|3px|3px|3px|3px\u00bb border_radii_image=\u00bbon|3px|3px|3px|3px\u00bb border_color_all_image=\u00bbrgba(0,0,0,0)\u00bb box_shadow_style=\u00bbpreset1&#8243; box_shadow_blur=\u00bb20px\u00bb box_shadow_spread=\u00bb-9px\u00bb global_colors_info=\u00bb{}\u00bb][\/et_pb_blog][\/et_pb_column][\/et_pb_row][et_pb_row _builder_version=\u00bb4.16&#8243; global_colors_info=\u00bb{}\u00bb][et_pb_column type=\u00bb4_4&#8243; _builder_version=\u00bb4.16&#8243; global_colors_info=\u00bb{}\u00bb][et_pb_button button_url=\u00bb@ET-DC@eyJkeW5hbWljIjp0cnVlLCJjb250ZW50IjoicG9zdF9saW5rX3VybF9wYWdlIiwic2V0dGluZ3MiOnsicG9zdF9pZCI6IjI4OTYiLCJlbmFibGVfaHRtbCI6Im9mZiJ9fQ==@\u00bb button_text=\u00bbM\u00c1S ENTRADAS\u00bb button_alignment=\u00bbcenter\u00bb _builder_version=\u00bb4.16&#8243; _dynamic_attributes=\u00bbbutton_url\u00bb custom_button=\u00bbon\u00bb button_text_size=\u00bb16px\u00bb button_text_color=\u00bb#ffffff\u00bb button_bg_color=\u00bb#3C1518&#8243; button_border_width=\u00bb0px\u00bb button_border_radius=\u00bb3%\u00bb button_font=\u00bbDosis|||on|||||\u00bb button_use_icon=\u00bboff\u00bb custom_padding=\u00bb14px|20px|14px|20px|false|false\u00bb custom_css_main_element=\u00bbwidth: 150px\u00bb global_colors_info=\u00bb{}\u00bb button_bg_color__hover_enabled=\u00bbon|hover\u00bb button_bg_color__hover=\u00bb#9B6930&#8243; button_bg_enable_color__hover=\u00bbon\u00bb][\/et_pb_button][\/et_pb_column][\/et_pb_row][\/et_pb_section]<\/p>\n","protected":false},"excerpt":{"rendered":"<p>Reconecta con la naturaleza y disfruta de nuestra gastronom\u00eda. Te sentir\u00e1s como en casa. Turismo Rural MontsenyDisfruta de una experiencia \u00fanica en el Turismo rural Montseny Reserva, una Mas\u00eda del siglo XVI ubicada en el coraz\u00f3n del Parque Natural del Montseny. Rodeado de naturaleza virgen y con vistas incomparables, este alojamiento le ofrece la tranquilidad [&hellip;]<\/p>\n","protected":false},"author":1,"featured_media":8341,"parent":0,"menu_order":0,"comment_status":"closed","ping_status":"closed","template":"","meta":{"_et_pb_use_builder":"on","_et_pb_old_content":"","_et_gb_content_width":"","footnotes":""},"class_list":["post-4010","page","type-page","status-publish","has-post-thumbnail","hentry"],"yoast_head":"<!-- This site is optimized with the Yoast SEO plugin v27.3 - https:\/\/yoast.com\/product\/yoast-seo-wordpress\/ -->\n<title>Mas Vilar \ud83e\udd47 Turismo Rural Montseny<\/title>\n<meta name=\"description\" content=\"\u27a1\ufe0f turismo rural Montseny Reserva: Oasis de paz en una Mas\u00eda del siglo XVI. Disfruta de una experiencia \u00fanica perfecta para desconectar...\" \/>\n<meta name=\"robots\" content=\"index, follow, max-snippet:-1, max-image-preview:large, max-video-preview:-1\" \/>\n<link rel=\"canonical\" href=\"https:\/\/www.masvilar.cat\/\" \/>\n<meta property=\"og:locale\" content=\"es_ES\" \/>\n<meta property=\"og:type\" content=\"article\" \/>\n<meta property=\"og:title\" content=\"Mas Vilar \ud83e\udd47 Turismo Rural Montseny\" \/>\n<meta property=\"og:description\" content=\"\u27a1\ufe0f turismo rural Montseny Reserva: Oasis de paz en una Mas\u00eda del siglo XVI. Disfruta de una experiencia \u00fanica perfecta para desconectar...\" \/>\n<meta property=\"og:url\" content=\"https:\/\/www.masvilar.cat\/\" \/>\n<meta property=\"og:site_name\" content=\"Mas Vilar\" \/>\n<meta property=\"article:modified_time\" content=\"2024-11-27T13:04:32+00:00\" \/>\n<meta property=\"og:image\" content=\"https:\/\/www.masvilar.cat\/wp-content\/uploads\/2024\/05\/Turismo-rural-Montseny.jpg\" \/>\n\t<meta property=\"og:image:width\" content=\"1080\" \/>\n\t<meta property=\"og:image:height\" content=\"1053\" \/>\n\t<meta property=\"og:image:type\" content=\"image\/jpeg\" \/>\n<meta name=\"twitter:card\" content=\"summary_large_image\" \/>\n<meta name=\"twitter:label1\" content=\"Tiempo de lectura\" \/>\n\t<meta name=\"twitter:data1\" content=\"6 minutos\" \/>\n<script type=\"application\/ld+json\" class=\"yoast-schema-graph\">{\"@context\":\"https:\\\/\\\/schema.org\",\"@graph\":[{\"@type\":\"WebPage\",\"@id\":\"https:\\\/\\\/www.masvilar.cat\\\/es\\\/\",\"url\":\"https:\\\/\\\/www.masvilar.cat\\\/\",\"name\":\"Mas Vilar \ud83e\udd47 Turismo Rural Montseny\",\"isPartOf\":{\"@id\":\"https:\\\/\\\/www.masvilar.cat\\\/#website\"},\"primaryImageOfPage\":{\"@id\":\"https:\\\/\\\/www.masvilar.cat\\\/#primaryimage\"},\"image\":{\"@id\":\"https:\\\/\\\/www.masvilar.cat\\\/#primaryimage\"},\"thumbnailUrl\":\"https:\\\/\\\/www.masvilar.cat\\\/wp-content\\\/uploads\\\/2024\\\/05\\\/Turismo-rural-Montseny.jpg\",\"datePublished\":\"2021-01-12T11:15:17+00:00\",\"dateModified\":\"2024-11-27T13:04:32+00:00\",\"description\":\"\u27a1\ufe0f turismo rural Montseny Reserva: Oasis de paz en una Mas\u00eda del siglo XVI. Disfruta de una experiencia \u00fanica perfecta para desconectar...\",\"breadcrumb\":{\"@id\":\"https:\\\/\\\/www.masvilar.cat\\\/#breadcrumb\"},\"inLanguage\":\"es\",\"potentialAction\":[{\"@type\":\"ReadAction\",\"target\":[\"https:\\\/\\\/www.masvilar.cat\\\/\"]}]},{\"@type\":\"ImageObject\",\"inLanguage\":\"es\",\"@id\":\"https:\\\/\\\/www.masvilar.cat\\\/#primaryimage\",\"url\":\"https:\\\/\\\/www.masvilar.cat\\\/wp-content\\\/uploads\\\/2024\\\/05\\\/Turismo-rural-Montseny.jpg\",\"contentUrl\":\"https:\\\/\\\/www.masvilar.cat\\\/wp-content\\\/uploads\\\/2024\\\/05\\\/Turismo-rural-Montseny.jpg\",\"width\":1080,\"height\":1053,\"caption\":\"Turismo rural Montseny\"},{\"@type\":\"BreadcrumbList\",\"@id\":\"https:\\\/\\\/www.masvilar.cat\\\/#breadcrumb\",\"itemListElement\":[{\"@type\":\"ListItem\",\"position\":1,\"name\":\"Inici\",\"item\":\"https:\\\/\\\/www.masvilar.cat\\\/es\\\/\"},{\"@type\":\"ListItem\",\"position\":2,\"name\":\"Inicio\"}]},{\"@type\":\"WebSite\",\"@id\":\"https:\\\/\\\/www.masvilar.cat\\\/#website\",\"url\":\"https:\\\/\\\/www.masvilar.cat\\\/\",\"name\":\"Mas Vilar\",\"description\":\"Turisme Rural al Montseny\",\"potentialAction\":[{\"@type\":\"SearchAction\",\"target\":{\"@type\":\"EntryPoint\",\"urlTemplate\":\"https:\\\/\\\/www.masvilar.cat\\\/?s={search_term_string}\"},\"query-input\":{\"@type\":\"PropertyValueSpecification\",\"valueRequired\":true,\"valueName\":\"search_term_string\"}}],\"inLanguage\":\"es\"}]}<\/script>\n<!-- \/ Yoast SEO plugin. -->","yoast_head_json":{"title":"Mas Vilar \ud83e\udd47 Turismo Rural Montseny","description":"\u27a1\ufe0f turismo rural Montseny Reserva: Oasis de paz en una Mas\u00eda del siglo XVI. Disfruta de una experiencia \u00fanica perfecta para desconectar...","robots":{"index":"index","follow":"follow","max-snippet":"max-snippet:-1","max-image-preview":"max-image-preview:large","max-video-preview":"max-video-preview:-1"},"canonical":"https:\/\/www.masvilar.cat\/","og_locale":"es_ES","og_type":"article","og_title":"Mas Vilar \ud83e\udd47 Turismo Rural Montseny","og_description":"\u27a1\ufe0f turismo rural Montseny Reserva: Oasis de paz en una Mas\u00eda del siglo XVI. Disfruta de una experiencia \u00fanica perfecta para desconectar...","og_url":"https:\/\/www.masvilar.cat\/","og_site_name":"Mas Vilar","article_modified_time":"2024-11-27T13:04:32+00:00","og_image":[{"width":1080,"height":1053,"url":"https:\/\/www.masvilar.cat\/wp-content\/uploads\/2024\/05\/Turismo-rural-Montseny.jpg","type":"image\/jpeg"}],"twitter_card":"summary_large_image","twitter_misc":{"Tiempo de lectura":"6 minutos"},"schema":{"@context":"https:\/\/schema.org","@graph":[{"@type":"WebPage","@id":"https:\/\/www.masvilar.cat\/es\/","url":"https:\/\/www.masvilar.cat\/","name":"Mas Vilar \ud83e\udd47 Turismo Rural Montseny","isPartOf":{"@id":"https:\/\/www.masvilar.cat\/#website"},"primaryImageOfPage":{"@id":"https:\/\/www.masvilar.cat\/#primaryimage"},"image":{"@id":"https:\/\/www.masvilar.cat\/#primaryimage"},"thumbnailUrl":"https:\/\/www.masvilar.cat\/wp-content\/uploads\/2024\/05\/Turismo-rural-Montseny.jpg","datePublished":"2021-01-12T11:15:17+00:00","dateModified":"2024-11-27T13:04:32+00:00","description":"\u27a1\ufe0f turismo rural Montseny Reserva: Oasis de paz en una Mas\u00eda del siglo XVI. Disfruta de una experiencia \u00fanica perfecta para desconectar...","breadcrumb":{"@id":"https:\/\/www.masvilar.cat\/#breadcrumb"},"inLanguage":"es","potentialAction":[{"@type":"ReadAction","target":["https:\/\/www.masvilar.cat\/"]}]},{"@type":"ImageObject","inLanguage":"es","@id":"https:\/\/www.masvilar.cat\/#primaryimage","url":"https:\/\/www.masvilar.cat\/wp-content\/uploads\/2024\/05\/Turismo-rural-Montseny.jpg","contentUrl":"https:\/\/www.masvilar.cat\/wp-content\/uploads\/2024\/05\/Turismo-rural-Montseny.jpg","width":1080,"height":1053,"caption":"Turismo rural Montseny"},{"@type":"BreadcrumbList","@id":"https:\/\/www.masvilar.cat\/#breadcrumb","itemListElement":[{"@type":"ListItem","position":1,"name":"Inici","item":"https:\/\/www.masvilar.cat\/es\/"},{"@type":"ListItem","position":2,"name":"Inicio"}]},{"@type":"WebSite","@id":"https:\/\/www.masvilar.cat\/#website","url":"https:\/\/www.masvilar.cat\/","name":"Mas Vilar","description":"Turisme Rural al Montseny","potentialAction":[{"@type":"SearchAction","target":{"@type":"EntryPoint","urlTemplate":"https:\/\/www.masvilar.cat\/?s={search_term_string}"},"query-input":{"@type":"PropertyValueSpecification","valueRequired":true,"valueName":"search_term_string"}}],"inLanguage":"es"}]}},"_links":{"self":[{"href":"https:\/\/www.masvilar.cat\/es\/wp-json\/wp\/v2\/pages\/4010","targetHints":{"allow":["GET"]}}],"collection":[{"href":"https:\/\/www.masvilar.cat\/es\/wp-json\/wp\/v2\/pages"}],"about":[{"href":"https:\/\/www.masvilar.cat\/es\/wp-json\/wp\/v2\/types\/page"}],"author":[{"embeddable":true,"href":"https:\/\/www.masvilar.cat\/es\/wp-json\/wp\/v2\/users\/1"}],"replies":[{"embeddable":true,"href":"https:\/\/www.masvilar.cat\/es\/wp-json\/wp\/v2\/comments?post=4010"}],"version-history":[{"count":109,"href":"https:\/\/www.masvilar.cat\/es\/wp-json\/wp\/v2\/pages\/4010\/revisions"}],"predecessor-version":[{"id":8459,"href":"https:\/\/www.masvilar.cat\/es\/wp-json\/wp\/v2\/pages\/4010\/revisions\/8459"}],"wp:featuredmedia":[{"embeddable":true,"href":"https:\/\/www.masvilar.cat\/es\/wp-json\/wp\/v2\/media\/8341"}],"wp:attachment":[{"href":"https:\/\/www.masvilar.cat\/es\/wp-json\/wp\/v2\/media?parent=4010"}],"curies":[{"name":"wp","href":"https:\/\/api.w.org\/{rel}","templated":true}]}}